{"id":9014,"date":"2024-08-05T08:42:26","date_gmt":"2024-08-05T08:42:26","guid":{"rendered":"https:\/\/cms.alj3.clients.lemonhq.io\/quick-reads\/toyota-turkiye-among-best-european-retailers-awarded-ichiban-recognition-at-olympic-paralympic-paris-2024-opening-ceremony-event-3\/"},"modified":"2026-04-09T10:24:36","modified_gmt":"2026-04-09T10:24:36","slug":"toyota-turkiye-among-best-european-retailers-awarded-ichiban-recognition-at-olympic-paralympic-paris-2024-opening-ceremony-event-3","status":"publish","type":"quickreads","link":"https:\/\/cms.alj3.clients.lemonhq.io\/tr\/quick-reads\/toyota-turkiye-among-best-european-retailers-awarded-ichiban-recognition-at-olympic-paralympic-paris-2024-opening-ceremony-event-3\/","title":{"rendered":"Toyota T\u00fcrkiye, Paris 2024 Olimpiyat ve Paralimpik Oyunlar\u0131 a\u00e7\u0131l\u0131\u015f t\u00f6reninde en iyi Avrupal\u0131 bayiler aras\u0131nda yer alarak \u201cIchiban\u201d \u00f6d\u00fcl\u00fcne lay\u0131k g\u00f6r\u00fcld\u00fc"},"content":{"rendered":"\n<p><a href=\"https:\/\/www.toyota-europe.com\/\">Toyota Motor Europe<\/a>, ola\u011fan\u00fcst\u00fc m\u00fc\u015fteri deneyimleri sunan en iyi Avrupal\u0131 bayilerini Paris 2024 Olimpiyat ve Paralimpik Oyunlar\u0131 a\u00e7\u0131l\u0131\u015f t\u00f6reninde duyurdu.<\/p>\n\n\n\n<p><a href=\"https:\/\/jameelmotors.com\/en\/\">Jameel Motors<\/a>\u2019un bir par\u00e7as\u0131 olan <a href=\"https:\/\/www.toyota.com.tr\/\">Toyota T\u00fcrkiye<\/a>, 2500\u2019den fazla Toyota bayisinin kat\u0131ld\u0131\u011f\u0131 k\u0131yas\u0131ya rekabette, \u201c\u015eehrin En \u0130yi Bayisi\u201d \u00fcnvan\u0131n\u0131 kazanarak b\u00fcy\u00fck bir ba\u015far\u0131ya imza att\u0131. Bu prestijli \u00f6d\u00fcl, Japoncada \u201cbir numara\u201d anlam\u0131na gelen \u201cIchiban\u201d \u00d6d\u00fclleri kapsam\u0131nda, kendi pazarlar\u0131nda lider konumda olan bayileri onurland\u0131rmak amac\u0131yla veriliyor.<\/p>\n\n\n<div class=\"wp-block-image size-full wp-image-117928\">\n<figure class=\"aligncenter\"><img decoding=\"async\" src=\"https:\/\/media.alj3.clients.lemonhq.io\/wp-content\/uploads\/2024\/10\/TOYOTA-Ichiban-2024-TOYOTA-PLAZA-AKTOY-scaled-1.jpg\" alt=\"\" class=\"wp-image-117928\"\/><figcaption class=\"wp-element-caption\">Soldan sa\u011fa: Caner Y\u00fcksel, Toyota T\u00fcrkiye Bayi Y\u00f6netim Direkt\u00f6r\u00fc; Yoshihiro Nakata, Toyota Motor Europe Ba\u015fkan\u0131 ve CEO\u2019su; O\u011fuzhan K\u00fc\u00e7\u00fcko\u011flu, Toyota Plaza Aktoy\/Toyota T\u00fcrkiye, Jameel Motors; Tom Fux, Toyota Motor Europe Sat\u0131\u015f ve De\u011fer Zinciri Ba\u015fkan Yard\u0131mc\u0131s\u0131 ve Toyota Marka Sat\u0131\u015f ve Pazarlama Ba\u015fkan Yard\u0131mc\u0131s\u0131<\/figcaption><\/figure>\n<\/div>\n\n\n<p>Toyota T\u00fcrkiye a\u011f\u0131ndan <a href=\"https:\/\/www.toyotaaktoy.com.tr\/\">Toyota Plaza Aktoy<\/a> ve <a href=\"https:\/\/www.toyotatoyan.com.tr\/\">Toyota Plaza Toyan<\/a> Ichiban \u00f6d\u00fcl\u00fcn\u00fc kazand\u0131. Toyota Plaza Aktoy ayn\u0131 zamanda M\u00fc\u015fteri Memnuniyeti kategorisinde \u201cBeklentileri A\u015fan Bayi\u201d \u00fcnvan\u0131 ile d\u00fcnya \u00e7ap\u0131nda tan\u0131nan be\u015f bayiden biri olarak se\u00e7ildi.<\/p>\n\n\n<div class=\"wp-block-image size-full wp-image-117935\">\n<figure class=\"aligncenter\"><img decoding=\"async\" src=\"https:\/\/media.alj3.clients.lemonhq.io\/wp-content\/uploads\/2024\/10\/TOYOTA-Ichiban-2024-TOYOTA-PLAZA-TOYAN-scaled-1.jpg\" alt=\"\" class=\"wp-image-117935\"\/><figcaption class=\"wp-element-caption\">Soldan sa\u011fa: Caner Y\u00fcksel, Toyota T\u00fcrkiye Bayi Y\u00f6netim Direkt\u00f6r\u00fc; Yoshihiro Nakata, Toyota Motor Europe Ba\u015fkan\u0131 ve CEO\u2019su; Erman Vardar, Toyota Plaza Toyan\/Toyota T\u00fcrkiye, Jameel Motors; Tom Fux, Toyota Motor Europe Sat\u0131\u015f ve De\u011fer Zinciri Ba\u015fkan Yard\u0131mc\u0131s\u0131 ve Toyota Marka Sat\u0131\u015f ve Pazarlama Ba\u015fkan Yard\u0131mc\u0131s\u0131<\/figcaption><\/figure>\n<\/div>\n\n\n<p>Paris 2024 Olimpiyat ve Paralimpik Oyunlar\u0131 resmi a\u00e7\u0131l\u0131\u015f t\u00f6reninde ger\u00e7ekle\u015ftirilen etkinli\u011fe 35 \u00fclkeden 46 bayi kat\u0131ld\u0131.<\/p>\n\n\n<div class=\"wp-block-image\">\n<figure class=\"alignleft\"><img decoding=\"async\" src=\"https:\/\/media.alj3.clients.lemonhq.io\/wp-content\/uploads\/2024\/10\/Toyota-Motor-Europe-Ichiban-logo-300x76.jpg\" alt=\"\" class=\"wp-image-117949\"\/><\/figure>\n<\/div>\n\n\n<p><\/p>\n\n\n\n<p>Uluslararas\u0131 Olimpiyat Komitesi ve Uluslararas\u0131 Paralimpik Komitesi\u2019nin d\u00fcnya \u00e7ap\u0131ndaki mobilite orta\u011f\u0131 olan Toyota, her y\u0131l d\u00fczenlenen en \u00f6nemli etkinliklerinden biri olan Ichiban Zirvesi\u2019ni Paris 2024 Olimpiyat Oyunlar\u0131 \u00e7er\u00e7evesinde d\u00fczenledi.<\/p>\n\n\n\n<p>Davetli bayiler hem Paris\u2019in Oyunlar i\u00e7in haz\u0131rlanan e\u015fsiz atmosferini deneyimlediler hem de a\u00e7\u0131l\u0131\u015f t\u00f6reninin heyecan\u0131na ortak oldular.<\/p>\n\n\n<div class=\"wp-block-image size-medium wp-image-114667\">\n<figure class=\"alignright\"><img decoding=\"async\" src=\"https:\/\/media.alj3.clients.lemonhq.io\/wp-content\/uploads\/2024\/10\/Ali_Haydar_Web-232x300.jpg\" alt=\"\" class=\"wp-image-114667\"\/><figcaption class=\"wp-element-caption\">Ali Haydar Bozkurt<br>Ba\u015fkan ve CEO<br>Abdul Latif Jameel T\u00fcrkiye ve Jameel Motors T\u00fcrkiye ve Avrupa<\/figcaption><\/figure>\n<\/div>\n\n\n<p><a href=\"https:\/\/media.alj.com\/en\/our-people\/ali-haydar-bozkurt\/\">Ali Haydar Bozkurt<\/a>, Abdul Latif Jameel T\u00fcrkiye ve Jameel Motors T\u00fcrkiye ve Avrupa Ba\u015fkan\u0131 ve CEO\u2019su olarak \u015fu ifadelerde bulundu:<\/p>\n\n\n\n<p><em>\u201cBu ba\u015far\u0131, Aktoy ve Toyan\u2019daki ekiplerimiz ve \u00fclke genelindeki t\u00fcm Toyota T\u00fcrkiye ailesi i\u00e7in b\u00fcy\u00fck bir onur. <\/em><\/p>\n\n\n\n<p><em>Ichiban \u00d6d\u00fclleri, Toyota\u2019da ve daha geni\u015f kapsamda t\u00fcm otomotiv end\u00fcstrisinde b\u00fcy\u00fck sayg\u0131 g\u00f6r\u00fcyor. Bu nedenle, g\u00f6sterdikleri liderlikten ve m\u00fc\u015fteri memnuniyetine olan sars\u0131lmaz ba\u011fl\u0131l\u0131klar\u0131ndan dolay\u0131 kazananlar\u0131m\u0131za en i\u00e7ten tebriklerimi sunuyorum. <\/em><\/p>\n\n\n\n<p><em>Toyota\u2019n\u0131n \u2018herkes i\u00e7in mobilite\u2019 vizyonunun ger\u00e7ek el\u00e7ileri olarak, m\u00fc\u015fterilerimizin \u00e7e\u015fitli ihtiya\u00e7lar\u0131n\u0131 ve beklentilerini kar\u015f\u0131lamak \u00fczere beklentilerin de \u00f6tesine ge\u00e7tiler.\u201d<\/em><\/p>\n","protected":false},"featured_media":9006,"menu_order":0,"template":"","class_list":["post-9014","quickreads","type-quickreads","status-publish","has-post-thumbnail","hentry"],"acf":[],"yoast_head":"<!-- This site is optimized with the Yoast SEO plugin v26.5 - https:\/\/yoast.com\/wordpress\/plugins\/seo\/ -->\n<title>Toyota T\u00fcrkiye, Paris 2024 Olimpiyat ve Paralimpik Oyunlar\u0131 a\u00e7\u0131l\u0131\u015f t\u00f6reninde en iyi Avrupal\u0131 bayiler aras\u0131nda yer alarak \u201cIchiban\u201d \u00f6d\u00fcl\u00fcne lay\u0131k g\u00f6r\u00fcld\u00fc - Abdul Latif Jameel<\/title>\n<meta name=\"robots\" content=\"noindex, follow, max-snippet:-1, max-image-preview:large, max-video-preview:-1\" \/>\n<meta property=\"og:locale\" content=\"tr_TR\" \/>\n<meta property=\"og:type\" content=\"article\" \/>\n<meta property=\"og:title\" content=\"Toyota T\u00fcrkiye, Paris 2024 Olimpiyat ve Paralimpik Oyunlar\u0131 a\u00e7\u0131l\u0131\u015f t\u00f6reninde en iyi Avrupal\u0131 bayiler aras\u0131nda yer alarak \u201cIchiban\u201d \u00f6d\u00fcl\u00fcne lay\u0131k g\u00f6r\u00fcld\u00fc - Abdul Latif Jameel\" \/>\n<meta property=\"og:description\" content=\"Toyota Motor Europe, ola\u011fan\u00fcst\u00fc m\u00fc\u015fteri deneyimleri sunan en iyi Avrupal\u0131 bayilerini Paris 2024 Olimpiyat ve Paralimpik Oyunlar\u0131 a\u00e7\u0131l\u0131\u015f t\u00f6reninde duyurdu. Jameel Motors\u2019un bir par\u00e7as\u0131 olan Toyota T\u00fcrkiye, 2500\u2019den fazla Toyota bayisinin kat\u0131ld\u0131\u011f\u0131 k\u0131yas\u0131ya rekabette, \u201c\u015eehrin En \u0130yi Bayisi\u201d \u00fcnvan\u0131n\u0131 kazanarak b\u00fcy\u00fck bir ba\u015far\u0131ya imza att\u0131. Bu prestijli \u00f6d\u00fcl, Japoncada \u201cbir numara\u201d anlam\u0131na gelen \u201cIchiban\u201d \u00d6d\u00fclleri [&hellip;]\" \/>\n<meta property=\"og:url\" content=\"https:\/\/cms.alj3.clients.lemonhq.io\/tr\/quick-reads\/toyota-turkiye-among-best-european-retailers-awarded-ichiban-recognition-at-olympic-paralympic-paris-2024-opening-ceremony-event-3\/\" \/>\n<meta property=\"og:site_name\" content=\"Abdul Latif Jameel\" \/>\n<meta property=\"article:modified_time\" content=\"2026-04-09T10:24:36+00:00\" \/>\n<meta property=\"og:image\" content=\"https:\/\/media.alj3.clients.lemonhq.io\/wp-content\/uploads\/2024\/10\/Toyota-Mobility-Partner-Olympic-Paralympic-Games-Paris-2024.jpg\" \/>\n\t<meta property=\"og:image:width\" content=\"1033\" \/>\n\t<meta property=\"og:image:height\" content=\"365\" \/>\n\t<meta property=\"og:image:type\" content=\"image\/jpeg\" \/>\n<meta name=\"twitter:card\" content=\"summary_large_image\" \/>\n<meta name=\"twitter:label1\" content=\"Tahmini okuma s\u00fcresi\" \/>\n\t<meta name=\"twitter:data1\" content=\"1 dakika\" \/>\n<script type=\"application\/ld+json\" class=\"yoast-schema-graph\">{\"@context\":\"https:\/\/schema.org\",\"@graph\":[{\"@type\":\"WebPage\",\"@id\":\"https:\/\/cms.alj3.clients.lemonhq.io\/tr\/quick-reads\/toyota-turkiye-among-best-european-retailers-awarded-ichiban-recognition-at-olympic-paralympic-paris-2024-opening-ceremony-event-3\/\",\"url\":\"https:\/\/cms.alj3.clients.lemonhq.io\/tr\/quick-reads\/toyota-turkiye-among-best-european-retailers-awarded-ichiban-recognition-at-olympic-paralympic-paris-2024-opening-ceremony-event-3\/\",\"name\":\"Toyota T\u00fcrkiye, Paris 2024 Olimpiyat ve Paralimpik Oyunlar\u0131 a\u00e7\u0131l\u0131\u015f t\u00f6reninde en iyi Avrupal\u0131 bayiler aras\u0131nda yer alarak \u201cIchiban\u201d \u00f6d\u00fcl\u00fcne lay\u0131k g\u00f6r\u00fcld\u00fc - Abdul Latif Jameel\",\"isPartOf\":{\"@id\":\"https:\/\/10.0.2.222\/en\/#website\"},\"primaryImageOfPage\":{\"@id\":\"https:\/\/cms.alj3.clients.lemonhq.io\/tr\/quick-reads\/toyota-turkiye-among-best-european-retailers-awarded-ichiban-recognition-at-olympic-paralympic-paris-2024-opening-ceremony-event-3\/#primaryimage\"},\"image\":{\"@id\":\"https:\/\/cms.alj3.clients.lemonhq.io\/tr\/quick-reads\/toyota-turkiye-among-best-european-retailers-awarded-ichiban-recognition-at-olympic-paralympic-paris-2024-opening-ceremony-event-3\/#primaryimage\"},\"thumbnailUrl\":\"https:\/\/media.alj3.clients.lemonhq.io\/wp-content\/uploads\/2024\/10\/Toyota-Mobility-Partner-Olympic-Paralympic-Games-Paris-2024.jpg\",\"datePublished\":\"2024-08-05T08:42:26+00:00\",\"dateModified\":\"2026-04-09T10:24:36+00:00\",\"breadcrumb\":{\"@id\":\"https:\/\/cms.alj3.clients.lemonhq.io\/tr\/quick-reads\/toyota-turkiye-among-best-european-retailers-awarded-ichiban-recognition-at-olympic-paralympic-paris-2024-opening-ceremony-event-3\/#breadcrumb\"},\"inLanguage\":\"tr\",\"potentialAction\":[{\"@type\":\"ReadAction\",\"target\":[\"https:\/\/cms.alj3.clients.lemonhq.io\/tr\/quick-reads\/toyota-turkiye-among-best-european-retailers-awarded-ichiban-recognition-at-olympic-paralympic-paris-2024-opening-ceremony-event-3\/\"]}]},{\"@type\":\"ImageObject\",\"inLanguage\":\"tr\",\"@id\":\"https:\/\/cms.alj3.clients.lemonhq.io\/tr\/quick-reads\/toyota-turkiye-among-best-european-retailers-awarded-ichiban-recognition-at-olympic-paralympic-paris-2024-opening-ceremony-event-3\/#primaryimage\",\"url\":\"https:\/\/media.alj3.clients.lemonhq.io\/wp-content\/uploads\/2024\/10\/Toyota-Mobility-Partner-Olympic-Paralympic-Games-Paris-2024.jpg\",\"contentUrl\":\"https:\/\/media.alj3.clients.lemonhq.io\/wp-content\/uploads\/2024\/10\/Toyota-Mobility-Partner-Olympic-Paralympic-Games-Paris-2024.jpg\",\"width\":1033,\"height\":365},{\"@type\":\"BreadcrumbList\",\"@id\":\"https:\/\/cms.alj3.clients.lemonhq.io\/tr\/quick-reads\/toyota-turkiye-among-best-european-retailers-awarded-ichiban-recognition-at-olympic-paralympic-paris-2024-opening-ceremony-event-3\/#breadcrumb\",\"itemListElement\":[{\"@type\":\"ListItem\",\"position\":1,\"name\":\"Home\",\"item\":\"https:\/\/10.0.2.222\/en\/\"},{\"@type\":\"ListItem\",\"position\":2,\"name\":\"Toyota T\u00fcrkiye, Paris 2024 Olimpiyat ve Paralimpik Oyunlar\u0131 a\u00e7\u0131l\u0131\u015f t\u00f6reninde en iyi Avrupal\u0131 bayiler aras\u0131nda yer alarak \u201cIchiban\u201d \u00f6d\u00fcl\u00fcne lay\u0131k g\u00f6r\u00fcld\u00fc\"}]},{\"@type\":\"WebSite\",\"@id\":\"https:\/\/10.0.2.222\/en\/#website\",\"url\":\"https:\/\/10.0.2.222\/en\/\",\"name\":\"Abdul Latif Jameel\",\"description\":\"\",\"potentialAction\":[{\"@type\":\"SearchAction\",\"target\":{\"@type\":\"EntryPoint\",\"urlTemplate\":\"https:\/\/10.0.2.222\/en\/?s={search_term_string}\"},\"query-input\":{\"@type\":\"PropertyValueSpecification\",\"valueRequired\":true,\"valueName\":\"search_term_string\"}}],\"inLanguage\":\"tr\"}]}<\/script>\n<!-- \/ Yoast SEO plugin. -->","yoast_head_json":{"title":"Toyota T\u00fcrkiye, Paris 2024 Olimpiyat ve Paralimpik Oyunlar\u0131 a\u00e7\u0131l\u0131\u015f t\u00f6reninde en iyi Avrupal\u0131 bayiler aras\u0131nda yer alarak \u201cIchiban\u201d \u00f6d\u00fcl\u00fcne lay\u0131k g\u00f6r\u00fcld\u00fc - Abdul Latif Jameel","robots":{"index":"noindex","follow":"follow","max-snippet":"max-snippet:-1","max-image-preview":"max-image-preview:large","max-video-preview":"max-video-preview:-1"},"og_locale":"tr_TR","og_type":"article","og_title":"Toyota T\u00fcrkiye, Paris 2024 Olimpiyat ve Paralimpik Oyunlar\u0131 a\u00e7\u0131l\u0131\u015f t\u00f6reninde en iyi Avrupal\u0131 bayiler aras\u0131nda yer alarak \u201cIchiban\u201d \u00f6d\u00fcl\u00fcne lay\u0131k g\u00f6r\u00fcld\u00fc - Abdul Latif Jameel","og_description":"Toyota Motor Europe, ola\u011fan\u00fcst\u00fc m\u00fc\u015fteri deneyimleri sunan en iyi Avrupal\u0131 bayilerini Paris 2024 Olimpiyat ve Paralimpik Oyunlar\u0131 a\u00e7\u0131l\u0131\u015f t\u00f6reninde duyurdu. Jameel Motors\u2019un bir par\u00e7as\u0131 olan Toyota T\u00fcrkiye, 2500\u2019den fazla Toyota bayisinin kat\u0131ld\u0131\u011f\u0131 k\u0131yas\u0131ya rekabette, \u201c\u015eehrin En \u0130yi Bayisi\u201d \u00fcnvan\u0131n\u0131 kazanarak b\u00fcy\u00fck bir ba\u015far\u0131ya imza att\u0131. Bu prestijli \u00f6d\u00fcl, Japoncada \u201cbir numara\u201d anlam\u0131na gelen \u201cIchiban\u201d \u00d6d\u00fclleri [&hellip;]","og_url":"https:\/\/cms.alj3.clients.lemonhq.io\/tr\/quick-reads\/toyota-turkiye-among-best-european-retailers-awarded-ichiban-recognition-at-olympic-paralympic-paris-2024-opening-ceremony-event-3\/","og_site_name":"Abdul Latif Jameel","article_modified_time":"2026-04-09T10:24:36+00:00","og_image":[{"width":1033,"height":365,"url":"https:\/\/media.alj3.clients.lemonhq.io\/wp-content\/uploads\/2024\/10\/Toyota-Mobility-Partner-Olympic-Paralympic-Games-Paris-2024.jpg","type":"image\/jpeg"}],"twitter_card":"summary_large_image","twitter_misc":{"Tahmini okuma s\u00fcresi":"1 dakika"},"schema":{"@context":"https:\/\/schema.org","@graph":[{"@type":"WebPage","@id":"https:\/\/cms.alj3.clients.lemonhq.io\/tr\/quick-reads\/toyota-turkiye-among-best-european-retailers-awarded-ichiban-recognition-at-olympic-paralympic-paris-2024-opening-ceremony-event-3\/","url":"https:\/\/cms.alj3.clients.lemonhq.io\/tr\/quick-reads\/toyota-turkiye-among-best-european-retailers-awarded-ichiban-recognition-at-olympic-paralympic-paris-2024-opening-ceremony-event-3\/","name":"Toyota T\u00fcrkiye, Paris 2024 Olimpiyat ve Paralimpik Oyunlar\u0131 a\u00e7\u0131l\u0131\u015f t\u00f6reninde en iyi Avrupal\u0131 bayiler aras\u0131nda yer alarak \u201cIchiban\u201d \u00f6d\u00fcl\u00fcne lay\u0131k g\u00f6r\u00fcld\u00fc - Abdul Latif Jameel","isPartOf":{"@id":"https:\/\/10.0.2.222\/en\/#website"},"primaryImageOfPage":{"@id":"https:\/\/cms.alj3.clients.lemonhq.io\/tr\/quick-reads\/toyota-turkiye-among-best-european-retailers-awarded-ichiban-recognition-at-olympic-paralympic-paris-2024-opening-ceremony-event-3\/#primaryimage"},"image":{"@id":"https:\/\/cms.alj3.clients.lemonhq.io\/tr\/quick-reads\/toyota-turkiye-among-best-european-retailers-awarded-ichiban-recognition-at-olympic-paralympic-paris-2024-opening-ceremony-event-3\/#primaryimage"},"thumbnailUrl":"https:\/\/media.alj3.clients.lemonhq.io\/wp-content\/uploads\/2024\/10\/Toyota-Mobility-Partner-Olympic-Paralympic-Games-Paris-2024.jpg","datePublished":"2024-08-05T08:42:26+00:00","dateModified":"2026-04-09T10:24:36+00:00","breadcrumb":{"@id":"https:\/\/cms.alj3.clients.lemonhq.io\/tr\/quick-reads\/toyota-turkiye-among-best-european-retailers-awarded-ichiban-recognition-at-olympic-paralympic-paris-2024-opening-ceremony-event-3\/#breadcrumb"},"inLanguage":"tr","potentialAction":[{"@type":"ReadAction","target":["https:\/\/cms.alj3.clients.lemonhq.io\/tr\/quick-reads\/toyota-turkiye-among-best-european-retailers-awarded-ichiban-recognition-at-olympic-paralympic-paris-2024-opening-ceremony-event-3\/"]}]},{"@type":"ImageObject","inLanguage":"tr","@id":"https:\/\/cms.alj3.clients.lemonhq.io\/tr\/quick-reads\/toyota-turkiye-among-best-european-retailers-awarded-ichiban-recognition-at-olympic-paralympic-paris-2024-opening-ceremony-event-3\/#primaryimage","url":"https:\/\/media.alj3.clients.lemonhq.io\/wp-content\/uploads\/2024\/10\/Toyota-Mobility-Partner-Olympic-Paralympic-Games-Paris-2024.jpg","contentUrl":"https:\/\/media.alj3.clients.lemonhq.io\/wp-content\/uploads\/2024\/10\/Toyota-Mobility-Partner-Olympic-Paralympic-Games-Paris-2024.jpg","width":1033,"height":365},{"@type":"BreadcrumbList","@id":"https:\/\/cms.alj3.clients.lemonhq.io\/tr\/quick-reads\/toyota-turkiye-among-best-european-retailers-awarded-ichiban-recognition-at-olympic-paralympic-paris-2024-opening-ceremony-event-3\/#breadcrumb","itemListElement":[{"@type":"ListItem","position":1,"name":"Home","item":"https:\/\/10.0.2.222\/en\/"},{"@type":"ListItem","position":2,"name":"Toyota T\u00fcrkiye, Paris 2024 Olimpiyat ve Paralimpik Oyunlar\u0131 a\u00e7\u0131l\u0131\u015f t\u00f6reninde en iyi Avrupal\u0131 bayiler aras\u0131nda yer alarak \u201cIchiban\u201d \u00f6d\u00fcl\u00fcne lay\u0131k g\u00f6r\u00fcld\u00fc"}]},{"@type":"WebSite","@id":"https:\/\/10.0.2.222\/en\/#website","url":"https:\/\/10.0.2.222\/en\/","name":"Abdul Latif Jameel","description":"","potentialAction":[{"@type":"SearchAction","target":{"@type":"EntryPoint","urlTemplate":"https:\/\/10.0.2.222\/en\/?s={search_term_string}"},"query-input":{"@type":"PropertyValueSpecification","valueRequired":true,"valueName":"search_term_string"}}],"inLanguage":"tr"}]}},"post-meta-fields":{"_wp_page_template":["default"],"_oembed_cb379d68863670f3c4fd672a71cf7299":["{{unknown}}"],"_published_date":["field_6057129b493f5"],"published_date":["20240802"],"_location":["field_601267396ce72"],"location":["Paris, Fransa"],"_featured":["field_601a3b473c5c5"],"featured":["1"],"_footnotes":["field_66fd39afb9383"],"footnotes":[""],"_business_sector":["field_66f6b5bcac8cb"],"business_sector":["Ula\u015f\u0131m"],"_content_series":["field_66fe3c439f8f6"],"content_series":[""],"_old_post_id":["field_66fe3fd59f8f7"],"old_post_id":["117972"],"_short_title":["field_60925d67125ef"],"short_title":["Toyota Motor Europe iki Toyota T\u00fcrkiye bayisini \u00f6d\u00fcllendirdi"],"_summary":["field_6019304103a20"],"summary":["Toyota T\u00fcrkiye, Paris Olimpiyatlar\u0131\u2019nda en iyi Avrupal\u0131 bayiler aras\u0131nda yer alarak \u201cIchiban\u201d \u00f6d\u00fcl\u00fcne lay\u0131k g\u00f6r\u00fcld\u00fc"],"_mobile_featured_image":["field_66f6b4bee65f3"],"mobile_featured_image":["https:\/\/media.alj3.clients.lemonhq.io\/wp-content\/uploads\/2024\/10\/Toyota-Mobility-Partner-Olympic-Paralympic-Games-Paris-2024.jpg"],"_push_notification":["field_66f6b47de65f1"],"push_notification":[""],"_publish_mobile":["field_66f6b491e65f2"],"publish_mobile":["0"],"_status":["field_652694983fe12"],"status":["publish"],"_thumbnail_id":["9006"],"_wpml_word_count":["{\"total\":411,\"to_translate\":{\"ar\":411,\"zh-hans\":411,\"fr\":411,\"ja\":411,\"es\":411,\"tr\":411}}"],"_last_translation_edit_mode":["native-editor"],"amazonS3_cache":["a:16:{s:108:\"\/\/cms.alj3.clients.lemonhq.io\/wp-content\/uploads\/2024\/10\/TOYOTA-Ichiban-2024-TOYOTA-PLAZA-AKTOY-scaled-1.jpg\";a:2:{s:2:\"id\";s:4:\"9007\";s:11:\"source_type\";s:13:\"media-library\";}s:108:\"\/\/cms.alj3.clients.lemonhq.io\/wp-content\/uploads\/2024\/10\/TOYOTA-Ichiban-2024-TOYOTA-PLAZA-TOYAN-scaled-1.jpg\";a:2:{s:2:\"id\";s:4:\"9008\";s:11:\"source_type\";s:13:\"media-library\";}s:93:\"\/\/cms.alj3.clients.lemonhq.io\/wp-content\/uploads\/2024\/10\/Toyota-Motor-Europe-Ichiban-logo.jpg\";a:2:{s:2:\"id\";s:4:\"9009\";s:11:\"source_type\";s:13:\"media-library\";}s:100:\"\/\/cms.alj3.clients.lemonhq.io\/wp-content\/uploads\/2024\/10\/Toyota-Motor-Europe-Ichiban-logo-300x76.jpg\";a:2:{s:2:\"id\";s:4:\"9009\";s:11:\"source_type\";s:13:\"media-library\";}s:75:\"\/\/cms.alj3.clients.lemonhq.io\/wp-content\/uploads\/2024\/10\/Ali_Haydar_Web.jpg\";a:2:{s:2:\"id\";s:4:\"9010\";s:11:\"source_type\";s:13:\"media-library\";}s:83:\"\/\/cms.alj3.clients.lemonhq.io\/wp-content\/uploads\/2024\/10\/Ali_Haydar_Web-232x300.jpg\";a:2:{s:2:\"id\";s:4:\"9010\";s:11:\"source_type\";s:13:\"media-library\";}s:89:\"\/\/cms.alj3.clients.lemonhq.io\/wp-content\/uploads\/2024\/10\/Ali_Haydar_High_Res-scaled-1.jpg\";a:2:{s:2:\"id\";s:4:\"9013\";s:11:\"source_type\";s:13:\"media-library\";}s:97:\"\/\/cms.alj3.clients.lemonhq.io\/wp-content\/uploads\/2024\/10\/Ali_Haydar_High_Res-scaled-1-216x300.jpg\";a:2:{s:2:\"id\";s:4:\"9013\";s:11:\"source_type\";s:13:\"media-library\";}s:110:\"\/\/media.alj3.clients.lemonhq.io\/wp-content\/uploads\/2024\/10\/TOYOTA-Ichiban-2024-TOYOTA-PLAZA-AKTOY-scaled-1.jpg\";a:2:{s:2:\"id\";s:4:\"9007\";s:11:\"source_type\";s:13:\"media-library\";}s:110:\"\/\/media.alj3.clients.lemonhq.io\/wp-content\/uploads\/2024\/10\/TOYOTA-Ichiban-2024-TOYOTA-PLAZA-TOYAN-scaled-1.jpg\";a:2:{s:2:\"id\";s:4:\"9008\";s:11:\"source_type\";s:13:\"media-library\";}s:95:\"\/\/media.alj3.clients.lemonhq.io\/wp-content\/uploads\/2024\/10\/Toyota-Motor-Europe-Ichiban-logo.jpg\";a:2:{s:2:\"id\";s:4:\"9009\";s:11:\"source_type\";s:13:\"media-library\";}s:102:\"\/\/media.alj3.clients.lemonhq.io\/wp-content\/uploads\/2024\/10\/Toyota-Motor-Europe-Ichiban-logo-300x76.jpg\";a:2:{s:2:\"id\";s:4:\"9009\";s:11:\"source_type\";s:13:\"media-library\";}s:77:\"\/\/media.alj3.clients.lemonhq.io\/wp-content\/uploads\/2024\/10\/Ali_Haydar_Web.jpg\";a:2:{s:2:\"id\";s:4:\"9010\";s:11:\"source_type\";s:13:\"media-library\";}s:85:\"\/\/media.alj3.clients.lemonhq.io\/wp-content\/uploads\/2024\/10\/Ali_Haydar_Web-232x300.jpg\";a:2:{s:2:\"id\";s:4:\"9010\";s:11:\"source_type\";s:13:\"media-library\";}s:91:\"\/\/media.alj3.clients.lemonhq.io\/wp-content\/uploads\/2024\/10\/Ali_Haydar_High_Res-scaled-1.jpg\";a:2:{s:2:\"id\";s:4:\"9013\";s:11:\"source_type\";s:13:\"media-library\";}s:99:\"\/\/media.alj3.clients.lemonhq.io\/wp-content\/uploads\/2024\/10\/Ali_Haydar_High_Res-scaled-1-216x300.jpg\";a:2:{s:2:\"id\";s:4:\"9013\";s:11:\"source_type\";s:13:\"media-library\";}}"],"_yoast_wpseo_primary_category":["14276"],"select_category":["international"],"_edit_lock":["1775730317:4"],"_edit_last":["4"],"_select_category":["field_6937c5cade1ee"],"_ame_cpe_post_policy":["{\"accessProtection\":{\"active\":\"replace\"}}"],"_wpml_media_duplicate":["1"],"_wpml_media_featured":["1"],"_yoast_wpseo_content_score":["90"],"_yoast_wpseo_estimated-reading-time-minutes":["1"]},"_links":{"self":[{"href":"https:\/\/cms.alj3.clients.lemonhq.io\/tr\/wp-json\/wp\/v2\/quickreads\/9014","targetHints":{"allow":["GET"]}}],"collection":[{"href":"https:\/\/cms.alj3.clients.lemonhq.io\/tr\/wp-json\/wp\/v2\/quickreads"}],"about":[{"href":"https:\/\/cms.alj3.clients.lemonhq.io\/tr\/wp-json\/wp\/v2\/types\/quickreads"}],"wp:featuredmedia":[{"embeddable":true,"href":"https:\/\/cms.alj3.clients.lemonhq.io\/tr\/wp-json\/wp\/v2\/media\/9006"}],"wp:attachment":[{"href":"https:\/\/cms.alj3.clients.lemonhq.io\/tr\/wp-json\/wp\/v2\/media?parent=9014"}],"curies":[{"name":"wp","href":"https:\/\/api.w.org\/{rel}","templated":true}]}}