{"id":8977,"date":"2024-04-03T06:46:12","date_gmt":"2024-04-03T06:46:12","guid":{"rendered":"https:\/\/cms.alj3.clients.lemonhq.io\/quick-reads\/turkiyes-automotive-distributors-and-mobility-association-re-appoints-ali-haydar-bozkurt-as-chairman-2\/"},"modified":"2026-04-09T10:25:40","modified_gmt":"2026-04-09T10:25:40","slug":"turkiyes-automotive-distributors-and-mobility-association-re-appoints-ali-haydar-bozkurt-as-chairman-2","status":"publish","type":"quickreads","link":"https:\/\/cms.alj3.clients.lemonhq.io\/tr\/quick-reads\/turkiyes-automotive-distributors-and-mobility-association-re-appoints-ali-haydar-bozkurt-as-chairman-2\/","title":{"rendered":"Ali Haydar Bozkurt yeniden T\u00fcrkiye Otomotiv Distrib\u00fct\u00f6rleri ve Mobilite Derne\u011fi Y\u00f6netim Kurulu Ba\u015fkan\u0131 se\u00e7ildi"},"content":{"rendered":"\n<p>T\u00fcrkiye\u2019nin ulusal otomotiv distrib\u00fct\u00f6r\u00fc derne\u011fi olan <a href=\"https:\/\/www.odmd.org.tr\/web_2837_1\/index.aspx\">Automotive Distributors and Mobility Association<\/a> (Otomotiv Distrib\u00fct\u00f6rleri ve Mobilite Derne\u011fi [ODMD]), 38. Ola\u011fan Genel Kurul Toplant\u0131s\u0131\u2019n\u0131n ard\u0131ndan Abdul Latif Jameel Avrupa ve T\u00fcrkiye Ba\u015fkan\u0131 ve CEO\u2019su <a href=\"https:\/\/media.alj.com\/en\/our-people\/ali-haydar-bozkurt\/\">Ali Haydar Bozkurt<\/a>\u2019u Y\u00f6netim Kurulu Ba\u015fkan\u0131 se\u00e7ti.<\/p>\n\n\n<div class=\"wp-block-image\">\n<figure class=\"alignleft\"><img decoding=\"async\" src=\"https:\/\/media.alj3.clients.lemonhq.io\/wp-content\/uploads\/2024\/10\/Ali-Haydar-Bozkurt_ODMD-Chairman-2-scaled.jpg\" alt=\"\" class=\"wp-image-115704\"\/><\/figure>\n<\/div>\n\n\n<p><\/p>\n\n\n\n<p>\u0130lk g\u00f6revini 2022 y\u0131l\u0131nda \u00fcstlenen ve iki y\u0131l daha g\u00f6revini devam ettirecek olan Ali Haydar Bozkurt\u2019un y\u00f6netim kurulu ba\u015fkanl\u0131\u011f\u0131 bu toplant\u0131da onayland\u0131.<\/p>\n\n\n\n<p>K\u00f6kleri 1987 y\u0131l\u0131na kadar uzanan ODMD\u2019nin bug\u00fcn 52 uluslararas\u0131 markay\u0131 temsil eden 31 \u00fcyesi bulunmaktad\u0131r.<\/p>\n\n\n\n<p>ODMD vizyonunu, ba\u015fta uluslararas\u0131 rekabet g\u00fcc\u00fc, \u00e7evre bilinci ve sosyal sorumluluk olmak \u00fczere otomotiv sekt\u00f6r\u00fcnde s\u00fcrekli geli\u015fim sa\u011flamak olarak belirlemi\u015ftir. Sekt\u00f6r\u00fcn ortak ihtiya\u00e7lar\u0131n\u0131 kar\u015f\u0131lamak, \u00e7\u00f6z\u00fcm \u00fcretmek, sekt\u00f6re ili\u015fkin ticari faaliyetler hakk\u0131nda \u015feffaf bir \u015fekilde bilgi toplamak, yorumlamak ve iletmek; sekt\u00f6r\u00fc geli\u015ftirmeye y\u00f6nelik g\u00f6r\u00fc\u015f ve \u00f6nerileri meclise, h\u00fck\u00fcmete, uluslararas\u0131 kurulu\u015flara ve topluma iletmek; sekt\u00f6rle ilgili dernekler aras\u0131nda i\u015f birli\u011fi ve koordinasyonu sa\u011flamak, sekt\u00f6r mevzuat\u0131n\u0131n AB standartlar\u0131na g\u00f6re olu\u015fturulmas\u0131na katk\u0131da bulunmak gibi konularda \u00fclke \u00e7ap\u0131nda dernek \u00fcyelerini temsil etmektedir.<\/p>\n\n\n\n<p>Ayn\u0131 zamanda Binek Otomobil ve Hafif Ticari Ara\u00e7 Pazar\u0131 de\u011ferlendirmeleri hakk\u0131nda ayl\u0131k raporlar haz\u0131rlamakta ve otomotiv d\u00fcnyas\u0131n\u0131n \u00fcst d\u00fczey temsilcileri ile r\u00f6portajlar i\u00e7eren ODMD Dergisini yay\u0131nlamaktad\u0131r.<\/p>\n\n\n\n<p><a href=\"https:\/\/www.toyota.com.tr\/\">Toyota<\/a>, <a href=\"https:\/\/www.lexus.com.tr\/\">Lexus<\/a> ve <a href=\"https:\/\/www.bydauto.com.tr\/\">BYD<\/a> distrib\u00fct\u00f6rl\u00fckleri ile \u00e7ok markal\u0131 ikinci el ara\u00e7 i\u015fletmesi <a href=\"https:\/\/www.otoshops.com\/\">Otoshops<\/a> da dahil olmak \u00fczere Abdul Latif Jameel\u2019in T\u00fcrkiye operasyonlar\u0131n\u0131 Ali Haydar Bozkurt y\u00f6netmektedir. Ayr\u0131ca Jameel Motors\u2019un Avrupa\u2019daki t\u00fcm operasyonlar\u0131n\u0131 da y\u00f6netmektedir.<\/p>\n\n\n\n<p>ODMD \u00fcyeleri: Subaru, MINI, BMW, Jaguar, Land Rover, Kia, MG, Aston Martin, Seat, Lamborghini, Audi, Bentley, VW, Porsche, Ferrari, Maserati, Ford, Honda, Hyundai, Iveco, Renault, Dacia, Mazda, Smart, Mercedes-Benz, Daimler, Setra, Chery, Nissan, Otokar, Peugeot, Citroen, DS, Opel, Suzuki, Ssangyong, DFSK, Mitsubishi, Alfa Romeo, Lancia, Jeep, Fiat, Toyota, Lexus, Volvo, Skoda.<\/p>\n\n\n<figure class=\"wp-block-embed is-type-video is-provider-youtube wp-block-embed-youtube wp-embed-aspect-16-9 wp-has-aspect-ratio\"><div class=\"wp-block-embed__wrapper\">https:\/\/www.youtube.com\/watch?v=Wdeot0_oYPM<\/div><\/figure>","protected":false},"featured_media":8967,"menu_order":0,"template":"","class_list":["post-8977","quickreads","type-quickreads","status-publish","has-post-thumbnail","hentry"],"acf":[],"yoast_head":"<!-- This site is optimized with the Yoast SEO plugin v26.5 - https:\/\/yoast.com\/wordpress\/plugins\/seo\/ -->\n<title>Ali Haydar Bozkurt yeniden T\u00fcrkiye Otomotiv Distrib\u00fct\u00f6rleri ve Mobilite Derne\u011fi Y\u00f6netim Kurulu Ba\u015fkan\u0131 se\u00e7ildi - Abdul Latif Jameel<\/title>\n<meta name=\"robots\" content=\"noindex, follow, max-snippet:-1, max-image-preview:large, max-video-preview:-1\" \/>\n<meta property=\"og:locale\" content=\"tr_TR\" \/>\n<meta property=\"og:type\" content=\"article\" \/>\n<meta property=\"og:title\" content=\"Ali Haydar Bozkurt yeniden T\u00fcrkiye Otomotiv Distrib\u00fct\u00f6rleri ve Mobilite Derne\u011fi Y\u00f6netim Kurulu Ba\u015fkan\u0131 se\u00e7ildi - Abdul Latif Jameel\" \/>\n<meta property=\"og:description\" content=\"T\u00fcrkiye\u2019nin ulusal otomotiv distrib\u00fct\u00f6r\u00fc derne\u011fi olan Automotive Distributors and Mobility Association (Otomotiv Distrib\u00fct\u00f6rleri ve Mobilite Derne\u011fi [ODMD]), 38. Ola\u011fan Genel Kurul Toplant\u0131s\u0131\u2019n\u0131n ard\u0131ndan Abdul Latif Jameel Avrupa ve T\u00fcrkiye Ba\u015fkan\u0131 ve CEO\u2019su Ali Haydar Bozkurt\u2019u Y\u00f6netim Kurulu Ba\u015fkan\u0131 se\u00e7ti. \u0130lk g\u00f6revini 2022 y\u0131l\u0131nda \u00fcstlenen ve iki y\u0131l daha g\u00f6revini devam ettirecek olan Ali Haydar Bozkurt\u2019un [&hellip;]\" \/>\n<meta property=\"og:url\" content=\"https:\/\/cms.alj3.clients.lemonhq.io\/tr\/quick-reads\/turkiyes-automotive-distributors-and-mobility-association-re-appoints-ali-haydar-bozkurt-as-chairman-2\/\" \/>\n<meta property=\"og:site_name\" content=\"Abdul Latif Jameel\" \/>\n<meta property=\"article:modified_time\" content=\"2026-04-09T10:25:40+00:00\" \/>\n<meta property=\"og:image\" content=\"https:\/\/media.alj3.clients.lemonhq.io\/wp-content\/uploads\/2024\/10\/ODMD_Ali_Quick_read_3.jpg\" \/>\n\t<meta property=\"og:image:width\" content=\"752\" \/>\n\t<meta property=\"og:image:height\" content=\"357\" \/>\n\t<meta property=\"og:image:type\" content=\"image\/jpeg\" \/>\n<meta name=\"twitter:card\" content=\"summary_large_image\" \/>\n<meta name=\"twitter:label1\" content=\"Tahmini okuma s\u00fcresi\" \/>\n\t<meta name=\"twitter:data1\" content=\"1 dakika\" \/>\n<script type=\"application\/ld+json\" class=\"yoast-schema-graph\">{\"@context\":\"https:\/\/schema.org\",\"@graph\":[{\"@type\":\"WebPage\",\"@id\":\"https:\/\/cms.alj3.clients.lemonhq.io\/tr\/quick-reads\/turkiyes-automotive-distributors-and-mobility-association-re-appoints-ali-haydar-bozkurt-as-chairman-2\/\",\"url\":\"https:\/\/cms.alj3.clients.lemonhq.io\/tr\/quick-reads\/turkiyes-automotive-distributors-and-mobility-association-re-appoints-ali-haydar-bozkurt-as-chairman-2\/\",\"name\":\"Ali Haydar Bozkurt yeniden T\u00fcrkiye Otomotiv Distrib\u00fct\u00f6rleri ve Mobilite Derne\u011fi Y\u00f6netim Kurulu Ba\u015fkan\u0131 se\u00e7ildi - Abdul Latif Jameel\",\"isPartOf\":{\"@id\":\"https:\/\/10.0.2.222\/en\/#website\"},\"primaryImageOfPage\":{\"@id\":\"https:\/\/cms.alj3.clients.lemonhq.io\/tr\/quick-reads\/turkiyes-automotive-distributors-and-mobility-association-re-appoints-ali-haydar-bozkurt-as-chairman-2\/#primaryimage\"},\"image\":{\"@id\":\"https:\/\/cms.alj3.clients.lemonhq.io\/tr\/quick-reads\/turkiyes-automotive-distributors-and-mobility-association-re-appoints-ali-haydar-bozkurt-as-chairman-2\/#primaryimage\"},\"thumbnailUrl\":\"https:\/\/media.alj3.clients.lemonhq.io\/wp-content\/uploads\/2024\/10\/ODMD_Ali_Quick_read_3.jpg\",\"datePublished\":\"2024-04-03T06:46:12+00:00\",\"dateModified\":\"2026-04-09T10:25:40+00:00\",\"breadcrumb\":{\"@id\":\"https:\/\/cms.alj3.clients.lemonhq.io\/tr\/quick-reads\/turkiyes-automotive-distributors-and-mobility-association-re-appoints-ali-haydar-bozkurt-as-chairman-2\/#breadcrumb\"},\"inLanguage\":\"tr\",\"potentialAction\":[{\"@type\":\"ReadAction\",\"target\":[\"https:\/\/cms.alj3.clients.lemonhq.io\/tr\/quick-reads\/turkiyes-automotive-distributors-and-mobility-association-re-appoints-ali-haydar-bozkurt-as-chairman-2\/\"]}]},{\"@type\":\"ImageObject\",\"inLanguage\":\"tr\",\"@id\":\"https:\/\/cms.alj3.clients.lemonhq.io\/tr\/quick-reads\/turkiyes-automotive-distributors-and-mobility-association-re-appoints-ali-haydar-bozkurt-as-chairman-2\/#primaryimage\",\"url\":\"https:\/\/media.alj3.clients.lemonhq.io\/wp-content\/uploads\/2024\/10\/ODMD_Ali_Quick_read_3.jpg\",\"contentUrl\":\"https:\/\/media.alj3.clients.lemonhq.io\/wp-content\/uploads\/2024\/10\/ODMD_Ali_Quick_read_3.jpg\",\"width\":752,\"height\":357},{\"@type\":\"BreadcrumbList\",\"@id\":\"https:\/\/cms.alj3.clients.lemonhq.io\/tr\/quick-reads\/turkiyes-automotive-distributors-and-mobility-association-re-appoints-ali-haydar-bozkurt-as-chairman-2\/#breadcrumb\",\"itemListElement\":[{\"@type\":\"ListItem\",\"position\":1,\"name\":\"Home\",\"item\":\"https:\/\/10.0.2.222\/en\/\"},{\"@type\":\"ListItem\",\"position\":2,\"name\":\"Ali Haydar Bozkurt yeniden T\u00fcrkiye Otomotiv Distrib\u00fct\u00f6rleri ve Mobilite Derne\u011fi Y\u00f6netim Kurulu Ba\u015fkan\u0131 se\u00e7ildi\"}]},{\"@type\":\"WebSite\",\"@id\":\"https:\/\/10.0.2.222\/en\/#website\",\"url\":\"https:\/\/10.0.2.222\/en\/\",\"name\":\"Abdul Latif Jameel\",\"description\":\"\",\"potentialAction\":[{\"@type\":\"SearchAction\",\"target\":{\"@type\":\"EntryPoint\",\"urlTemplate\":\"https:\/\/10.0.2.222\/en\/?s={search_term_string}\"},\"query-input\":{\"@type\":\"PropertyValueSpecification\",\"valueRequired\":true,\"valueName\":\"search_term_string\"}}],\"inLanguage\":\"tr\"}]}<\/script>\n<!-- \/ Yoast SEO plugin. -->","yoast_head_json":{"title":"Ali Haydar Bozkurt yeniden T\u00fcrkiye Otomotiv Distrib\u00fct\u00f6rleri ve Mobilite Derne\u011fi Y\u00f6netim Kurulu Ba\u015fkan\u0131 se\u00e7ildi - Abdul Latif Jameel","robots":{"index":"noindex","follow":"follow","max-snippet":"max-snippet:-1","max-image-preview":"max-image-preview:large","max-video-preview":"max-video-preview:-1"},"og_locale":"tr_TR","og_type":"article","og_title":"Ali Haydar Bozkurt yeniden T\u00fcrkiye Otomotiv Distrib\u00fct\u00f6rleri ve Mobilite Derne\u011fi Y\u00f6netim Kurulu Ba\u015fkan\u0131 se\u00e7ildi - Abdul Latif Jameel","og_description":"T\u00fcrkiye\u2019nin ulusal otomotiv distrib\u00fct\u00f6r\u00fc derne\u011fi olan Automotive Distributors and Mobility Association (Otomotiv Distrib\u00fct\u00f6rleri ve Mobilite Derne\u011fi [ODMD]), 38. Ola\u011fan Genel Kurul Toplant\u0131s\u0131\u2019n\u0131n ard\u0131ndan Abdul Latif Jameel Avrupa ve T\u00fcrkiye Ba\u015fkan\u0131 ve CEO\u2019su Ali Haydar Bozkurt\u2019u Y\u00f6netim Kurulu Ba\u015fkan\u0131 se\u00e7ti. \u0130lk g\u00f6revini 2022 y\u0131l\u0131nda \u00fcstlenen ve iki y\u0131l daha g\u00f6revini devam ettirecek olan Ali Haydar Bozkurt\u2019un [&hellip;]","og_url":"https:\/\/cms.alj3.clients.lemonhq.io\/tr\/quick-reads\/turkiyes-automotive-distributors-and-mobility-association-re-appoints-ali-haydar-bozkurt-as-chairman-2\/","og_site_name":"Abdul Latif Jameel","article_modified_time":"2026-04-09T10:25:40+00:00","og_image":[{"width":752,"height":357,"url":"https:\/\/media.alj3.clients.lemonhq.io\/wp-content\/uploads\/2024\/10\/ODMD_Ali_Quick_read_3.jpg","type":"image\/jpeg"}],"twitter_card":"summary_large_image","twitter_misc":{"Tahmini okuma s\u00fcresi":"1 dakika"},"schema":{"@context":"https:\/\/schema.org","@graph":[{"@type":"WebPage","@id":"https:\/\/cms.alj3.clients.lemonhq.io\/tr\/quick-reads\/turkiyes-automotive-distributors-and-mobility-association-re-appoints-ali-haydar-bozkurt-as-chairman-2\/","url":"https:\/\/cms.alj3.clients.lemonhq.io\/tr\/quick-reads\/turkiyes-automotive-distributors-and-mobility-association-re-appoints-ali-haydar-bozkurt-as-chairman-2\/","name":"Ali Haydar Bozkurt yeniden T\u00fcrkiye Otomotiv Distrib\u00fct\u00f6rleri ve Mobilite Derne\u011fi Y\u00f6netim Kurulu Ba\u015fkan\u0131 se\u00e7ildi - Abdul Latif Jameel","isPartOf":{"@id":"https:\/\/10.0.2.222\/en\/#website"},"primaryImageOfPage":{"@id":"https:\/\/cms.alj3.clients.lemonhq.io\/tr\/quick-reads\/turkiyes-automotive-distributors-and-mobility-association-re-appoints-ali-haydar-bozkurt-as-chairman-2\/#primaryimage"},"image":{"@id":"https:\/\/cms.alj3.clients.lemonhq.io\/tr\/quick-reads\/turkiyes-automotive-distributors-and-mobility-association-re-appoints-ali-haydar-bozkurt-as-chairman-2\/#primaryimage"},"thumbnailUrl":"https:\/\/media.alj3.clients.lemonhq.io\/wp-content\/uploads\/2024\/10\/ODMD_Ali_Quick_read_3.jpg","datePublished":"2024-04-03T06:46:12+00:00","dateModified":"2026-04-09T10:25:40+00:00","breadcrumb":{"@id":"https:\/\/cms.alj3.clients.lemonhq.io\/tr\/quick-reads\/turkiyes-automotive-distributors-and-mobility-association-re-appoints-ali-haydar-bozkurt-as-chairman-2\/#breadcrumb"},"inLanguage":"tr","potentialAction":[{"@type":"ReadAction","target":["https:\/\/cms.alj3.clients.lemonhq.io\/tr\/quick-reads\/turkiyes-automotive-distributors-and-mobility-association-re-appoints-ali-haydar-bozkurt-as-chairman-2\/"]}]},{"@type":"ImageObject","inLanguage":"tr","@id":"https:\/\/cms.alj3.clients.lemonhq.io\/tr\/quick-reads\/turkiyes-automotive-distributors-and-mobility-association-re-appoints-ali-haydar-bozkurt-as-chairman-2\/#primaryimage","url":"https:\/\/media.alj3.clients.lemonhq.io\/wp-content\/uploads\/2024\/10\/ODMD_Ali_Quick_read_3.jpg","contentUrl":"https:\/\/media.alj3.clients.lemonhq.io\/wp-content\/uploads\/2024\/10\/ODMD_Ali_Quick_read_3.jpg","width":752,"height":357},{"@type":"BreadcrumbList","@id":"https:\/\/cms.alj3.clients.lemonhq.io\/tr\/quick-reads\/turkiyes-automotive-distributors-and-mobility-association-re-appoints-ali-haydar-bozkurt-as-chairman-2\/#breadcrumb","itemListElement":[{"@type":"ListItem","position":1,"name":"Home","item":"https:\/\/10.0.2.222\/en\/"},{"@type":"ListItem","position":2,"name":"Ali Haydar Bozkurt yeniden T\u00fcrkiye Otomotiv Distrib\u00fct\u00f6rleri ve Mobilite Derne\u011fi Y\u00f6netim Kurulu Ba\u015fkan\u0131 se\u00e7ildi"}]},{"@type":"WebSite","@id":"https:\/\/10.0.2.222\/en\/#website","url":"https:\/\/10.0.2.222\/en\/","name":"Abdul Latif Jameel","description":"","potentialAction":[{"@type":"SearchAction","target":{"@type":"EntryPoint","urlTemplate":"https:\/\/10.0.2.222\/en\/?s={search_term_string}"},"query-input":{"@type":"PropertyValueSpecification","valueRequired":true,"valueName":"search_term_string"}}],"inLanguage":"tr"}]}},"post-meta-fields":{"_wp_page_template":["default"],"_oembed_5e567b95d3255a423b360a24cdf48006":["<iframe title=\"The Jameel Principles Ali Haydar Bozkurt on Respect for our Customer (EN VO\/Subs)\" width=\"500\" height=\"281\" src=\"https:\/\/www.youtube.com\/embed\/Wdeot0_oYPM?feature=oembed\" frameborder=\"0\" allow=\"accelerometer; autoplay; clipboard-write; encrypted-media; gyroscope; picture-in-picture; web-share\" referrerpolicy=\"strict-origin-when-cross-origin\" allowfullscreen><\/iframe>"],"_oembed_time_5e567b95d3255a423b360a24cdf48006":["1729159904"],"_oembed_03650869437959e8365391ec9cd8eaca":["{{unknown}}"],"_published_date":["field_6057129b493f5"],"published_date":["20240402"],"_location":["field_601267396ce72"],"location":["Istanbul, T\u00fcrkiye"],"_featured":["field_601a3b473c5c5"],"featured":["1"],"_footnotes":["field_66fd39afb9383"],"footnotes":[""],"_business_sector":["field_66f6b5bcac8cb"],"business_sector":["Ula\u015f\u0131m"],"_content_series":["field_66fe3c439f8f6"],"content_series":[""],"_old_post_id":["field_66fe3fd59f8f7"],"old_post_id":["115937"],"_short_title":["field_60925d67125ef"],"short_title":["Ali Haydar Bozkurt yeniden ODMD Y\u00f6netim Kurulu Ba\u015fkan\u0131 se\u00e7ildi"],"_summary":["field_6019304103a20"],"summary":["Ali Haydar Bozkurt yeniden T\u00fcrkiye Otomotiv Distrib\u00fct\u00f6rleri ve Mobilite Derne\u011fi Y\u00f6netim Kurulu Ba\u015fkan\u0131 se\u00e7ildi"],"_mobile_featured_image":["field_66f6b4bee65f3"],"mobile_featured_image":["https:\/\/media.alj3.clients.lemonhq.io\/wp-content\/uploads\/2024\/10\/ODMD_Ali_Quick_read_3.jpg"],"_push_notification":["field_66f6b47de65f1"],"push_notification":[""],"_publish_mobile":["field_66f6b491e65f2"],"publish_mobile":["1"],"_status":["field_652694983fe12"],"status":["publish"],"_thumbnail_id":["8967"],"_wpml_word_count":["{\"total\":313,\"to_translate\":{\"ar\":313,\"zh-hans\":313,\"fr\":313,\"ja\":313,\"es\":313,\"tr\":313}}"],"_last_translation_edit_mode":["native-editor"],"amazonS3_cache":["a:2:{s:102:\"\/\/cms.alj3.clients.lemonhq.io\/wp-content\/uploads\/2024\/10\/Ali-Haydar-Bozkurt_ODMD-Chairman-2-scaled.jpg\";a:2:{s:2:\"id\";s:4:\"8968\";s:11:\"source_type\";s:13:\"media-library\";}s:104:\"\/\/media.alj3.clients.lemonhq.io\/wp-content\/uploads\/2024\/10\/Ali-Haydar-Bozkurt_ODMD-Chairman-2-scaled.jpg\";a:2:{s:2:\"id\";s:4:\"8968\";s:11:\"source_type\";s:13:\"media-library\";}}"],"_yoast_wpseo_primary_category":["14276"],"select_category":["international"],"_edit_lock":["1775730209:4"],"_edit_last":["4"],"_select_category":["field_6937c5cade1ee"],"_ame_cpe_post_policy":["{\"accessProtection\":{\"active\":\"replace\"}}"],"_wpml_media_duplicate":["1"],"_wpml_media_featured":["1"],"_yoast_wpseo_content_score":["90"],"_yoast_wpseo_estimated-reading-time-minutes":["1"]},"_links":{"self":[{"href":"https:\/\/cms.alj3.clients.lemonhq.io\/tr\/wp-json\/wp\/v2\/quickreads\/8977","targetHints":{"allow":["GET"]}}],"collection":[{"href":"https:\/\/cms.alj3.clients.lemonhq.io\/tr\/wp-json\/wp\/v2\/quickreads"}],"about":[{"href":"https:\/\/cms.alj3.clients.lemonhq.io\/tr\/wp-json\/wp\/v2\/types\/quickreads"}],"wp:featuredmedia":[{"embeddable":true,"href":"https:\/\/cms.alj3.clients.lemonhq.io\/tr\/wp-json\/wp\/v2\/media\/8967"}],"wp:attachment":[{"href":"https:\/\/cms.alj3.clients.lemonhq.io\/tr\/wp-json\/wp\/v2\/media?parent=8977"}],"curies":[{"name":"wp","href":"https:\/\/api.w.org\/{rel}","templated":true}]}}