{"id":8911,"date":"2024-01-16T08:17:24","date_gmt":"2024-01-16T08:17:24","guid":{"rendered":"https:\/\/cms.alj3.clients.lemonhq.io\/quick-reads\/toyota-turkiye-opens-2024-with-two-new-accolades-6\/"},"modified":"2024-10-17T10:42:19","modified_gmt":"2024-10-17T10:42:19","slug":"toyota-turkiye-opens-2024-with-two-new-accolades-6","status":"publish","type":"quickreads","link":"https:\/\/cms.alj3.clients.lemonhq.io\/tr\/quick-reads\/toyota-turkiye-opens-2024-with-two-new-accolades-6\/","title":{"rendered":"Toyota T\u00fcrkiye 2024&#8217;e iki yeni \u00f6d\u00fclle girdi"},"content":{"rendered":"<div class=\"wp-block-image\">\n<figure class=\"aligncenter\"><img decoding=\"async\" src=\"https:\/\/media.alj3.clients.lemonhq.io\/wp-content\/uploads\/2024\/10\/Picture1-1.png\" alt=\"Toyota Turkey awards Jan 2024\" class=\"wp-image-113040\"\/><\/figure>\n<\/div>\n\n\n<p><\/p>\n\n\n\n<p>Abdul Latif Jameel Motors\u2019un T\u00fcrkiye\u2019deki faaliyetleri, bir de\u011fil iki prestijli sekt\u00f6r \u00f6d\u00fclle 2024\u2019te ola\u011fan\u00fcst\u00fc bir kutlamayla ba\u015flad\u0131.<\/p>\n\n\n\n<p>Master of Events by ACE of M.I.C.E. <strong>\u201c2023 En \u0130yi Incentive Etkinli\u011fi \u00d6d\u00fcl\u00fcn\u00fc\u201d <\/strong>ve Otomotiv Distrib\u00fct\u00f6rleri ve Mobilite Derne\u011fi (<a href=\"https:\/\/www.odmd.org.tr\/\">ODMD<\/a>) 2023 Sat\u0131\u015f ve \u0130leti\u015fim Gladyat\u00f6rleri \u00d6d\u00fclleri\u2019nde verilen<strong> \u20182023 En \u0130yi Sosyal Sorumluluk Projesi \u00d6d\u00fcl\u00fcn\u00fc\u2019<\/strong> kazand\u0131\u011f\u0131m\u0131z\u0131 duyurmaktan gurur duyuyoruz.<\/p>\n\n\n<div class=\"wp-block-image\">\n<figure class=\"aligncenter\"><img decoding=\"async\" src=\"https:\/\/media.alj3.clients.lemonhq.io\/wp-content\/uploads\/2024\/10\/1.-ace-of-mice-t.png\" alt=\"Toyota Turkey awards Jan 2024\" class=\"wp-image-113018\"\/><\/figure>\n<\/div>\n\n\n<p><\/p>\n\n\n\n<p>5-6 Ocak 2024 tarihleri aras\u0131nda d\u00fczenlenen <a href=\"http:\/\/miceodulleri.com\/en\/master-of-events\/\">Master of Events by ACE of M.I.C.E.<\/a> \u00d6d\u00fclleri i\u015f m\u00fckemmelli\u011finde ola\u011fan\u00fcst\u00fc ba\u015far\u0131lar sergileyen turizm ve \u2018Toplant\u0131lar, Te\u015fvikler, Konferanslar ve Sergiler\u2019 (M.I.C.E.) sekt\u00f6rlerinden \u00f6nemli akt\u00f6rlerin ba\u015far\u0131lar\u0131n\u0131 kutlad\u0131.<\/p>\n\n\n\n<p>En \u0130yi Incentive Etkinli\u011fi \u00d6d\u00fcl\u00fc, Toyota T\u00fcrkiye Bayi Toplant\u0131s\u0131n\u0131 ve T\u00fcrkiye Cumhuriyeti\u2019nin y\u00fcz\u00fcnc\u00fc y\u0131l kutlamalar\u0131nda ba\u015fkent Ankara\u2019da d\u00fczenlenen Yeni Toyota C-HR Hibrit Lansman Etkinli\u011fini d\u00fczenleyen Toyota T\u00fcrkiye ekibimize verildi.<\/p>\n\n\n\n<p>Ola\u011fan\u00fcst\u00fc ekibimiz i\u00e7in bir \u00f6d\u00fcl yeterli de\u011fildi ve ODMD Gladyat\u00f6rleri 2023 Sat\u0131\u015f ve \u0130leti\u015fim \u00d6d\u00fclleri\u2019nde \u201cEn \u0130yi Sosyal Sorumluluk Projesi 2023\u201d \u00f6d\u00fcl\u00fcn\u00fc de eve g\u00f6t\u00fcrd\u00fcler.<\/p>\n\n\n<div class=\"wp-block-image\">\n<figure class=\"aligncenter\"><img decoding=\"async\" src=\"https:\/\/media.alj3.clients.lemonhq.io\/wp-content\/uploads\/2024\/10\/2.-ODMDFotograf-2.png\" alt=\"\" class=\"wp-image-113025\"\/><\/figure>\n<\/div>\n\n\n<p><\/p>\n\n\n\n<ol start=\"11\" class=\"wp-block-list\">\n<li>kez verilen ODMD Gladyat\u00f6rleri \u00d6d\u00fclleri, T\u00fcrk otomotiv sekt\u00f6r\u00fcnde yenilik\u00e7i ileti\u015fim ve sat\u0131\u015f sergileyen en iyi markalar\u0131 onurland\u0131r\u0131yor.<\/li>\n<\/ol>\n\n\n\n<p>G\u00f6rme engelli bireylerin ula\u015f\u0131m\u0131 i\u00e7in \u00e7al\u0131\u015fan bir \u015firket olan <a href=\"https:\/\/www.blindlook.com\/\">BlindLook<\/a> ile ortakla\u015fa geli\u015ftirilen Toyota T\u00fcrkiye\u2019nin Beyaz Baston ve Web Sitesi Sesli Sim\u00fclasyon projeleri, bu y\u0131lki \u00f6d\u00fcl\u00fcn kazananlar\u0131 oldu ve bu da sekt\u00f6rde s\u0131kl\u0131kla unutulan ula\u015f\u0131m kullan\u0131c\u0131lar\u0131 toplulu\u011funa olan ba\u011fl\u0131l\u0131\u011f\u0131n\u0131 ve ileri g\u00f6r\u00fc\u015fl\u00fc yakla\u015f\u0131m\u0131n\u0131 bir kez daha vurgulad\u0131.<\/p>\n\n\n\n<p>Bu iki \u00f6d\u00fcl\u00fcn ba\u015far\u0131s\u0131 ku\u015fkusuz t\u00fcm Toyota T\u00fcrkiye ekibinin sergiledi\u011fi ola\u011fan\u00fcst\u00fc tutku ve adanm\u0131\u015fl\u0131\u011fa atfedilebilir.<\/p>\n\n\n\n<p>Toyota T\u00fcrkiye hakk\u0131nda daha fazla bilgi i\u00e7in <a href=\"https:\/\/link.edgepilot.com\/s\/d0c8415c\/8bLODkjL4EOkG9EX5NyEoA?u=https:\/\/www.toyota.com.tr\/\">https:\/\/link.edgepilot.com\/s\/d0c8415c\/8bLODkjL4EOkG9EX5NyEoA?u=https:\/\/www.toyota.com.tr\/<\/a> adresini ziyaret edin.<\/p>\n","protected":false},"featured_media":8874,"menu_order":0,"template":"","class_list":["post-8911","quickreads","type-quickreads","status-publish","has-post-thumbnail","hentry"],"acf":[],"yoast_head":"<!-- This site is optimized with the Yoast SEO plugin v26.5 - https:\/\/yoast.com\/wordpress\/plugins\/seo\/ -->\n<title>Toyota T\u00fcrkiye 2024&#039;e iki yeni \u00f6d\u00fclle girdi - Abdul Latif Jameel<\/title>\n<meta name=\"robots\" content=\"noindex, follow, max-snippet:-1, max-image-preview:large, max-video-preview:-1\" \/>\n<meta property=\"og:locale\" content=\"tr_TR\" \/>\n<meta property=\"og:type\" content=\"article\" \/>\n<meta property=\"og:title\" content=\"Toyota T\u00fcrkiye 2024&#039;e iki yeni \u00f6d\u00fclle girdi - Abdul Latif Jameel\" \/>\n<meta property=\"og:description\" content=\"Abdul Latif Jameel Motors\u2019un T\u00fcrkiye\u2019deki faaliyetleri, bir de\u011fil iki prestijli sekt\u00f6r \u00f6d\u00fclle 2024\u2019te ola\u011fan\u00fcst\u00fc bir kutlamayla ba\u015flad\u0131. Master of Events by ACE of M.I.C.E. \u201c2023 En \u0130yi Incentive Etkinli\u011fi \u00d6d\u00fcl\u00fcn\u00fc\u201d ve Otomotiv Distrib\u00fct\u00f6rleri ve Mobilite Derne\u011fi (ODMD) 2023 Sat\u0131\u015f ve \u0130leti\u015fim Gladyat\u00f6rleri \u00d6d\u00fclleri\u2019nde verilen \u20182023 En \u0130yi Sosyal Sorumluluk Projesi \u00d6d\u00fcl\u00fcn\u00fc\u2019 kazand\u0131\u011f\u0131m\u0131z\u0131 duyurmaktan gurur duyuyoruz. [&hellip;]\" \/>\n<meta property=\"og:url\" content=\"https:\/\/cms.alj3.clients.lemonhq.io\/tr\/quick-reads\/toyota-turkiye-opens-2024-with-two-new-accolades-6\/\" \/>\n<meta property=\"og:site_name\" content=\"Abdul Latif Jameel\" \/>\n<meta property=\"article:modified_time\" content=\"2024-10-17T10:42:19+00:00\" \/>\n<meta property=\"og:image\" content=\"https:\/\/media.alj3.clients.lemonhq.io\/wp-content\/uploads\/2024\/10\/1.-ace-of-mice-t-copy-1.jpg\" \/>\n\t<meta property=\"og:image:width\" content=\"1000\" \/>\n\t<meta property=\"og:image:height\" content=\"554\" \/>\n\t<meta property=\"og:image:type\" content=\"image\/jpeg\" \/>\n<meta name=\"twitter:card\" content=\"summary_large_image\" \/>\n<meta name=\"twitter:label1\" content=\"Tahmini okuma s\u00fcresi\" \/>\n\t<meta name=\"twitter:data1\" content=\"2 dakika\" \/>\n<script type=\"application\/ld+json\" class=\"yoast-schema-graph\">{\"@context\":\"https:\/\/schema.org\",\"@graph\":[{\"@type\":\"WebPage\",\"@id\":\"https:\/\/cms.alj3.clients.lemonhq.io\/tr\/quick-reads\/toyota-turkiye-opens-2024-with-two-new-accolades-6\/\",\"url\":\"https:\/\/cms.alj3.clients.lemonhq.io\/tr\/quick-reads\/toyota-turkiye-opens-2024-with-two-new-accolades-6\/\",\"name\":\"Toyota T\u00fcrkiye 2024'e iki yeni \u00f6d\u00fclle girdi - Abdul Latif Jameel\",\"isPartOf\":{\"@id\":\"https:\/\/10.0.2.222\/en\/#website\"},\"primaryImageOfPage\":{\"@id\":\"https:\/\/cms.alj3.clients.lemonhq.io\/tr\/quick-reads\/toyota-turkiye-opens-2024-with-two-new-accolades-6\/#primaryimage\"},\"image\":{\"@id\":\"https:\/\/cms.alj3.clients.lemonhq.io\/tr\/quick-reads\/toyota-turkiye-opens-2024-with-two-new-accolades-6\/#primaryimage\"},\"thumbnailUrl\":\"https:\/\/media.alj3.clients.lemonhq.io\/wp-content\/uploads\/2024\/10\/1.-ace-of-mice-t-copy-1.jpg\",\"datePublished\":\"2024-01-16T08:17:24+00:00\",\"dateModified\":\"2024-10-17T10:42:19+00:00\",\"breadcrumb\":{\"@id\":\"https:\/\/cms.alj3.clients.lemonhq.io\/tr\/quick-reads\/toyota-turkiye-opens-2024-with-two-new-accolades-6\/#breadcrumb\"},\"inLanguage\":\"tr\",\"potentialAction\":[{\"@type\":\"ReadAction\",\"target\":[\"https:\/\/cms.alj3.clients.lemonhq.io\/tr\/quick-reads\/toyota-turkiye-opens-2024-with-two-new-accolades-6\/\"]}]},{\"@type\":\"ImageObject\",\"inLanguage\":\"tr\",\"@id\":\"https:\/\/cms.alj3.clients.lemonhq.io\/tr\/quick-reads\/toyota-turkiye-opens-2024-with-two-new-accolades-6\/#primaryimage\",\"url\":\"https:\/\/media.alj3.clients.lemonhq.io\/wp-content\/uploads\/2024\/10\/1.-ace-of-mice-t-copy-1.jpg\",\"contentUrl\":\"https:\/\/media.alj3.clients.lemonhq.io\/wp-content\/uploads\/2024\/10\/1.-ace-of-mice-t-copy-1.jpg\",\"width\":1000,\"height\":554},{\"@type\":\"BreadcrumbList\",\"@id\":\"https:\/\/cms.alj3.clients.lemonhq.io\/tr\/quick-reads\/toyota-turkiye-opens-2024-with-two-new-accolades-6\/#breadcrumb\",\"itemListElement\":[{\"@type\":\"ListItem\",\"position\":1,\"name\":\"Home\",\"item\":\"https:\/\/10.0.2.222\/en\/\"},{\"@type\":\"ListItem\",\"position\":2,\"name\":\"Toyota T\u00fcrkiye 2024&#8217;e iki yeni \u00f6d\u00fclle girdi\"}]},{\"@type\":\"WebSite\",\"@id\":\"https:\/\/10.0.2.222\/en\/#website\",\"url\":\"https:\/\/10.0.2.222\/en\/\",\"name\":\"Abdul Latif Jameel\",\"description\":\"\",\"potentialAction\":[{\"@type\":\"SearchAction\",\"target\":{\"@type\":\"EntryPoint\",\"urlTemplate\":\"https:\/\/10.0.2.222\/en\/?s={search_term_string}\"},\"query-input\":{\"@type\":\"PropertyValueSpecification\",\"valueRequired\":true,\"valueName\":\"search_term_string\"}}],\"inLanguage\":\"tr\"}]}<\/script>\n<!-- \/ Yoast SEO plugin. -->","yoast_head_json":{"title":"Toyota T\u00fcrkiye 2024'e iki yeni \u00f6d\u00fclle girdi - Abdul Latif Jameel","robots":{"index":"noindex","follow":"follow","max-snippet":"max-snippet:-1","max-image-preview":"max-image-preview:large","max-video-preview":"max-video-preview:-1"},"og_locale":"tr_TR","og_type":"article","og_title":"Toyota T\u00fcrkiye 2024'e iki yeni \u00f6d\u00fclle girdi - Abdul Latif Jameel","og_description":"Abdul Latif Jameel Motors\u2019un T\u00fcrkiye\u2019deki faaliyetleri, bir de\u011fil iki prestijli sekt\u00f6r \u00f6d\u00fclle 2024\u2019te ola\u011fan\u00fcst\u00fc bir kutlamayla ba\u015flad\u0131. Master of Events by ACE of M.I.C.E. \u201c2023 En \u0130yi Incentive Etkinli\u011fi \u00d6d\u00fcl\u00fcn\u00fc\u201d ve Otomotiv Distrib\u00fct\u00f6rleri ve Mobilite Derne\u011fi (ODMD) 2023 Sat\u0131\u015f ve \u0130leti\u015fim Gladyat\u00f6rleri \u00d6d\u00fclleri\u2019nde verilen \u20182023 En \u0130yi Sosyal Sorumluluk Projesi \u00d6d\u00fcl\u00fcn\u00fc\u2019 kazand\u0131\u011f\u0131m\u0131z\u0131 duyurmaktan gurur duyuyoruz. [&hellip;]","og_url":"https:\/\/cms.alj3.clients.lemonhq.io\/tr\/quick-reads\/toyota-turkiye-opens-2024-with-two-new-accolades-6\/","og_site_name":"Abdul Latif Jameel","article_modified_time":"2024-10-17T10:42:19+00:00","og_image":[{"width":1000,"height":554,"url":"https:\/\/media.alj3.clients.lemonhq.io\/wp-content\/uploads\/2024\/10\/1.-ace-of-mice-t-copy-1.jpg","type":"image\/jpeg"}],"twitter_card":"summary_large_image","twitter_misc":{"Tahmini okuma s\u00fcresi":"2 dakika"},"schema":{"@context":"https:\/\/schema.org","@graph":[{"@type":"WebPage","@id":"https:\/\/cms.alj3.clients.lemonhq.io\/tr\/quick-reads\/toyota-turkiye-opens-2024-with-two-new-accolades-6\/","url":"https:\/\/cms.alj3.clients.lemonhq.io\/tr\/quick-reads\/toyota-turkiye-opens-2024-with-two-new-accolades-6\/","name":"Toyota T\u00fcrkiye 2024'e iki yeni \u00f6d\u00fclle girdi - Abdul Latif Jameel","isPartOf":{"@id":"https:\/\/10.0.2.222\/en\/#website"},"primaryImageOfPage":{"@id":"https:\/\/cms.alj3.clients.lemonhq.io\/tr\/quick-reads\/toyota-turkiye-opens-2024-with-two-new-accolades-6\/#primaryimage"},"image":{"@id":"https:\/\/cms.alj3.clients.lemonhq.io\/tr\/quick-reads\/toyota-turkiye-opens-2024-with-two-new-accolades-6\/#primaryimage"},"thumbnailUrl":"https:\/\/media.alj3.clients.lemonhq.io\/wp-content\/uploads\/2024\/10\/1.-ace-of-mice-t-copy-1.jpg","datePublished":"2024-01-16T08:17:24+00:00","dateModified":"2024-10-17T10:42:19+00:00","breadcrumb":{"@id":"https:\/\/cms.alj3.clients.lemonhq.io\/tr\/quick-reads\/toyota-turkiye-opens-2024-with-two-new-accolades-6\/#breadcrumb"},"inLanguage":"tr","potentialAction":[{"@type":"ReadAction","target":["https:\/\/cms.alj3.clients.lemonhq.io\/tr\/quick-reads\/toyota-turkiye-opens-2024-with-two-new-accolades-6\/"]}]},{"@type":"ImageObject","inLanguage":"tr","@id":"https:\/\/cms.alj3.clients.lemonhq.io\/tr\/quick-reads\/toyota-turkiye-opens-2024-with-two-new-accolades-6\/#primaryimage","url":"https:\/\/media.alj3.clients.lemonhq.io\/wp-content\/uploads\/2024\/10\/1.-ace-of-mice-t-copy-1.jpg","contentUrl":"https:\/\/media.alj3.clients.lemonhq.io\/wp-content\/uploads\/2024\/10\/1.-ace-of-mice-t-copy-1.jpg","width":1000,"height":554},{"@type":"BreadcrumbList","@id":"https:\/\/cms.alj3.clients.lemonhq.io\/tr\/quick-reads\/toyota-turkiye-opens-2024-with-two-new-accolades-6\/#breadcrumb","itemListElement":[{"@type":"ListItem","position":1,"name":"Home","item":"https:\/\/10.0.2.222\/en\/"},{"@type":"ListItem","position":2,"name":"Toyota T\u00fcrkiye 2024&#8217;e iki yeni \u00f6d\u00fclle girdi"}]},{"@type":"WebSite","@id":"https:\/\/10.0.2.222\/en\/#website","url":"https:\/\/10.0.2.222\/en\/","name":"Abdul Latif Jameel","description":"","potentialAction":[{"@type":"SearchAction","target":{"@type":"EntryPoint","urlTemplate":"https:\/\/10.0.2.222\/en\/?s={search_term_string}"},"query-input":{"@type":"PropertyValueSpecification","valueRequired":true,"valueName":"search_term_string"}}],"inLanguage":"tr"}]}},"post-meta-fields":{"_wp_page_template":["default"],"_oembed_31d79946fb856ea83f2ac984ad3c3a06":["{{unknown}}"],"_published_date":["field_6057129b493f5"],"published_date":["20240116"],"_location":["field_601267396ce72"],"location":["\u0130stanbul, T\u00fcrkiye"],"_featured":["field_601a3b473c5c5"],"featured":[""],"_footnotes":["field_66fd39afb9383"],"footnotes":[""],"_business_sector":["field_66f6b5bcac8cb"],"business_sector":[false],"_content_series":["field_66fe3c439f8f6"],"content_series":[""],"_old_post_id":["field_66fe3fd59f8f7"],"old_post_id":["113662"],"_short_title":["field_60925d67125ef"],"short_title":["Toyota T\u00fcrkiye 2024'e iki yeni \u00f6d\u00fclle girdi"],"_summary":["field_6019304103a20"],"summary":["Abdul Latif Jameel Motors\u2019un T\u00fcrkiye\u2019deki faaliyetleri, bir de\u011fil iki prestijli sekt\u00f6r \u00f6d\u00fclle 2024\u2019te ola\u011fan\u00fcst\u00fc bir kutlamayla ba\u015flad\u0131."],"_mobile_featured_image":["field_66f6b4bee65f3"],"mobile_featured_image":["https:\/\/media.alj3.clients.lemonhq.io\/wp-content\/uploads\/2024\/10\/Untitled-1.jpg"],"_push_notification":["field_66f6b47de65f1"],"push_notification":[""],"_publish_mobile":["field_66f6b491e65f2"],"publish_mobile":["1"],"_status":["field_652694983fe12"],"status":["publish"],"_thumbnail_id":["8874"],"_wpml_word_count":["{\"total\":281,\"to_translate\":{\"ar\":281,\"zh-hans\":281,\"fr\":281,\"ja\":281,\"es\":281,\"tr\":281}}"],"_last_translation_edit_mode":["translation-editor"],"amazonS3_cache":["a:7:{s:71:\"\/\/cms.alj3.clients.lemonhq.io\/wp-content\/uploads\/2024\/10\/Picture1-1.png\";a:2:{s:2:\"id\";s:4:\"8871\";s:11:\"source_type\";s:13:\"media-library\";}s:77:\"\/\/cms.alj3.clients.lemonhq.io\/wp-content\/uploads\/2024\/10\/1.-ace-of-mice-t.png\";a:2:{s:2:\"id\";s:4:\"8872\";s:11:\"source_type\";s:13:\"media-library\";}s:78:\"\/\/cms.alj3.clients.lemonhq.io\/wp-content\/uploads\/2024\/10\/2.-ODMDFotograf-2.png\";a:2:{s:2:\"id\";s:4:\"8873\";s:11:\"source_type\";s:13:\"media-library\";}s:82:\"\/\/cms.alj3.clients.lemonhq.io\/wp-content\/uploads\/2024\/10\/1.-ace-of-mice-t-copy.jpg\";a:1:{s:9:\"timestamp\";i:1729587116;}s:73:\"\/\/media.alj3.clients.lemonhq.io\/wp-content\/uploads\/2024\/10\/Picture1-1.png\";a:2:{s:2:\"id\";s:4:\"8871\";s:11:\"source_type\";s:13:\"media-library\";}s:79:\"\/\/media.alj3.clients.lemonhq.io\/wp-content\/uploads\/2024\/10\/1.-ace-of-mice-t.png\";a:2:{s:2:\"id\";s:4:\"8872\";s:11:\"source_type\";s:13:\"media-library\";}s:80:\"\/\/media.alj3.clients.lemonhq.io\/wp-content\/uploads\/2024\/10\/2.-ODMDFotograf-2.png\";a:2:{s:2:\"id\";s:4:\"8873\";s:11:\"source_type\";s:13:\"media-library\";}}"],"select_category":["international"]},"_links":{"self":[{"href":"https:\/\/cms.alj3.clients.lemonhq.io\/tr\/wp-json\/wp\/v2\/quickreads\/8911","targetHints":{"allow":["GET"]}}],"collection":[{"href":"https:\/\/cms.alj3.clients.lemonhq.io\/tr\/wp-json\/wp\/v2\/quickreads"}],"about":[{"href":"https:\/\/cms.alj3.clients.lemonhq.io\/tr\/wp-json\/wp\/v2\/types\/quickreads"}],"wp:featuredmedia":[{"embeddable":true,"href":"https:\/\/cms.alj3.clients.lemonhq.io\/tr\/wp-json\/wp\/v2\/media\/8874"}],"wp:attachment":[{"href":"https:\/\/cms.alj3.clients.lemonhq.io\/tr\/wp-json\/wp\/v2\/media?parent=8911"}],"curies":[{"name":"wp","href":"https:\/\/api.w.org\/{rel}","templated":true}]}}