{"id":8323,"date":"2020-04-20T07:37:10","date_gmt":"2020-04-20T07:37:10","guid":{"rendered":"https:\/\/cms.alj3.clients.lemonhq.io\/quick-reads\/international-mother-earth-day-2020-seeking-harmony-with-nature-7\/"},"modified":"2024-10-17T10:44:02","modified_gmt":"2024-10-17T10:44:02","slug":"international-mother-earth-day-2020-seeking-harmony-with-nature-7","status":"publish","type":"quickreads","link":"https:\/\/cms.alj3.clients.lemonhq.io\/tr\/quick-reads\/international-mother-earth-day-2020-seeking-harmony-with-nature-7\/","title":{"rendered":"Uluslararas\u0131 D\u00fcnya Ana G\u00fcn\u00fc: do\u011fa ile uyum"},"content":{"rendered":"\n<p>2009 y\u0131l\u0131nda, <a href=\"https:\/\/www.un.org\/en\/\">Birle\u015fmi\u015f Milletler Genel Kurulu<\/a> 22 Nisan &#8216;<em>Uluslararas\u0131 D\u00fcnya Ana G\u00fcn\u00fc<\/em>&#8216; ile, insanl\u0131\u011f\u0131n gezegenin ve \u00e7evresinin korunmas\u0131 konusundaki ortak ilgisini ve do\u011fa ile uyum sa\u011flaman\u0131n \u00f6nemini kabul etti.<\/p>\n\n\n\n<p>D\u00fcnya ve ya\u015famsal ekosistemleri ile<em> birlikte<\/em> \u00e7al\u0131\u015fman\u0131n bir yolunu bulmadan mevcut ku\u015fa\u011f\u0131n ekonomik, sosyal ve \u00e7evresel ihtiya\u00e7lar\u0131 kar\u015f\u0131lanamayabilir ve gelecek nesiller i\u00e7in s\u00fcrd\u00fcr\u00fclebilir bir gezegen ne yaz\u0131k ki s\u00f6z konusu olamaz.<\/p>\n\n\n\n<p>Peki, ekosistemlerimizin korunmas\u0131n\u0131n \u00e7evre g\u00fcndeminin zirvesine yerle\u015ftirilmesinden onbir y\u0131l sonra, anla\u015fmam\u0131z\u0131n bize d\u00fc\u015fen k\u0131sm\u0131n\u0131 hala yerine getiriyor muyuz?<\/p>\n\n\n\n<p>\u015eimdiye kadar kaydedilen en s\u0131cak on y\u0131l\u0131n sonucu, Amazon, Endonezya ve Amerika Birle\u015fik Devletleri, Avustralya ve hatta Kutup B\u00f6lgesi&#8217;nde yayg\u0131n ve y\u0131k\u0131c\u0131 orman yang\u0131nlar\u0131 oldu.<\/p>\n\n\n\n<p>Sadece Avustralya&#8217;da bu y\u0131l\u0131n ba\u015flar\u0131nda, orman yang\u0131nlar\u0131 15 milyon d\u00f6n\u00fcmden fazla alana zarar vererek, 2.000&#8217;den fazla evi yok etti, onlarca insan\u0131n ve milyarlarca hayvan\u0131n hayat\u0131na mal oldu. Uzmanlar, Arjantin&#8217;e kadar uzanan \u015fiddetli yang\u0131nlardan kaynaklanan duman\u0131n, 417 \u00f6l\u00fcmden daha sorumlu oldu\u011funu tahmin ediyorlar<a href=\"#_edn1\" name=\"_ednref1\">[i]<\/a>.<\/p>\n\n\n\n<p>Do\u011fu Afrika, milyonlarca savunmas\u0131z insan\u0131 riske at\u0131p ge\u00e7im kaynaklar\u0131n\u0131 tehdit eden, tarihteki en k\u00f6t\u00fc \u00e7ekirge s\u00fcr\u00fcs\u00fc olaylar\u0131ndan birinin ikinci dalgas\u0131yla sava\u015f\u0131rken, BM G\u0131da ve Tar\u0131m \u00d6rg\u00fct\u00fc (<a href=\"http:\/\/www.fao.org\/home\/en\/\">FAO<\/a>) bunu g\u0131da g\u00fcvenli\u011fi konusunda \u201c<em>benzeri g\u00f6r\u00fclmemi\u015f bir tehdit<\/em>\u201d olarak nitelendirdi<a href=\"#_edn2\" name=\"_ednref2\">[ii]<\/a>.<\/p>\n\n\n\n<p>Giderek daha s\u0131k g\u00f6r\u00fclen bu \u015fiddetli olaylar, Do\u011fa Ana&#8217;n\u0131n kendisinden, s\u0131n\u0131rl\u0131 kaynaklar\u0131 sorumlu bir \u015fekilde y\u00f6netme \u00e7abalar\u0131m\u0131z\u0131n, insan n\u00fcfusunun b\u00fcy\u00fcmesinin patlamas\u0131 kar\u015f\u0131s\u0131nda yetersiz ve etkisiz oldu\u011funa ve do\u011fal d\u00fcnyaya \u00e7ok fazla bask\u0131 uygulad\u0131\u011f\u0131m\u0131za dair kesin bir uyar\u0131d\u0131r. \u015eimdi, kesinlikle, bu ili\u015fkiyi yeniden dengeleme zaman\u0131.<\/p>\n\n\n\n<p><em>\u2018Biyolojik \u00e7e\u015fitlilik i\u00e7in s\u00fcper y\u0131l\u2019<\/em><a href=\"#_edn3\" name=\"_ednref3\">[iii]<\/a> olan 2020 y\u0131l\u0131na dek gelen bu y\u0131lki D\u00fcnya Ana G\u00fcn\u00fc\u2019n\u00fcn oda\u011f\u0131 ayn\u0131 tema etraf\u0131nda toplan\u0131yor ve gezegeni dengede tutmak i\u00e7in hayati \u00f6neme sahip ekosistemleri koruman\u0131n \u00f6nemine odaklan\u0131yor.<\/p>\n\n\n\n<p>Birle\u015fmi\u015f Milletler&#8217;e g\u00f6re:<\/p>\n\n\n\n<blockquote class=\"wp-block-quote is-layout-flow wp-block-quote-is-layout-flow\">\n<p>\u201cSa\u011fl\u0131k ve biyolojik \u00e7e\u015fitlilik aras\u0131ndaki \u00f6zel ba\u011flant\u0131lar aras\u0131nda, beslenme, sa\u011fl\u0131k ara\u015ft\u0131rmalar\u0131 veya geleneksel t\u0131p, yeni bula\u015f\u0131c\u0131 hastal\u0131klar ve bunlar\u0131n \u00e7o\u011fu iklim de\u011fi\u015fikli\u011finden etkilenen bitki, patojen, hayvan ve hatta insan yerle\u015fmelerinin da\u011f\u0131l\u0131m\u0131ndaki de\u011fi\u015fimleri etkilemek yer al\u0131yor<a href=\"#_edn4\" name=\"_ednref4\"><strong>[iv]<\/strong><\/a>.\u201d<\/p>\n<\/blockquote>\n\n\n\n<p>2016 y\u0131l\u0131nda, Birle\u015fmi\u015f Milletler \u00c7evre Program\u0131 (<a href=\"https:\/\/www.unenvironment.org\/\">UNEP<\/a>) zoonotik salg\u0131nlarda d\u00fcnya \u00e7ap\u0131nda art\u0131\u015f\u0131n, bir kayg\u0131 konusu oldu\u011funa dikkat \u00e7ekti. \u00d6zellikle, insanlarda ortaya \u00e7\u0131kan t\u00fcm bula\u015f\u0131c\u0131 hastal\u0131klar\u0131n y\u00fczde 75&#8217;inin zoonotik oldu\u011funu ve bu zoonotik hastal\u0131klar\u0131n ekosistemlerin sa\u011fl\u0131\u011f\u0131 ile yak\u0131ndan ba\u011flant\u0131l\u0131 oldu\u011fu belirtildi. Bug\u00fcn d\u00fcnya bunlardan en sonuncusu ve on y\u0131llard\u0131r g\u00f6r\u00fclen en \u015fiddetli salg\u0131nla m\u00fccadele ediyor. UNEP Ba\u015f Direkt\u00f6r\u00fc Inger Andersen&#8217;e g\u00f6re gezegenimizi korumak i\u00e7in acil \u00f6nlem almad\u0131k\u00e7a gelecekte salg\u0131nlar\u0131n artmas\u0131n\u0131 bekleyebiliriz:<\/p>\n\n\n\n<blockquote class=\"wp-block-quote is-layout-flow wp-block-quote-is-layout-flow\">\n<p>\u201c\u0130stesek de istemesek de, do\u011fa ile yak\u0131ndan ba\u011flant\u0131day\u0131z. Do\u011faya \u00f6zen g\u00f6stermezsek, kendimize de g\u00f6steremeyiz.\u201d<\/p>\n<\/blockquote>\n\n\n\n<p>\u00c7evremizi koruman\u0131n d\u00fcnyadaki h\u00fck\u00fcmetler taraf\u0131ndan anla\u015f\u0131lan ve kabul edilen kritik \u00f6nemine \u2013 ve biyolojik \u00e7e\u015fitli\u011finin kabul edilen 17 S\u00fcrd\u00fcr\u00fclebilir Kalk\u0131nma Hedefinden (SKH) 9&#8217;una do\u011frudan ba\u011fl\u0131 olmas\u0131na \u2013 ra\u011fmen, biyolojik \u00e7e\u015fitlilik kayb\u0131 d\u00fcnyan\u0131n t\u00fcm b\u00f6lgelerinde h\u0131z kazanmakta.<\/p>\n\n\n\n<p><a href=\"http:\/\/www.mit.edu\/\">Massachusetts Institute of Technology (MIT)<\/a>\u2018deki <a href=\"https:\/\/jwafs.mit.edu\/\">Abdul Latif Jameel Water and Food Systems Lab (J-WAFS)<\/a> arac\u0131l\u0131\u011f\u0131yla ger\u00e7ekle\u015ftirilen ara\u015ft\u0131rma programlar\u0131, iklim de\u011fi\u015fikli\u011fi ile m\u00fccadele ve s\u00fcrd\u00fcr\u00fclebilirlik i\u00e7in \u00e7aba g\u00f6stermeye devam etmektedir. Bu projeler, iklim krizi ve \u00e7evresel etki kar\u015f\u0131s\u0131nda esneklik olu\u015fturmak i\u00e7in yenilik\u00e7i yeni \u00e7\u00f6z\u00fcmler ve teknolojiler ara\u015ft\u0131rmaktad\u0131r.<\/p>\n\n\n\n<p>Sava\u015fa kat\u0131lan ve <a href=\"https:\/\/www.imperial.ac.uk\/jameel-institute\/\">Imperial College London<\/a>\u2018da yer alan Abdul Latif Jameel Institute for Disease and Emergency Analytics (<a href=\"https:\/\/www.imperial.ac.uk\/jameel-institute\/\">J-IDEA<\/a>), COVID-19 pandemisine verilen global cevab\u0131n \u00f6n saflar\u0131nda yer almakta. Imperial College London ve <a href=\"https:\/\/www.communityjameel.org\/\">Community Jameel<\/a> taraf\u0131ndan 2019 y\u0131l\u0131nda ortak bir \u015fekilde kurulan J-IDEA\u2019n\u0131n misyonu, d\u00fcnya \u00e7ap\u0131nda hastal\u0131klardan kaynaklanan tehditlerle ba\u015fa \u00e7\u0131kmak.<\/p>\n\n\n\n<p>Belirsizli\u011fin ya\u015fand\u0131\u011f\u0131 bir d\u00fcnyada, en az bir adet tart\u0131\u015f\u0131lmaz ger\u00e7ek vard\u0131r: \u015fimdi d\u00fcnyan\u0131n harekete ge\u00e7erek ve onu besleyen eli \u0131s\u0131rmay\u0131 durdurma zaman\u0131.<\/p>\n\n\n\n<figure class=\"wp-block-video\"><video controls src=\"https:\/\/www.alj.com\/app\/uploads\/2020\/04\/Apr21_ALjMotherDay02.mp4\"><\/video><\/figure>\n\n\n\n<p><a href=\"#_ednref1\" name=\"_edn1\">[i]<\/a>Kaynak: Medical Journey of Australia, Mart 2020: <a href=\"https:\/\/www.mja.com.au\/journal\/2020\/bushfire-smoke-responsible-over-400-excess-deaths\">https:\/\/www.mja.com.au\/journal\/2020\/bushfire-smoke-responsible-over-400-excess-deaths<\/a><\/p>\n\n\n\n<p><a href=\"#_ednref2\" name=\"_edn2\">[ii]<\/a> FAO: <a href=\"http:\/\/www.fao.org\/resilience\/news-events\/detail\/en\/c\/1270479\/\">http:\/\/www.fao.org\/resilience\/news-events\/detail\/en\/c\/1270479\/<\/a><\/p>\n\n\n\n<p><a href=\"#_ednref3\" name=\"_edn3\">[iii]<\/a> UNEP: <a href=\"https:\/\/www.unenvironment.org\/news-and-stories\/news\/2020-super-year-nature-and-biodiversity\">https:\/\/www.unenvironment.org\/news-and-stories\/news\/2020-super-year-nature-and-biodiversity<\/a><\/p>\n\n\n\n<p><a href=\"#_ednref4\" name=\"_edn4\">[iv]<\/a> BM: <a href=\"https:\/\/www.un.org\/en\/observances\/earth-day\">https:\/\/www.un.org\/en\/observances\/earth-day<\/a><\/p>\n","protected":false},"featured_media":8314,"menu_order":0,"template":"","class_list":["post-8323","quickreads","type-quickreads","status-publish","has-post-thumbnail","hentry"],"acf":[],"yoast_head":"<!-- This site is optimized with the Yoast SEO plugin v26.5 - https:\/\/yoast.com\/wordpress\/plugins\/seo\/ -->\n<title>Uluslararas\u0131 D\u00fcnya Ana G\u00fcn\u00fc: do\u011fa ile uyum - Abdul Latif Jameel<\/title>\n<meta name=\"robots\" content=\"noindex, follow, max-snippet:-1, max-image-preview:large, max-video-preview:-1\" \/>\n<meta property=\"og:locale\" content=\"tr_TR\" \/>\n<meta property=\"og:type\" content=\"article\" \/>\n<meta property=\"og:title\" content=\"Uluslararas\u0131 D\u00fcnya Ana G\u00fcn\u00fc: do\u011fa ile uyum - Abdul Latif Jameel\" \/>\n<meta property=\"og:description\" content=\"2009 y\u0131l\u0131nda, Birle\u015fmi\u015f Milletler Genel Kurulu 22 Nisan &#8216;Uluslararas\u0131 D\u00fcnya Ana G\u00fcn\u00fc&#8216; ile, insanl\u0131\u011f\u0131n gezegenin ve \u00e7evresinin korunmas\u0131 konusundaki ortak ilgisini ve do\u011fa ile uyum sa\u011flaman\u0131n \u00f6nemini kabul etti. D\u00fcnya ve ya\u015famsal ekosistemleri ile birlikte \u00e7al\u0131\u015fman\u0131n bir yolunu bulmadan mevcut ku\u015fa\u011f\u0131n ekonomik, sosyal ve \u00e7evresel ihtiya\u00e7lar\u0131 kar\u015f\u0131lanamayabilir ve gelecek nesiller i\u00e7in s\u00fcrd\u00fcr\u00fclebilir bir gezegen ne [&hellip;]\" \/>\n<meta property=\"og:url\" content=\"https:\/\/cms.alj3.clients.lemonhq.io\/tr\/quick-reads\/international-mother-earth-day-2020-seeking-harmony-with-nature-7\/\" \/>\n<meta property=\"og:site_name\" content=\"Abdul Latif Jameel\" \/>\n<meta property=\"article:modified_time\" content=\"2024-10-17T10:44:02+00:00\" \/>\n<meta property=\"og:image\" content=\"https:\/\/media.alj3.clients.lemonhq.io\/wp-content\/uploads\/2024\/10\/margot-richard-NJJ7paSBO-c-unsplash-scaled.jpg\" \/>\n\t<meta property=\"og:image:width\" content=\"1920\" \/>\n\t<meta property=\"og:image:height\" content=\"2560\" \/>\n\t<meta property=\"og:image:type\" content=\"image\/jpeg\" \/>\n<meta name=\"twitter:card\" content=\"summary_large_image\" \/>\n<meta name=\"twitter:label1\" content=\"Tahmini okuma s\u00fcresi\" \/>\n\t<meta name=\"twitter:data1\" content=\"4 dakika\" \/>\n<script type=\"application\/ld+json\" class=\"yoast-schema-graph\">{\"@context\":\"https:\/\/schema.org\",\"@graph\":[{\"@type\":\"WebPage\",\"@id\":\"https:\/\/cms.alj3.clients.lemonhq.io\/tr\/quick-reads\/international-mother-earth-day-2020-seeking-harmony-with-nature-7\/\",\"url\":\"https:\/\/cms.alj3.clients.lemonhq.io\/tr\/quick-reads\/international-mother-earth-day-2020-seeking-harmony-with-nature-7\/\",\"name\":\"Uluslararas\u0131 D\u00fcnya Ana G\u00fcn\u00fc: do\u011fa ile uyum - Abdul Latif Jameel\",\"isPartOf\":{\"@id\":\"https:\/\/10.0.2.222\/en\/#website\"},\"primaryImageOfPage\":{\"@id\":\"https:\/\/cms.alj3.clients.lemonhq.io\/tr\/quick-reads\/international-mother-earth-day-2020-seeking-harmony-with-nature-7\/#primaryimage\"},\"image\":{\"@id\":\"https:\/\/cms.alj3.clients.lemonhq.io\/tr\/quick-reads\/international-mother-earth-day-2020-seeking-harmony-with-nature-7\/#primaryimage\"},\"thumbnailUrl\":\"https:\/\/media.alj3.clients.lemonhq.io\/wp-content\/uploads\/2024\/10\/margot-richard-NJJ7paSBO-c-unsplash-scaled.jpg\",\"datePublished\":\"2020-04-20T07:37:10+00:00\",\"dateModified\":\"2024-10-17T10:44:02+00:00\",\"breadcrumb\":{\"@id\":\"https:\/\/cms.alj3.clients.lemonhq.io\/tr\/quick-reads\/international-mother-earth-day-2020-seeking-harmony-with-nature-7\/#breadcrumb\"},\"inLanguage\":\"tr\",\"potentialAction\":[{\"@type\":\"ReadAction\",\"target\":[\"https:\/\/cms.alj3.clients.lemonhq.io\/tr\/quick-reads\/international-mother-earth-day-2020-seeking-harmony-with-nature-7\/\"]}]},{\"@type\":\"ImageObject\",\"inLanguage\":\"tr\",\"@id\":\"https:\/\/cms.alj3.clients.lemonhq.io\/tr\/quick-reads\/international-mother-earth-day-2020-seeking-harmony-with-nature-7\/#primaryimage\",\"url\":\"https:\/\/media.alj3.clients.lemonhq.io\/wp-content\/uploads\/2024\/10\/margot-richard-NJJ7paSBO-c-unsplash-scaled.jpg\",\"contentUrl\":\"https:\/\/media.alj3.clients.lemonhq.io\/wp-content\/uploads\/2024\/10\/margot-richard-NJJ7paSBO-c-unsplash-scaled.jpg\",\"width\":1920,\"height\":2560},{\"@type\":\"BreadcrumbList\",\"@id\":\"https:\/\/cms.alj3.clients.lemonhq.io\/tr\/quick-reads\/international-mother-earth-day-2020-seeking-harmony-with-nature-7\/#breadcrumb\",\"itemListElement\":[{\"@type\":\"ListItem\",\"position\":1,\"name\":\"Home\",\"item\":\"https:\/\/10.0.2.222\/en\/\"},{\"@type\":\"ListItem\",\"position\":2,\"name\":\"Uluslararas\u0131 D\u00fcnya Ana G\u00fcn\u00fc: do\u011fa ile uyum\"}]},{\"@type\":\"WebSite\",\"@id\":\"https:\/\/10.0.2.222\/en\/#website\",\"url\":\"https:\/\/10.0.2.222\/en\/\",\"name\":\"Abdul Latif Jameel\",\"description\":\"\",\"potentialAction\":[{\"@type\":\"SearchAction\",\"target\":{\"@type\":\"EntryPoint\",\"urlTemplate\":\"https:\/\/10.0.2.222\/en\/?s={search_term_string}\"},\"query-input\":{\"@type\":\"PropertyValueSpecification\",\"valueRequired\":true,\"valueName\":\"search_term_string\"}}],\"inLanguage\":\"tr\"}]}<\/script>\n<!-- \/ Yoast SEO plugin. -->","yoast_head_json":{"title":"Uluslararas\u0131 D\u00fcnya Ana G\u00fcn\u00fc: do\u011fa ile uyum - Abdul Latif Jameel","robots":{"index":"noindex","follow":"follow","max-snippet":"max-snippet:-1","max-image-preview":"max-image-preview:large","max-video-preview":"max-video-preview:-1"},"og_locale":"tr_TR","og_type":"article","og_title":"Uluslararas\u0131 D\u00fcnya Ana G\u00fcn\u00fc: do\u011fa ile uyum - Abdul Latif Jameel","og_description":"2009 y\u0131l\u0131nda, Birle\u015fmi\u015f Milletler Genel Kurulu 22 Nisan &#8216;Uluslararas\u0131 D\u00fcnya Ana G\u00fcn\u00fc&#8216; ile, insanl\u0131\u011f\u0131n gezegenin ve \u00e7evresinin korunmas\u0131 konusundaki ortak ilgisini ve do\u011fa ile uyum sa\u011flaman\u0131n \u00f6nemini kabul etti. D\u00fcnya ve ya\u015famsal ekosistemleri ile birlikte \u00e7al\u0131\u015fman\u0131n bir yolunu bulmadan mevcut ku\u015fa\u011f\u0131n ekonomik, sosyal ve \u00e7evresel ihtiya\u00e7lar\u0131 kar\u015f\u0131lanamayabilir ve gelecek nesiller i\u00e7in s\u00fcrd\u00fcr\u00fclebilir bir gezegen ne [&hellip;]","og_url":"https:\/\/cms.alj3.clients.lemonhq.io\/tr\/quick-reads\/international-mother-earth-day-2020-seeking-harmony-with-nature-7\/","og_site_name":"Abdul Latif Jameel","article_modified_time":"2024-10-17T10:44:02+00:00","og_image":[{"width":1920,"height":2560,"url":"https:\/\/media.alj3.clients.lemonhq.io\/wp-content\/uploads\/2024\/10\/margot-richard-NJJ7paSBO-c-unsplash-scaled.jpg","type":"image\/jpeg"}],"twitter_card":"summary_large_image","twitter_misc":{"Tahmini okuma s\u00fcresi":"4 dakika"},"schema":{"@context":"https:\/\/schema.org","@graph":[{"@type":"WebPage","@id":"https:\/\/cms.alj3.clients.lemonhq.io\/tr\/quick-reads\/international-mother-earth-day-2020-seeking-harmony-with-nature-7\/","url":"https:\/\/cms.alj3.clients.lemonhq.io\/tr\/quick-reads\/international-mother-earth-day-2020-seeking-harmony-with-nature-7\/","name":"Uluslararas\u0131 D\u00fcnya Ana G\u00fcn\u00fc: do\u011fa ile uyum - Abdul Latif Jameel","isPartOf":{"@id":"https:\/\/10.0.2.222\/en\/#website"},"primaryImageOfPage":{"@id":"https:\/\/cms.alj3.clients.lemonhq.io\/tr\/quick-reads\/international-mother-earth-day-2020-seeking-harmony-with-nature-7\/#primaryimage"},"image":{"@id":"https:\/\/cms.alj3.clients.lemonhq.io\/tr\/quick-reads\/international-mother-earth-day-2020-seeking-harmony-with-nature-7\/#primaryimage"},"thumbnailUrl":"https:\/\/media.alj3.clients.lemonhq.io\/wp-content\/uploads\/2024\/10\/margot-richard-NJJ7paSBO-c-unsplash-scaled.jpg","datePublished":"2020-04-20T07:37:10+00:00","dateModified":"2024-10-17T10:44:02+00:00","breadcrumb":{"@id":"https:\/\/cms.alj3.clients.lemonhq.io\/tr\/quick-reads\/international-mother-earth-day-2020-seeking-harmony-with-nature-7\/#breadcrumb"},"inLanguage":"tr","potentialAction":[{"@type":"ReadAction","target":["https:\/\/cms.alj3.clients.lemonhq.io\/tr\/quick-reads\/international-mother-earth-day-2020-seeking-harmony-with-nature-7\/"]}]},{"@type":"ImageObject","inLanguage":"tr","@id":"https:\/\/cms.alj3.clients.lemonhq.io\/tr\/quick-reads\/international-mother-earth-day-2020-seeking-harmony-with-nature-7\/#primaryimage","url":"https:\/\/media.alj3.clients.lemonhq.io\/wp-content\/uploads\/2024\/10\/margot-richard-NJJ7paSBO-c-unsplash-scaled.jpg","contentUrl":"https:\/\/media.alj3.clients.lemonhq.io\/wp-content\/uploads\/2024\/10\/margot-richard-NJJ7paSBO-c-unsplash-scaled.jpg","width":1920,"height":2560},{"@type":"BreadcrumbList","@id":"https:\/\/cms.alj3.clients.lemonhq.io\/tr\/quick-reads\/international-mother-earth-day-2020-seeking-harmony-with-nature-7\/#breadcrumb","itemListElement":[{"@type":"ListItem","position":1,"name":"Home","item":"https:\/\/10.0.2.222\/en\/"},{"@type":"ListItem","position":2,"name":"Uluslararas\u0131 D\u00fcnya Ana G\u00fcn\u00fc: do\u011fa ile uyum"}]},{"@type":"WebSite","@id":"https:\/\/10.0.2.222\/en\/#website","url":"https:\/\/10.0.2.222\/en\/","name":"Abdul Latif Jameel","description":"","potentialAction":[{"@type":"SearchAction","target":{"@type":"EntryPoint","urlTemplate":"https:\/\/10.0.2.222\/en\/?s={search_term_string}"},"query-input":{"@type":"PropertyValueSpecification","valueRequired":true,"valueName":"search_term_string"}}],"inLanguage":"tr"}]}},"post-meta-fields":{"_wp_page_template":["default"],"_published_date":["field_6057129b493f5"],"published_date":["20200422"],"_location":["field_601267396ce72"],"location":["Dubai, BAE"],"_featured":["field_601a3b473c5c5"],"featured":[""],"_footnotes":["field_66fd39afb9383"],"footnotes":[""],"_business_sector":["field_66f6b5bcac8cb"],"business_sector":["Enerji","Community Jameel"],"_content_series":["field_66fe3c439f8f6"],"content_series":[""],"_old_post_id":["field_66fe3fd59f8f7"],"old_post_id":["60204"],"_short_title":["field_60925d67125ef"],"short_title":["Uluslararas\u0131 D\u00fcnya Ana G\u00fcn\u00fc"],"_summary":["field_6019304103a20"],"summary":["D\u00fcnya ve hayati ekosistemleri ile birlikte \u00e7al\u0131\u015fman\u0131n bir yolunu bulmadan, gelecek nesiller i\u00e7in s\u00fcrd\u00fcr\u00fclebilir bir gezegen ne yaz\u0131k ki s\u00f6z konusu olamaz."],"_mobile_featured_image":["field_66f6b4bee65f3"],"mobile_featured_image":["https:\/\/cms.alj3.clients.lemonhq.io\/wp-content\/themes\/alj\/assets\/images\/defaultmobilethumb.jpg"],"_push_notification":["field_66f6b47de65f1"],"push_notification":[""],"_publish_mobile":["field_66f6b491e65f2"],"publish_mobile":[""],"_status":["field_652694983fe12"],"status":["publish"],"_thumbnail_id":["8314"],"_wpml_word_count":["{\"total\":605,\"to_translate\":{\"ar\":605,\"zh-hans\":605,\"fr\":605,\"ja\":605,\"es\":605,\"tr\":605}}"],"_last_translation_edit_mode":["translation-editor"],"select_category":["international"]},"_links":{"self":[{"href":"https:\/\/cms.alj3.clients.lemonhq.io\/tr\/wp-json\/wp\/v2\/quickreads\/8323","targetHints":{"allow":["GET"]}}],"collection":[{"href":"https:\/\/cms.alj3.clients.lemonhq.io\/tr\/wp-json\/wp\/v2\/quickreads"}],"about":[{"href":"https:\/\/cms.alj3.clients.lemonhq.io\/tr\/wp-json\/wp\/v2\/types\/quickreads"}],"wp:featuredmedia":[{"embeddable":true,"href":"https:\/\/cms.alj3.clients.lemonhq.io\/tr\/wp-json\/wp\/v2\/media\/8314"}],"wp:attachment":[{"href":"https:\/\/cms.alj3.clients.lemonhq.io\/tr\/wp-json\/wp\/v2\/media?parent=8323"}],"curies":[{"name":"wp","href":"https:\/\/api.w.org\/{rel}","templated":true}]}}