{"id":8275,"date":"2020-02-26T11:02:23","date_gmt":"2020-02-26T11:02:23","guid":{"rendered":"https:\/\/cms.alj3.clients.lemonhq.io\/quick-reads\/solar-pv-powering-a-sustainable-future-6\/"},"modified":"2024-10-25T12:45:21","modified_gmt":"2024-10-25T12:45:21","slug":"solar-pv-powering-a-sustainable-future-6","status":"publish","type":"quickreads","link":"https:\/\/cms.alj3.clients.lemonhq.io\/tr\/quick-reads\/solar-pv-powering-a-sustainable-future-6\/","title":{"rendered":"G\u00fcne\u015f fotovoltaik teknolojisi: s\u00fcrd\u00fcr\u00fclebilir bir gelece\u011fe g\u00fc\u00e7 vermek"},"content":{"rendered":"\n<p>Sadece 90 dakika i\u00e7inde t\u00fcm gezegenin bir y\u0131ll\u0131k enerji ihtiyac\u0131n\u0131 kar\u015f\u0131lamaya yetecek kadar g\u00fcne\u015f \u0131\u015f\u0131\u011f\u0131 d\u00fcnyaya \u00e7arpmaktad\u0131r. G\u00fcne\u015f enerjisi konusundaki kaynak potansiyelinin bu kadar bol olmas\u0131na ra\u011fmen, bu alandan elde edilen enerji d\u00fcnyan\u0131n mevcut enerji t\u00fcketiminin hala k\u00fc\u00e7\u00fck bir k\u0131sm\u0131n\u0131 olu\u015fturmaktad\u0131r.<\/p>\n\n\n\n<p>Neyse ki, yeni bir d\u00f6nem do\u011fuyor. D\u00fcnyan\u0131n her taraf\u0131ndaki h\u00fck\u00fcmetlerin, <a href=\"https:\/\/unfccc.int\/process-and-meetings\/the-paris-agreement\/d2hhdC1pcy\">Paris Anla\u015fmas\u0131<\/a> kapsam\u0131ndaki iklim hedeflerini ger\u00e7ekle\u015ftirmek i\u00e7in \u00e7abalad\u0131klar\u0131 \u015fu d\u00f6nemde s\u00fcrd\u00fcr\u00fclebilir kalk\u0131nma ve karbondan ar\u0131nd\u0131rmaya odaklanmalar\u0131 sayesinde, enerji bile\u015fimi son derece ihtiya\u00e7 duyulan bir d\u00f6n\u00fc\u015f\u00fcmden ge\u00e7iyor.<\/p>\n\n\n\n<p><a href=\"https:\/\/www.iea.org\/\">Uluslararas\u0131 Enerji Ajans\u0131\u2019ndan (IEA)<\/a> gelen yak\u0131n tarihli bir rapora g\u00f6re, g\u00fcne\u015f, r\u00fczg\u00e2r ve hidroelektrik projelerinin son d\u00f6rt y\u0131l i\u00e7inde en h\u0131zl\u0131 yay\u0131lma s\u00fcrecine girdi\u011fi g\u00f6r\u00fcl\u00fcyor. IEA&#8217;dan gelecek di\u011fer tahminler, k\u00fcresel yenilenebilir elektrik arz\u0131n\u0131n \u00f6n\u00fcm\u00fczdeki be\u015f y\u0131l i\u00e7inde \u00f6zellikle g\u00fcne\u015f enerjisinde yeniden canlanma ile %50 daha geni\u015fleyebilece\u011fini g\u00f6stermektedir.<\/p>\n\n\n\n<p>IEA&#8217;n\u0131n genel m\u00fcd\u00fcr\u00fc Fatih Birol \u015f\u00f6yle diyor:<\/p>\n\n\n\n<p>\u201cBu yenilenebilir enerji i\u00e7in \u00e7ok \u00f6nemli bir zamand\u0131r. G\u00fcne\u015f fotovoltaikleri ve r\u00fczgar gibi teknolojiler, k\u00fcresel enerji sisteminde ger\u00e7ekle\u015fen d\u00f6n\u00fc\u015f\u00fcmlerin merkezinde yer almaktad\u0131r. Bu y\u00f6ntemlerin daha fazla kullan\u0131lmas\u0131, sera gaz\u0131 emisyonlar\u0131yla m\u00fccadele, hava kirlili\u011fini azaltma ve enerji eri\u015fimini geni\u015fletme \u00e7abalar\u0131 i\u00e7in \u00e7ok \u00f6nemlidir.\u201d<\/p>\n\n\n\n<p><a href=\"https:\/\/www.irena.org\/\">Uluslararas\u0131 Yenilenebilir Enerji Ajans\u0131\u2019na (IRENA)<\/a> g\u00f6re, t\u00fcm d\u00fc\u015f\u00fck karbonlu teknoloji se\u00e7eneklerine k\u0131yasla, g\u00fcne\u015f fotovoltaik teknolojisi enerjisinin h\u0131zland\u0131r\u0131lm\u0131\u015f kullan\u0131m\u0131, 2050 y\u0131l\u0131na dek <strong>4,9 gigaton<\/strong> karbon dioksit azalmas\u0131na neden olabilir. Ayr\u0131ca, g\u00fcne\u015f fotovoltaik teknolojisi ile ilgili maliyetlerin 2024 y\u0131l\u0131na kadar %15 ila %35 oran\u0131nda azalmaya devam edece\u011fi tahmin edildi\u011finden dolay\u0131, g\u00fcne\u015f fotovoltaik teknolojisinin k\u00fcresel ilgiyi y\u00f6netme potansiyeli oldu\u011fu a\u00e7\u0131kt\u0131r.<\/p>\n\n\n\n<p>Peki, g\u00fcne\u015f fotovoltaik teknolojisi <em>nedir<\/em> ve nas\u0131l \u00e7al\u0131\u015f\u0131r? Bu k\u0131sa videoda teknolojinin arkas\u0131ndaki bilime derinlemesine bak\u0131yoruz!<\/p>\n\n\n<figure class=\"wp-block-embed is-type-video is-provider-youtube wp-block-embed-youtube wp-embed-aspect-16-9 wp-has-aspect-ratio\"><div class=\"wp-block-embed__wrapper\">https:\/\/www.youtube.com\/embed\/zoxR113ED-A?feature=youtu<\/div><\/figure>\n\n\n<p>G\u00fcne\u015f fotovoltaik teknolojisi, d\u00fcnya \u00e7ap\u0131nda pop\u00fclerlik kazand\u0131ran bir teknolojidir. D\u00fcnya&#8217;n\u0131n toplam kurulu fotovoltaik kapasitesi 2018&#8217;in sonunda 480,3 GW&#8217;a ula\u015fm\u0131\u015f olup, o zamandan beri h\u0131zla y\u00fckselmektedir.<\/p>\n\n\n\n<p>Yenilenebilir kamu hizmetleri alan\u0131nda lider bir k\u00fcresel geli\u015ftirici ve Abdul Latif Jameel Energy&#8217;nin bir par\u00e7as\u0131 olan <a href=\"https:\/\/frv.com\/en\/\">Fotowatio Yenilenebilir Giri\u015fimler<\/a> (FRV) sayesinde, be\u015f k\u0131tada yer alan m\u00fc\u015fteri ve topluluklara s\u00fcrd\u00fcr\u00fclebilir g\u00fcne\u015f fotovoltaik enerji \u00e7\u00f6z\u00fcmleri sunmaya devam ediyoruz.<\/p>\n\n\n\n<p>FRV, Avrupa Orta Do\u011fu, Avustralya, Afrika ve Latin Amerika gibi pazarlardaki projelerle 7.000 MWdc&#8217;lik bir boru hatt\u0131 in\u015fa etti. Bu, her y\u0131l yakla\u015f\u0131k bir milyon ev i\u00e7in yeterli elektrik \u00fcretmeye ve y\u0131lda 100 milyon tondan fazla CO<sub>2<\/sub> emisyonunu ortadan kald\u0131rmaya e\u015fde\u011ferdir.<\/p>\n\n\n\n<p>D\u00fcnya s\u00fcrd\u00fcr\u00fclebilir bir gelece\u011fe do\u011fru ge\u00e7i\u015fine devam ederken, bunun bir par\u00e7as\u0131 olmay\u0131 d\u00f6rt g\u00f6zle bekliyoruz &#8211; g\u00fcne\u015fin parlad\u0131\u011f\u0131 her yerde.<\/p>\n","protected":false},"featured_media":8246,"menu_order":0,"template":"","class_list":["post-8275","quickreads","type-quickreads","status-publish","has-post-thumbnail","hentry"],"acf":[],"yoast_head":"<!-- This site is optimized with the Yoast SEO plugin v26.5 - https:\/\/yoast.com\/wordpress\/plugins\/seo\/ -->\n<title>G\u00fcne\u015f fotovoltaik teknolojisi: s\u00fcrd\u00fcr\u00fclebilir bir gelece\u011fe g\u00fc\u00e7 vermek - Abdul Latif Jameel<\/title>\n<meta name=\"robots\" content=\"noindex, follow, max-snippet:-1, max-image-preview:large, max-video-preview:-1\" \/>\n<meta property=\"og:locale\" content=\"tr_TR\" \/>\n<meta property=\"og:type\" content=\"article\" \/>\n<meta property=\"og:title\" content=\"G\u00fcne\u015f fotovoltaik teknolojisi: s\u00fcrd\u00fcr\u00fclebilir bir gelece\u011fe g\u00fc\u00e7 vermek - Abdul Latif Jameel\" \/>\n<meta property=\"og:description\" content=\"Sadece 90 dakika i\u00e7inde t\u00fcm gezegenin bir y\u0131ll\u0131k enerji ihtiyac\u0131n\u0131 kar\u015f\u0131lamaya yetecek kadar g\u00fcne\u015f \u0131\u015f\u0131\u011f\u0131 d\u00fcnyaya \u00e7arpmaktad\u0131r. G\u00fcne\u015f enerjisi konusundaki kaynak potansiyelinin bu kadar bol olmas\u0131na ra\u011fmen, bu alandan elde edilen enerji d\u00fcnyan\u0131n mevcut enerji t\u00fcketiminin hala k\u00fc\u00e7\u00fck bir k\u0131sm\u0131n\u0131 olu\u015fturmaktad\u0131r. Neyse ki, yeni bir d\u00f6nem do\u011fuyor. D\u00fcnyan\u0131n her taraf\u0131ndaki h\u00fck\u00fcmetlerin, Paris Anla\u015fmas\u0131 kapsam\u0131ndaki iklim [&hellip;]\" \/>\n<meta property=\"og:url\" content=\"https:\/\/cms.alj3.clients.lemonhq.io\/tr\/quick-reads\/solar-pv-powering-a-sustainable-future-6\/\" \/>\n<meta property=\"og:site_name\" content=\"Abdul Latif Jameel\" \/>\n<meta property=\"article:modified_time\" content=\"2024-10-25T12:45:21+00:00\" \/>\n<meta property=\"og:image\" content=\"https:\/\/media.alj3.clients.lemonhq.io\/wp-content\/uploads\/2024\/10\/Sunlight-Hitting-Earth-Wallpaper.jpg\" \/>\n\t<meta property=\"og:image:width\" content=\"1920\" \/>\n\t<meta property=\"og:image:height\" content=\"1080\" \/>\n\t<meta property=\"og:image:type\" content=\"image\/jpeg\" \/>\n<meta name=\"twitter:card\" content=\"summary_large_image\" \/>\n<meta name=\"twitter:label1\" content=\"Tahmini okuma s\u00fcresi\" \/>\n\t<meta name=\"twitter:data1\" content=\"3 dakika\" \/>\n<script type=\"application\/ld+json\" class=\"yoast-schema-graph\">{\"@context\":\"https:\/\/schema.org\",\"@graph\":[{\"@type\":\"WebPage\",\"@id\":\"https:\/\/cms.alj3.clients.lemonhq.io\/tr\/quick-reads\/solar-pv-powering-a-sustainable-future-6\/\",\"url\":\"https:\/\/cms.alj3.clients.lemonhq.io\/tr\/quick-reads\/solar-pv-powering-a-sustainable-future-6\/\",\"name\":\"G\u00fcne\u015f fotovoltaik teknolojisi: s\u00fcrd\u00fcr\u00fclebilir bir gelece\u011fe g\u00fc\u00e7 vermek - Abdul Latif Jameel\",\"isPartOf\":{\"@id\":\"https:\/\/10.0.2.222\/en\/#website\"},\"primaryImageOfPage\":{\"@id\":\"https:\/\/cms.alj3.clients.lemonhq.io\/tr\/quick-reads\/solar-pv-powering-a-sustainable-future-6\/#primaryimage\"},\"image\":{\"@id\":\"https:\/\/cms.alj3.clients.lemonhq.io\/tr\/quick-reads\/solar-pv-powering-a-sustainable-future-6\/#primaryimage\"},\"thumbnailUrl\":\"https:\/\/media.alj3.clients.lemonhq.io\/wp-content\/uploads\/2024\/10\/Sunlight-Hitting-Earth-Wallpaper.jpg\",\"datePublished\":\"2020-02-26T11:02:23+00:00\",\"dateModified\":\"2024-10-25T12:45:21+00:00\",\"breadcrumb\":{\"@id\":\"https:\/\/cms.alj3.clients.lemonhq.io\/tr\/quick-reads\/solar-pv-powering-a-sustainable-future-6\/#breadcrumb\"},\"inLanguage\":\"tr\",\"potentialAction\":[{\"@type\":\"ReadAction\",\"target\":[\"https:\/\/cms.alj3.clients.lemonhq.io\/tr\/quick-reads\/solar-pv-powering-a-sustainable-future-6\/\"]}]},{\"@type\":\"ImageObject\",\"inLanguage\":\"tr\",\"@id\":\"https:\/\/cms.alj3.clients.lemonhq.io\/tr\/quick-reads\/solar-pv-powering-a-sustainable-future-6\/#primaryimage\",\"url\":\"https:\/\/media.alj3.clients.lemonhq.io\/wp-content\/uploads\/2024\/10\/Sunlight-Hitting-Earth-Wallpaper.jpg\",\"contentUrl\":\"https:\/\/media.alj3.clients.lemonhq.io\/wp-content\/uploads\/2024\/10\/Sunlight-Hitting-Earth-Wallpaper.jpg\",\"width\":1920,\"height\":1080},{\"@type\":\"BreadcrumbList\",\"@id\":\"https:\/\/cms.alj3.clients.lemonhq.io\/tr\/quick-reads\/solar-pv-powering-a-sustainable-future-6\/#breadcrumb\",\"itemListElement\":[{\"@type\":\"ListItem\",\"position\":1,\"name\":\"Home\",\"item\":\"https:\/\/10.0.2.222\/en\/\"},{\"@type\":\"ListItem\",\"position\":2,\"name\":\"G\u00fcne\u015f fotovoltaik teknolojisi: s\u00fcrd\u00fcr\u00fclebilir bir gelece\u011fe g\u00fc\u00e7 vermek\"}]},{\"@type\":\"WebSite\",\"@id\":\"https:\/\/10.0.2.222\/en\/#website\",\"url\":\"https:\/\/10.0.2.222\/en\/\",\"name\":\"Abdul Latif Jameel\",\"description\":\"\",\"potentialAction\":[{\"@type\":\"SearchAction\",\"target\":{\"@type\":\"EntryPoint\",\"urlTemplate\":\"https:\/\/10.0.2.222\/en\/?s={search_term_string}\"},\"query-input\":{\"@type\":\"PropertyValueSpecification\",\"valueRequired\":true,\"valueName\":\"search_term_string\"}}],\"inLanguage\":\"tr\"}]}<\/script>\n<!-- \/ Yoast SEO plugin. -->","yoast_head_json":{"title":"G\u00fcne\u015f fotovoltaik teknolojisi: s\u00fcrd\u00fcr\u00fclebilir bir gelece\u011fe g\u00fc\u00e7 vermek - Abdul Latif Jameel","robots":{"index":"noindex","follow":"follow","max-snippet":"max-snippet:-1","max-image-preview":"max-image-preview:large","max-video-preview":"max-video-preview:-1"},"og_locale":"tr_TR","og_type":"article","og_title":"G\u00fcne\u015f fotovoltaik teknolojisi: s\u00fcrd\u00fcr\u00fclebilir bir gelece\u011fe g\u00fc\u00e7 vermek - Abdul Latif Jameel","og_description":"Sadece 90 dakika i\u00e7inde t\u00fcm gezegenin bir y\u0131ll\u0131k enerji ihtiyac\u0131n\u0131 kar\u015f\u0131lamaya yetecek kadar g\u00fcne\u015f \u0131\u015f\u0131\u011f\u0131 d\u00fcnyaya \u00e7arpmaktad\u0131r. G\u00fcne\u015f enerjisi konusundaki kaynak potansiyelinin bu kadar bol olmas\u0131na ra\u011fmen, bu alandan elde edilen enerji d\u00fcnyan\u0131n mevcut enerji t\u00fcketiminin hala k\u00fc\u00e7\u00fck bir k\u0131sm\u0131n\u0131 olu\u015fturmaktad\u0131r. Neyse ki, yeni bir d\u00f6nem do\u011fuyor. D\u00fcnyan\u0131n her taraf\u0131ndaki h\u00fck\u00fcmetlerin, Paris Anla\u015fmas\u0131 kapsam\u0131ndaki iklim [&hellip;]","og_url":"https:\/\/cms.alj3.clients.lemonhq.io\/tr\/quick-reads\/solar-pv-powering-a-sustainable-future-6\/","og_site_name":"Abdul Latif Jameel","article_modified_time":"2024-10-25T12:45:21+00:00","og_image":[{"width":1920,"height":1080,"url":"https:\/\/media.alj3.clients.lemonhq.io\/wp-content\/uploads\/2024\/10\/Sunlight-Hitting-Earth-Wallpaper.jpg","type":"image\/jpeg"}],"twitter_card":"summary_large_image","twitter_misc":{"Tahmini okuma s\u00fcresi":"3 dakika"},"schema":{"@context":"https:\/\/schema.org","@graph":[{"@type":"WebPage","@id":"https:\/\/cms.alj3.clients.lemonhq.io\/tr\/quick-reads\/solar-pv-powering-a-sustainable-future-6\/","url":"https:\/\/cms.alj3.clients.lemonhq.io\/tr\/quick-reads\/solar-pv-powering-a-sustainable-future-6\/","name":"G\u00fcne\u015f fotovoltaik teknolojisi: s\u00fcrd\u00fcr\u00fclebilir bir gelece\u011fe g\u00fc\u00e7 vermek - Abdul Latif Jameel","isPartOf":{"@id":"https:\/\/10.0.2.222\/en\/#website"},"primaryImageOfPage":{"@id":"https:\/\/cms.alj3.clients.lemonhq.io\/tr\/quick-reads\/solar-pv-powering-a-sustainable-future-6\/#primaryimage"},"image":{"@id":"https:\/\/cms.alj3.clients.lemonhq.io\/tr\/quick-reads\/solar-pv-powering-a-sustainable-future-6\/#primaryimage"},"thumbnailUrl":"https:\/\/media.alj3.clients.lemonhq.io\/wp-content\/uploads\/2024\/10\/Sunlight-Hitting-Earth-Wallpaper.jpg","datePublished":"2020-02-26T11:02:23+00:00","dateModified":"2024-10-25T12:45:21+00:00","breadcrumb":{"@id":"https:\/\/cms.alj3.clients.lemonhq.io\/tr\/quick-reads\/solar-pv-powering-a-sustainable-future-6\/#breadcrumb"},"inLanguage":"tr","potentialAction":[{"@type":"ReadAction","target":["https:\/\/cms.alj3.clients.lemonhq.io\/tr\/quick-reads\/solar-pv-powering-a-sustainable-future-6\/"]}]},{"@type":"ImageObject","inLanguage":"tr","@id":"https:\/\/cms.alj3.clients.lemonhq.io\/tr\/quick-reads\/solar-pv-powering-a-sustainable-future-6\/#primaryimage","url":"https:\/\/media.alj3.clients.lemonhq.io\/wp-content\/uploads\/2024\/10\/Sunlight-Hitting-Earth-Wallpaper.jpg","contentUrl":"https:\/\/media.alj3.clients.lemonhq.io\/wp-content\/uploads\/2024\/10\/Sunlight-Hitting-Earth-Wallpaper.jpg","width":1920,"height":1080},{"@type":"BreadcrumbList","@id":"https:\/\/cms.alj3.clients.lemonhq.io\/tr\/quick-reads\/solar-pv-powering-a-sustainable-future-6\/#breadcrumb","itemListElement":[{"@type":"ListItem","position":1,"name":"Home","item":"https:\/\/10.0.2.222\/en\/"},{"@type":"ListItem","position":2,"name":"G\u00fcne\u015f fotovoltaik teknolojisi: s\u00fcrd\u00fcr\u00fclebilir bir gelece\u011fe g\u00fc\u00e7 vermek"}]},{"@type":"WebSite","@id":"https:\/\/10.0.2.222\/en\/#website","url":"https:\/\/10.0.2.222\/en\/","name":"Abdul Latif Jameel","description":"","potentialAction":[{"@type":"SearchAction","target":{"@type":"EntryPoint","urlTemplate":"https:\/\/10.0.2.222\/en\/?s={search_term_string}"},"query-input":{"@type":"PropertyValueSpecification","valueRequired":true,"valueName":"search_term_string"}}],"inLanguage":"tr"}]}},"post-meta-fields":{"_wp_page_template":["default"],"_oembed_7f4b58ad300093c0a31831d545b927d8":["{{unknown}}"],"_published_date":["field_6057129b493f5"],"published_date":["20200226"],"_location":["field_601267396ce72"],"location":["Dubai, ABD"],"_featured":["field_601a3b473c5c5"],"featured":[""],"_footnotes":["field_66fd39afb9383"],"footnotes":[""],"_business_sector":["field_66f6b5bcac8cb"],"business_sector":["Enerji"],"_content_series":["field_66fe3c439f8f6"],"content_series":[""],"_old_post_id":["field_66fe3fd59f8f7"],"old_post_id":["58002"],"_short_title":["field_60925d67125ef"],"short_title":["G\u00fcne\u015f PV teknolojisi: s\u00fcrd\u00fcr\u00fclebilir bir gelece\u011fe g\u00fc\u00e7 vermek"],"_summary":["field_6019304103a20"],"summary":["Sadece 90 dakika i\u00e7inde t\u00fcm gezegenin bir y\u0131ll\u0131k enerji ihtiyac\u0131n\u0131 kar\u015f\u0131lamaya yetecek kadar g\u00fcne\u015f \u0131\u015f\u0131\u011f\u0131 d\u00fcnyaya \u00e7arpmaktad\u0131r."],"_mobile_featured_image":["field_66f6b4bee65f3"],"mobile_featured_image":["https:\/\/media.alj3.clients.lemonhq.io\/wp-content\/uploads\/2024\/10\/Sunlight-Hitting-Earth-Wallpaper.jpg"],"_push_notification":["field_66f6b47de65f1"],"push_notification":[""],"_publish_mobile":["field_66f6b491e65f2"],"publish_mobile":["1"],"_status":["field_652694983fe12"],"status":["publish"],"_thumbnail_id":["8246"],"_wpml_word_count":["{\"total\":417,\"to_translate\":{\"ar\":417,\"zh-hans\":417,\"fr\":417,\"ja\":417,\"es\":417,\"tr\":417}}"],"_last_translation_edit_mode":["translation-editor"],"select_category":["international"]},"_links":{"self":[{"href":"https:\/\/cms.alj3.clients.lemonhq.io\/tr\/wp-json\/wp\/v2\/quickreads\/8275","targetHints":{"allow":["GET"]}}],"collection":[{"href":"https:\/\/cms.alj3.clients.lemonhq.io\/tr\/wp-json\/wp\/v2\/quickreads"}],"about":[{"href":"https:\/\/cms.alj3.clients.lemonhq.io\/tr\/wp-json\/wp\/v2\/types\/quickreads"}],"wp:featuredmedia":[{"embeddable":true,"href":"https:\/\/cms.alj3.clients.lemonhq.io\/tr\/wp-json\/wp\/v2\/media\/8246"}],"wp:attachment":[{"href":"https:\/\/cms.alj3.clients.lemonhq.io\/tr\/wp-json\/wp\/v2\/media?parent=8275"}],"curies":[{"name":"wp","href":"https:\/\/api.w.org\/{rel}","templated":true}]}}