{"id":8210,"date":"2020-01-06T13:29:14","date_gmt":"2020-01-06T13:29:14","guid":{"rendered":"https:\/\/cms.alj3.clients.lemonhq.io\/quick-reads\/combating-antimicrobial-resistance-7\/"},"modified":"2024-10-17T10:44:34","modified_gmt":"2024-10-17T10:44:34","slug":"combating-antimicrobial-resistance-7","status":"publish","type":"quickreads","link":"https:\/\/cms.alj3.clients.lemonhq.io\/tr\/quick-reads\/combating-antimicrobial-resistance-7\/","title":{"rendered":"Antimikrobiyal diren\u00e7le m\u00fccadele"},"content":{"rendered":"\n<p>Her Kas\u0131m d\u00fczenlenen <a href=\"https:\/\/www.un.org\/en\/\">Birle\u015fmi\u015f Milletler D\u00fcnya<\/a> Antibiyotik Bilin\u00e7lendirme Haftas\u0131, antibiyotik kullan\u0131m\u0131 i\u00e7in k\u00fcresel &#8216;en iyi uygulama&#8217; bilincini art\u0131rmak amac\u0131yla kutlanmaktad\u0131r. 1928&#8217;deki ke\u015ffedilmelerinden bu yana antibiyotikler, bakteriyel enfeksiyonlar\u0131n tedavisi ve \u00f6nlenmesi i\u00e7in yayg\u0131n olarak kullan\u0131larak modern t\u0131bb\u0131n temeli olarak hizmet etmi\u015f ve say\u0131s\u0131z hayat kurtarm\u0131\u015ft\u0131r.<\/p>\n\n\n\n<p>Bununla birlikte, \u00f6zellikle son y\u0131llarda antibiyotiklerin kal\u0131c\u0131 olarak a\u015f\u0131r\u0131 kullan\u0131m\u0131 ve k\u00f6t\u00fcye kullan\u0131lmas\u0131, insan ve hayvan sa\u011fl\u0131\u011f\u0131nda <em>&#8216;antibiyotik direnci&#8217;<\/em>nin ortaya \u00e7\u0131kmas\u0131n\u0131 ve yay\u0131lmas\u0131n\u0131 te\u015fvik etmi\u015ftir. Antibiyotik direnci, tedavi edilen bakteriler, onlar\u0131 \u00f6ld\u00fcrmek i\u00e7in tasarlanm\u0131\u015f ila\u00e7lar\u0131 yenme veya bunlara direnme yetene\u011fini geli\u015ftirdi\u011finde ortaya \u00e7\u0131kar.<\/p>\n\n\n\n<p><a href=\"https:\/\/www.who.int\/\">D\u00fcnya Sa\u011fl\u0131k \u00d6rg\u00fct\u00fc\u2019ne (WHO)<\/a> g\u00f6re:<\/p>\n\n\n\n<blockquote class=\"wp-block-quote is-layout-flow wp-block-quote-is-layout-flow\">\n<p><em>\u201cD\u00fcnyan\u0131n acilen antibiyotik re\u00e7etesi ve kullanma \u015feklini de\u011fi\u015ftirmesi gerekiyor. Yeni ila\u00e7lar geli\u015ftirilse bile, davran\u0131\u015f de\u011fi\u015fikli\u011fi olmadan antibiyotik direnci \u00f6nemli bir tehdit olmaya devam edecektir.\u201d<\/em><\/p>\n<\/blockquote>\n\n\n\n<p>2015 y\u0131l\u0131nda WHO, antibiyotik direnci de dahil olmak \u00fczere antimikrobiyal diren\u00e7 konusunda k\u00fcresel bir eylem plan\u0131 geli\u015ftirerek, antibiyotik direnci ile m\u00fccadele etmenin y\u00fcksek bir \u00f6ncelik oldu\u011funu do\u011frulad\u0131. Plan, bula\u015f\u0131c\u0131 hastal\u0131klar\u0131n g\u00fcvenli ve etkili ila\u00e7larla \u00f6nlenmesini ve tedavisini ve uygun uygulamalar sa\u011flamay\u0131 ama\u00e7lamaktad\u0131r. Plan\u0131n be\u015f stratejik hedefi vard\u0131r:<\/p>\n\n\n\n<ol class=\"wp-block-list\">\n<li>Antimikrobiyal direncin fark\u0131ndal\u0131\u011f\u0131n\u0131 ve anlay\u0131\u015f\u0131n\u0131 geli\u015ftirmek.<\/li>\n\n\n\n<li>S\u00fcrveyans ve ara\u015ft\u0131rmay\u0131 g\u00fc\u00e7lendirmek.<\/li>\n\n\n\n<li>Enfeksiyon insidans\u0131n\u0131 azaltmak.<\/li>\n\n\n\n<li>Antimikrobiyal ila\u00e7lar\u0131n kullan\u0131m\u0131n\u0131 optimize etmek.<\/li>\n\n\n\n<li>Antimikrobiyal dirence kar\u015f\u0131 s\u00fcrd\u00fcr\u00fclebilir yat\u0131r\u0131m\u0131n sa\u011flanmas\u0131<a name=\"_ednref1\"><a href=\"https:\/\/www.alj.com\/en\/news\/combating-antimicrobial-resistance\/#_edn1\">[i]<\/a>.<\/li>\n<\/ol>\n\n\n\n<p>Kas\u0131m 2019&#8217;da icra edilen D\u00fcnya Antibiyotik Bilin\u00e7lendirme Haftas\u0131, antimikrobiyal direncin insan sa\u011fl\u0131\u011f\u0131, g\u0131da g\u00fcvenli\u011fi ve emniyeti, s\u00fcrd\u00fcr\u00fclebilir g\u0131da \u00fcretimi ve tar\u0131msal kalk\u0131nmay\u0131 tehdit etti\u011fini vurgulad\u0131.<\/p>\n\n\n\n<p><a href=\"http:\/\/www.fao.org\/about\/en\/\">Birle\u015fmi\u015f Milletler G\u0131da ve Tar\u0131m \u00d6rg\u00fct\u00fc\u2019ne (FAO)<\/a> g\u00f6re:<\/p>\n\n\n\n<blockquote class=\"wp-block-quote is-layout-flow wp-block-quote-is-layout-flow\">\n<p><em>\u201cTar\u0131msal \u00fcretimin yo\u011funla\u015fmas\u0131, antimikrobiyallerin kullan\u0131m\u0131n\u0131n&nbsp;artmas\u0131na yol a\u00e7t\u0131 ki bu 2030&#8217;a kadar iki kat fazla artmas\u0131 beklenen bir kullan\u0131m. Antimikrobiyaller, hayvan ve bitki hastal\u0131klar\u0131n\u0131n tedavisi i\u00e7in \u00f6nemlidir ancak sorumlu bir \u015fekilde ve sadece gerekti\u011finde kullan\u0131lmal\u0131d\u0131r.<\/em> Antimikrobiyal direncin \u00f6n\u00fcne ge\u00e7mek i\u00e7in\u2026 enfeksiyonun \u00f6nlenmesine \u00f6ncelik veren iyi<em>&nbsp;<\/em>tar\u0131m<em>&nbsp;<\/em>uygulamalar\u0131na yat\u0131r\u0131m yapmam\u0131z ve bu s\u00fcrd\u00fcr\u00fclebilir tar\u0131m uygulamalar\u0131n\u0131 desteklemek i\u00e7in do\u011fru politikalara sahip olmam\u0131z gerekiyor.\u201d<em>&nbsp;<\/em><\/p>\n<\/blockquote>\n\n\n\n<p>\u00c7ift\u00e7iler ve g\u0131da \u00fcreticileri, iyi sa\u011fl\u0131k ve hijyen uygulamalar\u0131 uygulayarak antimikrobiyal ihtiyac\u0131n\u0131 azaltabilir ancak bunun tek bir \u00f6nlem olarak yeterli olmas\u0131 muhtemel de\u011fildir.<\/p>\n\n\n\n<p><a href=\"http:\/\/www.mit.edu\/\">M\u0130T<\/a>\u2018deki <a href=\"https:\/\/jwafs.mit.edu\/\">Abdul Latif Jameel Su ve G\u0131da Sistemleri Laboratuvar\u0131 (J-WAFS) taraf\u0131ndan finanse edilen ileri ara\u015ft\u0131rmada, antimikrobiyallerden tamamen ka\u00e7\u0131nmaya \u00e7al\u0131\u015f\u0131l\u0131yor, bunun yerine patojen kontrol ajanlar\u0131 olarak bakterilerin do\u011fal d\u00fc\u015fman\u0131 bakteriyofajlardan faydalan\u0131l\u0131yor.<\/a><\/p>\n\n\n\n<p>B\u00f6yle bir proje hakk\u0131nda bilgi edinmek i\u00e7in <a href=\"http:\/\/bit.ly\/2SUa7cG\">buraya<\/a> t\u0131klay\u0131n.<\/p>\n\n\n\n<p><a name=\"_edn1\"><\/a><a href=\"https:\/\/www.alj.com\/en\/news\/combating-antimicrobial-resistance\/#_ednref1\">[i]<\/a>&nbsp;<a href=\"https:\/\/www.who.int\/news-room\/fact-sheets\/detail\/antibiotic-resistance\">https:\/\/www.who.int\/news-room\/fact-sheets\/detail\/antibiotic-resistance<\/a><\/p>\n","protected":false},"featured_media":8194,"menu_order":0,"template":"","class_list":["post-8210","quickreads","type-quickreads","status-publish","has-post-thumbnail","hentry"],"acf":[],"yoast_head":"<!-- This site is optimized with the Yoast SEO plugin v26.5 - https:\/\/yoast.com\/wordpress\/plugins\/seo\/ -->\n<title>Antimikrobiyal diren\u00e7le m\u00fccadele - Abdul Latif Jameel<\/title>\n<meta name=\"robots\" content=\"noindex, follow, max-snippet:-1, max-image-preview:large, max-video-preview:-1\" \/>\n<meta property=\"og:locale\" content=\"tr_TR\" \/>\n<meta property=\"og:type\" content=\"article\" \/>\n<meta property=\"og:title\" content=\"Antimikrobiyal diren\u00e7le m\u00fccadele - Abdul Latif Jameel\" \/>\n<meta property=\"og:description\" content=\"Her Kas\u0131m d\u00fczenlenen Birle\u015fmi\u015f Milletler D\u00fcnya Antibiyotik Bilin\u00e7lendirme Haftas\u0131, antibiyotik kullan\u0131m\u0131 i\u00e7in k\u00fcresel &#8216;en iyi uygulama&#8217; bilincini art\u0131rmak amac\u0131yla kutlanmaktad\u0131r. 1928&#8217;deki ke\u015ffedilmelerinden bu yana antibiyotikler, bakteriyel enfeksiyonlar\u0131n tedavisi ve \u00f6nlenmesi i\u00e7in yayg\u0131n olarak kullan\u0131larak modern t\u0131bb\u0131n temeli olarak hizmet etmi\u015f ve say\u0131s\u0131z hayat kurtarm\u0131\u015ft\u0131r. Bununla birlikte, \u00f6zellikle son y\u0131llarda antibiyotiklerin kal\u0131c\u0131 olarak a\u015f\u0131r\u0131 kullan\u0131m\u0131 ve [&hellip;]\" \/>\n<meta property=\"og:url\" content=\"https:\/\/cms.alj3.clients.lemonhq.io\/tr\/quick-reads\/combating-antimicrobial-resistance-7\/\" \/>\n<meta property=\"og:site_name\" content=\"Abdul Latif Jameel\" \/>\n<meta property=\"article:modified_time\" content=\"2024-10-17T10:44:34+00:00\" \/>\n<meta property=\"og:image\" content=\"https:\/\/media.alj3.clients.lemonhq.io\/wp-content\/uploads\/2024\/10\/Antimicrobial-resistance.jpg\" \/>\n\t<meta property=\"og:image:width\" content=\"870\" \/>\n\t<meta property=\"og:image:height\" content=\"470\" \/>\n\t<meta property=\"og:image:type\" content=\"image\/jpeg\" \/>\n<meta name=\"twitter:card\" content=\"summary_large_image\" \/>\n<meta name=\"twitter:label1\" content=\"Tahmini okuma s\u00fcresi\" \/>\n\t<meta name=\"twitter:data1\" content=\"3 dakika\" \/>\n<script type=\"application\/ld+json\" class=\"yoast-schema-graph\">{\"@context\":\"https:\/\/schema.org\",\"@graph\":[{\"@type\":\"WebPage\",\"@id\":\"https:\/\/cms.alj3.clients.lemonhq.io\/tr\/quick-reads\/combating-antimicrobial-resistance-7\/\",\"url\":\"https:\/\/cms.alj3.clients.lemonhq.io\/tr\/quick-reads\/combating-antimicrobial-resistance-7\/\",\"name\":\"Antimikrobiyal diren\u00e7le m\u00fccadele - Abdul Latif Jameel\",\"isPartOf\":{\"@id\":\"https:\/\/10.0.2.222\/en\/#website\"},\"primaryImageOfPage\":{\"@id\":\"https:\/\/cms.alj3.clients.lemonhq.io\/tr\/quick-reads\/combating-antimicrobial-resistance-7\/#primaryimage\"},\"image\":{\"@id\":\"https:\/\/cms.alj3.clients.lemonhq.io\/tr\/quick-reads\/combating-antimicrobial-resistance-7\/#primaryimage\"},\"thumbnailUrl\":\"https:\/\/media.alj3.clients.lemonhq.io\/wp-content\/uploads\/2024\/10\/Antimicrobial-resistance.jpg\",\"datePublished\":\"2020-01-06T13:29:14+00:00\",\"dateModified\":\"2024-10-17T10:44:34+00:00\",\"breadcrumb\":{\"@id\":\"https:\/\/cms.alj3.clients.lemonhq.io\/tr\/quick-reads\/combating-antimicrobial-resistance-7\/#breadcrumb\"},\"inLanguage\":\"tr\",\"potentialAction\":[{\"@type\":\"ReadAction\",\"target\":[\"https:\/\/cms.alj3.clients.lemonhq.io\/tr\/quick-reads\/combating-antimicrobial-resistance-7\/\"]}]},{\"@type\":\"ImageObject\",\"inLanguage\":\"tr\",\"@id\":\"https:\/\/cms.alj3.clients.lemonhq.io\/tr\/quick-reads\/combating-antimicrobial-resistance-7\/#primaryimage\",\"url\":\"https:\/\/media.alj3.clients.lemonhq.io\/wp-content\/uploads\/2024\/10\/Antimicrobial-resistance.jpg\",\"contentUrl\":\"https:\/\/media.alj3.clients.lemonhq.io\/wp-content\/uploads\/2024\/10\/Antimicrobial-resistance.jpg\",\"width\":870,\"height\":470},{\"@type\":\"BreadcrumbList\",\"@id\":\"https:\/\/cms.alj3.clients.lemonhq.io\/tr\/quick-reads\/combating-antimicrobial-resistance-7\/#breadcrumb\",\"itemListElement\":[{\"@type\":\"ListItem\",\"position\":1,\"name\":\"Home\",\"item\":\"https:\/\/10.0.2.222\/en\/\"},{\"@type\":\"ListItem\",\"position\":2,\"name\":\"Antimikrobiyal diren\u00e7le m\u00fccadele\"}]},{\"@type\":\"WebSite\",\"@id\":\"https:\/\/10.0.2.222\/en\/#website\",\"url\":\"https:\/\/10.0.2.222\/en\/\",\"name\":\"Abdul Latif Jameel\",\"description\":\"\",\"potentialAction\":[{\"@type\":\"SearchAction\",\"target\":{\"@type\":\"EntryPoint\",\"urlTemplate\":\"https:\/\/10.0.2.222\/en\/?s={search_term_string}\"},\"query-input\":{\"@type\":\"PropertyValueSpecification\",\"valueRequired\":true,\"valueName\":\"search_term_string\"}}],\"inLanguage\":\"tr\"}]}<\/script>\n<!-- \/ Yoast SEO plugin. -->","yoast_head_json":{"title":"Antimikrobiyal diren\u00e7le m\u00fccadele - Abdul Latif Jameel","robots":{"index":"noindex","follow":"follow","max-snippet":"max-snippet:-1","max-image-preview":"max-image-preview:large","max-video-preview":"max-video-preview:-1"},"og_locale":"tr_TR","og_type":"article","og_title":"Antimikrobiyal diren\u00e7le m\u00fccadele - Abdul Latif Jameel","og_description":"Her Kas\u0131m d\u00fczenlenen Birle\u015fmi\u015f Milletler D\u00fcnya Antibiyotik Bilin\u00e7lendirme Haftas\u0131, antibiyotik kullan\u0131m\u0131 i\u00e7in k\u00fcresel &#8216;en iyi uygulama&#8217; bilincini art\u0131rmak amac\u0131yla kutlanmaktad\u0131r. 1928&#8217;deki ke\u015ffedilmelerinden bu yana antibiyotikler, bakteriyel enfeksiyonlar\u0131n tedavisi ve \u00f6nlenmesi i\u00e7in yayg\u0131n olarak kullan\u0131larak modern t\u0131bb\u0131n temeli olarak hizmet etmi\u015f ve say\u0131s\u0131z hayat kurtarm\u0131\u015ft\u0131r. Bununla birlikte, \u00f6zellikle son y\u0131llarda antibiyotiklerin kal\u0131c\u0131 olarak a\u015f\u0131r\u0131 kullan\u0131m\u0131 ve [&hellip;]","og_url":"https:\/\/cms.alj3.clients.lemonhq.io\/tr\/quick-reads\/combating-antimicrobial-resistance-7\/","og_site_name":"Abdul Latif Jameel","article_modified_time":"2024-10-17T10:44:34+00:00","og_image":[{"width":870,"height":470,"url":"https:\/\/media.alj3.clients.lemonhq.io\/wp-content\/uploads\/2024\/10\/Antimicrobial-resistance.jpg","type":"image\/jpeg"}],"twitter_card":"summary_large_image","twitter_misc":{"Tahmini okuma s\u00fcresi":"3 dakika"},"schema":{"@context":"https:\/\/schema.org","@graph":[{"@type":"WebPage","@id":"https:\/\/cms.alj3.clients.lemonhq.io\/tr\/quick-reads\/combating-antimicrobial-resistance-7\/","url":"https:\/\/cms.alj3.clients.lemonhq.io\/tr\/quick-reads\/combating-antimicrobial-resistance-7\/","name":"Antimikrobiyal diren\u00e7le m\u00fccadele - Abdul Latif Jameel","isPartOf":{"@id":"https:\/\/10.0.2.222\/en\/#website"},"primaryImageOfPage":{"@id":"https:\/\/cms.alj3.clients.lemonhq.io\/tr\/quick-reads\/combating-antimicrobial-resistance-7\/#primaryimage"},"image":{"@id":"https:\/\/cms.alj3.clients.lemonhq.io\/tr\/quick-reads\/combating-antimicrobial-resistance-7\/#primaryimage"},"thumbnailUrl":"https:\/\/media.alj3.clients.lemonhq.io\/wp-content\/uploads\/2024\/10\/Antimicrobial-resistance.jpg","datePublished":"2020-01-06T13:29:14+00:00","dateModified":"2024-10-17T10:44:34+00:00","breadcrumb":{"@id":"https:\/\/cms.alj3.clients.lemonhq.io\/tr\/quick-reads\/combating-antimicrobial-resistance-7\/#breadcrumb"},"inLanguage":"tr","potentialAction":[{"@type":"ReadAction","target":["https:\/\/cms.alj3.clients.lemonhq.io\/tr\/quick-reads\/combating-antimicrobial-resistance-7\/"]}]},{"@type":"ImageObject","inLanguage":"tr","@id":"https:\/\/cms.alj3.clients.lemonhq.io\/tr\/quick-reads\/combating-antimicrobial-resistance-7\/#primaryimage","url":"https:\/\/media.alj3.clients.lemonhq.io\/wp-content\/uploads\/2024\/10\/Antimicrobial-resistance.jpg","contentUrl":"https:\/\/media.alj3.clients.lemonhq.io\/wp-content\/uploads\/2024\/10\/Antimicrobial-resistance.jpg","width":870,"height":470},{"@type":"BreadcrumbList","@id":"https:\/\/cms.alj3.clients.lemonhq.io\/tr\/quick-reads\/combating-antimicrobial-resistance-7\/#breadcrumb","itemListElement":[{"@type":"ListItem","position":1,"name":"Home","item":"https:\/\/10.0.2.222\/en\/"},{"@type":"ListItem","position":2,"name":"Antimikrobiyal diren\u00e7le m\u00fccadele"}]},{"@type":"WebSite","@id":"https:\/\/10.0.2.222\/en\/#website","url":"https:\/\/10.0.2.222\/en\/","name":"Abdul Latif Jameel","description":"","potentialAction":[{"@type":"SearchAction","target":{"@type":"EntryPoint","urlTemplate":"https:\/\/10.0.2.222\/en\/?s={search_term_string}"},"query-input":{"@type":"PropertyValueSpecification","valueRequired":true,"valueName":"search_term_string"}}],"inLanguage":"tr"}]}},"post-meta-fields":{"_wp_page_template":["default"],"_oembed_cb2343dcbc8490a1481f50ab041d6b9a":["{{unknown}}"],"_published_date":["field_6057129b493f5"],"published_date":["20200106"],"_location":["field_601267396ce72"],"location":["Boston, ABD"],"_featured":["field_601a3b473c5c5"],"featured":[""],"_footnotes":["field_66fd39afb9383"],"footnotes":[""],"_business_sector":["field_66f6b5bcac8cb"],"business_sector":["Community Jameel"],"_content_series":["field_66fe3c439f8f6"],"content_series":[""],"_old_post_id":["field_66fe3fd59f8f7"],"old_post_id":["56621"],"_short_title":["field_60925d67125ef"],"short_title":["Antimikrobiyal diren\u00e7le m\u00fccadele"],"_summary":["field_6019304103a20"],"summary":["Her Kas\u0131m d\u00fczenlenen Birle\u015fmi\u015f Milletler D\u00fcnya Antibiyotik Bilin\u00e7lendirme Haftas\u0131, antibiyotik kullan\u0131m\u0131 i\u00e7in k\u00fcresel 'en iyi uygulama' bilincini art\u0131rmak amac\u0131yla kutlanmaktad\u0131r."],"_mobile_featured_image":["field_66f6b4bee65f3"],"mobile_featured_image":["https:\/\/media.alj3.clients.lemonhq.io\/wp-content\/uploads\/2024\/10\/Antimicrobial-resistance.jpg"],"_push_notification":["field_66f6b47de65f1"],"push_notification":[""],"_publish_mobile":["field_66f6b491e65f2"],"publish_mobile":["1"],"_status":["field_652694983fe12"],"status":["publish"],"_thumbnail_id":["8194"],"_wpml_word_count":["{\"total\":382,\"to_translate\":{\"ar\":382,\"zh-hans\":382,\"fr\":382,\"ja\":382,\"es\":382,\"tr\":382}}"],"_last_translation_edit_mode":["translation-editor"],"select_category":["international"]},"_links":{"self":[{"href":"https:\/\/cms.alj3.clients.lemonhq.io\/tr\/wp-json\/wp\/v2\/quickreads\/8210","targetHints":{"allow":["GET"]}}],"collection":[{"href":"https:\/\/cms.alj3.clients.lemonhq.io\/tr\/wp-json\/wp\/v2\/quickreads"}],"about":[{"href":"https:\/\/cms.alj3.clients.lemonhq.io\/tr\/wp-json\/wp\/v2\/types\/quickreads"}],"wp:featuredmedia":[{"embeddable":true,"href":"https:\/\/cms.alj3.clients.lemonhq.io\/tr\/wp-json\/wp\/v2\/media\/8194"}],"wp:attachment":[{"href":"https:\/\/cms.alj3.clients.lemonhq.io\/tr\/wp-json\/wp\/v2\/media?parent=8210"}],"curies":[{"name":"wp","href":"https:\/\/api.w.org\/{rel}","templated":true}]}}