{"id":8177,"date":"2019-11-20T12:24:40","date_gmt":"2019-11-20T12:24:40","guid":{"rendered":"https:\/\/cms.alj3.clients.lemonhq.io\/quick-reads\/j-wel-week-october-2019-exploring-the-role-of-education-in-addressing-global-challenges-4\/"},"modified":"2024-10-25T08:27:27","modified_gmt":"2024-10-25T08:27:27","slug":"j-wel-week-october-2019-exploring-the-role-of-education-in-addressing-global-challenges-4","status":"publish","type":"quickreads","link":"https:\/\/cms.alj3.clients.lemonhq.io\/tr\/quick-reads\/j-wel-week-october-2019-exploring-the-role-of-education-in-addressing-global-challenges-4\/","title":{"rendered":"Fady M Jameel, Ekim 2019 J-WEL Haftas\u0131&#8217;na kat\u0131ld\u0131: e\u011fitimin k\u00fcresel meydan okumay\u0131 ele almadaki rol\u00fcn\u00fc ara\u015ft\u0131rmak"},"content":{"rendered":"\n<p>Ekim 2019\u2019da, Birle\u015fik Devletler\u2019deki Massachusetts Institute of Technology (<a href=\"https:\/\/mit.edu\/\">MIT<\/a>) kamp\u00fcs\u00fcnde <a href=\"https:\/\/jwel.mit.edu\/\">Abdul Latif Jameel D\u00fcnya E\u011fitim Laboratuvar\u0131 (J-WEL)<\/a> ev sahipli\u011finde yeni bir <em>\u2018J-WEL Haftas\u0131&#8217;<\/em> ger\u00e7ekle\u015ftirildi. D\u00fcnya genelindeki 33 \u00fclkeden J-WEL \u00fcyelerini ve misafirlerini toplayan etkinlik, iklim de\u011fi\u015fikli\u011fi, m\u00fclteci krizi ve sosyoekonomik e\u015fitsizlik gibi konular dahil olmak \u00fczere d\u00fcnya \u00e7ap\u0131nda bir\u00e7ok \u00fclkenin kar\u015f\u0131la\u015ft\u0131\u011f\u0131 \u00f6nemli k\u00fcresel zorluklara \u00e7\u00f6z\u00fcm getirmek i\u00e7in e\u011fitimin nas\u0131l kullan\u0131labilece\u011fini ele almaya \u00e7al\u0131\u015ft\u0131.<\/p>\n\n\n\n<p>pK-12, Y\u00fcksek \u00d6\u011frenim ve \u0130\u015fg\u00fcc\u00fc \u00d6\u011frenimi olmak \u00fczere \u00fc\u00e7 J-WEL \u0130\u015fbirli\u011fini bir araya getiren \u00fcyelere, MIT&#8217;de yeni e\u011fitim ara\u015ft\u0131rmalar\u0131 konusunda bilgi verildi ve uygulama mekanizmalar\u0131n\u0131 ke\u015ffetmek i\u00e7in ara\u015ft\u0131rma brifinglerine, panellere ve at\u00f6lye \u00e7al\u0131\u015fmalar\u0131na kat\u0131ld\u0131lar.<\/p>\n\n\n\n<p>Hafta boyunca kat\u0131l\u0131mc\u0131lara, \u00fc\u00e7 Ortakl\u0131 \u0130\u015fbirli\u011fi aras\u0131nda i\u015fbirli\u011fine dayal\u0131 ba\u011flant\u0131lar\u0131 te\u015fvik etmek i\u00e7in J-WEL&#8217;in deste\u011fiyle kendi \u00fclkelerinde uygulad\u0131klar\u0131 programlar\u0131n detaylar\u0131n\u0131 payla\u015fma f\u0131rsat\u0131 verildi.<\/p>\n\n\n\n<p>pK-12 \u0130\u015f Birli\u011fi&#8217;nin bir par\u00e7as\u0131 olarak,<a href=\"https:\/\/www.savethechildren.net\/\">Save the Children<\/a>\u2018nin bir \u00fcyesi \u00dcrd\u00fcn\u2019de <u>\u00dcrd\u00fcn E\u011fitim Bakanl\u0131\u011f\u0131<\/u>,<a href=\"https:\/\/www.communityjameel.org\/\">Community Jameel<\/a> ve <a href=\"http:\/\/www.dubaicares.ae\/en\">Dubai Cares<\/a> i\u015f birli\u011fi ile kurulan <a href=\"https:\/\/www.communityjameel.org\/en\/news\/save_the_children_jordan_launches_tree_program_transforming_refugee_education_towards_excellence\">M\u00fclteci E\u011fitimini M\u00fckemmelli\u011fe Do\u011fru D\u00f6n\u00fc\u015ft\u00fcrmek (TREE) giri\u015fimi<\/a> konusunda konu\u015ftu.<a href=\"http:\/\/www.moe.gov.jo\/en\/\"> TREE program\u0131, \u00f6\u011fretmenlerin refah ve \u00f6\u011fretme kalitesine odaklanm\u0131\u015ft\u0131r ve t\u00fcm \u00e7ocuklar\u0131n kaliteli e\u011fitime eri\u015fimini sa\u011flamay\u0131 ama\u00e7layan \u00dcrd\u00fcn\u2019\u00fcn daha geni\u015f Save the Children misyonunun bir par\u00e7as\u0131d\u0131r. Ekip, sorunlu \u00e7ocuklar ve a\u015f\u0131r\u0131 \u00e7al\u0131\u015fan, az e\u011fitimli \u00f6\u011fretmenler i\u00e7in duygusal olarak zeki, \u00f6l\u00e7eklenebilir \u00e7\u00f6z\u00fcmler geli\u015ftirmek amac\u0131yla burada <u>\u015eefkatli Sistemler \u00c7er\u00e7evesi<\/u>\u2018ni hayata ge\u00e7irme konusunda J-WEL ile \u00e7al\u0131\u015fmaktad\u0131r.<\/a><\/p>\n\n\n\n<p>J-WEL&#8217;in Y\u00fcksek E\u011fitim \u0130\u015fbirli\u011fi, \u00fcniversitenin bu yenilik ekosistemlerini y\u00f6nlendirmede, b\u00fcy\u00fctmede ve s\u00fcrd\u00fcrmede \u00fcstlenebilece\u011fi rol\u00fc g\u00f6z \u00f6n\u00fcne alm\u0131\u015ft\u0131r; s\u00f6z gelimi: <em>\u201cYenilik: A\u00e7\u0131k \u00d6\u011frenme Ba\u015fkan Yard\u0131mc\u0131s\u0131 Profes\u00f6r Sanjay Sarma\u2019dan \u201cYenilik:<\/em> <em>Yerel ve K\u00fcresel\u201d <\/em>ve MIT Profes\u00f6r\u00fc Yoel Fink\u2019ten <em>\u201cPazarda \u0130novasyon\u201d.<\/em> Etkinlik s\u0131ras\u0131nda kat\u0131l\u0131mc\u0131lar bir inovasyon ekosisteminin be\u015f aya\u011f\u0131n\u0131 temsil eden ekiplerde \u00e7al\u0131\u015ft\u0131lar: \u201c<em>Yenilik Ekosistem Politikalar\u0131 \u0130\u00e7in Bir MIT \u00c7er\u00e7evesi\u201d<\/em> 2018 raporunda belirtildi\u011fi gibi \u0130nsan Sermayesi, Fon, Altyap\u0131, Talep ve K\u00fclt\u00fcr.Bulgular\u0131 a\u015fa\u011f\u0131daki a\u00e7\u0131klamada \u00f6zetlenmi\u015ftir:<\/p>\n\n\n<div class=\"wp-block-image\">\n<figure class=\"alignleft\"><img decoding=\"async\" src=\"https:\/\/media.alj3.clients.lemonhq.io\/wp-content\/uploads\/2024\/10\/university_led_ecosystem_image_1.jpg\" alt=\"\" class=\"wp-image-54546\"\/><\/figure>\n<\/div>\n\n\n<p><\/p>\n\n\n\n<p>T\u00fcm \u0130\u015fbirliklerinden \u00fcyeleri bir araya getiren kapan\u0131\u015f oturumunda, MIT&#8217;de k\u0131demli bir \u00f6\u011fretim g\u00f6revlisi olan ve<a href=\"https:\/\/www.solonline.org\/\">\u00d6rg\u00fctsel \u00d6\u011frenme Derne\u011fi (SoL)<\/a> kurucu ba\u015fkan\u0131 olan Dr. Peter Senge <em>\u201cSadece yenili\u011fi \u00f6\u011frenmiyoruz. K\u00fcresel bir topluluk in\u015fa ediyoruz\u201d <\/em>diyerek i\u015fbirli\u011fi i\u00e7inde \u00e7al\u0131\u015fman\u0131n, bilgi payla\u015fman\u0131n ve ortak eylem planlar\u0131 olu\u015fturman\u0131n tart\u0131\u015f\u0131lan k\u00fcresel zorluklar\u0131 ele almak i\u00e7in gerekli oldu\u011funu kabul etti.<\/p>\n\n\n\n<p>Etkinli\u011fe kat\u0131lan Community Jameel Uluslaras\u0131 Ba\u015fkan\u0131 <a href=\"https:\/\/media.alj.com\/en\/our-people\/fady-jameel\/\">Fady M Jameel<\/a>, \u015funlar\u0131 kaydetti:<\/p>\n\n\n\n<p><em>\u201cGen\u00e7 n\u00fcfusun d\u00fcnyan\u0131n bir\u00e7ok yerinde toplumun en h\u0131zl\u0131 b\u00fcy\u00fcyen kesimi oldu\u011fu bir d\u00f6nemde, e\u011fitimin rol\u00fc hi\u00e7 bu kadar ya\u015famsal olmam\u0131\u015ft\u0131.<\/em><\/p>\n\n\n\n<p><em>UNESCO \u0130statistik Enstit\u00fcs\u00fc&#8217;n\u00fcn (UIS) son verileri, yakla\u015f\u0131k 263 milyon gencin okula gitmedi\u011fini, b\u00f6ylelikle gelecek i\u00e7in kendilerini donatmalar\u0131 ve i\u015f bulmalar\u0131 i\u00e7in gereken temel okuryazarl\u0131k, aritmetik, \u00f6\u011frenme becerilerini \u00f6\u011frenemediklerini ortaya koydu.<\/em><\/p>\n\n\n\n<p><em>Bu durum devam ederse, gen\u00e7lik \u2018dalgas\u0131n\u0131n\u2019 ciddi ekonomik istikrars\u0131zl\u0131\u011fa neden olaca\u011f\u0131 konusunda vahim bir risk var.<\/em><\/p>\n\n\n\n<p><em>\u015eimdi harekete ge\u00e7menin ve k\u00fcresel e\u011fitim \u00e7er\u00e7evesini d\u00f6n\u00fc\u015ft\u00fcrmenin zaman\u0131 geldi.\u201d<\/em><\/p>\n\n\n<div class=\"wp-block-image\">\n<figure class=\"alignleft\"><img decoding=\"async\" src=\"https:\/\/media.alj3.clients.lemonhq.io\/wp-content\/uploads\/2024\/10\/FADY-JWEL.jpg\" alt=\"\" class=\"wp-image-54553\"\/><\/figure>\n<\/div>\n\n\n<p><\/p>\n\n\n\n<p>&nbsp;<\/p>\n\n\n\n<p>K\u00fcresel yard\u0131m kurulu\u015fu J-WEL 2017 y\u0131l\u0131nda MIT ve <a href=\"http:\/\/communityjameel.org\/\">Community Jameel<\/a> taraf\u0131ndan d\u00fcnya \u00e7ap\u0131nda e\u011fitimde m\u00fckemmellik ve d\u00f6n\u00fc\u015f\u00fcm\u00fc te\u015fvik etmek amac\u0131yla \u00fcye kurulu\u015flarla birlikte e\u011fitimde bir r\u00f6nesans k\u0131v\u0131lc\u0131m\u0131 \u00e7akma hedefiyle kuruldu.<\/p>\n\n\n<figure class=\"wp-block-embed is-type-video is-provider-youtube wp-block-embed-youtube wp-embed-aspect-16-9 wp-has-aspect-ratio\"><div class=\"wp-block-embed__wrapper\">https:\/\/www.youtube.com\/watch?v=TGrW6u_oz38<\/div><\/figure>\n\n\n<p>J-WEL Haftas\u0131 etkinlikleri ayn\u0131 y\u0131l i\u00e7inde <em>\u201c\u00fcyelere ve davetli konuklara MIT&#8217;nin e\u011fitim kaynaklar\u0131 ve uygulamalar\u0131na ilk elden eri\u015fim sa\u011flayan \u00f6zel, hedef odakl\u0131 programlar<\/em>\u201d olarak ba\u015flad\u0131. Her y\u0131l her biri tematik olan ve \u00fcyelerin ve konuklar\u0131n hedefleri belirleyerek ve uygulamaya izin verecek sonraki ad\u0131mlar\u0131 g\u00f6z \u00f6n\u00fcnde bulundurarak kurulu\u015flar\u0131ndaki zorluklara de\u011findikleri iki ayr\u0131 J-WEL Haftas\u0131 d\u00fczenlenmektedir.<\/p>\n\n\n\n<p>J-WEL hakk\u0131nda <a href=\"https:\/\/www.communityjameel.org\/en\/initiatives\/education\/abdul-latif-jameel-world-education-lab\">burada<\/a> daha fazla okuyun.<\/p>\n","protected":false},"featured_media":8145,"menu_order":0,"template":"","class_list":["post-8177","quickreads","type-quickreads","status-publish","has-post-thumbnail","hentry"],"acf":[],"yoast_head":"<!-- This site is optimized with the Yoast SEO plugin v26.5 - https:\/\/yoast.com\/wordpress\/plugins\/seo\/ -->\n<title>Fady M Jameel, Ekim 2019 J-WEL Haftas\u0131&#039;na kat\u0131ld\u0131: e\u011fitimin k\u00fcresel meydan okumay\u0131 ele almadaki rol\u00fcn\u00fc ara\u015ft\u0131rmak - Abdul Latif Jameel<\/title>\n<meta name=\"robots\" content=\"noindex, follow, max-snippet:-1, max-image-preview:large, max-video-preview:-1\" \/>\n<meta property=\"og:locale\" content=\"tr_TR\" \/>\n<meta property=\"og:type\" content=\"article\" \/>\n<meta property=\"og:title\" content=\"Fady M Jameel, Ekim 2019 J-WEL Haftas\u0131&#039;na kat\u0131ld\u0131: e\u011fitimin k\u00fcresel meydan okumay\u0131 ele almadaki rol\u00fcn\u00fc ara\u015ft\u0131rmak - Abdul Latif Jameel\" \/>\n<meta property=\"og:description\" content=\"Ekim 2019\u2019da, Birle\u015fik Devletler\u2019deki Massachusetts Institute of Technology (MIT) kamp\u00fcs\u00fcnde Abdul Latif Jameel D\u00fcnya E\u011fitim Laboratuvar\u0131 (J-WEL) ev sahipli\u011finde yeni bir \u2018J-WEL Haftas\u0131&#8217; ger\u00e7ekle\u015ftirildi. D\u00fcnya genelindeki 33 \u00fclkeden J-WEL \u00fcyelerini ve misafirlerini toplayan etkinlik, iklim de\u011fi\u015fikli\u011fi, m\u00fclteci krizi ve sosyoekonomik e\u015fitsizlik gibi konular dahil olmak \u00fczere d\u00fcnya \u00e7ap\u0131nda bir\u00e7ok \u00fclkenin kar\u015f\u0131la\u015ft\u0131\u011f\u0131 \u00f6nemli k\u00fcresel zorluklara \u00e7\u00f6z\u00fcm [&hellip;]\" \/>\n<meta property=\"og:url\" content=\"https:\/\/cms.alj3.clients.lemonhq.io\/tr\/quick-reads\/j-wel-week-october-2019-exploring-the-role-of-education-in-addressing-global-challenges-4\/\" \/>\n<meta property=\"og:site_name\" content=\"Abdul Latif Jameel\" \/>\n<meta property=\"article:modified_time\" content=\"2024-10-25T08:27:27+00:00\" \/>\n<meta property=\"og:image\" content=\"https:\/\/media.alj3.clients.lemonhq.io\/wp-content\/uploads\/2024\/10\/HE-Group-photo-scaled.jpg\" \/>\n\t<meta property=\"og:image:width\" content=\"2560\" \/>\n\t<meta property=\"og:image:height\" content=\"1706\" \/>\n\t<meta property=\"og:image:type\" content=\"image\/jpeg\" \/>\n<meta name=\"twitter:card\" content=\"summary_large_image\" \/>\n<meta name=\"twitter:label1\" content=\"Tahmini okuma s\u00fcresi\" \/>\n\t<meta name=\"twitter:data1\" content=\"4 dakika\" \/>\n<script type=\"application\/ld+json\" class=\"yoast-schema-graph\">{\"@context\":\"https:\/\/schema.org\",\"@graph\":[{\"@type\":\"WebPage\",\"@id\":\"https:\/\/cms.alj3.clients.lemonhq.io\/tr\/quick-reads\/j-wel-week-october-2019-exploring-the-role-of-education-in-addressing-global-challenges-4\/\",\"url\":\"https:\/\/cms.alj3.clients.lemonhq.io\/tr\/quick-reads\/j-wel-week-october-2019-exploring-the-role-of-education-in-addressing-global-challenges-4\/\",\"name\":\"Fady M Jameel, Ekim 2019 J-WEL Haftas\u0131'na kat\u0131ld\u0131: e\u011fitimin k\u00fcresel meydan okumay\u0131 ele almadaki rol\u00fcn\u00fc ara\u015ft\u0131rmak - Abdul Latif Jameel\",\"isPartOf\":{\"@id\":\"https:\/\/10.0.2.222\/en\/#website\"},\"primaryImageOfPage\":{\"@id\":\"https:\/\/cms.alj3.clients.lemonhq.io\/tr\/quick-reads\/j-wel-week-october-2019-exploring-the-role-of-education-in-addressing-global-challenges-4\/#primaryimage\"},\"image\":{\"@id\":\"https:\/\/cms.alj3.clients.lemonhq.io\/tr\/quick-reads\/j-wel-week-october-2019-exploring-the-role-of-education-in-addressing-global-challenges-4\/#primaryimage\"},\"thumbnailUrl\":\"https:\/\/media.alj3.clients.lemonhq.io\/wp-content\/uploads\/2024\/10\/HE-Group-photo-scaled.jpg\",\"datePublished\":\"2019-11-20T12:24:40+00:00\",\"dateModified\":\"2024-10-25T08:27:27+00:00\",\"breadcrumb\":{\"@id\":\"https:\/\/cms.alj3.clients.lemonhq.io\/tr\/quick-reads\/j-wel-week-october-2019-exploring-the-role-of-education-in-addressing-global-challenges-4\/#breadcrumb\"},\"inLanguage\":\"tr\",\"potentialAction\":[{\"@type\":\"ReadAction\",\"target\":[\"https:\/\/cms.alj3.clients.lemonhq.io\/tr\/quick-reads\/j-wel-week-october-2019-exploring-the-role-of-education-in-addressing-global-challenges-4\/\"]}]},{\"@type\":\"ImageObject\",\"inLanguage\":\"tr\",\"@id\":\"https:\/\/cms.alj3.clients.lemonhq.io\/tr\/quick-reads\/j-wel-week-october-2019-exploring-the-role-of-education-in-addressing-global-challenges-4\/#primaryimage\",\"url\":\"https:\/\/media.alj3.clients.lemonhq.io\/wp-content\/uploads\/2024\/10\/HE-Group-photo-scaled.jpg\",\"contentUrl\":\"https:\/\/media.alj3.clients.lemonhq.io\/wp-content\/uploads\/2024\/10\/HE-Group-photo-scaled.jpg\",\"width\":2560,\"height\":1706},{\"@type\":\"BreadcrumbList\",\"@id\":\"https:\/\/cms.alj3.clients.lemonhq.io\/tr\/quick-reads\/j-wel-week-october-2019-exploring-the-role-of-education-in-addressing-global-challenges-4\/#breadcrumb\",\"itemListElement\":[{\"@type\":\"ListItem\",\"position\":1,\"name\":\"Home\",\"item\":\"https:\/\/10.0.2.222\/en\/\"},{\"@type\":\"ListItem\",\"position\":2,\"name\":\"Fady M Jameel, Ekim 2019 J-WEL Haftas\u0131&#8217;na kat\u0131ld\u0131: e\u011fitimin k\u00fcresel meydan okumay\u0131 ele almadaki rol\u00fcn\u00fc ara\u015ft\u0131rmak\"}]},{\"@type\":\"WebSite\",\"@id\":\"https:\/\/10.0.2.222\/en\/#website\",\"url\":\"https:\/\/10.0.2.222\/en\/\",\"name\":\"Abdul Latif Jameel\",\"description\":\"\",\"potentialAction\":[{\"@type\":\"SearchAction\",\"target\":{\"@type\":\"EntryPoint\",\"urlTemplate\":\"https:\/\/10.0.2.222\/en\/?s={search_term_string}\"},\"query-input\":{\"@type\":\"PropertyValueSpecification\",\"valueRequired\":true,\"valueName\":\"search_term_string\"}}],\"inLanguage\":\"tr\"}]}<\/script>\n<!-- \/ Yoast SEO plugin. -->","yoast_head_json":{"title":"Fady M Jameel, Ekim 2019 J-WEL Haftas\u0131'na kat\u0131ld\u0131: e\u011fitimin k\u00fcresel meydan okumay\u0131 ele almadaki rol\u00fcn\u00fc ara\u015ft\u0131rmak - Abdul Latif Jameel","robots":{"index":"noindex","follow":"follow","max-snippet":"max-snippet:-1","max-image-preview":"max-image-preview:large","max-video-preview":"max-video-preview:-1"},"og_locale":"tr_TR","og_type":"article","og_title":"Fady M Jameel, Ekim 2019 J-WEL Haftas\u0131'na kat\u0131ld\u0131: e\u011fitimin k\u00fcresel meydan okumay\u0131 ele almadaki rol\u00fcn\u00fc ara\u015ft\u0131rmak - Abdul Latif Jameel","og_description":"Ekim 2019\u2019da, Birle\u015fik Devletler\u2019deki Massachusetts Institute of Technology (MIT) kamp\u00fcs\u00fcnde Abdul Latif Jameel D\u00fcnya E\u011fitim Laboratuvar\u0131 (J-WEL) ev sahipli\u011finde yeni bir \u2018J-WEL Haftas\u0131&#8217; ger\u00e7ekle\u015ftirildi. D\u00fcnya genelindeki 33 \u00fclkeden J-WEL \u00fcyelerini ve misafirlerini toplayan etkinlik, iklim de\u011fi\u015fikli\u011fi, m\u00fclteci krizi ve sosyoekonomik e\u015fitsizlik gibi konular dahil olmak \u00fczere d\u00fcnya \u00e7ap\u0131nda bir\u00e7ok \u00fclkenin kar\u015f\u0131la\u015ft\u0131\u011f\u0131 \u00f6nemli k\u00fcresel zorluklara \u00e7\u00f6z\u00fcm [&hellip;]","og_url":"https:\/\/cms.alj3.clients.lemonhq.io\/tr\/quick-reads\/j-wel-week-october-2019-exploring-the-role-of-education-in-addressing-global-challenges-4\/","og_site_name":"Abdul Latif Jameel","article_modified_time":"2024-10-25T08:27:27+00:00","og_image":[{"width":2560,"height":1706,"url":"https:\/\/media.alj3.clients.lemonhq.io\/wp-content\/uploads\/2024\/10\/HE-Group-photo-scaled.jpg","type":"image\/jpeg"}],"twitter_card":"summary_large_image","twitter_misc":{"Tahmini okuma s\u00fcresi":"4 dakika"},"schema":{"@context":"https:\/\/schema.org","@graph":[{"@type":"WebPage","@id":"https:\/\/cms.alj3.clients.lemonhq.io\/tr\/quick-reads\/j-wel-week-october-2019-exploring-the-role-of-education-in-addressing-global-challenges-4\/","url":"https:\/\/cms.alj3.clients.lemonhq.io\/tr\/quick-reads\/j-wel-week-october-2019-exploring-the-role-of-education-in-addressing-global-challenges-4\/","name":"Fady M Jameel, Ekim 2019 J-WEL Haftas\u0131'na kat\u0131ld\u0131: e\u011fitimin k\u00fcresel meydan okumay\u0131 ele almadaki rol\u00fcn\u00fc ara\u015ft\u0131rmak - Abdul Latif Jameel","isPartOf":{"@id":"https:\/\/10.0.2.222\/en\/#website"},"primaryImageOfPage":{"@id":"https:\/\/cms.alj3.clients.lemonhq.io\/tr\/quick-reads\/j-wel-week-october-2019-exploring-the-role-of-education-in-addressing-global-challenges-4\/#primaryimage"},"image":{"@id":"https:\/\/cms.alj3.clients.lemonhq.io\/tr\/quick-reads\/j-wel-week-october-2019-exploring-the-role-of-education-in-addressing-global-challenges-4\/#primaryimage"},"thumbnailUrl":"https:\/\/media.alj3.clients.lemonhq.io\/wp-content\/uploads\/2024\/10\/HE-Group-photo-scaled.jpg","datePublished":"2019-11-20T12:24:40+00:00","dateModified":"2024-10-25T08:27:27+00:00","breadcrumb":{"@id":"https:\/\/cms.alj3.clients.lemonhq.io\/tr\/quick-reads\/j-wel-week-october-2019-exploring-the-role-of-education-in-addressing-global-challenges-4\/#breadcrumb"},"inLanguage":"tr","potentialAction":[{"@type":"ReadAction","target":["https:\/\/cms.alj3.clients.lemonhq.io\/tr\/quick-reads\/j-wel-week-october-2019-exploring-the-role-of-education-in-addressing-global-challenges-4\/"]}]},{"@type":"ImageObject","inLanguage":"tr","@id":"https:\/\/cms.alj3.clients.lemonhq.io\/tr\/quick-reads\/j-wel-week-october-2019-exploring-the-role-of-education-in-addressing-global-challenges-4\/#primaryimage","url":"https:\/\/media.alj3.clients.lemonhq.io\/wp-content\/uploads\/2024\/10\/HE-Group-photo-scaled.jpg","contentUrl":"https:\/\/media.alj3.clients.lemonhq.io\/wp-content\/uploads\/2024\/10\/HE-Group-photo-scaled.jpg","width":2560,"height":1706},{"@type":"BreadcrumbList","@id":"https:\/\/cms.alj3.clients.lemonhq.io\/tr\/quick-reads\/j-wel-week-october-2019-exploring-the-role-of-education-in-addressing-global-challenges-4\/#breadcrumb","itemListElement":[{"@type":"ListItem","position":1,"name":"Home","item":"https:\/\/10.0.2.222\/en\/"},{"@type":"ListItem","position":2,"name":"Fady M Jameel, Ekim 2019 J-WEL Haftas\u0131&#8217;na kat\u0131ld\u0131: e\u011fitimin k\u00fcresel meydan okumay\u0131 ele almadaki rol\u00fcn\u00fc ara\u015ft\u0131rmak"}]},{"@type":"WebSite","@id":"https:\/\/10.0.2.222\/en\/#website","url":"https:\/\/10.0.2.222\/en\/","name":"Abdul Latif Jameel","description":"","potentialAction":[{"@type":"SearchAction","target":{"@type":"EntryPoint","urlTemplate":"https:\/\/10.0.2.222\/en\/?s={search_term_string}"},"query-input":{"@type":"PropertyValueSpecification","valueRequired":true,"valueName":"search_term_string"}}],"inLanguage":"tr"}]}},"post-meta-fields":{"_wp_page_template":["default"],"_oembed_41c96d1466a07c60f460feb30d093332":["<iframe title=\"Announcing the Abdul Latif Jameel World Education Lab (J-WEL) at MIT\" width=\"500\" height=\"281\" src=\"https:\/\/www.youtube.com\/embed\/TGrW6u_oz38?feature=oembed\" frameborder=\"0\" allow=\"accelerometer; autoplay; clipboard-write; encrypted-media; gyroscope; picture-in-picture; web-share\" referrerpolicy=\"strict-origin-when-cross-origin\" allowfullscreen><\/iframe>"],"_oembed_time_41c96d1466a07c60f460feb30d093332":["1729159009"],"_oembed_eb19b0b89996f12c1cda944b3e109c81":["{{unknown}}"],"_published_date":["field_6057129b493f5"],"published_date":["20191121"],"_location":["field_601267396ce72"],"location":["Boston, ABD"],"_featured":["field_601a3b473c5c5"],"featured":[""],"_footnotes":["field_66fd39afb9383"],"footnotes":[""],"_business_sector":["field_66f6b5bcac8cb"],"business_sector":["Community Jameel"],"_content_series":["field_66fe3c439f8f6"],"content_series":[""],"_old_post_id":["field_66fe3fd59f8f7"],"old_post_id":["55028"],"_short_title":["field_60925d67125ef"],"short_title":["Fady Jameel J-WEL Week'e kat\u0131ld\u0131"],"_summary":["field_6019304103a20"],"summary":["Ekim 2019\u2019da, Birle\u015fik Devletler\u2019deki Massachusetts Institute of Technology (MIT) kamp\u00fcs\u00fcnde Abdul Latif Jameel D\u00fcnya E\u011fitim Laboratuvar\u0131 (J-WEL) ev sahipli\u011finde yeni bir \u2018J-WEL Haftas\u0131' ger\u00e7ekle\u015ftirildi."],"_mobile_featured_image":["field_66f6b4bee65f3"],"mobile_featured_image":["https:\/\/media.alj3.clients.lemonhq.io\/wp-content\/uploads\/2024\/10\/HE-Group-photo-scaled.jpg"],"_push_notification":["field_66f6b47de65f1"],"push_notification":[""],"_publish_mobile":["field_66f6b491e65f2"],"publish_mobile":["1"],"_status":["field_652694983fe12"],"status":["publish"],"_thumbnail_id":["8145"],"_wpml_word_count":["{\"total\":595,\"to_translate\":{\"ar\":595,\"zh-hans\":595,\"fr\":595,\"ja\":595,\"es\":595,\"tr\":595}}"],"_last_translation_edit_mode":["translation-editor"],"amazonS3_cache":["a:4:{s:93:\"\/\/cms.alj3.clients.lemonhq.io\/wp-content\/uploads\/2024\/10\/university_led_ecosystem_image_1.jpg\";a:2:{s:2:\"id\";s:4:\"8146\";s:11:\"source_type\";s:13:\"media-library\";}s:95:\"\/\/media.alj3.clients.lemonhq.io\/wp-content\/uploads\/2024\/10\/university_led_ecosystem_image_1.jpg\";a:2:{s:2:\"id\";s:4:\"8146\";s:11:\"source_type\";s:13:\"media-library\";}s:70:\"\/\/cms.alj3.clients.lemonhq.io\/wp-content\/uploads\/2024\/10\/FADY-JWEL.jpg\";a:2:{s:2:\"id\";s:4:\"8147\";s:11:\"source_type\";s:13:\"media-library\";}s:72:\"\/\/media.alj3.clients.lemonhq.io\/wp-content\/uploads\/2024\/10\/FADY-JWEL.jpg\";a:2:{s:2:\"id\";s:4:\"8147\";s:11:\"source_type\";s:13:\"media-library\";}}"],"select_category":["international"]},"_links":{"self":[{"href":"https:\/\/cms.alj3.clients.lemonhq.io\/tr\/wp-json\/wp\/v2\/quickreads\/8177","targetHints":{"allow":["GET"]}}],"collection":[{"href":"https:\/\/cms.alj3.clients.lemonhq.io\/tr\/wp-json\/wp\/v2\/quickreads"}],"about":[{"href":"https:\/\/cms.alj3.clients.lemonhq.io\/tr\/wp-json\/wp\/v2\/types\/quickreads"}],"wp:featuredmedia":[{"embeddable":true,"href":"https:\/\/cms.alj3.clients.lemonhq.io\/tr\/wp-json\/wp\/v2\/media\/8145"}],"wp:attachment":[{"href":"https:\/\/cms.alj3.clients.lemonhq.io\/tr\/wp-json\/wp\/v2\/media?parent=8177"}],"curies":[{"name":"wp","href":"https:\/\/api.w.org\/{rel}","templated":true}]}}