{"id":7504,"date":"2019-05-23T08:52:02","date_gmt":"2019-05-23T08:52:02","guid":{"rendered":"https:\/\/cms.alj3.clients.lemonhq.io\/quick-reads\/almar-water-solutions-joins-industry-experts-at-icex-event-discussing-global-water-challenges-at-the-spanish-embassy-in-washington-2\/"},"modified":"2024-12-05T05:05:48","modified_gmt":"2024-12-05T05:05:48","slug":"almar-water-solutions-joins-industry-experts-at-icex-event-discussing-global-water-challenges-at-the-spanish-embassy-in-washington-2","status":"publish","type":"quickreads","link":"https:\/\/cms.alj3.clients.lemonhq.io\/tr\/quick-reads\/almar-water-solutions-joins-industry-experts-at-icex-event-discussing-global-water-challenges-at-the-spanish-embassy-in-washington-2\/","title":{"rendered":"Almar Water Solutions, Washington&#8217;daki ICEX etkinli\u011finde k\u00fcresel su sorunlar\u0131n\u0131 tart\u0131\u015fmak i\u00e7in end\u00fcstri uzmanlar\u0131 aras\u0131nda yer ald\u0131"},"content":{"rendered":"\n<p>Abdul Latif Jameel b\u00fcnyesinde yer alan <a href=\"http:\/\/www.almarwater.com\/\">Almar Water Solutions,<\/a> \u0130cra Kurulu Ba\u015fkan\u0131 <a href=\"https:\/\/www.alj.com\/tr\/our-people\/carlos-cosin\/\">Carlos Cos\u00edn<\/a>, bu hafta Washington DC\u2019deki \u0130spanyol&nbsp; B\u00fcy\u00fckel\u00e7ili\u011fi\u2019nde d\u00fczenlenen <em>\u201cAdil Su: <\/em>K\u00fcresel Su Zorluklar\u0131n\u0131n Ele Al\u0131nmas\u0131\u201d etkinli\u011finde konu\u015ftu. <a href=\"http:\/\/www.investinspain.org\/invest\/en\/cabecera\/about-us\/index.html\">ICEX Spain Trade and Investments<\/a> (ICEX) taraf\u0131ndan <a href=\"https:\/\/www.icex.es\/icex\/es\/navegacion-principal\/todos-nuestros-servicios\/informacion-de-mercados\/paises\/navegacion-principal\/portada\/index.html;JSESSIONID_ICEX=P9zjcznjuStmSr6KRgSDNtlOmqdtZS-dAbpH5Aphql48xb8eeSMK!1179760649?idPais=US\">\u0130spanya&#8217;n\u0131n Washington&#8217;daki Ekonomi ve Ticaret Ofisi<\/a> ile i\u015fbirli\u011fi i\u00e7inde organize edilen etkinlik tuzdan ar\u0131nd\u0131rma, su kaynaklar\u0131 y\u00f6netimi, su sekt\u00f6r\u00fc finansman\u0131, su s\u00fcrd\u00fcr\u00fclebilirli\u011fi ve tar\u0131mdaki su gibi k\u00fcresel su sorunlar\u0131n\u0131 \u00e7evreleyen sorunlar\u0131 tart\u0131\u015fmak i\u00e7in d\u00fcnyan\u0131n d\u00f6rt bir yan\u0131ndan uzmanlar\u0131 bir araya getirdi.<\/p>\n\n\n\n<p>Carlos Cos\u00edn, su sekt\u00f6r\u00fcn\u00fcn kar\u015f\u0131la\u015ft\u0131\u011f\u0131 ger\u00e7ek zorluklarla ilgili bak\u0131\u015f a\u00e7\u0131s\u0131n\u0131 verdi: su kullan\u0131m\u0131 ve mevcut su rezervleri konusunda e\u011fitim ve fark\u0131ndal\u0131k eksikli\u011fi ve su ile ilgili sorunlar\u0131 \u00e7\u00f6zmede siyasi irade eksikli\u011fi. Di\u011fer zorluklar aras\u0131nda, di\u011fer sekt\u00f6rlerle kar\u015f\u0131la\u015ft\u0131r\u0131ld\u0131\u011f\u0131nda Ar-Ge&#8217;ye yap\u0131lan s\u0131n\u0131rl\u0131 yat\u0131r\u0131m ve iklim de\u011fi\u015fikli\u011finin sonu\u00e7lar\u0131 bulunmaktad\u0131r. Carlos, sunumu s\u0131ras\u0131nda, su sorunlar\u0131n\u0131n giderilmesine y\u00f6nelik pragmatik eylemde \u00f6nc\u00fc olarak Cezayir ve Suudi Arabistan gibi \u00fclkelerden bahseden deniz suyu ar\u0131tma ve \u00f6zel kat\u0131l\u0131m\u0131n yararlar\u0131n\u0131 ele ald\u0131.<\/p>\n\n\n\n<blockquote class=\"wp-block-quote is-layout-flow wp-block-quote-is-layout-flow\">\n<p>Carlos \u015funlar\u0131 s\u00f6yledi<em>: \u201cD\u00fcnya Sa\u011fl\u0131k \u00d6rg\u00fct\u00fc&#8217;ne g\u00f6re, temel ihtiya\u00e7lar\u0131n kar\u015f\u0131land\u0131\u011f\u0131ndan ve halk sa\u011fl\u0131\u011f\u0131na y\u00f6nelik risklerin kabul edilebilir seviyelerde tutuldu\u011fundan emin olmak i\u00e7in g\u00fcnde yaln\u0131zca 50 litre suya ihtiya\u00e7 duyuluyor, ancak bu hedefe ula\u015fmay\u0131 hen\u00fcz ba\u015faramad\u0131k \u2026..Suyun ger\u00e7ek de\u011feri hakk\u0131nda fark\u0131ndal\u0131k eksikli\u011fi sorununu \u00e7\u00f6zene kadar ve bunu politik ve politika d\u00fczeyinde bir \u00f6ncelik haline getirene kadar, su k\u0131tl\u0131\u011f\u0131, su kalitesi ve su ar\u0131tma eksikli\u011fi sorununu \u00e7\u00f6zmek i\u00e7in ilerleme kaydedemeyiz.\u201d<\/em><\/p>\n<\/blockquote>\n\n\n\n<p><em>&nbsp;<\/em>Etkinli\u011fe, <a href=\"https:\/\/www.bancomundial.org\/\">D\u00fcnya Bankas\u0131<\/a>, <a href=\"https:\/\/www.iadb.org\/es\">Amerika K\u0131tas\u0131 Kalk\u0131nma Bankas\u0131<\/a>, <a href=\"https:\/\/www.usaid.gov\/\">USAID<\/a> ve <a href=\"https:\/\/www.mcc.gov\/\">Millennium Challenge Corporation<\/a> gibi \u00e7e\u015fitli uluslararas\u0131 kurulu\u015flardan uzmanlar\u0131n yan\u0131 s\u0131ra su sekt\u00f6r\u00fcn\u00fcn \u00f6nde gelen \u0130spanyol \u015firketleri ile birlikte federal, eyalet ve yerel y\u00f6netimlerden temsilciler kat\u0131ld\u0131. Forum, etkinlikte bulunan kurumlar\u0131n k\u00fcresel kapsam\u0131 g\u00f6z \u00f6n\u00fcne al\u0131nd\u0131\u011f\u0131nda, \u0130spanyol \u015firketleri ve ABD ve d\u00fcnyadaki su d\u00f6ng\u00fcs\u00fc ile ilgili farkl\u0131 ajanlar aras\u0131nda diyalogu te\u015fvik etmeye hizmet etmi\u015ftir.<\/p>\n\n\n\n<p>Almar Water Solutions&#8217;\u0131n Avrupa, Orta Do\u011fu ve Latin Amerika&#8217;da ofisleri bulunmaktad\u0131r. Bu y\u0131l \u015fu ana kadar Suudi Arabistan, Kenya ve Bahreyn&#8217;de \u00fc\u00e7 proje imzalad\u0131 ve bu, onu su sekt\u00f6r\u00fcn\u00fcn \u00f6nde gelen uluslararas\u0131 \u015firketlerinden biri haline getirdi.&nbsp;<\/p>\n","protected":false},"featured_media":7492,"menu_order":0,"template":"","class_list":["post-7504","quickreads","type-quickreads","status-publish","has-post-thumbnail","hentry"],"acf":[],"yoast_head":"<!-- This site is optimized with the Yoast SEO plugin v26.5 - https:\/\/yoast.com\/wordpress\/plugins\/seo\/ -->\n<title>Almar Water Solutions, Washington&#039;daki ICEX etkinli\u011finde k\u00fcresel su sorunlar\u0131n\u0131 tart\u0131\u015fmak i\u00e7in end\u00fcstri uzmanlar\u0131 aras\u0131nda yer ald\u0131 - Abdul Latif Jameel<\/title>\n<meta name=\"robots\" content=\"noindex, follow, max-snippet:-1, max-image-preview:large, max-video-preview:-1\" \/>\n<meta property=\"og:locale\" content=\"tr_TR\" \/>\n<meta property=\"og:type\" content=\"article\" \/>\n<meta property=\"og:title\" content=\"Almar Water Solutions, Washington&#039;daki ICEX etkinli\u011finde k\u00fcresel su sorunlar\u0131n\u0131 tart\u0131\u015fmak i\u00e7in end\u00fcstri uzmanlar\u0131 aras\u0131nda yer ald\u0131 - Abdul Latif Jameel\" \/>\n<meta property=\"og:description\" content=\"Abdul Latif Jameel b\u00fcnyesinde yer alan Almar Water Solutions, \u0130cra Kurulu Ba\u015fkan\u0131 Carlos Cos\u00edn, bu hafta Washington DC\u2019deki \u0130spanyol&nbsp; B\u00fcy\u00fckel\u00e7ili\u011fi\u2019nde d\u00fczenlenen \u201cAdil Su: K\u00fcresel Su Zorluklar\u0131n\u0131n Ele Al\u0131nmas\u0131\u201d etkinli\u011finde konu\u015ftu. ICEX Spain Trade and Investments (ICEX) taraf\u0131ndan \u0130spanya&#8217;n\u0131n Washington&#8217;daki Ekonomi ve Ticaret Ofisi ile i\u015fbirli\u011fi i\u00e7inde organize edilen etkinlik tuzdan ar\u0131nd\u0131rma, su kaynaklar\u0131 y\u00f6netimi, su [&hellip;]\" \/>\n<meta property=\"og:url\" content=\"https:\/\/cms.alj3.clients.lemonhq.io\/tr\/quick-reads\/almar-water-solutions-joins-industry-experts-at-icex-event-discussing-global-water-challenges-at-the-spanish-embassy-in-washington-2\/\" \/>\n<meta property=\"og:site_name\" content=\"Abdul Latif Jameel\" \/>\n<meta property=\"article:modified_time\" content=\"2024-12-05T05:05:48+00:00\" \/>\n<meta property=\"og:image\" content=\"https:\/\/media.alj3.clients.lemonhq.io\/wp-content\/uploads\/2024\/10\/IMG-20190522-WA0016.jpg\" \/>\n\t<meta property=\"og:image:width\" content=\"1394\" \/>\n\t<meta property=\"og:image:height\" content=\"1065\" \/>\n\t<meta property=\"og:image:type\" content=\"image\/jpeg\" \/>\n<meta name=\"twitter:card\" content=\"summary_large_image\" \/>\n<meta name=\"twitter:label1\" content=\"Tahmini okuma s\u00fcresi\" \/>\n\t<meta name=\"twitter:data1\" content=\"1 dakika\" \/>\n<script type=\"application\/ld+json\" class=\"yoast-schema-graph\">{\"@context\":\"https:\/\/schema.org\",\"@graph\":[{\"@type\":\"WebPage\",\"@id\":\"https:\/\/cms.alj3.clients.lemonhq.io\/tr\/quick-reads\/almar-water-solutions-joins-industry-experts-at-icex-event-discussing-global-water-challenges-at-the-spanish-embassy-in-washington-2\/\",\"url\":\"https:\/\/cms.alj3.clients.lemonhq.io\/tr\/quick-reads\/almar-water-solutions-joins-industry-experts-at-icex-event-discussing-global-water-challenges-at-the-spanish-embassy-in-washington-2\/\",\"name\":\"Almar Water Solutions, Washington'daki ICEX etkinli\u011finde k\u00fcresel su sorunlar\u0131n\u0131 tart\u0131\u015fmak i\u00e7in end\u00fcstri uzmanlar\u0131 aras\u0131nda yer ald\u0131 - Abdul Latif Jameel\",\"isPartOf\":{\"@id\":\"https:\/\/10.0.2.222\/en\/#website\"},\"primaryImageOfPage\":{\"@id\":\"https:\/\/cms.alj3.clients.lemonhq.io\/tr\/quick-reads\/almar-water-solutions-joins-industry-experts-at-icex-event-discussing-global-water-challenges-at-the-spanish-embassy-in-washington-2\/#primaryimage\"},\"image\":{\"@id\":\"https:\/\/cms.alj3.clients.lemonhq.io\/tr\/quick-reads\/almar-water-solutions-joins-industry-experts-at-icex-event-discussing-global-water-challenges-at-the-spanish-embassy-in-washington-2\/#primaryimage\"},\"thumbnailUrl\":\"https:\/\/media.alj3.clients.lemonhq.io\/wp-content\/uploads\/2024\/10\/IMG-20190522-WA0016.jpg\",\"datePublished\":\"2019-05-23T08:52:02+00:00\",\"dateModified\":\"2024-12-05T05:05:48+00:00\",\"breadcrumb\":{\"@id\":\"https:\/\/cms.alj3.clients.lemonhq.io\/tr\/quick-reads\/almar-water-solutions-joins-industry-experts-at-icex-event-discussing-global-water-challenges-at-the-spanish-embassy-in-washington-2\/#breadcrumb\"},\"inLanguage\":\"tr\",\"potentialAction\":[{\"@type\":\"ReadAction\",\"target\":[\"https:\/\/cms.alj3.clients.lemonhq.io\/tr\/quick-reads\/almar-water-solutions-joins-industry-experts-at-icex-event-discussing-global-water-challenges-at-the-spanish-embassy-in-washington-2\/\"]}]},{\"@type\":\"ImageObject\",\"inLanguage\":\"tr\",\"@id\":\"https:\/\/cms.alj3.clients.lemonhq.io\/tr\/quick-reads\/almar-water-solutions-joins-industry-experts-at-icex-event-discussing-global-water-challenges-at-the-spanish-embassy-in-washington-2\/#primaryimage\",\"url\":\"https:\/\/media.alj3.clients.lemonhq.io\/wp-content\/uploads\/2024\/10\/IMG-20190522-WA0016.jpg\",\"contentUrl\":\"https:\/\/media.alj3.clients.lemonhq.io\/wp-content\/uploads\/2024\/10\/IMG-20190522-WA0016.jpg\",\"width\":1394,\"height\":1065},{\"@type\":\"BreadcrumbList\",\"@id\":\"https:\/\/cms.alj3.clients.lemonhq.io\/tr\/quick-reads\/almar-water-solutions-joins-industry-experts-at-icex-event-discussing-global-water-challenges-at-the-spanish-embassy-in-washington-2\/#breadcrumb\",\"itemListElement\":[{\"@type\":\"ListItem\",\"position\":1,\"name\":\"Home\",\"item\":\"https:\/\/10.0.2.222\/en\/\"},{\"@type\":\"ListItem\",\"position\":2,\"name\":\"Almar Water Solutions, Washington&#8217;daki ICEX etkinli\u011finde k\u00fcresel su sorunlar\u0131n\u0131 tart\u0131\u015fmak i\u00e7in end\u00fcstri uzmanlar\u0131 aras\u0131nda yer ald\u0131\"}]},{\"@type\":\"WebSite\",\"@id\":\"https:\/\/10.0.2.222\/en\/#website\",\"url\":\"https:\/\/10.0.2.222\/en\/\",\"name\":\"Abdul Latif Jameel\",\"description\":\"\",\"potentialAction\":[{\"@type\":\"SearchAction\",\"target\":{\"@type\":\"EntryPoint\",\"urlTemplate\":\"https:\/\/10.0.2.222\/en\/?s={search_term_string}\"},\"query-input\":{\"@type\":\"PropertyValueSpecification\",\"valueRequired\":true,\"valueName\":\"search_term_string\"}}],\"inLanguage\":\"tr\"}]}<\/script>\n<!-- \/ Yoast SEO plugin. -->","yoast_head_json":{"title":"Almar Water Solutions, Washington'daki ICEX etkinli\u011finde k\u00fcresel su sorunlar\u0131n\u0131 tart\u0131\u015fmak i\u00e7in end\u00fcstri uzmanlar\u0131 aras\u0131nda yer ald\u0131 - Abdul Latif Jameel","robots":{"index":"noindex","follow":"follow","max-snippet":"max-snippet:-1","max-image-preview":"max-image-preview:large","max-video-preview":"max-video-preview:-1"},"og_locale":"tr_TR","og_type":"article","og_title":"Almar Water Solutions, Washington'daki ICEX etkinli\u011finde k\u00fcresel su sorunlar\u0131n\u0131 tart\u0131\u015fmak i\u00e7in end\u00fcstri uzmanlar\u0131 aras\u0131nda yer ald\u0131 - Abdul Latif Jameel","og_description":"Abdul Latif Jameel b\u00fcnyesinde yer alan Almar Water Solutions, \u0130cra Kurulu Ba\u015fkan\u0131 Carlos Cos\u00edn, bu hafta Washington DC\u2019deki \u0130spanyol&nbsp; B\u00fcy\u00fckel\u00e7ili\u011fi\u2019nde d\u00fczenlenen \u201cAdil Su: K\u00fcresel Su Zorluklar\u0131n\u0131n Ele Al\u0131nmas\u0131\u201d etkinli\u011finde konu\u015ftu. ICEX Spain Trade and Investments (ICEX) taraf\u0131ndan \u0130spanya&#8217;n\u0131n Washington&#8217;daki Ekonomi ve Ticaret Ofisi ile i\u015fbirli\u011fi i\u00e7inde organize edilen etkinlik tuzdan ar\u0131nd\u0131rma, su kaynaklar\u0131 y\u00f6netimi, su [&hellip;]","og_url":"https:\/\/cms.alj3.clients.lemonhq.io\/tr\/quick-reads\/almar-water-solutions-joins-industry-experts-at-icex-event-discussing-global-water-challenges-at-the-spanish-embassy-in-washington-2\/","og_site_name":"Abdul Latif Jameel","article_modified_time":"2024-12-05T05:05:48+00:00","og_image":[{"width":1394,"height":1065,"url":"https:\/\/media.alj3.clients.lemonhq.io\/wp-content\/uploads\/2024\/10\/IMG-20190522-WA0016.jpg","type":"image\/jpeg"}],"twitter_card":"summary_large_image","twitter_misc":{"Tahmini okuma s\u00fcresi":"1 dakika"},"schema":{"@context":"https:\/\/schema.org","@graph":[{"@type":"WebPage","@id":"https:\/\/cms.alj3.clients.lemonhq.io\/tr\/quick-reads\/almar-water-solutions-joins-industry-experts-at-icex-event-discussing-global-water-challenges-at-the-spanish-embassy-in-washington-2\/","url":"https:\/\/cms.alj3.clients.lemonhq.io\/tr\/quick-reads\/almar-water-solutions-joins-industry-experts-at-icex-event-discussing-global-water-challenges-at-the-spanish-embassy-in-washington-2\/","name":"Almar Water Solutions, Washington'daki ICEX etkinli\u011finde k\u00fcresel su sorunlar\u0131n\u0131 tart\u0131\u015fmak i\u00e7in end\u00fcstri uzmanlar\u0131 aras\u0131nda yer ald\u0131 - Abdul Latif Jameel","isPartOf":{"@id":"https:\/\/10.0.2.222\/en\/#website"},"primaryImageOfPage":{"@id":"https:\/\/cms.alj3.clients.lemonhq.io\/tr\/quick-reads\/almar-water-solutions-joins-industry-experts-at-icex-event-discussing-global-water-challenges-at-the-spanish-embassy-in-washington-2\/#primaryimage"},"image":{"@id":"https:\/\/cms.alj3.clients.lemonhq.io\/tr\/quick-reads\/almar-water-solutions-joins-industry-experts-at-icex-event-discussing-global-water-challenges-at-the-spanish-embassy-in-washington-2\/#primaryimage"},"thumbnailUrl":"https:\/\/media.alj3.clients.lemonhq.io\/wp-content\/uploads\/2024\/10\/IMG-20190522-WA0016.jpg","datePublished":"2019-05-23T08:52:02+00:00","dateModified":"2024-12-05T05:05:48+00:00","breadcrumb":{"@id":"https:\/\/cms.alj3.clients.lemonhq.io\/tr\/quick-reads\/almar-water-solutions-joins-industry-experts-at-icex-event-discussing-global-water-challenges-at-the-spanish-embassy-in-washington-2\/#breadcrumb"},"inLanguage":"tr","potentialAction":[{"@type":"ReadAction","target":["https:\/\/cms.alj3.clients.lemonhq.io\/tr\/quick-reads\/almar-water-solutions-joins-industry-experts-at-icex-event-discussing-global-water-challenges-at-the-spanish-embassy-in-washington-2\/"]}]},{"@type":"ImageObject","inLanguage":"tr","@id":"https:\/\/cms.alj3.clients.lemonhq.io\/tr\/quick-reads\/almar-water-solutions-joins-industry-experts-at-icex-event-discussing-global-water-challenges-at-the-spanish-embassy-in-washington-2\/#primaryimage","url":"https:\/\/media.alj3.clients.lemonhq.io\/wp-content\/uploads\/2024\/10\/IMG-20190522-WA0016.jpg","contentUrl":"https:\/\/media.alj3.clients.lemonhq.io\/wp-content\/uploads\/2024\/10\/IMG-20190522-WA0016.jpg","width":1394,"height":1065},{"@type":"BreadcrumbList","@id":"https:\/\/cms.alj3.clients.lemonhq.io\/tr\/quick-reads\/almar-water-solutions-joins-industry-experts-at-icex-event-discussing-global-water-challenges-at-the-spanish-embassy-in-washington-2\/#breadcrumb","itemListElement":[{"@type":"ListItem","position":1,"name":"Home","item":"https:\/\/10.0.2.222\/en\/"},{"@type":"ListItem","position":2,"name":"Almar Water Solutions, Washington&#8217;daki ICEX etkinli\u011finde k\u00fcresel su sorunlar\u0131n\u0131 tart\u0131\u015fmak i\u00e7in end\u00fcstri uzmanlar\u0131 aras\u0131nda yer ald\u0131"}]},{"@type":"WebSite","@id":"https:\/\/10.0.2.222\/en\/#website","url":"https:\/\/10.0.2.222\/en\/","name":"Abdul Latif Jameel","description":"","potentialAction":[{"@type":"SearchAction","target":{"@type":"EntryPoint","urlTemplate":"https:\/\/10.0.2.222\/en\/?s={search_term_string}"},"query-input":{"@type":"PropertyValueSpecification","valueRequired":true,"valueName":"search_term_string"}}],"inLanguage":"tr"}]}},"post-meta-fields":{"_wp_page_template":["default"],"_oembed_dfeb22eed534ca34088b3b4f5a69008e":["{{unknown}}"],"_published_date":["field_6057129b493f5"],"published_date":["20190523"],"_location":["field_601267396ce72"],"location":["Washington, ABD"],"_featured":["field_601a3b473c5c5"],"featured":["0"],"_footnotes":["field_66fd39afb9383"],"footnotes":[""],"_business_sector":["field_66f6b5bcac8cb"],"business_sector":["Enerji"],"_content_series":["field_66fe3c439f8f6"],"content_series":[""],"_old_post_id":["field_66fe3fd59f8f7"],"old_post_id":["38429"],"_short_title":["field_60925d67125ef"],"short_title":["Almar, k\u00fcresel su sorununu tart\u0131\u015f\u0131yor"],"_summary":["field_6019304103a20"],"summary":["Abdul Latif Jameel b\u00fcnyesinde yer alan Almar Water Solutions, \u0130cra Kurulu Ba\u015fkan\u0131 Carlos Cos\u00edn, bu hafta Washington DC\u2019deki \u0130spanyol\u00a0 B\u00fcy\u00fckel\u00e7ili\u011fi\u2019nde d\u00fczenlenen \u201cAdil Su: K\u00fcresel Su Zorluklar\u0131n\u0131n Ele Al\u0131nmas\u0131\u201d etkinli\u011finde konu\u015ftu."],"_mobile_featured_image":["field_66f6b4bee65f3"],"mobile_featured_image":["https:\/\/media.alj3.clients.lemonhq.io\/wp-content\/uploads\/2024\/10\/IMG-20190522-WA0016.jpg"],"_push_notification":["field_66f6b47de65f1"],"push_notification":[""],"_publish_mobile":["field_66f6b491e65f2"],"publish_mobile":["1"],"_status":["field_652694983fe12"],"status":["publish"],"_thumbnail_id":["7492"],"_wpml_word_count":["{\"total\":401,\"to_translate\":{\"ar\":401,\"zh-hans\":401,\"fr\":401,\"ja\":401,\"es\":401,\"tr\":401}}"],"_last_translation_edit_mode":["native-editor"],"_edit_lock":["1733375444:12"],"_edit_last":["12"],"_wpml_media_duplicate":["1"],"_wpml_media_featured":["1"],"_yoast_wpseo_estimated-reading-time-minutes":["1"],"select_category":["international"]},"_links":{"self":[{"href":"https:\/\/cms.alj3.clients.lemonhq.io\/tr\/wp-json\/wp\/v2\/quickreads\/7504","targetHints":{"allow":["GET"]}}],"collection":[{"href":"https:\/\/cms.alj3.clients.lemonhq.io\/tr\/wp-json\/wp\/v2\/quickreads"}],"about":[{"href":"https:\/\/cms.alj3.clients.lemonhq.io\/tr\/wp-json\/wp\/v2\/types\/quickreads"}],"wp:featuredmedia":[{"embeddable":true,"href":"https:\/\/cms.alj3.clients.lemonhq.io\/tr\/wp-json\/wp\/v2\/media\/7492"}],"wp:attachment":[{"href":"https:\/\/cms.alj3.clients.lemonhq.io\/tr\/wp-json\/wp\/v2\/media?parent=7504"}],"curies":[{"name":"wp","href":"https:\/\/api.w.org\/{rel}","templated":true}]}}