{"id":7393,"date":"2018-06-05T08:21:58","date_gmt":"2018-06-05T08:21:58","guid":{"rendered":"https:\/\/cms.alj3.clients.lemonhq.io\/quick-reads\/abdul-latif-jameel-recognized-excellence-advertising-global-clio-awards-new-york-7\/"},"modified":"2024-10-25T12:47:31","modified_gmt":"2024-10-25T12:47:31","slug":"abdul-latif-jameel-recognized-excellence-advertising-global-clio-awards-new-york-7","status":"publish","type":"quickreads","link":"https:\/\/cms.alj3.clients.lemonhq.io\/tr\/quick-reads\/abdul-latif-jameel-recognized-excellence-advertising-global-clio-awards-new-york-7\/","title":{"rendered":"Abdul Latif Jameel, New York&#8217;taki k\u00fcresel Clio Awards&#8217;da reklamc\u0131l\u0131k alan\u0131nda m\u00fckemmeliyet \u00f6d\u00fcl\u00fc ald\u0131"},"content":{"rendered":"\n<ul class=\"wp-block-list\">\n<li>Abdul Latif Jameel, sayg\u0131n Clio \u00d6d\u00fclleri i\u00e7in binlerce aday aras\u0131ndan se\u00e7ildi<\/li>\n\n\n\n<li>\u00d6d\u00fcll\u00fc video, Abdul Latif Jameel&#8217;in Suudi Arabistan Paralimpik Komitesi ile i\u015fbirli\u011fini kutluyor<\/li>\n<\/ul>\n\n\n\n<p>Abdul Latif Jameel, spor haberle\u015fmelerinde elde etti\u011fi y\u00fcksek ba\u015far\u0131 i\u00e7in prestijli y\u0131ll\u0131k Clio \u00d6d\u00fclleri&#8217;nde onurland\u0131r\u0131ld\u0131. \u201cSosyal Fayda\u201d kategorisindeki bronz \u00f6d\u00fcl &#8211; Abdul Latif Jameel&#8217;in Suudi Arabistan Paralimpik Komitesi ile i\u015fbirli\u011fini kutlayan \u201cAds\u0131z Kahramanlar\u201d videosunu takdir ediyor.<\/p>\n\n\n\n<p>Abdul Latif Jameel Motors Pazarlama Direkt\u00f6r\u00fc Munir Khoja \u015funlar\u0131 s\u00f6yledi: \u201cSayg\u0131n Clio \u00d6d\u00fclleri taraf\u0131ndan tan\u0131nmaktan ve sadece Abdul Latif Jameel ekibinin yaratt\u0131\u011f\u0131 kazanan video nedeniyle de\u011fil, ayn\u0131 zamanda onurland\u0131rd\u0131\u011f\u0131 Suudi Arabistanl\u0131 sporculardan da gurur duyuyoruz. Engelli sporcular\u0131n her g\u00fcn, Suudi Arabistan&#8217;\u0131n her yerinde spora olan b\u00fcy\u00fck ba\u011fl\u0131l\u0131klar\u0131ndan dolay\u0131, filmi &#8216;Ads\u0131z Kahramanlar&#8217; olarak adland\u0131rd\u0131k. Bunun, onlara hak ettikleri kredi ve g\u00f6r\u00fcn\u00fcrl\u00fc\u011f\u00fc sa\u011flayacak bir f\u0131rsat olmas\u0131n\u0131 umuyoruz,\u201d dedi.<\/p>\n\n\n\n<p>Khoja s\u00f6zlerini \u015f\u00f6yle s\u00fcrd\u00fcrd\u00fc, \u201cD\u00fcnya \u00e7ap\u0131ndaki binlerce yar\u0131\u015fmac\u0131dan biri olarak, bu y\u0131l takdir edilen 19 \u00fclke aras\u0131nda Suudi Arabistan&#8217;\u0131 temsil etmekten ve bir \u00f6d\u00fclle onurland\u0131r\u0131lan az say\u0131da adaydan biri olmaktan mutluluk duyuyoruz.\u201d<\/p>\n\n\n\n<p>Kazanan \u201cAds\u0131z Kahramanlar\u201d videosu ilk olarak Kas\u0131m 2017&#8217;de Toyota taraf\u0131ndan desteklenen ilk Suudi Arabistan Paralimpik Oyunlar\u0131&#8217;n\u0131n A\u00e7\u0131l\u0131\u015f T\u00f6reni s\u0131ras\u0131nda ve daha sonra Cidde Kul\u00fcb\u00fc paralimpik sporcular taraf\u0131ndan tekerlekli sandalye basketbolu g\u00f6sterisine e\u015flik eden Cidde Uluslararas\u0131 Motor G\u00f6sterisi&#8217;nde g\u00f6sterildi.<\/p>\n\n\n\n<p>Clio \u00d6d\u00fclleri, 50 y\u0131l\u0131 a\u015fk\u0131n bir s\u00fcre \u00f6nce, s\u0131n\u0131rlar\u0131 zorlayan ve yeni emsal te\u015fkil eden reklamlar\u0131 ve yarat\u0131c\u0131 yetenekleri kutlamak i\u00e7in kurulan prestijli uluslararas\u0131 ileti\u015fim \u00f6d\u00fclleridir.<\/p>\n\n\n<figure class=\"wp-block-embed is-type-video is-provider-vimeo wp-block-embed-vimeo wp-embed-aspect-16-9 wp-has-aspect-ratio\"><div class=\"wp-block-embed__wrapper\">https:\/\/player.vimeo.com\/video\/273463384<\/div><\/figure>\n\n\n<p>&nbsp;<\/p>\n","protected":false},"featured_media":7298,"menu_order":0,"template":"","class_list":["post-7393","quickreads","type-quickreads","status-publish","has-post-thumbnail","hentry"],"acf":[],"yoast_head":"<!-- This site is optimized with the Yoast SEO plugin v26.5 - https:\/\/yoast.com\/wordpress\/plugins\/seo\/ -->\n<title>Abdul Latif Jameel, New York&#039;taki k\u00fcresel Clio Awards&#039;da reklamc\u0131l\u0131k alan\u0131nda m\u00fckemmeliyet \u00f6d\u00fcl\u00fc ald\u0131 - Abdul Latif Jameel<\/title>\n<meta name=\"robots\" content=\"noindex, follow, max-snippet:-1, max-image-preview:large, max-video-preview:-1\" \/>\n<meta property=\"og:locale\" content=\"tr_TR\" \/>\n<meta property=\"og:type\" content=\"article\" \/>\n<meta property=\"og:title\" content=\"Abdul Latif Jameel, New York&#039;taki k\u00fcresel Clio Awards&#039;da reklamc\u0131l\u0131k alan\u0131nda m\u00fckemmeliyet \u00f6d\u00fcl\u00fc ald\u0131 - Abdul Latif Jameel\" \/>\n<meta property=\"og:description\" content=\"Abdul Latif Jameel, spor haberle\u015fmelerinde elde etti\u011fi y\u00fcksek ba\u015far\u0131 i\u00e7in prestijli y\u0131ll\u0131k Clio \u00d6d\u00fclleri&#8217;nde onurland\u0131r\u0131ld\u0131. \u201cSosyal Fayda\u201d kategorisindeki bronz \u00f6d\u00fcl &#8211; Abdul Latif Jameel&#8217;in Suudi Arabistan Paralimpik Komitesi ile i\u015fbirli\u011fini kutlayan \u201cAds\u0131z Kahramanlar\u201d videosunu takdir ediyor. Abdul Latif Jameel Motors Pazarlama Direkt\u00f6r\u00fc Munir Khoja \u015funlar\u0131 s\u00f6yledi: \u201cSayg\u0131n Clio \u00d6d\u00fclleri taraf\u0131ndan tan\u0131nmaktan ve sadece Abdul Latif [&hellip;]\" \/>\n<meta property=\"og:url\" content=\"https:\/\/cms.alj3.clients.lemonhq.io\/tr\/quick-reads\/abdul-latif-jameel-recognized-excellence-advertising-global-clio-awards-new-york-7\/\" \/>\n<meta property=\"og:site_name\" content=\"Abdul Latif Jameel\" \/>\n<meta property=\"article:modified_time\" content=\"2024-10-25T12:47:31+00:00\" \/>\n<meta property=\"og:image\" content=\"https:\/\/media.alj3.clients.lemonhq.io\/wp-content\/uploads\/2024\/10\/Abdul-Latif-Jameel-recognized-for-excellence-in-advertising-at-global-Clio-Awards-in-New-York-3.jpg\" \/>\n\t<meta property=\"og:image:width\" content=\"1080\" \/>\n\t<meta property=\"og:image:height\" content=\"1080\" \/>\n\t<meta property=\"og:image:type\" content=\"image\/jpeg\" \/>\n<meta name=\"twitter:card\" content=\"summary_large_image\" \/>\n<meta name=\"twitter:label1\" content=\"Tahmini okuma s\u00fcresi\" \/>\n\t<meta name=\"twitter:data1\" content=\"2 dakika\" \/>\n<script type=\"application\/ld+json\" class=\"yoast-schema-graph\">{\"@context\":\"https:\/\/schema.org\",\"@graph\":[{\"@type\":\"WebPage\",\"@id\":\"https:\/\/cms.alj3.clients.lemonhq.io\/tr\/quick-reads\/abdul-latif-jameel-recognized-excellence-advertising-global-clio-awards-new-york-7\/\",\"url\":\"https:\/\/cms.alj3.clients.lemonhq.io\/tr\/quick-reads\/abdul-latif-jameel-recognized-excellence-advertising-global-clio-awards-new-york-7\/\",\"name\":\"Abdul Latif Jameel, New York'taki k\u00fcresel Clio Awards'da reklamc\u0131l\u0131k alan\u0131nda m\u00fckemmeliyet \u00f6d\u00fcl\u00fc ald\u0131 - Abdul Latif Jameel\",\"isPartOf\":{\"@id\":\"https:\/\/10.0.2.222\/en\/#website\"},\"primaryImageOfPage\":{\"@id\":\"https:\/\/cms.alj3.clients.lemonhq.io\/tr\/quick-reads\/abdul-latif-jameel-recognized-excellence-advertising-global-clio-awards-new-york-7\/#primaryimage\"},\"image\":{\"@id\":\"https:\/\/cms.alj3.clients.lemonhq.io\/tr\/quick-reads\/abdul-latif-jameel-recognized-excellence-advertising-global-clio-awards-new-york-7\/#primaryimage\"},\"thumbnailUrl\":\"https:\/\/media.alj3.clients.lemonhq.io\/wp-content\/uploads\/2024\/10\/Abdul-Latif-Jameel-recognized-for-excellence-in-advertising-at-global-Clio-Awards-in-New-York-3.jpg\",\"datePublished\":\"2018-06-05T08:21:58+00:00\",\"dateModified\":\"2024-10-25T12:47:31+00:00\",\"breadcrumb\":{\"@id\":\"https:\/\/cms.alj3.clients.lemonhq.io\/tr\/quick-reads\/abdul-latif-jameel-recognized-excellence-advertising-global-clio-awards-new-york-7\/#breadcrumb\"},\"inLanguage\":\"tr\",\"potentialAction\":[{\"@type\":\"ReadAction\",\"target\":[\"https:\/\/cms.alj3.clients.lemonhq.io\/tr\/quick-reads\/abdul-latif-jameel-recognized-excellence-advertising-global-clio-awards-new-york-7\/\"]}]},{\"@type\":\"ImageObject\",\"inLanguage\":\"tr\",\"@id\":\"https:\/\/cms.alj3.clients.lemonhq.io\/tr\/quick-reads\/abdul-latif-jameel-recognized-excellence-advertising-global-clio-awards-new-york-7\/#primaryimage\",\"url\":\"https:\/\/media.alj3.clients.lemonhq.io\/wp-content\/uploads\/2024\/10\/Abdul-Latif-Jameel-recognized-for-excellence-in-advertising-at-global-Clio-Awards-in-New-York-3.jpg\",\"contentUrl\":\"https:\/\/media.alj3.clients.lemonhq.io\/wp-content\/uploads\/2024\/10\/Abdul-Latif-Jameel-recognized-for-excellence-in-advertising-at-global-Clio-Awards-in-New-York-3.jpg\",\"width\":1080,\"height\":1080},{\"@type\":\"BreadcrumbList\",\"@id\":\"https:\/\/cms.alj3.clients.lemonhq.io\/tr\/quick-reads\/abdul-latif-jameel-recognized-excellence-advertising-global-clio-awards-new-york-7\/#breadcrumb\",\"itemListElement\":[{\"@type\":\"ListItem\",\"position\":1,\"name\":\"Home\",\"item\":\"https:\/\/10.0.2.222\/en\/\"},{\"@type\":\"ListItem\",\"position\":2,\"name\":\"Abdul Latif Jameel, New York&#8217;taki k\u00fcresel Clio Awards&#8217;da reklamc\u0131l\u0131k alan\u0131nda m\u00fckemmeliyet \u00f6d\u00fcl\u00fc ald\u0131\"}]},{\"@type\":\"WebSite\",\"@id\":\"https:\/\/10.0.2.222\/en\/#website\",\"url\":\"https:\/\/10.0.2.222\/en\/\",\"name\":\"Abdul Latif Jameel\",\"description\":\"\",\"potentialAction\":[{\"@type\":\"SearchAction\",\"target\":{\"@type\":\"EntryPoint\",\"urlTemplate\":\"https:\/\/10.0.2.222\/en\/?s={search_term_string}\"},\"query-input\":{\"@type\":\"PropertyValueSpecification\",\"valueRequired\":true,\"valueName\":\"search_term_string\"}}],\"inLanguage\":\"tr\"}]}<\/script>\n<!-- \/ Yoast SEO plugin. -->","yoast_head_json":{"title":"Abdul Latif Jameel, New York'taki k\u00fcresel Clio Awards'da reklamc\u0131l\u0131k alan\u0131nda m\u00fckemmeliyet \u00f6d\u00fcl\u00fc ald\u0131 - Abdul Latif Jameel","robots":{"index":"noindex","follow":"follow","max-snippet":"max-snippet:-1","max-image-preview":"max-image-preview:large","max-video-preview":"max-video-preview:-1"},"og_locale":"tr_TR","og_type":"article","og_title":"Abdul Latif Jameel, New York'taki k\u00fcresel Clio Awards'da reklamc\u0131l\u0131k alan\u0131nda m\u00fckemmeliyet \u00f6d\u00fcl\u00fc ald\u0131 - Abdul Latif Jameel","og_description":"Abdul Latif Jameel, spor haberle\u015fmelerinde elde etti\u011fi y\u00fcksek ba\u015far\u0131 i\u00e7in prestijli y\u0131ll\u0131k Clio \u00d6d\u00fclleri&#8217;nde onurland\u0131r\u0131ld\u0131. \u201cSosyal Fayda\u201d kategorisindeki bronz \u00f6d\u00fcl &#8211; Abdul Latif Jameel&#8217;in Suudi Arabistan Paralimpik Komitesi ile i\u015fbirli\u011fini kutlayan \u201cAds\u0131z Kahramanlar\u201d videosunu takdir ediyor. Abdul Latif Jameel Motors Pazarlama Direkt\u00f6r\u00fc Munir Khoja \u015funlar\u0131 s\u00f6yledi: \u201cSayg\u0131n Clio \u00d6d\u00fclleri taraf\u0131ndan tan\u0131nmaktan ve sadece Abdul Latif [&hellip;]","og_url":"https:\/\/cms.alj3.clients.lemonhq.io\/tr\/quick-reads\/abdul-latif-jameel-recognized-excellence-advertising-global-clio-awards-new-york-7\/","og_site_name":"Abdul Latif Jameel","article_modified_time":"2024-10-25T12:47:31+00:00","og_image":[{"width":1080,"height":1080,"url":"https:\/\/media.alj3.clients.lemonhq.io\/wp-content\/uploads\/2024\/10\/Abdul-Latif-Jameel-recognized-for-excellence-in-advertising-at-global-Clio-Awards-in-New-York-3.jpg","type":"image\/jpeg"}],"twitter_card":"summary_large_image","twitter_misc":{"Tahmini okuma s\u00fcresi":"2 dakika"},"schema":{"@context":"https:\/\/schema.org","@graph":[{"@type":"WebPage","@id":"https:\/\/cms.alj3.clients.lemonhq.io\/tr\/quick-reads\/abdul-latif-jameel-recognized-excellence-advertising-global-clio-awards-new-york-7\/","url":"https:\/\/cms.alj3.clients.lemonhq.io\/tr\/quick-reads\/abdul-latif-jameel-recognized-excellence-advertising-global-clio-awards-new-york-7\/","name":"Abdul Latif Jameel, New York'taki k\u00fcresel Clio Awards'da reklamc\u0131l\u0131k alan\u0131nda m\u00fckemmeliyet \u00f6d\u00fcl\u00fc ald\u0131 - Abdul Latif Jameel","isPartOf":{"@id":"https:\/\/10.0.2.222\/en\/#website"},"primaryImageOfPage":{"@id":"https:\/\/cms.alj3.clients.lemonhq.io\/tr\/quick-reads\/abdul-latif-jameel-recognized-excellence-advertising-global-clio-awards-new-york-7\/#primaryimage"},"image":{"@id":"https:\/\/cms.alj3.clients.lemonhq.io\/tr\/quick-reads\/abdul-latif-jameel-recognized-excellence-advertising-global-clio-awards-new-york-7\/#primaryimage"},"thumbnailUrl":"https:\/\/media.alj3.clients.lemonhq.io\/wp-content\/uploads\/2024\/10\/Abdul-Latif-Jameel-recognized-for-excellence-in-advertising-at-global-Clio-Awards-in-New-York-3.jpg","datePublished":"2018-06-05T08:21:58+00:00","dateModified":"2024-10-25T12:47:31+00:00","breadcrumb":{"@id":"https:\/\/cms.alj3.clients.lemonhq.io\/tr\/quick-reads\/abdul-latif-jameel-recognized-excellence-advertising-global-clio-awards-new-york-7\/#breadcrumb"},"inLanguage":"tr","potentialAction":[{"@type":"ReadAction","target":["https:\/\/cms.alj3.clients.lemonhq.io\/tr\/quick-reads\/abdul-latif-jameel-recognized-excellence-advertising-global-clio-awards-new-york-7\/"]}]},{"@type":"ImageObject","inLanguage":"tr","@id":"https:\/\/cms.alj3.clients.lemonhq.io\/tr\/quick-reads\/abdul-latif-jameel-recognized-excellence-advertising-global-clio-awards-new-york-7\/#primaryimage","url":"https:\/\/media.alj3.clients.lemonhq.io\/wp-content\/uploads\/2024\/10\/Abdul-Latif-Jameel-recognized-for-excellence-in-advertising-at-global-Clio-Awards-in-New-York-3.jpg","contentUrl":"https:\/\/media.alj3.clients.lemonhq.io\/wp-content\/uploads\/2024\/10\/Abdul-Latif-Jameel-recognized-for-excellence-in-advertising-at-global-Clio-Awards-in-New-York-3.jpg","width":1080,"height":1080},{"@type":"BreadcrumbList","@id":"https:\/\/cms.alj3.clients.lemonhq.io\/tr\/quick-reads\/abdul-latif-jameel-recognized-excellence-advertising-global-clio-awards-new-york-7\/#breadcrumb","itemListElement":[{"@type":"ListItem","position":1,"name":"Home","item":"https:\/\/10.0.2.222\/en\/"},{"@type":"ListItem","position":2,"name":"Abdul Latif Jameel, New York&#8217;taki k\u00fcresel Clio Awards&#8217;da reklamc\u0131l\u0131k alan\u0131nda m\u00fckemmeliyet \u00f6d\u00fcl\u00fc ald\u0131"}]},{"@type":"WebSite","@id":"https:\/\/10.0.2.222\/en\/#website","url":"https:\/\/10.0.2.222\/en\/","name":"Abdul Latif Jameel","description":"","potentialAction":[{"@type":"SearchAction","target":{"@type":"EntryPoint","urlTemplate":"https:\/\/10.0.2.222\/en\/?s={search_term_string}"},"query-input":{"@type":"PropertyValueSpecification","valueRequired":true,"valueName":"search_term_string"}}],"inLanguage":"tr"}]}},"post-meta-fields":{"_wp_page_template":["default"],"_published_date":["field_6057129b493f5"],"published_date":["20180627"],"_location":["field_601267396ce72"],"location":["Cidde, Suudi Arabistan"],"_featured":["field_601a3b473c5c5"],"featured":[""],"_footnotes":["field_66fd39afb9383"],"footnotes":[""],"_business_sector":["field_66f6b5bcac8cb"],"business_sector":["Ula\u015f\u0131m"],"_content_series":["field_66fe3c439f8f6"],"content_series":[""],"_old_post_id":["field_66fe3fd59f8f7"],"old_post_id":["15803"],"_short_title":["field_60925d67125ef"],"short_title":["Abdul Latif Jameel, reklam m\u00fckemmeliyet \u00f6d\u00fcl\u00fcn\u00fc ald\u0131"],"_summary":["field_6019304103a20"],"summary":["Abdul Latif Jameel, spor haberle\u015fmelerinde elde etti\u011fi y\u00fcksek ba\u015far\u0131 i\u00e7in prestijli y\u0131ll\u0131k Clio \u00d6d\u00fclleri'nde onurland\u0131r\u0131ld\u0131."],"_mobile_featured_image":["field_66f6b4bee65f3"],"mobile_featured_image":["https:\/\/cms.alj3.clients.lemonhq.io\/wp-content\/themes\/alj\/assets\/images\/defaultmobilethumb.jpg"],"_push_notification":["field_66f6b47de65f1"],"push_notification":[""],"_publish_mobile":["field_66f6b491e65f2"],"publish_mobile":[""],"_status":["field_652694983fe12"],"status":["publish"],"_thumbnail_id":["7298"],"_wpml_word_count":["{\"total\":280,\"to_translate\":{\"ar\":280,\"zh-hans\":280,\"fr\":280,\"ja\":280,\"es\":280,\"tr\":280}}"],"_last_translation_edit_mode":["translation-editor"],"select_category":[""]},"_links":{"self":[{"href":"https:\/\/cms.alj3.clients.lemonhq.io\/tr\/wp-json\/wp\/v2\/quickreads\/7393","targetHints":{"allow":["GET"]}}],"collection":[{"href":"https:\/\/cms.alj3.clients.lemonhq.io\/tr\/wp-json\/wp\/v2\/quickreads"}],"about":[{"href":"https:\/\/cms.alj3.clients.lemonhq.io\/tr\/wp-json\/wp\/v2\/types\/quickreads"}],"wp:featuredmedia":[{"embeddable":true,"href":"https:\/\/cms.alj3.clients.lemonhq.io\/tr\/wp-json\/wp\/v2\/media\/7298"}],"wp:attachment":[{"href":"https:\/\/cms.alj3.clients.lemonhq.io\/tr\/wp-json\/wp\/v2\/media?parent=7393"}],"curies":[{"name":"wp","href":"https:\/\/api.w.org\/{rel}","templated":true}]}}