{"id":7369,"date":"2018-04-19T09:07:51","date_gmt":"2018-04-19T09:07:51","guid":{"rendered":"https:\/\/cms.alj3.clients.lemonhq.io\/quick-reads\/abdul-latif-jameel-land-launches-first-residential-complex-jone-5\/"},"modified":"2024-10-25T12:47:37","modified_gmt":"2024-10-25T12:47:37","slug":"abdul-latif-jameel-land-launches-first-residential-complex-jone-5","status":"publish","type":"quickreads","link":"https:\/\/cms.alj3.clients.lemonhq.io\/tr\/quick-reads\/abdul-latif-jameel-land-launches-first-residential-complex-jone-5\/","title":{"rendered":"Abdul Latif Jameel Land, kendi ilk konut kompleksi olan J|ONE&#8217;\u0131 a\u00e7t\u0131"},"content":{"rendered":"\n<ul class=\"wp-block-list\">\n<li>Bir, iki, \u00fc\u00e7 ve d\u00f6rt yatak odal\u0131 \u00e7a\u011fda\u015f aile dairelerinden olu\u015fan 242 adet se\u00e7kin yeni konut \u015fimdi kiralama i\u00e7in haz\u0131r.<\/li>\n\n\n\n<li>2016 y\u0131l\u0131nda a\u00e7\u0131klanan proje 19,5 ay i\u00e7inde tamamland\u0131.<\/li>\n<\/ul>\n\n\n\n<p>Abdul Latif Jameel Land, bug\u00fcn entegre topluluk olanaklar\u0131na sahip olan 242 se\u00e7kin apartman dairesinden olu\u015fan ilk konut projesi olan J|ONE projesinin a\u00e7\u0131l\u0131\u015f\u0131n\u0131 yapt\u0131.<\/p>\n\n\n\n<p>J|ONE Cidde&#8217;nin kuzey bat\u0131s\u0131ndaki Al Salamah b\u00f6lgesinde dikey bir konut kompleksidir. Cidde&#8217;nin y\u00fckselen sanat, tasar\u0131m ve yarat\u0131c\u0131 ortam\u0131ndan esinlenilen J|ONE, k\u00fclt\u00fcr ve aile de\u011ferleri ile ba\u011flant\u0131l\u0131 modern kentsel ya\u015fam\u0131 sunuyor. Yayg\u0131n olarak bulunan dikey apartman kompleksini yeniden tasarlamak amac\u0131yla, J|ONE&#8217;\u0131n 64.000 metrekareye sahip alan\u0131, a\u00e7\u0131k y\u00fczme havuzlar\u0131, sa\u011fl\u0131k kul\u00fcb\u00fc, ev sinemas\u0131, kafe ve l\u00fcks dinlenme salonu, oyun salonu, kre\u015f, g\u00fczellik salonu ve mini market gibi ortak tesisler ile benzersiz bir \u00e7evre dostu konut se\u00e7ene\u011fi sunuyor.<\/p>\n\n\n\n<p>\u0130lk olarak 2016 y\u0131l\u0131nda ilan edilen ve 19,5 ay i\u00e7inde tamamlanan J|ONE, konut mevcudunu ve kalitesini iyile\u015ftirmeyi ama\u00e7layan bir d\u00f6n\u00fcm noktas\u0131 projesidir. Abdul Latif Jameel Land&#8217;in ilk konut geli\u015ftirme projesi olarak, \u015firketin Cidde&#8217;nin \u00e7evresi i\u00e7in canl\u0131 bir sosyal, ticaret ve konut merkezi ile gelecekteki topluluklar\u0131 kurma kabiliyetini sergiliyor.<\/p>\n\n\n\n<p>Abdul Latif Jameel Ba\u015fkan Vekili ve Y\u00f6netim Kurulu Ba\u015fkan Yard\u0131mc\u0131s\u0131 <a href=\"https:\/\/media.alj.com\/en\/our-people\/fady-jameel\/\">Fady Mohammed Jameel<\/a> \u015f\u00f6yle diyor: \u201cJ|ONE, hem Abdul Latif Jameel Land hem de Suudi Arabistan i\u00e7in \u00f6nc\u00fc bir konut projesidir. Suudi Vizyon 2030&#8217;da belirlenen konut geli\u015ftirme ve konut sahipli\u011fi hedeflerine ula\u015fmak ve pazarda artan konut talebine yan\u0131t vermek a\u00e7\u0131s\u0131ndan kilit bir mihenk ta\u015f\u0131d\u0131r. Konut sakinleri i\u00e7in, konut ya\u015fam\u0131n\u0131n toplumsal unsuruna odaklanmam\u0131z, Cidde pazar\u0131nda J|ONE&#8217;\u0131 ayr\u0131cal\u0131kl\u0131 k\u0131lacakt\u0131r.\u201d<\/p>\n\n\n\n<p>J|ONE hakk\u0131nda daha fazla bilgi i\u00e7in l\u00fctfen <a href=\"http:\/\/joneresidence.com\/\">buraya<\/a>&nbsp;t\u0131klay\u0131n.<\/p>\n\n\n<figure class=\"wp-block-embed is-type-video is-provider-youtube wp-block-embed-youtube wp-embed-aspect-16-9 wp-has-aspect-ratio\"><div class=\"wp-block-embed__wrapper\">https:\/\/www.youtube.com\/embed\/g8V33S36OWc<\/div><\/figure>","protected":false},"featured_media":7362,"menu_order":0,"template":"","class_list":["post-7369","quickreads","type-quickreads","status-publish","has-post-thumbnail","hentry"],"acf":[],"yoast_head":"<!-- This site is optimized with the Yoast SEO plugin v26.5 - https:\/\/yoast.com\/wordpress\/plugins\/seo\/ -->\n<title>Abdul Latif Jameel Land, kendi ilk konut kompleksi olan J|ONE&#039;\u0131 a\u00e7t\u0131 - Abdul Latif Jameel<\/title>\n<meta name=\"robots\" content=\"noindex, follow, max-snippet:-1, max-image-preview:large, max-video-preview:-1\" \/>\n<meta property=\"og:locale\" content=\"tr_TR\" \/>\n<meta property=\"og:type\" content=\"article\" \/>\n<meta property=\"og:title\" content=\"Abdul Latif Jameel Land, kendi ilk konut kompleksi olan J|ONE&#039;\u0131 a\u00e7t\u0131 - Abdul Latif Jameel\" \/>\n<meta property=\"og:description\" content=\"Abdul Latif Jameel Land, bug\u00fcn entegre topluluk olanaklar\u0131na sahip olan 242 se\u00e7kin apartman dairesinden olu\u015fan ilk konut projesi olan J|ONE projesinin a\u00e7\u0131l\u0131\u015f\u0131n\u0131 yapt\u0131. J|ONE Cidde&#8217;nin kuzey bat\u0131s\u0131ndaki Al Salamah b\u00f6lgesinde dikey bir konut kompleksidir. Cidde&#8217;nin y\u00fckselen sanat, tasar\u0131m ve yarat\u0131c\u0131 ortam\u0131ndan esinlenilen J|ONE, k\u00fclt\u00fcr ve aile de\u011ferleri ile ba\u011flant\u0131l\u0131 modern kentsel ya\u015fam\u0131 sunuyor. Yayg\u0131n olarak [&hellip;]\" \/>\n<meta property=\"og:url\" content=\"https:\/\/cms.alj3.clients.lemonhq.io\/tr\/quick-reads\/abdul-latif-jameel-land-launches-first-residential-complex-jone-5\/\" \/>\n<meta property=\"og:site_name\" content=\"Abdul Latif Jameel\" \/>\n<meta property=\"article:modified_time\" content=\"2024-10-25T12:47:37+00:00\" \/>\n<meta property=\"og:image\" content=\"https:\/\/media.alj3.clients.lemonhq.io\/wp-content\/uploads\/2024\/10\/2018-04-15-PHOTO-00000039.jpg\" \/>\n\t<meta property=\"og:image:width\" content=\"1280\" \/>\n\t<meta property=\"og:image:height\" content=\"720\" \/>\n\t<meta property=\"og:image:type\" content=\"image\/jpeg\" \/>\n<meta name=\"twitter:card\" content=\"summary_large_image\" \/>\n<meta name=\"twitter:label1\" content=\"Tahmini okuma s\u00fcresi\" \/>\n\t<meta name=\"twitter:data1\" content=\"2 dakika\" \/>\n<script type=\"application\/ld+json\" class=\"yoast-schema-graph\">{\"@context\":\"https:\/\/schema.org\",\"@graph\":[{\"@type\":\"WebPage\",\"@id\":\"https:\/\/cms.alj3.clients.lemonhq.io\/tr\/quick-reads\/abdul-latif-jameel-land-launches-first-residential-complex-jone-5\/\",\"url\":\"https:\/\/cms.alj3.clients.lemonhq.io\/tr\/quick-reads\/abdul-latif-jameel-land-launches-first-residential-complex-jone-5\/\",\"name\":\"Abdul Latif Jameel Land, kendi ilk konut kompleksi olan J|ONE'\u0131 a\u00e7t\u0131 - Abdul Latif Jameel\",\"isPartOf\":{\"@id\":\"https:\/\/10.0.2.222\/en\/#website\"},\"primaryImageOfPage\":{\"@id\":\"https:\/\/cms.alj3.clients.lemonhq.io\/tr\/quick-reads\/abdul-latif-jameel-land-launches-first-residential-complex-jone-5\/#primaryimage\"},\"image\":{\"@id\":\"https:\/\/cms.alj3.clients.lemonhq.io\/tr\/quick-reads\/abdul-latif-jameel-land-launches-first-residential-complex-jone-5\/#primaryimage\"},\"thumbnailUrl\":\"https:\/\/media.alj3.clients.lemonhq.io\/wp-content\/uploads\/2024\/10\/2018-04-15-PHOTO-00000039.jpg\",\"datePublished\":\"2018-04-19T09:07:51+00:00\",\"dateModified\":\"2024-10-25T12:47:37+00:00\",\"breadcrumb\":{\"@id\":\"https:\/\/cms.alj3.clients.lemonhq.io\/tr\/quick-reads\/abdul-latif-jameel-land-launches-first-residential-complex-jone-5\/#breadcrumb\"},\"inLanguage\":\"tr\",\"potentialAction\":[{\"@type\":\"ReadAction\",\"target\":[\"https:\/\/cms.alj3.clients.lemonhq.io\/tr\/quick-reads\/abdul-latif-jameel-land-launches-first-residential-complex-jone-5\/\"]}]},{\"@type\":\"ImageObject\",\"inLanguage\":\"tr\",\"@id\":\"https:\/\/cms.alj3.clients.lemonhq.io\/tr\/quick-reads\/abdul-latif-jameel-land-launches-first-residential-complex-jone-5\/#primaryimage\",\"url\":\"https:\/\/media.alj3.clients.lemonhq.io\/wp-content\/uploads\/2024\/10\/2018-04-15-PHOTO-00000039.jpg\",\"contentUrl\":\"https:\/\/media.alj3.clients.lemonhq.io\/wp-content\/uploads\/2024\/10\/2018-04-15-PHOTO-00000039.jpg\",\"width\":1280,\"height\":720},{\"@type\":\"BreadcrumbList\",\"@id\":\"https:\/\/cms.alj3.clients.lemonhq.io\/tr\/quick-reads\/abdul-latif-jameel-land-launches-first-residential-complex-jone-5\/#breadcrumb\",\"itemListElement\":[{\"@type\":\"ListItem\",\"position\":1,\"name\":\"Home\",\"item\":\"https:\/\/10.0.2.222\/en\/\"},{\"@type\":\"ListItem\",\"position\":2,\"name\":\"Abdul Latif Jameel Land, kendi ilk konut kompleksi olan J|ONE&#8217;\u0131 a\u00e7t\u0131\"}]},{\"@type\":\"WebSite\",\"@id\":\"https:\/\/10.0.2.222\/en\/#website\",\"url\":\"https:\/\/10.0.2.222\/en\/\",\"name\":\"Abdul Latif Jameel\",\"description\":\"\",\"potentialAction\":[{\"@type\":\"SearchAction\",\"target\":{\"@type\":\"EntryPoint\",\"urlTemplate\":\"https:\/\/10.0.2.222\/en\/?s={search_term_string}\"},\"query-input\":{\"@type\":\"PropertyValueSpecification\",\"valueRequired\":true,\"valueName\":\"search_term_string\"}}],\"inLanguage\":\"tr\"}]}<\/script>\n<!-- \/ Yoast SEO plugin. -->","yoast_head_json":{"title":"Abdul Latif Jameel Land, kendi ilk konut kompleksi olan J|ONE'\u0131 a\u00e7t\u0131 - Abdul Latif Jameel","robots":{"index":"noindex","follow":"follow","max-snippet":"max-snippet:-1","max-image-preview":"max-image-preview:large","max-video-preview":"max-video-preview:-1"},"og_locale":"tr_TR","og_type":"article","og_title":"Abdul Latif Jameel Land, kendi ilk konut kompleksi olan J|ONE'\u0131 a\u00e7t\u0131 - Abdul Latif Jameel","og_description":"Abdul Latif Jameel Land, bug\u00fcn entegre topluluk olanaklar\u0131na sahip olan 242 se\u00e7kin apartman dairesinden olu\u015fan ilk konut projesi olan J|ONE projesinin a\u00e7\u0131l\u0131\u015f\u0131n\u0131 yapt\u0131. J|ONE Cidde&#8217;nin kuzey bat\u0131s\u0131ndaki Al Salamah b\u00f6lgesinde dikey bir konut kompleksidir. Cidde&#8217;nin y\u00fckselen sanat, tasar\u0131m ve yarat\u0131c\u0131 ortam\u0131ndan esinlenilen J|ONE, k\u00fclt\u00fcr ve aile de\u011ferleri ile ba\u011flant\u0131l\u0131 modern kentsel ya\u015fam\u0131 sunuyor. Yayg\u0131n olarak [&hellip;]","og_url":"https:\/\/cms.alj3.clients.lemonhq.io\/tr\/quick-reads\/abdul-latif-jameel-land-launches-first-residential-complex-jone-5\/","og_site_name":"Abdul Latif Jameel","article_modified_time":"2024-10-25T12:47:37+00:00","og_image":[{"width":1280,"height":720,"url":"https:\/\/media.alj3.clients.lemonhq.io\/wp-content\/uploads\/2024\/10\/2018-04-15-PHOTO-00000039.jpg","type":"image\/jpeg"}],"twitter_card":"summary_large_image","twitter_misc":{"Tahmini okuma s\u00fcresi":"2 dakika"},"schema":{"@context":"https:\/\/schema.org","@graph":[{"@type":"WebPage","@id":"https:\/\/cms.alj3.clients.lemonhq.io\/tr\/quick-reads\/abdul-latif-jameel-land-launches-first-residential-complex-jone-5\/","url":"https:\/\/cms.alj3.clients.lemonhq.io\/tr\/quick-reads\/abdul-latif-jameel-land-launches-first-residential-complex-jone-5\/","name":"Abdul Latif Jameel Land, kendi ilk konut kompleksi olan J|ONE'\u0131 a\u00e7t\u0131 - Abdul Latif Jameel","isPartOf":{"@id":"https:\/\/10.0.2.222\/en\/#website"},"primaryImageOfPage":{"@id":"https:\/\/cms.alj3.clients.lemonhq.io\/tr\/quick-reads\/abdul-latif-jameel-land-launches-first-residential-complex-jone-5\/#primaryimage"},"image":{"@id":"https:\/\/cms.alj3.clients.lemonhq.io\/tr\/quick-reads\/abdul-latif-jameel-land-launches-first-residential-complex-jone-5\/#primaryimage"},"thumbnailUrl":"https:\/\/media.alj3.clients.lemonhq.io\/wp-content\/uploads\/2024\/10\/2018-04-15-PHOTO-00000039.jpg","datePublished":"2018-04-19T09:07:51+00:00","dateModified":"2024-10-25T12:47:37+00:00","breadcrumb":{"@id":"https:\/\/cms.alj3.clients.lemonhq.io\/tr\/quick-reads\/abdul-latif-jameel-land-launches-first-residential-complex-jone-5\/#breadcrumb"},"inLanguage":"tr","potentialAction":[{"@type":"ReadAction","target":["https:\/\/cms.alj3.clients.lemonhq.io\/tr\/quick-reads\/abdul-latif-jameel-land-launches-first-residential-complex-jone-5\/"]}]},{"@type":"ImageObject","inLanguage":"tr","@id":"https:\/\/cms.alj3.clients.lemonhq.io\/tr\/quick-reads\/abdul-latif-jameel-land-launches-first-residential-complex-jone-5\/#primaryimage","url":"https:\/\/media.alj3.clients.lemonhq.io\/wp-content\/uploads\/2024\/10\/2018-04-15-PHOTO-00000039.jpg","contentUrl":"https:\/\/media.alj3.clients.lemonhq.io\/wp-content\/uploads\/2024\/10\/2018-04-15-PHOTO-00000039.jpg","width":1280,"height":720},{"@type":"BreadcrumbList","@id":"https:\/\/cms.alj3.clients.lemonhq.io\/tr\/quick-reads\/abdul-latif-jameel-land-launches-first-residential-complex-jone-5\/#breadcrumb","itemListElement":[{"@type":"ListItem","position":1,"name":"Home","item":"https:\/\/10.0.2.222\/en\/"},{"@type":"ListItem","position":2,"name":"Abdul Latif Jameel Land, kendi ilk konut kompleksi olan J|ONE&#8217;\u0131 a\u00e7t\u0131"}]},{"@type":"WebSite","@id":"https:\/\/10.0.2.222\/en\/#website","url":"https:\/\/10.0.2.222\/en\/","name":"Abdul Latif Jameel","description":"","potentialAction":[{"@type":"SearchAction","target":{"@type":"EntryPoint","urlTemplate":"https:\/\/10.0.2.222\/en\/?s={search_term_string}"},"query-input":{"@type":"PropertyValueSpecification","valueRequired":true,"valueName":"search_term_string"}}],"inLanguage":"tr"}]}},"post-meta-fields":{"_wp_page_template":["default"],"_published_date":["field_6057129b493f5"],"published_date":["20180423"],"_location":["field_601267396ce72"],"location":["Cidde, Suudi Arabistan"],"_featured":["field_601a3b473c5c5"],"featured":[""],"_footnotes":["field_66fd39afb9383"],"footnotes":[""],"_business_sector":["field_66f6b5bcac8cb"],"business_sector":["Farkl\u0131 Alanlara Yay\u0131lan Faaliyetler"],"_content_series":["field_66fe3c439f8f6"],"content_series":[""],"_old_post_id":["field_66fe3fd59f8f7"],"old_post_id":["15741"],"_short_title":["field_60925d67125ef"],"short_title":["Abdul Latif Jameel Land J | ONE'\u0131 ba\u015flatt\u0131"],"_summary":["field_6019304103a20"],"summary":["Abdul Latif Jameel Land, bug\u00fcn entegre topluluk olanaklar\u0131na sahip olan 242 se\u00e7kin apartman dairesinden olu\u015fan ilk konut projesi olan J|ONE projesinin a\u00e7\u0131l\u0131\u015f\u0131n\u0131 yapt\u0131."],"_mobile_featured_image":["field_66f6b4bee65f3"],"mobile_featured_image":["https:\/\/cms.alj3.clients.lemonhq.io\/wp-content\/themes\/alj\/assets\/images\/defaultmobilethumb.jpg"],"_push_notification":["field_66f6b47de65f1"],"push_notification":[""],"_publish_mobile":["field_66f6b491e65f2"],"publish_mobile":[""],"_status":["field_652694983fe12"],"status":["publish"],"_thumbnail_id":["7362"],"_wpml_word_count":["{\"total\":310,\"to_translate\":{\"ar\":310,\"zh-hans\":310,\"fr\":310,\"ja\":310,\"es\":310,\"tr\":310}}"],"_last_translation_edit_mode":["translation-editor"]},"_links":{"self":[{"href":"https:\/\/cms.alj3.clients.lemonhq.io\/tr\/wp-json\/wp\/v2\/quickreads\/7369","targetHints":{"allow":["GET"]}}],"collection":[{"href":"https:\/\/cms.alj3.clients.lemonhq.io\/tr\/wp-json\/wp\/v2\/quickreads"}],"about":[{"href":"https:\/\/cms.alj3.clients.lemonhq.io\/tr\/wp-json\/wp\/v2\/types\/quickreads"}],"wp:featuredmedia":[{"embeddable":true,"href":"https:\/\/cms.alj3.clients.lemonhq.io\/tr\/wp-json\/wp\/v2\/media\/7362"}],"wp:attachment":[{"href":"https:\/\/cms.alj3.clients.lemonhq.io\/tr\/wp-json\/wp\/v2\/media?parent=7369"}],"curies":[{"name":"wp","href":"https:\/\/api.w.org\/{rel}","templated":true}]}}