{"id":7198,"date":"2017-11-21T06:54:38","date_gmt":"2017-11-21T06:54:38","guid":{"rendered":"https:\/\/cms.alj3.clients.lemonhq.io\/quick-reads\/kuresel-uzmanlar-j-wel-lansmani-icin-bir-araya-geldi\/"},"modified":"2024-10-17T10:48:01","modified_gmt":"2024-10-17T10:48:01","slug":"kuresel-uzmanlar-j-wel-lansmani-icin-bir-araya-geldi","status":"publish","type":"quickreads","link":"https:\/\/cms.alj3.clients.lemonhq.io\/tr\/quick-reads\/kuresel-uzmanlar-j-wel-lansmani-icin-bir-araya-geldi\/","title":{"rendered":"K\u00fcresel uzmanlar J-WEL lansman\u0131 i\u00e7in bir araya geldi"},"content":{"rendered":"\n<p>27 \u00fclkeden e\u011fitim profesyonelleri, <a href=\"https:\/\/jwel.mit.edu\/events\/j-wel-week-october-2017\/\">J-WEL Haftas\u0131<\/a> a\u00e7\u0131l\u0131\u015f\u0131n\u0131n bir par\u00e7as\u0131 olarak e\u011fitim ve \u00f6\u011frenmenin gelece\u011fini tart\u0131\u015fmak \u00fczere Ekim ay\u0131nda Massachusetts Institute of Technology&#8217;de (MIT) topland\u0131.<\/p>\n\n\n\n<p>J-WEL Haftas\u0131, Abdul Latif Jameel D\u00fcnya E\u011fitim Laboratuvar\u0131n\u0131n (J-WEL) ilk giri\u015fimidir. Konferans, sunum ve at\u00f6lye \u00e7al\u0131\u015fmalar\u0131n\u0131 kapsayan d\u00f6rt g\u00fcnl\u00fck etkinlik, hayat boyu \u00f6\u011frenmenin \u00fc\u00e7 dayanak noktas\u0131na odakland\u0131: \u0130lk ve orta \u00f6\u011frenim, y\u00fcksek \u00f6\u011frenim ve i\u015fyerinde \u00f6\u011frenme.<\/p>\n\n\n\n<p>\u2018Sorun \u00c7\u00f6zmenin G\u00fcc\u00fc\u2019 temal\u0131 etkinlik i\u00e7in G\u00fcney Afrika, Avustralya, Ortado\u011fu, Uzak Do\u011fu ve Avrupa&#8217;dan ziyaret\u00e7iler geldi.<\/p>\n\n\n\n<p><a href=\"https:\/\/jwel.mit.edu\/\">J-WEL<\/a>, May\u0131s 2017&#8217;de Jameel Toplulu\u011fu ve MIT aras\u0131nda kurulan bir i\u015f ortakl\u0131\u011f\u0131d\u0131r. Her d\u00fczeyde ve ya\u015fta e\u011fitim ve \u00f6\u011frenmeyi d\u00f6n\u00fc\u015ft\u00fcrerek d\u00fcnya \u00f6l\u00e7e\u011finde insanlar\u0131n ger\u00e7ek potansiyellerini a\u00e7\u0131\u011fa \u00e7\u0131karmalar\u0131na yard\u0131mc\u0131 olmay\u0131 ama\u00e7lamaktad\u0131r. Bilgi aktar\u0131m\u0131 ve geli\u015fimini g\u00fc\u00e7lendirmeyi ve bireyleri modern i\u015fyerinde ihtiya\u00e7 duyulan beceri ve yeteneklerle donatmay\u0131 hedeflemektedir.<\/p>\n\n\n<div class=\"wp-block-image\">\n<figure class=\"alignleft\"><img decoding=\"async\" src=\"https:\/\/media.alj3.clients.lemonhq.io\/wp-content\/uploads\/2024\/10\/JWEL-Formation-300x200-1.jpg\" alt=\"\" class=\"wp-image-14276\"\/><\/figure>\n<\/div>\n\n\n<p>Jameel Uluslararas\u0131 Toplulu\u011fu Ba\u015fkan\u0131 <a href=\"https:\/\/media.alj.com\/en\/our-people\/fady-jameel\/\">Fady Mohammed Jameel<\/a> \u015funlar\u0131 belirtmi\u015ftir: <em>\u201cE\u011fitim ve \u00f6\u011frenme; kalk\u0131nmak, g\u00fc\u00e7l\u00fc ve \u00e7e\u015fitlendirilmi\u015f ekonomiler in\u015fa etmek ve herkes i\u00e7in f\u0131rsat ve refah yaratmak i\u00e7in esast\u0131r\u201d.<\/em><\/p>\n\n\n\n<p><em>\u201cJ-WEL arac\u0131l\u0131\u011f\u0131yla, e\u011fitim d\u00fcnyas\u0131ndan uzmanlar\u0131 bir araya getirerek, her d\u00fczeyde e\u011fitimin kar\u015f\u0131 kar\u015f\u0131ya oldu\u011fu zorluklar\u0131 ele almak i\u00e7in g\u00f6r\u00fc\u015f a\u00e7\u0131s\u0131, bilgi ve uzmanl\u0131\u011f\u0131 toplamak ve ger\u00e7ek, i\u015fler \u00e7\u00f6z\u00fcmler geli\u015ftirmek istiyoruz. J-WEL Haftas\u0131n\u0131n a\u00e7\u0131l\u0131\u015f\u0131 bu s\u00fcre\u00e7teki ilk ad\u0131md\u0131r ve bu giri\u015fime g\u00f6sterilen y\u00fcksek d\u00fczeyli ilgiden memnunuz.\u201d<\/em><\/p>\n\n\n\n<p>J-WEL Haftalar\u0131, \u00fcyelerine MIT&#8217;nin e\u011fitsel kaynaklar\u0131 ve uygulamas\u0131na ilk elden eri\u015fim sa\u011flayan \u00f6zel, hedefe odakl\u0131 programlard\u0131r. Her y\u0131l, her biri ayr\u0131 temalarda, birden fazla say\u0131da mod\u00fclden olu\u015fan iki ayr\u0131 J-WEL Haftas\u0131 d\u00fczenlenir. \u00dcyeler, hedefleri tan\u0131mlayarak ve uygulamaya izin verecek sonraki ad\u0131mlar\u0131 dikkate alarak kurulu\u015flar\u0131ndaki zorluklara de\u011finirler.<\/p>\n\n\n\n<p>Her bir J-WEL Haftas\u0131, kat\u0131l\u0131mc\u0131lar i\u00e7in ba\u011flant\u0131l\u0131 bir \u00f6\u011frenme ve ke\u015fif yolculu\u011fudur. \u00c7ok daha \u00f6nemlisi, J-WEL yerel ve k\u00fcresel \u00f6l\u00e7eklerde e\u011fitimi etkileyebilen yenilik\u00e7iler aras\u0131nda yak\u0131n bir i\u015fbirli\u011fi a\u011f\u0131 geli\u015ftirecektir.<\/p>\n\n\n\n<p>J-WEL Haftalar\u0131, e\u011fitimdeki kilit \u00f6nemi olan konu ba\u015fl\u0131klar\u0131na odaklanan e\u011fitim programlar\u0131 ve at\u00f6lye \u00e7al\u0131\u015fmalar\u0131n\u0131n yan\u0131 s\u0131ra yenilik\u00e7i kurumsal tasar\u0131m i\u00e7in olanlar d\u00e2hil olmak \u00fczere \u00f6zel \u00fcyelik programlar\u0131n\u0131 i\u00e7eren \u2018daha derinlere inen\u2019 J-WEL Takas i\u00e7in zemin olu\u015fturacakt\u0131r.<\/p>\n\n\n\n<p>J-WEL, MIT&#8217;nin Abdul Latif Jameel Yoksullu\u011fa \u00d6nlem Laboratuvar\u0131 (<a href=\"https:\/\/www.povertyactionlab.org\/\">J-PAL<\/a>) ve Abdul Latif Jameel D\u00fcnya Su ve G\u0131da G\u00fcvenli\u011fi Laboratuvar\u0131 (<a href=\"https:\/\/jwafs.mit.edu\/\">J-WAFS<\/a>) d\u00e2hil olmak \u00fczere <a href=\"https:\/\/www.communityjameel.org\/\">Jameel Toplulu\u011fu<\/a> ile MIT aras\u0131ndaki s\u00fcre giden daha geni\u015f i\u015fbirliklerinin bir par\u00e7as\u0131d\u0131r.<\/p>\n","protected":false},"featured_media":7184,"menu_order":0,"template":"","class_list":["post-7198","quickreads","type-quickreads","status-publish","has-post-thumbnail","hentry"],"acf":[],"yoast_head":"<!-- This site is optimized with the Yoast SEO plugin v26.5 - https:\/\/yoast.com\/wordpress\/plugins\/seo\/ -->\n<title>K\u00fcresel uzmanlar J-WEL lansman\u0131 i\u00e7in bir araya geldi - Abdul Latif Jameel<\/title>\n<meta name=\"robots\" content=\"noindex, follow, max-snippet:-1, max-image-preview:large, max-video-preview:-1\" \/>\n<meta property=\"og:locale\" content=\"tr_TR\" \/>\n<meta property=\"og:type\" content=\"article\" \/>\n<meta property=\"og:title\" content=\"K\u00fcresel uzmanlar J-WEL lansman\u0131 i\u00e7in bir araya geldi - Abdul Latif Jameel\" \/>\n<meta property=\"og:description\" content=\"27 \u00fclkeden e\u011fitim profesyonelleri, J-WEL Haftas\u0131 a\u00e7\u0131l\u0131\u015f\u0131n\u0131n bir par\u00e7as\u0131 olarak e\u011fitim ve \u00f6\u011frenmenin gelece\u011fini tart\u0131\u015fmak \u00fczere Ekim ay\u0131nda Massachusetts Institute of Technology&#8217;de (MIT) topland\u0131. J-WEL Haftas\u0131, Abdul Latif Jameel D\u00fcnya E\u011fitim Laboratuvar\u0131n\u0131n (J-WEL) ilk giri\u015fimidir. Konferans, sunum ve at\u00f6lye \u00e7al\u0131\u015fmalar\u0131n\u0131 kapsayan d\u00f6rt g\u00fcnl\u00fck etkinlik, hayat boyu \u00f6\u011frenmenin \u00fc\u00e7 dayanak noktas\u0131na odakland\u0131: \u0130lk ve orta \u00f6\u011frenim, [&hellip;]\" \/>\n<meta property=\"og:url\" content=\"https:\/\/cms.alj3.clients.lemonhq.io\/tr\/quick-reads\/kuresel-uzmanlar-j-wel-lansmani-icin-bir-araya-geldi\/\" \/>\n<meta property=\"og:site_name\" content=\"Abdul Latif Jameel\" \/>\n<meta property=\"article:modified_time\" content=\"2024-10-17T10:48:01+00:00\" \/>\n<meta property=\"og:image\" content=\"https:\/\/media.alj3.clients.lemonhq.io\/wp-content\/uploads\/2024\/10\/J-WEL-at-MIT.jpg\" \/>\n\t<meta property=\"og:image:width\" content=\"1300\" \/>\n\t<meta property=\"og:image:height\" content=\"395\" \/>\n\t<meta property=\"og:image:type\" content=\"image\/jpeg\" \/>\n<meta name=\"twitter:card\" content=\"summary_large_image\" \/>\n<meta name=\"twitter:label1\" content=\"Tahmini okuma s\u00fcresi\" \/>\n\t<meta name=\"twitter:data1\" content=\"2 dakika\" \/>\n<script type=\"application\/ld+json\" class=\"yoast-schema-graph\">{\"@context\":\"https:\/\/schema.org\",\"@graph\":[{\"@type\":\"WebPage\",\"@id\":\"https:\/\/cms.alj3.clients.lemonhq.io\/tr\/quick-reads\/kuresel-uzmanlar-j-wel-lansmani-icin-bir-araya-geldi\/\",\"url\":\"https:\/\/cms.alj3.clients.lemonhq.io\/tr\/quick-reads\/kuresel-uzmanlar-j-wel-lansmani-icin-bir-araya-geldi\/\",\"name\":\"K\u00fcresel uzmanlar J-WEL lansman\u0131 i\u00e7in bir araya geldi - Abdul Latif Jameel\",\"isPartOf\":{\"@id\":\"https:\/\/10.0.2.222\/en\/#website\"},\"primaryImageOfPage\":{\"@id\":\"https:\/\/cms.alj3.clients.lemonhq.io\/tr\/quick-reads\/kuresel-uzmanlar-j-wel-lansmani-icin-bir-araya-geldi\/#primaryimage\"},\"image\":{\"@id\":\"https:\/\/cms.alj3.clients.lemonhq.io\/tr\/quick-reads\/kuresel-uzmanlar-j-wel-lansmani-icin-bir-araya-geldi\/#primaryimage\"},\"thumbnailUrl\":\"https:\/\/media.alj3.clients.lemonhq.io\/wp-content\/uploads\/2024\/10\/J-WEL-at-MIT.jpg\",\"datePublished\":\"2017-11-21T06:54:38+00:00\",\"dateModified\":\"2024-10-17T10:48:01+00:00\",\"breadcrumb\":{\"@id\":\"https:\/\/cms.alj3.clients.lemonhq.io\/tr\/quick-reads\/kuresel-uzmanlar-j-wel-lansmani-icin-bir-araya-geldi\/#breadcrumb\"},\"inLanguage\":\"tr\",\"potentialAction\":[{\"@type\":\"ReadAction\",\"target\":[\"https:\/\/cms.alj3.clients.lemonhq.io\/tr\/quick-reads\/kuresel-uzmanlar-j-wel-lansmani-icin-bir-araya-geldi\/\"]}]},{\"@type\":\"ImageObject\",\"inLanguage\":\"tr\",\"@id\":\"https:\/\/cms.alj3.clients.lemonhq.io\/tr\/quick-reads\/kuresel-uzmanlar-j-wel-lansmani-icin-bir-araya-geldi\/#primaryimage\",\"url\":\"https:\/\/media.alj3.clients.lemonhq.io\/wp-content\/uploads\/2024\/10\/J-WEL-at-MIT.jpg\",\"contentUrl\":\"https:\/\/media.alj3.clients.lemonhq.io\/wp-content\/uploads\/2024\/10\/J-WEL-at-MIT.jpg\",\"width\":1300,\"height\":395},{\"@type\":\"BreadcrumbList\",\"@id\":\"https:\/\/cms.alj3.clients.lemonhq.io\/tr\/quick-reads\/kuresel-uzmanlar-j-wel-lansmani-icin-bir-araya-geldi\/#breadcrumb\",\"itemListElement\":[{\"@type\":\"ListItem\",\"position\":1,\"name\":\"Home\",\"item\":\"https:\/\/10.0.2.222\/en\/\"},{\"@type\":\"ListItem\",\"position\":2,\"name\":\"K\u00fcresel uzmanlar J-WEL lansman\u0131 i\u00e7in bir araya geldi\"}]},{\"@type\":\"WebSite\",\"@id\":\"https:\/\/10.0.2.222\/en\/#website\",\"url\":\"https:\/\/10.0.2.222\/en\/\",\"name\":\"Abdul Latif Jameel\",\"description\":\"\",\"potentialAction\":[{\"@type\":\"SearchAction\",\"target\":{\"@type\":\"EntryPoint\",\"urlTemplate\":\"https:\/\/10.0.2.222\/en\/?s={search_term_string}\"},\"query-input\":{\"@type\":\"PropertyValueSpecification\",\"valueRequired\":true,\"valueName\":\"search_term_string\"}}],\"inLanguage\":\"tr\"}]}<\/script>\n<!-- \/ Yoast SEO plugin. -->","yoast_head_json":{"title":"K\u00fcresel uzmanlar J-WEL lansman\u0131 i\u00e7in bir araya geldi - Abdul Latif Jameel","robots":{"index":"noindex","follow":"follow","max-snippet":"max-snippet:-1","max-image-preview":"max-image-preview:large","max-video-preview":"max-video-preview:-1"},"og_locale":"tr_TR","og_type":"article","og_title":"K\u00fcresel uzmanlar J-WEL lansman\u0131 i\u00e7in bir araya geldi - Abdul Latif Jameel","og_description":"27 \u00fclkeden e\u011fitim profesyonelleri, J-WEL Haftas\u0131 a\u00e7\u0131l\u0131\u015f\u0131n\u0131n bir par\u00e7as\u0131 olarak e\u011fitim ve \u00f6\u011frenmenin gelece\u011fini tart\u0131\u015fmak \u00fczere Ekim ay\u0131nda Massachusetts Institute of Technology&#8217;de (MIT) topland\u0131. J-WEL Haftas\u0131, Abdul Latif Jameel D\u00fcnya E\u011fitim Laboratuvar\u0131n\u0131n (J-WEL) ilk giri\u015fimidir. Konferans, sunum ve at\u00f6lye \u00e7al\u0131\u015fmalar\u0131n\u0131 kapsayan d\u00f6rt g\u00fcnl\u00fck etkinlik, hayat boyu \u00f6\u011frenmenin \u00fc\u00e7 dayanak noktas\u0131na odakland\u0131: \u0130lk ve orta \u00f6\u011frenim, [&hellip;]","og_url":"https:\/\/cms.alj3.clients.lemonhq.io\/tr\/quick-reads\/kuresel-uzmanlar-j-wel-lansmani-icin-bir-araya-geldi\/","og_site_name":"Abdul Latif Jameel","article_modified_time":"2024-10-17T10:48:01+00:00","og_image":[{"width":1300,"height":395,"url":"https:\/\/media.alj3.clients.lemonhq.io\/wp-content\/uploads\/2024\/10\/J-WEL-at-MIT.jpg","type":"image\/jpeg"}],"twitter_card":"summary_large_image","twitter_misc":{"Tahmini okuma s\u00fcresi":"2 dakika"},"schema":{"@context":"https:\/\/schema.org","@graph":[{"@type":"WebPage","@id":"https:\/\/cms.alj3.clients.lemonhq.io\/tr\/quick-reads\/kuresel-uzmanlar-j-wel-lansmani-icin-bir-araya-geldi\/","url":"https:\/\/cms.alj3.clients.lemonhq.io\/tr\/quick-reads\/kuresel-uzmanlar-j-wel-lansmani-icin-bir-araya-geldi\/","name":"K\u00fcresel uzmanlar J-WEL lansman\u0131 i\u00e7in bir araya geldi - Abdul Latif Jameel","isPartOf":{"@id":"https:\/\/10.0.2.222\/en\/#website"},"primaryImageOfPage":{"@id":"https:\/\/cms.alj3.clients.lemonhq.io\/tr\/quick-reads\/kuresel-uzmanlar-j-wel-lansmani-icin-bir-araya-geldi\/#primaryimage"},"image":{"@id":"https:\/\/cms.alj3.clients.lemonhq.io\/tr\/quick-reads\/kuresel-uzmanlar-j-wel-lansmani-icin-bir-araya-geldi\/#primaryimage"},"thumbnailUrl":"https:\/\/media.alj3.clients.lemonhq.io\/wp-content\/uploads\/2024\/10\/J-WEL-at-MIT.jpg","datePublished":"2017-11-21T06:54:38+00:00","dateModified":"2024-10-17T10:48:01+00:00","breadcrumb":{"@id":"https:\/\/cms.alj3.clients.lemonhq.io\/tr\/quick-reads\/kuresel-uzmanlar-j-wel-lansmani-icin-bir-araya-geldi\/#breadcrumb"},"inLanguage":"tr","potentialAction":[{"@type":"ReadAction","target":["https:\/\/cms.alj3.clients.lemonhq.io\/tr\/quick-reads\/kuresel-uzmanlar-j-wel-lansmani-icin-bir-araya-geldi\/"]}]},{"@type":"ImageObject","inLanguage":"tr","@id":"https:\/\/cms.alj3.clients.lemonhq.io\/tr\/quick-reads\/kuresel-uzmanlar-j-wel-lansmani-icin-bir-araya-geldi\/#primaryimage","url":"https:\/\/media.alj3.clients.lemonhq.io\/wp-content\/uploads\/2024\/10\/J-WEL-at-MIT.jpg","contentUrl":"https:\/\/media.alj3.clients.lemonhq.io\/wp-content\/uploads\/2024\/10\/J-WEL-at-MIT.jpg","width":1300,"height":395},{"@type":"BreadcrumbList","@id":"https:\/\/cms.alj3.clients.lemonhq.io\/tr\/quick-reads\/kuresel-uzmanlar-j-wel-lansmani-icin-bir-araya-geldi\/#breadcrumb","itemListElement":[{"@type":"ListItem","position":1,"name":"Home","item":"https:\/\/10.0.2.222\/en\/"},{"@type":"ListItem","position":2,"name":"K\u00fcresel uzmanlar J-WEL lansman\u0131 i\u00e7in bir araya geldi"}]},{"@type":"WebSite","@id":"https:\/\/10.0.2.222\/en\/#website","url":"https:\/\/10.0.2.222\/en\/","name":"Abdul Latif Jameel","description":"","potentialAction":[{"@type":"SearchAction","target":{"@type":"EntryPoint","urlTemplate":"https:\/\/10.0.2.222\/en\/?s={search_term_string}"},"query-input":{"@type":"PropertyValueSpecification","valueRequired":true,"valueName":"search_term_string"}}],"inLanguage":"tr"}]}},"post-meta-fields":{"_wp_page_template":["default"],"_published_date":["field_6057129b493f5"],"published_date":["20171026"],"_location":["field_601267396ce72"],"location":["Boston, ABD"],"_featured":["field_601a3b473c5c5"],"featured":[""],"_footnotes":["field_66fd39afb9383"],"footnotes":[""],"_business_sector":["field_66f6b5bcac8cb"],"business_sector":["Community Jameel"],"_content_series":["field_66fe3c439f8f6"],"content_series":[""],"_old_post_id":["field_66fe3fd59f8f7"],"old_post_id":["14286"],"_short_title":["field_60925d67125ef"],"short_title":["K\u00fcresel uzmanlar J-WEL lansman\u0131 i\u00e7in bir araya geldi"],"_summary":["field_6019304103a20"],"summary":["27 \u00fclkeden e\u011fitim profesyonelleri, J-WEL Haftas\u0131 a\u00e7\u0131l\u0131\u015f\u0131n\u0131n bir par\u00e7as\u0131 olarak e\u011fitim ve \u00f6\u011frenmenin gelece\u011fini tart\u0131\u015fmak \u00fczere Ekim ay\u0131nda Massachusetts Institute of Technology'de (MIT) topland\u0131."],"_mobile_featured_image":["field_66f6b4bee65f3"],"mobile_featured_image":["https:\/\/cms.alj3.clients.lemonhq.io\/wp-content\/themes\/alj\/assets\/images\/defaultmobilethumb.jpg"],"_push_notification":["field_66f6b47de65f1"],"push_notification":[""],"_publish_mobile":["field_66f6b491e65f2"],"publish_mobile":[""],"_status":["field_652694983fe12"],"status":["publish"],"_thumbnail_id":["7184"],"_wpml_word_count":["{\"total\":412,\"to_translate\":{\"ar\":412,\"zh-hans\":412,\"fr\":412,\"ja\":412,\"es\":412,\"tr\":412}}"],"_last_translation_edit_mode":["translation-editor"],"amazonS3_cache":["a:6:{s:77:\"\/\/cms.alj3.clients.lemonhq.io\/wp-content\/uploads\/2024\/10\/JWEL-Formation-1.jpg\";a:2:{s:2:\"id\";s:4:\"7183\";s:11:\"source_type\";s:13:\"media-library\";}s:85:\"\/\/cms.alj3.clients.lemonhq.io\/wp-content\/uploads\/2024\/10\/JWEL-Formation-300x200-1.jpg\";a:2:{s:2:\"id\";s:4:\"7183\";s:11:\"source_type\";s:13:\"media-library\";}s:87:\"\/\/media.alj3.clients.lemonhq.io\/wp-content\/uploads\/2024\/10\/JWEL-Formation-300x200-1.jpg\";a:2:{s:2:\"id\";s:4:\"7183\";s:11:\"source_type\";s:13:\"media-library\";}s:82:\"\/\/cms.alj3.clients.lemonhq.io\/wp-content\/uploads\/2024\/10\/Prof.-Sanjay.-Sarma-1.jpg\";a:2:{s:2:\"id\";s:4:\"7187\";s:11:\"source_type\";s:13:\"media-library\";}s:90:\"\/\/cms.alj3.clients.lemonhq.io\/wp-content\/uploads\/2024\/10\/Prof.-Sanjay.-Sarma-300x225-1.jpg\";a:2:{s:2:\"id\";s:4:\"7187\";s:11:\"source_type\";s:13:\"media-library\";}s:92:\"\/\/media.alj3.clients.lemonhq.io\/wp-content\/uploads\/2024\/10\/Prof.-Sanjay.-Sarma-300x225-1.jpg\";a:2:{s:2:\"id\";s:4:\"7187\";s:11:\"source_type\";s:13:\"media-library\";}}"],"select_category":["international"]},"_links":{"self":[{"href":"https:\/\/cms.alj3.clients.lemonhq.io\/tr\/wp-json\/wp\/v2\/quickreads\/7198","targetHints":{"allow":["GET"]}}],"collection":[{"href":"https:\/\/cms.alj3.clients.lemonhq.io\/tr\/wp-json\/wp\/v2\/quickreads"}],"about":[{"href":"https:\/\/cms.alj3.clients.lemonhq.io\/tr\/wp-json\/wp\/v2\/types\/quickreads"}],"wp:featuredmedia":[{"embeddable":true,"href":"https:\/\/cms.alj3.clients.lemonhq.io\/tr\/wp-json\/wp\/v2\/media\/7184"}],"wp:attachment":[{"href":"https:\/\/cms.alj3.clients.lemonhq.io\/tr\/wp-json\/wp\/v2\/media?parent=7198"}],"curies":[{"name":"wp","href":"https:\/\/api.w.org\/{rel}","templated":true}]}}