{"id":7190,"date":"2017-11-21T06:28:27","date_gmt":"2017-11-21T06:28:27","guid":{"rendered":"https:\/\/cms.alj3.clients.lemonhq.io\/quick-reads\/toyota-turkiyede-25-yillik-hibrit-basarisi-bekliyor\/"},"modified":"2024-10-17T10:48:07","modified_gmt":"2024-10-17T10:48:07","slug":"toyota-turkiyede-25-yillik-hibrit-basarisi-bekliyor","status":"publish","type":"quickreads","link":"https:\/\/cms.alj3.clients.lemonhq.io\/tr\/quick-reads\/toyota-turkiyede-25-yillik-hibrit-basarisi-bekliyor\/","title":{"rendered":"Toyota, T\u00fcrkiye\u2019de 25 y\u0131ll\u0131k hibrit ba\u015far\u0131s\u0131 bekliyor"},"content":{"rendered":"\n<p>Toyota Turkey CEO&#8217;su <a href=\"https:\/\/www.alj.com\/tr\/our-people\/ali-haydar-bozkurt\/\">Ali Haydar Bozkurt<\/a>, \u00fclkenin hibrit ara\u00e7 sekt\u00f6r\u00fcn\u00fcn 25 y\u0131l s\u00fcreyle b\u00fcy\u00fcme bekleyebilece\u011fine inan\u0131yor zira elektrik \u00fcretim altyap\u0131s\u0131 hen\u00fcz elektrikli ara\u00e7lar\u0131n yayg\u0131n olarak kullan\u0131ma al\u0131nmas\u0131 i\u00e7in haz\u0131r de\u011fil.<\/p>\n\n\n\n<p>Almanya&#8217;n\u0131n Frankfurt kentinde d\u00fczenlenen IAA International Motor Show&#8217;da bir konu\u015fma yapan Bozkurt, \u015funlar\u0131 s\u00f6yledi:<\/p>\n\n\n\n<blockquote class=\"wp-block-quote is-layout-flow wp-block-quote-is-layout-flow\">\n<p><em>\u201cAra\u015ft\u0131rmalara g\u00f6re, T\u00fcrkiye&#8217;nin elektrik da\u011f\u0131t\u0131m ve \u00fcretim sistemi, e\u015fzamanl\u0131 olarak 60.000 elektrikli araca elektrik sa\u011flayamaz ve ar\u0131zalanabilir. Bu altyap\u0131 sorunlar\u0131n\u0131n giderilmesi biraz zaman alacak. Benzer m\u00fchendislik verileri de g\u00f6z \u00f6n\u00fcne al\u0131nd\u0131\u011f\u0131nda, T\u00fcrkiye&#8217;de hibrit ara\u00e7 \u00e7a\u011f\u0131 en 25 y\u0131l daha s\u00fcrecek.\u201d<\/em><\/p>\n<\/blockquote>\n\n\n\n<p>Toyota&#8217;n\u0131n hibrit ara\u00e7 portf\u00f6y\u00fcne en son kat\u0131lan ara\u00e7 da araba fuar\u0131nda ilk kez g\u00f6sterildi. C-HR Hy-Power konsepti, T\u00fcrkiye&#8217;de \u00fcretilen k\u00fcresel \u00f6l\u00e7ekte takdir edilen C-HR modelinin y\u00fcksek g\u00fc\u00e7l\u00fc motora sahip bir versiyonudur.<\/p>\n\n\n\n<p>Toyota, \u015fimdi Avrupa&#8217;da yedi farkl\u0131 g\u00fc\u00e7 aktarma se\u00e7ene\u011fi olan 16 farkl\u0131 hibrit model sunuyor. Bozkurt&#8217;a g\u00f6re, T\u00fcrkiye&#8217;de sat\u0131lan C-HR modellerinin %50&#8217;si ve Bat\u0131 Avrupa&#8217;da sat\u0131lanlar\u0131n %77&#8217;si hibrit.<\/p>\n\n\n\n<blockquote class=\"wp-block-quote is-layout-flow wp-block-quote-is-layout-flow\">\n<p><em>\u201cToyota, 2020 y\u0131l\u0131 itibar\u0131yla sat\u0131\u015flar\u0131n\u0131n %50&#8217;sinin hibrit olmas\u0131 hedefine yakla\u015f\u0131yor. \u00dcretim yelpazesine daha \u00e7evre dostu ara\u00e7lar eklendik\u00e7e bu, 2050 y\u0131l\u0131nda karbon emisyonlar\u0131n\u0131 2010 y\u0131l\u0131na k\u0131yasla %90 oran\u0131nda azaltmam\u0131za yard\u0131mc\u0131 olacak. Hibrit, bizim ay\u0131rt edici kilit \u00f6zelli\u011fimiz olacak. Hibrit \u00fcr\u00fcn yelpazemizi daha da \u00e7e\u015fitlendirmeye devam edece\u011fiz.\u201d<\/em><\/p>\n<\/blockquote>\n","protected":false},"featured_media":7180,"menu_order":0,"template":"","class_list":["post-7190","quickreads","type-quickreads","status-publish","has-post-thumbnail","hentry"],"acf":[],"yoast_head":"<!-- This site is optimized with the Yoast SEO plugin v26.5 - https:\/\/yoast.com\/wordpress\/plugins\/seo\/ -->\n<title>Toyota, T\u00fcrkiye\u2019de 25 y\u0131ll\u0131k hibrit ba\u015far\u0131s\u0131 bekliyor - Abdul Latif Jameel<\/title>\n<meta name=\"robots\" content=\"noindex, follow, max-snippet:-1, max-image-preview:large, max-video-preview:-1\" \/>\n<meta property=\"og:locale\" content=\"tr_TR\" \/>\n<meta property=\"og:type\" content=\"article\" \/>\n<meta property=\"og:title\" content=\"Toyota, T\u00fcrkiye\u2019de 25 y\u0131ll\u0131k hibrit ba\u015far\u0131s\u0131 bekliyor - Abdul Latif Jameel\" \/>\n<meta property=\"og:description\" content=\"Toyota Turkey CEO&#8217;su Ali Haydar Bozkurt, \u00fclkenin hibrit ara\u00e7 sekt\u00f6r\u00fcn\u00fcn 25 y\u0131l s\u00fcreyle b\u00fcy\u00fcme bekleyebilece\u011fine inan\u0131yor zira elektrik \u00fcretim altyap\u0131s\u0131 hen\u00fcz elektrikli ara\u00e7lar\u0131n yayg\u0131n olarak kullan\u0131ma al\u0131nmas\u0131 i\u00e7in haz\u0131r de\u011fil. Almanya&#8217;n\u0131n Frankfurt kentinde d\u00fczenlenen IAA International Motor Show&#8217;da bir konu\u015fma yapan Bozkurt, \u015funlar\u0131 s\u00f6yledi: \u201cAra\u015ft\u0131rmalara g\u00f6re, T\u00fcrkiye&#8217;nin elektrik da\u011f\u0131t\u0131m ve \u00fcretim sistemi, e\u015fzamanl\u0131 olarak 60.000 [&hellip;]\" \/>\n<meta property=\"og:url\" content=\"https:\/\/cms.alj3.clients.lemonhq.io\/tr\/quick-reads\/toyota-turkiyede-25-yillik-hibrit-basarisi-bekliyor\/\" \/>\n<meta property=\"og:site_name\" content=\"Abdul Latif Jameel\" \/>\n<meta property=\"article:modified_time\" content=\"2024-10-17T10:48:07+00:00\" \/>\n<meta property=\"og:image\" content=\"https:\/\/media.alj3.clients.lemonhq.io\/wp-content\/uploads\/2024\/10\/Hybrids-in-Turkey.jpg\" \/>\n\t<meta property=\"og:image:width\" content=\"1531\" \/>\n\t<meta property=\"og:image:height\" content=\"1149\" \/>\n\t<meta property=\"og:image:type\" content=\"image\/jpeg\" \/>\n<meta name=\"twitter:card\" content=\"summary_large_image\" \/>\n<meta name=\"twitter:label1\" content=\"Tahmini okuma s\u00fcresi\" \/>\n\t<meta name=\"twitter:data1\" content=\"1 dakika\" \/>\n<script type=\"application\/ld+json\" class=\"yoast-schema-graph\">{\"@context\":\"https:\/\/schema.org\",\"@graph\":[{\"@type\":\"WebPage\",\"@id\":\"https:\/\/cms.alj3.clients.lemonhq.io\/tr\/quick-reads\/toyota-turkiyede-25-yillik-hibrit-basarisi-bekliyor\/\",\"url\":\"https:\/\/cms.alj3.clients.lemonhq.io\/tr\/quick-reads\/toyota-turkiyede-25-yillik-hibrit-basarisi-bekliyor\/\",\"name\":\"Toyota, T\u00fcrkiye\u2019de 25 y\u0131ll\u0131k hibrit ba\u015far\u0131s\u0131 bekliyor - Abdul Latif Jameel\",\"isPartOf\":{\"@id\":\"https:\/\/10.0.2.222\/en\/#website\"},\"primaryImageOfPage\":{\"@id\":\"https:\/\/cms.alj3.clients.lemonhq.io\/tr\/quick-reads\/toyota-turkiyede-25-yillik-hibrit-basarisi-bekliyor\/#primaryimage\"},\"image\":{\"@id\":\"https:\/\/cms.alj3.clients.lemonhq.io\/tr\/quick-reads\/toyota-turkiyede-25-yillik-hibrit-basarisi-bekliyor\/#primaryimage\"},\"thumbnailUrl\":\"https:\/\/media.alj3.clients.lemonhq.io\/wp-content\/uploads\/2024\/10\/Hybrids-in-Turkey.jpg\",\"datePublished\":\"2017-11-21T06:28:27+00:00\",\"dateModified\":\"2024-10-17T10:48:07+00:00\",\"breadcrumb\":{\"@id\":\"https:\/\/cms.alj3.clients.lemonhq.io\/tr\/quick-reads\/toyota-turkiyede-25-yillik-hibrit-basarisi-bekliyor\/#breadcrumb\"},\"inLanguage\":\"tr\",\"potentialAction\":[{\"@type\":\"ReadAction\",\"target\":[\"https:\/\/cms.alj3.clients.lemonhq.io\/tr\/quick-reads\/toyota-turkiyede-25-yillik-hibrit-basarisi-bekliyor\/\"]}]},{\"@type\":\"ImageObject\",\"inLanguage\":\"tr\",\"@id\":\"https:\/\/cms.alj3.clients.lemonhq.io\/tr\/quick-reads\/toyota-turkiyede-25-yillik-hibrit-basarisi-bekliyor\/#primaryimage\",\"url\":\"https:\/\/media.alj3.clients.lemonhq.io\/wp-content\/uploads\/2024\/10\/Hybrids-in-Turkey.jpg\",\"contentUrl\":\"https:\/\/media.alj3.clients.lemonhq.io\/wp-content\/uploads\/2024\/10\/Hybrids-in-Turkey.jpg\",\"width\":1531,\"height\":1149},{\"@type\":\"BreadcrumbList\",\"@id\":\"https:\/\/cms.alj3.clients.lemonhq.io\/tr\/quick-reads\/toyota-turkiyede-25-yillik-hibrit-basarisi-bekliyor\/#breadcrumb\",\"itemListElement\":[{\"@type\":\"ListItem\",\"position\":1,\"name\":\"Home\",\"item\":\"https:\/\/10.0.2.222\/en\/\"},{\"@type\":\"ListItem\",\"position\":2,\"name\":\"Toyota, T\u00fcrkiye\u2019de 25 y\u0131ll\u0131k hibrit ba\u015far\u0131s\u0131 bekliyor\"}]},{\"@type\":\"WebSite\",\"@id\":\"https:\/\/10.0.2.222\/en\/#website\",\"url\":\"https:\/\/10.0.2.222\/en\/\",\"name\":\"Abdul Latif Jameel\",\"description\":\"\",\"potentialAction\":[{\"@type\":\"SearchAction\",\"target\":{\"@type\":\"EntryPoint\",\"urlTemplate\":\"https:\/\/10.0.2.222\/en\/?s={search_term_string}\"},\"query-input\":{\"@type\":\"PropertyValueSpecification\",\"valueRequired\":true,\"valueName\":\"search_term_string\"}}],\"inLanguage\":\"tr\"}]}<\/script>\n<!-- \/ Yoast SEO plugin. -->","yoast_head_json":{"title":"Toyota, T\u00fcrkiye\u2019de 25 y\u0131ll\u0131k hibrit ba\u015far\u0131s\u0131 bekliyor - Abdul Latif Jameel","robots":{"index":"noindex","follow":"follow","max-snippet":"max-snippet:-1","max-image-preview":"max-image-preview:large","max-video-preview":"max-video-preview:-1"},"og_locale":"tr_TR","og_type":"article","og_title":"Toyota, T\u00fcrkiye\u2019de 25 y\u0131ll\u0131k hibrit ba\u015far\u0131s\u0131 bekliyor - Abdul Latif Jameel","og_description":"Toyota Turkey CEO&#8217;su Ali Haydar Bozkurt, \u00fclkenin hibrit ara\u00e7 sekt\u00f6r\u00fcn\u00fcn 25 y\u0131l s\u00fcreyle b\u00fcy\u00fcme bekleyebilece\u011fine inan\u0131yor zira elektrik \u00fcretim altyap\u0131s\u0131 hen\u00fcz elektrikli ara\u00e7lar\u0131n yayg\u0131n olarak kullan\u0131ma al\u0131nmas\u0131 i\u00e7in haz\u0131r de\u011fil. Almanya&#8217;n\u0131n Frankfurt kentinde d\u00fczenlenen IAA International Motor Show&#8217;da bir konu\u015fma yapan Bozkurt, \u015funlar\u0131 s\u00f6yledi: \u201cAra\u015ft\u0131rmalara g\u00f6re, T\u00fcrkiye&#8217;nin elektrik da\u011f\u0131t\u0131m ve \u00fcretim sistemi, e\u015fzamanl\u0131 olarak 60.000 [&hellip;]","og_url":"https:\/\/cms.alj3.clients.lemonhq.io\/tr\/quick-reads\/toyota-turkiyede-25-yillik-hibrit-basarisi-bekliyor\/","og_site_name":"Abdul Latif Jameel","article_modified_time":"2024-10-17T10:48:07+00:00","og_image":[{"width":1531,"height":1149,"url":"https:\/\/media.alj3.clients.lemonhq.io\/wp-content\/uploads\/2024\/10\/Hybrids-in-Turkey.jpg","type":"image\/jpeg"}],"twitter_card":"summary_large_image","twitter_misc":{"Tahmini okuma s\u00fcresi":"1 dakika"},"schema":{"@context":"https:\/\/schema.org","@graph":[{"@type":"WebPage","@id":"https:\/\/cms.alj3.clients.lemonhq.io\/tr\/quick-reads\/toyota-turkiyede-25-yillik-hibrit-basarisi-bekliyor\/","url":"https:\/\/cms.alj3.clients.lemonhq.io\/tr\/quick-reads\/toyota-turkiyede-25-yillik-hibrit-basarisi-bekliyor\/","name":"Toyota, T\u00fcrkiye\u2019de 25 y\u0131ll\u0131k hibrit ba\u015far\u0131s\u0131 bekliyor - Abdul Latif Jameel","isPartOf":{"@id":"https:\/\/10.0.2.222\/en\/#website"},"primaryImageOfPage":{"@id":"https:\/\/cms.alj3.clients.lemonhq.io\/tr\/quick-reads\/toyota-turkiyede-25-yillik-hibrit-basarisi-bekliyor\/#primaryimage"},"image":{"@id":"https:\/\/cms.alj3.clients.lemonhq.io\/tr\/quick-reads\/toyota-turkiyede-25-yillik-hibrit-basarisi-bekliyor\/#primaryimage"},"thumbnailUrl":"https:\/\/media.alj3.clients.lemonhq.io\/wp-content\/uploads\/2024\/10\/Hybrids-in-Turkey.jpg","datePublished":"2017-11-21T06:28:27+00:00","dateModified":"2024-10-17T10:48:07+00:00","breadcrumb":{"@id":"https:\/\/cms.alj3.clients.lemonhq.io\/tr\/quick-reads\/toyota-turkiyede-25-yillik-hibrit-basarisi-bekliyor\/#breadcrumb"},"inLanguage":"tr","potentialAction":[{"@type":"ReadAction","target":["https:\/\/cms.alj3.clients.lemonhq.io\/tr\/quick-reads\/toyota-turkiyede-25-yillik-hibrit-basarisi-bekliyor\/"]}]},{"@type":"ImageObject","inLanguage":"tr","@id":"https:\/\/cms.alj3.clients.lemonhq.io\/tr\/quick-reads\/toyota-turkiyede-25-yillik-hibrit-basarisi-bekliyor\/#primaryimage","url":"https:\/\/media.alj3.clients.lemonhq.io\/wp-content\/uploads\/2024\/10\/Hybrids-in-Turkey.jpg","contentUrl":"https:\/\/media.alj3.clients.lemonhq.io\/wp-content\/uploads\/2024\/10\/Hybrids-in-Turkey.jpg","width":1531,"height":1149},{"@type":"BreadcrumbList","@id":"https:\/\/cms.alj3.clients.lemonhq.io\/tr\/quick-reads\/toyota-turkiyede-25-yillik-hibrit-basarisi-bekliyor\/#breadcrumb","itemListElement":[{"@type":"ListItem","position":1,"name":"Home","item":"https:\/\/10.0.2.222\/en\/"},{"@type":"ListItem","position":2,"name":"Toyota, T\u00fcrkiye\u2019de 25 y\u0131ll\u0131k hibrit ba\u015far\u0131s\u0131 bekliyor"}]},{"@type":"WebSite","@id":"https:\/\/10.0.2.222\/en\/#website","url":"https:\/\/10.0.2.222\/en\/","name":"Abdul Latif Jameel","description":"","potentialAction":[{"@type":"SearchAction","target":{"@type":"EntryPoint","urlTemplate":"https:\/\/10.0.2.222\/en\/?s={search_term_string}"},"query-input":{"@type":"PropertyValueSpecification","valueRequired":true,"valueName":"search_term_string"}}],"inLanguage":"tr"}]}},"post-meta-fields":{"_wp_page_template":["default"],"_published_date":["field_6057129b493f5"],"published_date":["20171121"],"_location":["field_601267396ce72"],"location":["\u0130stanbul, T\u00fcrkiye"],"_featured":["field_601a3b473c5c5"],"featured":[""],"_footnotes":["field_66fd39afb9383"],"footnotes":[""],"_business_sector":["field_66f6b5bcac8cb"],"business_sector":["Ula\u015f\u0131m"],"_content_series":["field_66fe3c439f8f6"],"content_series":[""],"_old_post_id":["field_66fe3fd59f8f7"],"old_post_id":["14281"],"_short_title":["field_60925d67125ef"],"short_title":["Toyota, T\u00fcrkiye'de 25 y\u0131ll\u0131k hibrit ba\u015far\u0131s\u0131 bekliyor"],"_summary":["field_6019304103a20"],"summary":["Toyota Turkey CEO'su Ali Haydar Bozkurt, \u00fclkenin hibrit ara\u00e7 sekt\u00f6r\u00fcn\u00fcn 25 y\u0131l s\u00fcreyle b\u00fcy\u00fcme bekleyebilece\u011fine inan\u0131yor zira elektrik \u00fcretim altyap\u0131s\u0131 hen\u00fcz elektrikli ara\u00e7lar\u0131n yayg\u0131n olarak kullan\u0131ma al\u0131nmas\u0131 i\u00e7in haz\u0131r de\u011fil."],"_mobile_featured_image":["field_66f6b4bee65f3"],"mobile_featured_image":["https:\/\/cms.alj3.clients.lemonhq.io\/wp-content\/themes\/alj\/assets\/images\/defaultmobilethumb.jpg"],"_push_notification":["field_66f6b47de65f1"],"push_notification":[""],"_publish_mobile":["field_66f6b491e65f2"],"publish_mobile":[""],"_status":["field_652694983fe12"],"status":["publish"],"_thumbnail_id":["7180"],"_wpml_word_count":["{\"total\":259,\"to_translate\":{\"ar\":259,\"zh-hans\":259,\"fr\":259,\"ja\":259,\"es\":259,\"tr\":259}}"],"_last_translation_edit_mode":["translation-editor"],"select_category":["international"]},"_links":{"self":[{"href":"https:\/\/cms.alj3.clients.lemonhq.io\/tr\/wp-json\/wp\/v2\/quickreads\/7190","targetHints":{"allow":["GET"]}}],"collection":[{"href":"https:\/\/cms.alj3.clients.lemonhq.io\/tr\/wp-json\/wp\/v2\/quickreads"}],"about":[{"href":"https:\/\/cms.alj3.clients.lemonhq.io\/tr\/wp-json\/wp\/v2\/types\/quickreads"}],"wp:featuredmedia":[{"embeddable":true,"href":"https:\/\/cms.alj3.clients.lemonhq.io\/tr\/wp-json\/wp\/v2\/media\/7180"}],"wp:attachment":[{"href":"https:\/\/cms.alj3.clients.lemonhq.io\/tr\/wp-json\/wp\/v2\/media?parent=7190"}],"curies":[{"name":"wp","href":"https:\/\/api.w.org\/{rel}","templated":true}]}}