{"id":30295,"date":"2025-11-27T06:47:19","date_gmt":"2025-11-27T06:47:19","guid":{"rendered":"https:\/\/cms.alj3.clients.lemonhq.io\/quick-reads\/hassan-jameel-korfez-aile-isletmeleri-konseyi-baskan-yardimcisi-olarak-atandi\/"},"modified":"2025-12-12T07:40:18","modified_gmt":"2025-12-12T07:40:18","slug":"hassan-jameel-korfez-aile-isletmeleri-konseyi-baskan-yardimcisi-olarak-atandi","status":"publish","type":"quickreads","link":"https:\/\/cms.alj3.clients.lemonhq.io\/tr\/quick-reads\/hassan-jameel-korfez-aile-isletmeleri-konseyi-baskan-yardimcisi-olarak-atandi\/","title":{"rendered":"Hassan Jameel, K\u00f6rfez Aile \u0130\u015fletmeleri Konseyi Ba\u015fkan Yard\u0131mc\u0131s\u0131 olarak atand\u0131"},"content":{"rendered":"\n<p>Aile i\u015fletmelerinin y\u00f6netimini g\u00fc\u00e7lendirmeyi ve K\u00f6rfez \u0130\u015fbirli\u011fi Konseyi (GCC) Devletleri\u2019nde nesiller boyunca s\u00fcreklili\u011fi sa\u011flamay\u0131 ama\u00e7layan \u00f6zel, k\u00e2r amac\u0131 g\u00fctmeyen bir kurulu\u015f olan <a href=\"http:\/\/fbc-gulf.org\/\">K\u00f6rfez Aile \u0130\u015fletmeleri Konseyi \u2013 (FBCG)<\/a><u>,<\/u> Katar\u2019\u0131n Doha \u015fehrinde yeni y\u00f6netimini duyurdu. <a href=\"https:\/\/www.hindbahwangroup.com\/\">Hind Bahwan<\/a>, Y\u00f6netim Kurulu Ba\u015fkan\u0131 olarak ve <a href=\"https:\/\/alj.com\">Abdul Latif Jameel<\/a> Y\u00f6netim Kurulu Ba\u015fkan Vekilimiz ve Y\u00f6netim Kurulu Ba\u015fkan Yard\u0131mc\u0131m\u0131z <a href=\"https:\/\/media.alj.com\/tr\/our-people\/hassan-jameel\/\">Hassan Jameel<\/a> ise Y\u00f6netim Kurulu Ba\u015fkan Yard\u0131mc\u0131s\u0131 olarak atand\u0131.<\/p>\n\n\n\n<p>Bu yeni y\u00f6netim de\u011fi\u015fimi, FBCG\u2019nin \u00f6rnek olarak liderlik etme misyonunu yans\u0131t\u0131yor ve aile i\u015fletmelerinin i\u015f birli\u011fi, dayan\u0131kl\u0131l\u0131k ve topluma hizmet de\u011ferlerine ba\u011fl\u0131 kalarak i\u015fletmenin nesilden nesle devredilme s\u00fcrecini nas\u0131l y\u00f6netebilece\u011fini g\u00f6steriyor.<\/p>\n\n\n\n<p>Aile i\u015fletmeleri GCC ekonomisinin temel dire\u011fidir, \u00f6zel sekt\u00f6r\u00fcn %90\u2019\u0131n\u0131 olu\u015fturur, b\u00f6lgenin GSY\u0130H\u2019s\u0131n\u0131n %60\u2019\u0131na katk\u0131da bulunur ve i\u015f g\u00fcc\u00fcn\u00fcn %80\u2019inden fazlas\u0131n\u0131 istihdam eder. Bununla birlikte, bu aile i\u015fletmelerinin \u00e7o\u011fu nesilden nesle ge\u00e7i\u015fler s\u0131ras\u0131nda zorluklarla kar\u015f\u0131 kar\u015f\u0131ya kal\u0131r. Ara\u015ft\u0131rmalar b\u00f6lgedeki aile i\u015fletmelerinin yaln\u0131zca %33\u2019\u00fcn\u00fcn sa\u011flam, belgelenmi\u015f ve ileti\u015fime dayal\u0131 bir nesilden nesle aktar\u0131m plan\u0131na sahip oldu\u011funu g\u00f6sterirken bu oran k\u00fcresel \u00e7apta %55\u2019tir.<\/p>\n\n\n\n<p><img loading=\"lazy\" decoding=\"async\" class=\"size-full wp-image-119006\" src=\"https:\/\/media.alj3.clients.lemonhq.io\/wp-content\/uploads\/2025\/11\/FCBG-HJ-2.jpeg\" alt=\"Family Business Council Gulf - Hassan Jameel\" width=\"1280\" height=\"853\">Soldan sa\u011fa; Omar Alghanim, K\u00f6rfez Aile \u0130\u015fletmeleri Konseyi\u2019nin g\u00f6revi b\u0131rakan Y\u00f6netim Kurulu Ba\u015fkan\u0131 ve Kurucu Kurul \u00dcyesi; Hind Bahwan, yeni atanan FBCG Y\u00f6netim Kurulu Ba\u015fkan\u0131; Omar Al Futtaim, Al-Futtaim Group Ba\u015fkan Yard\u0131mc\u0131s\u0131 ve CEO; yeni atanan FBCG Ba\u015fkan Yard\u0131mc\u0131s\u0131 Hassan Jameel, Abdul Latif Jameel Ba\u015fkan Yard\u0131mc\u0131s\u0131 ve Y\u00f6netim Kurulu Ba\u015fkan Yard\u0131mc\u0131s\u0131.G\u00f6revi b\u0131rakan Y\u00f6netim Kurulu Ba\u015fkan\u0131 <a href=\"https:\/\/www.omaralghanim.com\/\">Omar K. Alghanim<\/a> g\u00f6rev s\u00fcresi i\u00e7in minnettarl\u0131\u011f\u0131n\u0131 \u015fu s\u00f6zlerle ifade etti:\n<\/p>\n\n\n\n<blockquote class=\"wp-block-quote is-layout-flow wp-block-quote-is-layout-flow\">\n<p><em>\u201cFBCG\u2019nin kurulu\u015funda say\u0131n<\/em><a href=\"https:\/\/www.alghurairfoundation.org\/h-e-abdul-aziz-al-ghurair\/\"><em> Abdulaziz Al Ghurair<\/em><\/a>, <em>K\u00f6rfez b\u00f6lgesindeki aile i\u015fletmelerinin s\u00fcreklili\u011fini ve refah\u0131n\u0131 sa\u011flama misyonunda bize liderlik etti. Bu s\u00f6z\u00fc yerine getirmek i\u00e7in son alt\u0131 y\u0131ld\u0131r Y\u00f6netim Kurulu Ba\u015fkan\u0131 olarak g\u00f6rev yapmak benim i\u00e7in bir onurdu ve son derece \u00f6d\u00fcllendirici bir deneyimdi. G\u00f6rev s\u00fcremiz boyunca, <\/em><a href=\"https:\/\/www.alfuttaim.com\/about-us\/leadership-team\/\"><em>Omar Al Futtaim<\/em><\/a><em> ve y\u00f6netim ekibi ile birlikte gelece\u011fe bir k\u00f6pr\u00fc olu\u015fturduk. Sn. Hind Bahwan ve Hassan Jameel\u2019in geli\u015fi misyonumuzu daha da \u00f6teye ta\u015f\u0131yor ve b\u00f6lgedeki aile i\u015fletmeleri i\u00e7in yeni bir d\u00f6nemi birinci s\u0131n\u0131f bir y\u00f6netim anlay\u0131\u015f\u0131yla ba\u015flat\u0131yor. Bu ge\u00e7i\u015f, FBCG\u2019de inand\u0131\u011f\u0131m\u0131z ve destekledi\u011fimiz planlama ve \u00f6ng\u00f6r\u00fc ilkelerini i\u00e7inde bar\u0131nd\u0131r\u0131yor.\u201d<\/em><\/p>\n<\/blockquote>\n\n\n<div class=\"wp-block-image\">\n<figure class=\"alignleft\"><img decoding=\"async\" src=\"https:\/\/media.alj3.clients.lemonhq.io\/wp-content\/uploads\/2025\/11\/FBCG-Logo.png\" alt=\"\" class=\"wp-image-119013\"\/><\/figure>\n<\/div>\n\n\n<p>Liderlikleri s\u00fcresince FBCG, \u00fcyelerine \u00f6nemli d\u00f6n\u00fcm noktalar\u0131nda yol g\u00f6sterdi. Toplulu\u011fun COVID-19 salg\u0131n\u0131 s\u0131ras\u0131ndaki \u00e7al\u0131\u015fmalar\u0131, aile i\u015fletmelerinin benzeri g\u00f6r\u00fclmemi\u015f bu zorluklar\u0131n \u00fcstesinden gelmelerine yard\u0131mc\u0131 olmak amac\u0131yla \u00f6zel destek sa\u011flayarak onlara dayan\u0131kl\u0131l\u0131k ve kendilerini toparlama f\u0131rsat\u0131 sa\u011flad\u0131. Politikalarda reform savunuculu\u011fuyla nesilden nesle ge\u00e7i\u015fleri kolayla\u015ft\u0131rarak aile miras\u0131n\u0131n devaml\u0131l\u0131\u011f\u0131n\u0131 sa\u011flarken, \u00fcye a\u011f\u0131n\u0131 geni\u015fleterek sekt\u00f6rler ve b\u00f6lgeler aras\u0131nda kapsay\u0131c\u0131l\u0131\u011f\u0131 ve birlikte \u00f6\u011frenmeyi te\u015fvik etti.<\/p>\n\n\n\n<p>Sn. Hind Bahwan\u2019\u0131n aile i\u015fletmeleri ekosistemi ile derin ba\u011flant\u0131s\u0131 ve teknoloji ve i\u015f d\u00fcnyas\u0131nda edindi\u011fi y\u00f6neticilik deneyimi onu FBCG\u2019yi gelece\u011fe ta\u015f\u0131mak i\u00e7in benzersiz bir konuma getiriyor.<\/p>\n\n\n<div class=\"wp-block-image size-medium wp-image-52076\">\n<figure class=\"alignright\"><img decoding=\"async\" src=\"https:\/\/media.alj3.clients.lemonhq.io\/wp-content\/uploads\/2024\/10\/hassan-mohammed-jameel.jpg\" alt=\"Hassan Jameel\" class=\"wp-image-52076\"\/><figcaption class=\"wp-element-caption\">Hassan Jameel<br>Deputy President and Vice Chairman<br>Abdul Latif Jameel<\/figcaption><\/figure>\n<\/div>\n\n\n<p>Yenilik ve s\u00fcrd\u00fcr\u00fclebilirli\u011fe olan ba\u011fl\u0131l\u0131\u011f\u0131yla tan\u0131nan Hassan Jameel bu vizyonu tamaml\u0131yor.<\/p>\n\n\n\n<p><a href=\"https:\/\/alj.com\">Abdul Latif Jameel<\/a> ve <a href=\"https:\/\/communityjameel.org\">Community Jameel<\/a>\u2019deki g\u00f6revleri, b\u00f6lgenin miras\u0131na ba\u011fl\u0131 kal\u0131rken k\u00fcresel zorluklar\u0131n \u00fcstesinden gelmeye olan adanm\u0131\u015fl\u0131\u011f\u0131n\u0131 yans\u0131t\u0131r.<\/p>\n\n\n\n<p>Sn. Hassan Jameel, \u201cAile i\u015fletmeleri sadece ge\u00e7mi\u015fi korumakla ilgili de\u011fil, daha g\u00fc\u00e7l\u00fc bir gelecek in\u015fa etmekle de ilgili\u201d dedi.<\/p>\n\n\n\n<p>\u201cSn. Hind Bahwan, FBCG Y\u00f6netim Kurulu ve \u00fcyelerimiz ile birlikte FBCG\u2019nin b\u00f6lgemizin uzun vadeli refah\u0131n\u0131 kolektif olarak desteklemek i\u00e7in inovasyon ve kapsay\u0131c\u0131l\u0131k oda\u011f\u0131n\u0131 desteklemeye devam etmesini sa\u011flamay\u0131 sab\u0131rs\u0131zl\u0131kla bekliyorum.\u201d<\/p>\n\n\n\n<p>FBCG, bu yeni y\u00f6netim alt\u0131nda a\u011f olu\u015fturma, e\u011fitim giri\u015fimleri ve bilgi payla\u015f\u0131m\u0131 yoluyla GCC\u2019deki aile i\u015fletmeleri i\u00e7in kritik s\u00fcreklilik sorunlar\u0131n\u0131n \u00fcstesinden gelmeye kendini adam\u0131\u015ft\u0131r. Ayr\u0131ca, FBCG, GCC\u2019deki aile i\u015fletmelerini geli\u015fen bir gelece\u011fe do\u011fru y\u00f6nlendirerek s\u00fcrd\u00fcr\u00fclebilirlik zorluklar\u0131n\u0131 belirlemek ve \u00fcstesinden gelmek i\u00e7in liderler ve payda\u015flarla i\u015fbirli\u011fi yapar.<\/p>\n","protected":false},"featured_media":30111,"menu_order":0,"template":"","class_list":["post-30295","quickreads","type-quickreads","status-publish","has-post-thumbnail","hentry"],"acf":[],"yoast_head":"<!-- This site is optimized with the Yoast SEO plugin v26.5 - https:\/\/yoast.com\/wordpress\/plugins\/seo\/ -->\n<title>Hassan Jameel, K\u00f6rfez Aile \u0130\u015fletmeleri Konseyi Ba\u015fkan Yard\u0131mc\u0131s\u0131 olarak atand\u0131 - Abdul Latif Jameel<\/title>\n<meta name=\"robots\" content=\"noindex, follow, max-snippet:-1, max-image-preview:large, max-video-preview:-1\" \/>\n<meta property=\"og:locale\" content=\"tr_TR\" \/>\n<meta property=\"og:type\" content=\"article\" \/>\n<meta property=\"og:title\" content=\"Hassan Jameel, K\u00f6rfez Aile \u0130\u015fletmeleri Konseyi Ba\u015fkan Yard\u0131mc\u0131s\u0131 olarak atand\u0131 - Abdul Latif Jameel\" \/>\n<meta property=\"og:description\" content=\"Aile i\u015fletmelerinin y\u00f6netimini g\u00fc\u00e7lendirmeyi ve K\u00f6rfez \u0130\u015fbirli\u011fi Konseyi (GCC) Devletleri\u2019nde nesiller boyunca s\u00fcreklili\u011fi sa\u011flamay\u0131 ama\u00e7layan \u00f6zel, k\u00e2r amac\u0131 g\u00fctmeyen bir kurulu\u015f olan K\u00f6rfez Aile \u0130\u015fletmeleri Konseyi \u2013 (FBCG), Katar\u2019\u0131n Doha \u015fehrinde yeni y\u00f6netimini duyurdu. Hind Bahwan, Y\u00f6netim Kurulu Ba\u015fkan\u0131 olarak ve Abdul Latif Jameel Y\u00f6netim Kurulu Ba\u015fkan Vekilimiz ve Y\u00f6netim Kurulu Ba\u015fkan Yard\u0131mc\u0131m\u0131z Hassan Jameel [&hellip;]\" \/>\n<meta property=\"og:url\" content=\"https:\/\/cms.alj3.clients.lemonhq.io\/tr\/quick-reads\/hassan-jameel-korfez-aile-isletmeleri-konseyi-baskan-yardimcisi-olarak-atandi\/\" \/>\n<meta property=\"og:site_name\" content=\"Abdul Latif Jameel\" \/>\n<meta property=\"article:modified_time\" content=\"2025-12-12T07:40:18+00:00\" \/>\n<meta property=\"og:image\" content=\"https:\/\/media.alj3.clients.lemonhq.io\/wp-content\/uploads\/2025\/11\/FCBG-HJ-1.jpeg\" \/>\n\t<meta property=\"og:image:width\" content=\"1280\" \/>\n\t<meta property=\"og:image:height\" content=\"853\" \/>\n\t<meta property=\"og:image:type\" content=\"image\/jpeg\" \/>\n<meta name=\"twitter:card\" content=\"summary_large_image\" \/>\n<meta name=\"twitter:label1\" content=\"Tahmini okuma s\u00fcresi\" \/>\n\t<meta name=\"twitter:data1\" content=\"4 dakika\" \/>\n<script type=\"application\/ld+json\" class=\"yoast-schema-graph\">{\"@context\":\"https:\/\/schema.org\",\"@graph\":[{\"@type\":\"WebPage\",\"@id\":\"https:\/\/cms.alj3.clients.lemonhq.io\/tr\/quick-reads\/hassan-jameel-korfez-aile-isletmeleri-konseyi-baskan-yardimcisi-olarak-atandi\/\",\"url\":\"https:\/\/cms.alj3.clients.lemonhq.io\/tr\/quick-reads\/hassan-jameel-korfez-aile-isletmeleri-konseyi-baskan-yardimcisi-olarak-atandi\/\",\"name\":\"Hassan Jameel, K\u00f6rfez Aile \u0130\u015fletmeleri Konseyi Ba\u015fkan Yard\u0131mc\u0131s\u0131 olarak atand\u0131 - Abdul Latif Jameel\",\"isPartOf\":{\"@id\":\"https:\/\/10.0.2.222\/en\/#website\"},\"primaryImageOfPage\":{\"@id\":\"https:\/\/cms.alj3.clients.lemonhq.io\/tr\/quick-reads\/hassan-jameel-korfez-aile-isletmeleri-konseyi-baskan-yardimcisi-olarak-atandi\/#primaryimage\"},\"image\":{\"@id\":\"https:\/\/cms.alj3.clients.lemonhq.io\/tr\/quick-reads\/hassan-jameel-korfez-aile-isletmeleri-konseyi-baskan-yardimcisi-olarak-atandi\/#primaryimage\"},\"thumbnailUrl\":\"https:\/\/media.alj3.clients.lemonhq.io\/wp-content\/uploads\/2025\/11\/FCBG-HJ-1.jpeg\",\"datePublished\":\"2025-11-27T06:47:19+00:00\",\"dateModified\":\"2025-12-12T07:40:18+00:00\",\"breadcrumb\":{\"@id\":\"https:\/\/cms.alj3.clients.lemonhq.io\/tr\/quick-reads\/hassan-jameel-korfez-aile-isletmeleri-konseyi-baskan-yardimcisi-olarak-atandi\/#breadcrumb\"},\"inLanguage\":\"tr\",\"potentialAction\":[{\"@type\":\"ReadAction\",\"target\":[\"https:\/\/cms.alj3.clients.lemonhq.io\/tr\/quick-reads\/hassan-jameel-korfez-aile-isletmeleri-konseyi-baskan-yardimcisi-olarak-atandi\/\"]}]},{\"@type\":\"ImageObject\",\"inLanguage\":\"tr\",\"@id\":\"https:\/\/cms.alj3.clients.lemonhq.io\/tr\/quick-reads\/hassan-jameel-korfez-aile-isletmeleri-konseyi-baskan-yardimcisi-olarak-atandi\/#primaryimage\",\"url\":\"https:\/\/media.alj3.clients.lemonhq.io\/wp-content\/uploads\/2025\/11\/FCBG-HJ-1.jpeg\",\"contentUrl\":\"https:\/\/media.alj3.clients.lemonhq.io\/wp-content\/uploads\/2025\/11\/FCBG-HJ-1.jpeg\",\"width\":1280,\"height\":853},{\"@type\":\"BreadcrumbList\",\"@id\":\"https:\/\/cms.alj3.clients.lemonhq.io\/tr\/quick-reads\/hassan-jameel-korfez-aile-isletmeleri-konseyi-baskan-yardimcisi-olarak-atandi\/#breadcrumb\",\"itemListElement\":[{\"@type\":\"ListItem\",\"position\":1,\"name\":\"Home\",\"item\":\"https:\/\/10.0.2.222\/en\/\"},{\"@type\":\"ListItem\",\"position\":2,\"name\":\"Hassan Jameel, K\u00f6rfez Aile \u0130\u015fletmeleri Konseyi Ba\u015fkan Yard\u0131mc\u0131s\u0131 olarak atand\u0131\"}]},{\"@type\":\"WebSite\",\"@id\":\"https:\/\/10.0.2.222\/en\/#website\",\"url\":\"https:\/\/10.0.2.222\/en\/\",\"name\":\"Abdul Latif Jameel\",\"description\":\"\",\"potentialAction\":[{\"@type\":\"SearchAction\",\"target\":{\"@type\":\"EntryPoint\",\"urlTemplate\":\"https:\/\/10.0.2.222\/en\/?s={search_term_string}\"},\"query-input\":{\"@type\":\"PropertyValueSpecification\",\"valueRequired\":true,\"valueName\":\"search_term_string\"}}],\"inLanguage\":\"tr\"}]}<\/script>\n<!-- \/ Yoast SEO plugin. -->","yoast_head_json":{"title":"Hassan Jameel, K\u00f6rfez Aile \u0130\u015fletmeleri Konseyi Ba\u015fkan Yard\u0131mc\u0131s\u0131 olarak atand\u0131 - Abdul Latif Jameel","robots":{"index":"noindex","follow":"follow","max-snippet":"max-snippet:-1","max-image-preview":"max-image-preview:large","max-video-preview":"max-video-preview:-1"},"og_locale":"tr_TR","og_type":"article","og_title":"Hassan Jameel, K\u00f6rfez Aile \u0130\u015fletmeleri Konseyi Ba\u015fkan Yard\u0131mc\u0131s\u0131 olarak atand\u0131 - Abdul Latif Jameel","og_description":"Aile i\u015fletmelerinin y\u00f6netimini g\u00fc\u00e7lendirmeyi ve K\u00f6rfez \u0130\u015fbirli\u011fi Konseyi (GCC) Devletleri\u2019nde nesiller boyunca s\u00fcreklili\u011fi sa\u011flamay\u0131 ama\u00e7layan \u00f6zel, k\u00e2r amac\u0131 g\u00fctmeyen bir kurulu\u015f olan K\u00f6rfez Aile \u0130\u015fletmeleri Konseyi \u2013 (FBCG), Katar\u2019\u0131n Doha \u015fehrinde yeni y\u00f6netimini duyurdu. Hind Bahwan, Y\u00f6netim Kurulu Ba\u015fkan\u0131 olarak ve Abdul Latif Jameel Y\u00f6netim Kurulu Ba\u015fkan Vekilimiz ve Y\u00f6netim Kurulu Ba\u015fkan Yard\u0131mc\u0131m\u0131z Hassan Jameel [&hellip;]","og_url":"https:\/\/cms.alj3.clients.lemonhq.io\/tr\/quick-reads\/hassan-jameel-korfez-aile-isletmeleri-konseyi-baskan-yardimcisi-olarak-atandi\/","og_site_name":"Abdul Latif Jameel","article_modified_time":"2025-12-12T07:40:18+00:00","og_image":[{"width":1280,"height":853,"url":"https:\/\/media.alj3.clients.lemonhq.io\/wp-content\/uploads\/2025\/11\/FCBG-HJ-1.jpeg","type":"image\/jpeg"}],"twitter_card":"summary_large_image","twitter_misc":{"Tahmini okuma s\u00fcresi":"4 dakika"},"schema":{"@context":"https:\/\/schema.org","@graph":[{"@type":"WebPage","@id":"https:\/\/cms.alj3.clients.lemonhq.io\/tr\/quick-reads\/hassan-jameel-korfez-aile-isletmeleri-konseyi-baskan-yardimcisi-olarak-atandi\/","url":"https:\/\/cms.alj3.clients.lemonhq.io\/tr\/quick-reads\/hassan-jameel-korfez-aile-isletmeleri-konseyi-baskan-yardimcisi-olarak-atandi\/","name":"Hassan Jameel, K\u00f6rfez Aile \u0130\u015fletmeleri Konseyi Ba\u015fkan Yard\u0131mc\u0131s\u0131 olarak atand\u0131 - Abdul Latif Jameel","isPartOf":{"@id":"https:\/\/10.0.2.222\/en\/#website"},"primaryImageOfPage":{"@id":"https:\/\/cms.alj3.clients.lemonhq.io\/tr\/quick-reads\/hassan-jameel-korfez-aile-isletmeleri-konseyi-baskan-yardimcisi-olarak-atandi\/#primaryimage"},"image":{"@id":"https:\/\/cms.alj3.clients.lemonhq.io\/tr\/quick-reads\/hassan-jameel-korfez-aile-isletmeleri-konseyi-baskan-yardimcisi-olarak-atandi\/#primaryimage"},"thumbnailUrl":"https:\/\/media.alj3.clients.lemonhq.io\/wp-content\/uploads\/2025\/11\/FCBG-HJ-1.jpeg","datePublished":"2025-11-27T06:47:19+00:00","dateModified":"2025-12-12T07:40:18+00:00","breadcrumb":{"@id":"https:\/\/cms.alj3.clients.lemonhq.io\/tr\/quick-reads\/hassan-jameel-korfez-aile-isletmeleri-konseyi-baskan-yardimcisi-olarak-atandi\/#breadcrumb"},"inLanguage":"tr","potentialAction":[{"@type":"ReadAction","target":["https:\/\/cms.alj3.clients.lemonhq.io\/tr\/quick-reads\/hassan-jameel-korfez-aile-isletmeleri-konseyi-baskan-yardimcisi-olarak-atandi\/"]}]},{"@type":"ImageObject","inLanguage":"tr","@id":"https:\/\/cms.alj3.clients.lemonhq.io\/tr\/quick-reads\/hassan-jameel-korfez-aile-isletmeleri-konseyi-baskan-yardimcisi-olarak-atandi\/#primaryimage","url":"https:\/\/media.alj3.clients.lemonhq.io\/wp-content\/uploads\/2025\/11\/FCBG-HJ-1.jpeg","contentUrl":"https:\/\/media.alj3.clients.lemonhq.io\/wp-content\/uploads\/2025\/11\/FCBG-HJ-1.jpeg","width":1280,"height":853},{"@type":"BreadcrumbList","@id":"https:\/\/cms.alj3.clients.lemonhq.io\/tr\/quick-reads\/hassan-jameel-korfez-aile-isletmeleri-konseyi-baskan-yardimcisi-olarak-atandi\/#breadcrumb","itemListElement":[{"@type":"ListItem","position":1,"name":"Home","item":"https:\/\/10.0.2.222\/en\/"},{"@type":"ListItem","position":2,"name":"Hassan Jameel, K\u00f6rfez Aile \u0130\u015fletmeleri Konseyi Ba\u015fkan Yard\u0131mc\u0131s\u0131 olarak atand\u0131"}]},{"@type":"WebSite","@id":"https:\/\/10.0.2.222\/en\/#website","url":"https:\/\/10.0.2.222\/en\/","name":"Abdul Latif Jameel","description":"","potentialAction":[{"@type":"SearchAction","target":{"@type":"EntryPoint","urlTemplate":"https:\/\/10.0.2.222\/en\/?s={search_term_string}"},"query-input":{"@type":"PropertyValueSpecification","valueRequired":true,"valueName":"search_term_string"}}],"inLanguage":"tr"}]}},"post-meta-fields":{"_published_date":["field_6057129b493f5"],"published_date":["20241206"],"_location":["field_601267396ce72"],"location":["Doha, Katar"],"_featured":["field_601a3b473c5c5"],"featured":[""],"_footnotes":["field_66fd39afb9383"],"footnotes":[""],"_business_sector":["field_66f6b5bcac8cb"],"business_sector":["\u015eirket"],"_content_series":["field_66fe3c439f8f6"],"content_series":[""],"_old_post_id":["field_66fe3fd59f8f7"],"old_post_id":["119447"],"_short_title":["field_60925d67125ef"],"short_title":["Hassan Jameel, FBCG Y\u00f6netim Kurulu Ba\u015fkan Yard\u0131mc\u0131s\u0131 olarak atand\u0131"],"_summary":["field_6019304103a20"],"summary":["K\u00f6rfez Aile \u0130\u015fletmeleri Konseyi, Katar\u2019\u0131n Doha \u015fehrindeki yeni y\u00f6netimini duyurdu: Sn. Hind Bahwan Ba\u015fkan olarak atand\u0131 ve Hassan Jameel Ba\u015fkan Yard\u0131mc\u0131s\u0131 rol\u00fcn\u00fc \u00fcstlendi"],"_mobile_featured_image":["field_66f6b4bee65f3"],"mobile_featured_image":["https:\/\/cms.alj3.clients.lemonhq.io\/wp-content\/themes\/alj\/assets\/images\/defaultmobilethumb.jpg"],"_push_notification":["field_66f6b47de65f1"],"push_notification":[""],"_publish_mobile":["field_66f6b491e65f2"],"publish_mobile":[""],"_status":["field_652694983fe12"],"status":["publish"],"_wp_page_template":["default"],"amazonS3_cache":["a:6:{s:83:\"\/\/cms.alj3.clients.lemonhq.io\/wp-content\/uploads\/2024\/10\/hassan-mohammed-jameel.jpg\";a:2:{s:2:\"id\";s:4:\"8550\";s:11:\"source_type\";s:13:\"media-library\";}s:85:\"\/\/media.alj3.clients.lemonhq.io\/wp-content\/uploads\/2024\/10\/hassan-mohammed-jameel.jpg\";a:2:{s:2:\"id\";s:4:\"8550\";s:11:\"source_type\";s:13:\"media-library\";}s:71:\"\/\/cms.alj3.clients.lemonhq.io\/wp-content\/uploads\/2025\/11\/FCBG-HJ-2.jpeg\";a:2:{s:2:\"id\";s:5:\"30109\";s:11:\"source_type\";s:13:\"media-library\";}s:73:\"\/\/media.alj3.clients.lemonhq.io\/wp-content\/uploads\/2025\/11\/FCBG-HJ-2.jpeg\";a:2:{s:2:\"id\";s:5:\"30109\";s:11:\"source_type\";s:13:\"media-library\";}s:70:\"\/\/cms.alj3.clients.lemonhq.io\/wp-content\/uploads\/2025\/11\/FBCG-Logo.png\";a:2:{s:2:\"id\";s:5:\"30110\";s:11:\"source_type\";s:13:\"media-library\";}s:72:\"\/\/media.alj3.clients.lemonhq.io\/wp-content\/uploads\/2025\/11\/FBCG-Logo.png\";a:2:{s:2:\"id\";s:5:\"30110\";s:11:\"source_type\";s:13:\"media-library\";}}"],"_thumbnail_id":["30111"],"_wpml_word_count":["{\"total\":555,\"to_translate\":{\"zh-hans\":555,\"en\":555,\"fr\":555,\"ja\":555,\"es\":555,\"tr\":555}}"],"_last_translation_edit_mode":["translation-editor"]},"_links":{"self":[{"href":"https:\/\/cms.alj3.clients.lemonhq.io\/tr\/wp-json\/wp\/v2\/quickreads\/30295","targetHints":{"allow":["GET"]}}],"collection":[{"href":"https:\/\/cms.alj3.clients.lemonhq.io\/tr\/wp-json\/wp\/v2\/quickreads"}],"about":[{"href":"https:\/\/cms.alj3.clients.lemonhq.io\/tr\/wp-json\/wp\/v2\/types\/quickreads"}],"wp:featuredmedia":[{"embeddable":true,"href":"https:\/\/cms.alj3.clients.lemonhq.io\/tr\/wp-json\/wp\/v2\/media\/30111"}],"wp:attachment":[{"href":"https:\/\/cms.alj3.clients.lemonhq.io\/tr\/wp-json\/wp\/v2\/media?parent=30295"}],"curies":[{"name":"wp","href":"https:\/\/api.w.org\/{rel}","templated":true}]}}