{"id":30150,"date":"2024-12-06T05:00:00","date_gmt":"2024-12-06T05:00:00","guid":{"rendered":"https:\/\/cms.alj3.clients.lemonhq.io\/quick-reads\/hassan-jameel-korfez-aile-letmeleri-konseyi-bakan-yardmcs-olarak-atand\/"},"modified":"2026-04-27T21:15:07","modified_gmt":"2026-04-27T21:15:07","slug":"hassan-jameel-appointed-vice-chairman-family-business-council-gulf","status":"publish","type":"quickreads","link":"https:\/\/cms.alj3.clients.lemonhq.io\/tr\/quick-reads\/hassan-jameel-appointed-vice-chairman-family-business-council-gulf\/","title":{"rendered":"Hassan Jameel, K\u00f6rfez Aile ??letmeleri Konseyi Ba?kan Yard?mc?s? olarak atand?"},"content":{"rendered":"\n<p>Aile i?letmelerinin y\u00f6netimini g\u00fc\u00e7lendirmeyi ve K\u00f6rfez ??birli?i Konseyi (GCC) Devletleri\u0092nde nesiller boyunca s\u00fcreklili?i sa?lamay? ama\u00e7layan \u00f6zel, k\u00e2r amac? g\u00fctmeyen bir kurulu? olan <a href=\"http:\/\/fbc-gulf.org\/\">K\u00f6rfez Aile ??letmeleri Konseyi \u0096 (FBCG)<\/a><u>,<\/u> Katar\u0092?n Doha ?ehrinde yeni y\u00f6netimini duyurdu. <a href=\"https:\/\/www.hindbahwangroup.com\/\">Hind Bahwan<\/a>, Y\u00f6netim Kurulu Ba?kan? olarak ve <a href=\"https:\/\/alj.com\">Abdul Latif Jameel<\/a> Y\u00f6netim Kurulu Ba?kan Vekilimiz ve Y\u00f6netim Kurulu Ba?kan Yard?mc?m?z <a href=\"https:\/\/media.alj.com\/tr\/our-people\/hassan-jameel\/\">Hassan Jameel<\/a> ise Y\u00f6netim Kurulu Ba?kan Yard?mc?s? olarak atand?.<\/p>\n\n\n\n<p>Bu yeni y\u00f6netim de?i?imi, FBCG\u0092nin \u00f6rnek olarak liderlik etme misyonunu yans?t?yor ve aile i?letmelerinin i? birli?i, dayan?kl?l?k ve topluma hizmet de?erlerine ba?l? kalarak i?letmenin nesilden nesle devredilme s\u00fcrecini nas?l y\u00f6netebilece?ini g\u00f6steriyor.<\/p>\n\n\n\n<p>Aile i?letmeleri GCC ekonomisinin temel dire?idir, \u00f6zel sekt\u00f6r\u00fcn %90\u0092?n? olu?turur, b\u00f6lgenin GSY?H\u0092s?n?n %60\u0092?na katk?da bulunur ve i? g\u00fcc\u00fcn\u00fcn %80\u0092inden fazlas?n? istihdam eder. Bununla birlikte, bu aile i?letmelerinin \u00e7o?u nesilden nesle ge\u00e7i?ler s?ras?nda zorluklarla kar?? kar??ya kal?r. Ara?t?rmalar b\u00f6lgedeki aile i?letmelerinin yaln?zca %33\u0092\u00fcn\u00fcn sa?lam, belgelenmi? ve ileti?ime dayal? bir nesilden nesle aktar?m plan?na sahip oldu?unu g\u00f6sterirken bu oran k\u00fcresel \u00e7apta %55\u0092tir.<\/p>\n\n\n\n<p><img loading=\"lazy\" decoding=\"async\" class=\"size-full wp-image-119006\" src=\"https:\/\/media.alj3.clients.lemonhq.io\/wp-content\/uploads\/2025\/11\/FCBG-HJ-2.jpeg\" alt=\"Family Business Council Gulf - Hassan Jameel\" width=\"1280\" height=\"853\">Soldan sa?a; Omar Alghanim, K\u00f6rfez Aile ??letmeleri Konseyi\u0092nin g\u00f6revi b?rakan Y\u00f6netim Kurulu Ba?kan? ve Kurucu Kurul \u00dcyesi; Hind Bahwan, yeni atanan FBCG Y\u00f6netim Kurulu Ba?kan?; Omar Al Futtaim, Al-Futtaim Group Ba?kan Yard?mc?s? ve CEO; yeni atanan FBCG Ba?kan Yard?mc?s? Hassan Jameel, Abdul Latif Jameel Ba?kan Yard?mc?s? ve Y\u00f6netim Kurulu Ba?kan Yard?mc?s?.G\u00f6revi b?rakan Y\u00f6netim Kurulu Ba?kan? <a href=\"https:\/\/www.omaralghanim.com\/\">Omar K. Alghanim<\/a> g\u00f6rev s\u00fcresi i\u00e7in minnettarl???n? ?u s\u00f6zlerle ifade etti:\n<\/p>\n\n\n\n<blockquote class=\"wp-block-quote is-layout-flow wp-block-quote-is-layout-flow\">\n<p><em>\u0093FBCG\u0092nin kurulu?unda say?n<\/em><a href=\"https:\/\/www.alghurairfoundation.org\/h-e-abdul-aziz-al-ghurair\/\"><em> Abdulaziz Al Ghurair<\/em><\/a>, <em>K\u00f6rfez b\u00f6lgesindeki aile i?letmelerinin s\u00fcreklili?ini ve refah?n? sa?lama misyonunda bize liderlik etti. Bu s\u00f6z\u00fc yerine getirmek i\u00e7in son alt? y?ld?r Y\u00f6netim Kurulu Ba?kan? olarak g\u00f6rev yapmak benim i\u00e7in bir onurdu ve son derece \u00f6d\u00fcllendirici bir deneyimdi. G\u00f6rev s\u00fcremiz boyunca, <\/em><a href=\"https:\/\/www.alfuttaim.com\/about-us\/leadership-team\/\"><em>Omar Al Futtaim<\/em><\/a><em> ve y\u00f6netim ekibi ile birlikte gelece?e bir k\u00f6pr\u00fc olu?turduk. Sn. Hind Bahwan ve Hassan Jameel\u0092in geli?i misyonumuzu daha da \u00f6teye ta??yor ve b\u00f6lgedeki aile i?letmeleri i\u00e7in yeni bir d\u00f6nemi birinci s?n?f bir y\u00f6netim anlay???yla ba?lat?yor. Bu ge\u00e7i?, FBCG\u0092de inand???m?z ve destekledi?imiz planlama ve \u00f6ng\u00f6r\u00fc ilkelerini i\u00e7inde bar?nd?r?yor.\u0094<\/em><\/p>\n<\/blockquote>\n\n\n<div class=\"wp-block-image\">\n<figure class=\"alignleft\"><img decoding=\"async\" src=\"https:\/\/media.alj3.clients.lemonhq.io\/wp-content\/uploads\/2025\/11\/FBCG-Logo.png\" alt=\"\" class=\"wp-image-119013\"\/><\/figure>\n<\/div>\n\n\n<p>Liderlikleri s\u00fcresince FBCG, \u00fcyelerine \u00f6nemli d\u00f6n\u00fcm noktalar?nda yol g\u00f6sterdi. Toplulu?un COVID-19 salg?n? s?ras?ndaki \u00e7al??malar?, aile i?letmelerinin benzeri g\u00f6r\u00fclmemi? bu zorluklar?n \u00fcstesinden gelmelerine yard?mc? olmak amac?yla \u00f6zel destek sa?layarak onlara dayan?kl?l?k ve kendilerini toparlama f?rsat? sa?lad?. Politikalarda reform savunuculu?uyla nesilden nesle ge\u00e7i?leri kolayla?t?rarak aile miras?n?n devaml?l???n? sa?larken, \u00fcye a??n? geni?leterek sekt\u00f6rler ve b\u00f6lgeler aras?nda kapsay?c?l??? ve birlikte \u00f6?renmeyi te?vik etti.<\/p>\n\n\n\n<p>Sn. Hind Bahwan\u0092?n aile i?letmeleri ekosistemi ile derin ba?lant?s? ve teknoloji ve i? d\u00fcnyas?nda edindi?i y\u00f6neticilik deneyimi onu FBCG\u0092yi gelece?e ta??mak i\u00e7in benzersiz bir konuma getiriyor.<\/p>\n\n\n<div class=\"wp-block-image size-medium wp-image-52076\">\n<figure class=\"alignright\"><img decoding=\"async\" src=\"https:\/\/media.alj3.clients.lemonhq.io\/wp-content\/uploads\/2024\/10\/hassan-mohammed-jameel.jpg\" alt=\"Hassan Jameel\" class=\"wp-image-52076\"\/><figcaption class=\"wp-element-caption\">Hassan Jameel<br>Deputy President and Vice Chairman<br>Abdul Latif Jameel<\/figcaption><\/figure>\n<\/div>\n\n\n<p>Yenilik ve s\u00fcrd\u00fcr\u00fclebilirli?e olan ba?l?l???yla tan?nan Hassan Jameel bu vizyonu tamaml?yor.<\/p>\n\n\n\n<p><a href=\"https:\/\/alj.com\">Abdul Latif Jameel<\/a> ve <a href=\"https:\/\/communityjameel.org\">Community Jameel<\/a>\u0092deki g\u00f6revleri, b\u00f6lgenin miras?na ba?l? kal?rken k\u00fcresel zorluklar?n \u00fcstesinden gelmeye olan adanm??l???n? yans?t?r.<\/p>\n\n\n\n<p>Sn. Hassan Jameel, \u0093Aile i?letmeleri sadece ge\u00e7mi?i korumakla ilgili de?il, daha g\u00fc\u00e7l\u00fc bir gelecek in?a etmekle de ilgili\u0094 dedi.<\/p>\n\n\n\n<p>\u0093Sn. Hind Bahwan, FBCG Y\u00f6netim Kurulu ve \u00fcyelerimiz ile birlikte FBCG\u0092nin b\u00f6lgemizin uzun vadeli refah?n? kolektif olarak desteklemek i\u00e7in inovasyon ve kapsay?c?l?k oda??n? desteklemeye devam etmesini sa?lamay? sab?rs?zl?kla bekliyorum.\u0094<\/p>\n\n\n\n<p>FBCG, bu yeni y\u00f6netim alt?nda a? olu?turma, e?itim giri?imleri ve bilgi payla??m? yoluyla GCC\u0092deki aile i?letmeleri i\u00e7in kritik s\u00fcreklilik sorunlar?n?n \u00fcstesinden gelmeye kendini adam??t?r. Ayr?ca, FBCG, GCC\u0092deki aile i?letmelerini geli?en bir gelece?e do?ru y\u00f6nlendirerek s\u00fcrd\u00fcr\u00fclebilirlik zorluklar?n? belirlemek ve \u00fcstesinden gelmek i\u00e7in liderler ve payda?larla i?birli?i yapar.<\/p>\n\n\n\n<p>119447<\/p>\n","protected":false},"featured_media":30111,"menu_order":0,"template":"","class_list":["post-30150","quickreads","type-quickreads","status-publish","has-post-thumbnail","hentry"],"acf":[],"yoast_head":"<!-- This site is optimized with the Yoast SEO plugin v26.5 - https:\/\/yoast.com\/wordpress\/plugins\/seo\/ -->\n<title>Hassan Jameel, K\u00f6rfez Aile ??letmeleri Konseyi Ba?kan Yard?mc?s? olarak atand? - Abdul Latif Jameel<\/title>\n<meta name=\"robots\" content=\"noindex, follow, max-snippet:-1, max-image-preview:large, max-video-preview:-1\" \/>\n<meta property=\"og:locale\" content=\"tr_TR\" \/>\n<meta property=\"og:type\" content=\"article\" \/>\n<meta property=\"og:title\" content=\"Hassan Jameel, K\u00f6rfez Aile ??letmeleri Konseyi Ba?kan Yard?mc?s? olarak atand? - Abdul Latif Jameel\" \/>\n<meta property=\"og:description\" content=\"Aile i?letmelerinin y\u00f6netimini g\u00fc\u00e7lendirmeyi ve K\u00f6rfez ??birli?i Konseyi (GCC) Devletleri\u0092nde nesiller boyunca s\u00fcreklili?i sa?lamay? ama\u00e7layan \u00f6zel, k\u00e2r amac? g\u00fctmeyen bir kurulu? olan K\u00f6rfez Aile ??letmeleri Konseyi \u0096 (FBCG), Katar\u0092?n Doha ?ehrinde yeni y\u00f6netimini duyurdu. Hind Bahwan, Y\u00f6netim Kurulu Ba?kan? olarak ve Abdul Latif Jameel Y\u00f6netim Kurulu Ba?kan Vekilimiz ve Y\u00f6netim Kurulu Ba?kan Yard?mc?m?z Hassan Jameel [&hellip;]\" \/>\n<meta property=\"og:url\" content=\"https:\/\/cms.alj3.clients.lemonhq.io\/tr\/quick-reads\/hassan-jameel-appointed-vice-chairman-family-business-council-gulf\/\" \/>\n<meta property=\"og:site_name\" content=\"Abdul Latif Jameel\" \/>\n<meta property=\"article:modified_time\" content=\"2026-04-27T21:15:07+00:00\" \/>\n<meta property=\"og:image\" content=\"https:\/\/media.alj3.clients.lemonhq.io\/wp-content\/uploads\/2025\/11\/FCBG-HJ-1.jpeg\" \/>\n\t<meta property=\"og:image:width\" content=\"1280\" \/>\n\t<meta property=\"og:image:height\" content=\"853\" \/>\n\t<meta property=\"og:image:type\" content=\"image\/jpeg\" \/>\n<meta name=\"twitter:card\" content=\"summary_large_image\" \/>\n<meta name=\"twitter:label1\" content=\"Tahmini okuma s\u00fcresi\" \/>\n\t<meta name=\"twitter:data1\" content=\"3 dakika\" \/>\n<script type=\"application\/ld+json\" class=\"yoast-schema-graph\">{\"@context\":\"https:\/\/schema.org\",\"@graph\":[{\"@type\":\"WebPage\",\"@id\":\"https:\/\/cms.alj3.clients.lemonhq.io\/tr\/quick-reads\/hassan-jameel-appointed-vice-chairman-family-business-council-gulf\/\",\"url\":\"https:\/\/cms.alj3.clients.lemonhq.io\/tr\/quick-reads\/hassan-jameel-appointed-vice-chairman-family-business-council-gulf\/\",\"name\":\"Hassan Jameel, K\u00f6rfez Aile ??letmeleri Konseyi Ba?kan Yard?mc?s? olarak atand? - Abdul Latif Jameel\",\"isPartOf\":{\"@id\":\"https:\/\/10.0.2.222\/en\/#website\"},\"primaryImageOfPage\":{\"@id\":\"https:\/\/cms.alj3.clients.lemonhq.io\/tr\/quick-reads\/hassan-jameel-appointed-vice-chairman-family-business-council-gulf\/#primaryimage\"},\"image\":{\"@id\":\"https:\/\/cms.alj3.clients.lemonhq.io\/tr\/quick-reads\/hassan-jameel-appointed-vice-chairman-family-business-council-gulf\/#primaryimage\"},\"thumbnailUrl\":\"https:\/\/media.alj3.clients.lemonhq.io\/wp-content\/uploads\/2025\/11\/FCBG-HJ-1.jpeg\",\"datePublished\":\"2024-12-06T05:00:00+00:00\",\"dateModified\":\"2026-04-27T21:15:07+00:00\",\"breadcrumb\":{\"@id\":\"https:\/\/cms.alj3.clients.lemonhq.io\/tr\/quick-reads\/hassan-jameel-appointed-vice-chairman-family-business-council-gulf\/#breadcrumb\"},\"inLanguage\":\"tr\",\"potentialAction\":[{\"@type\":\"ReadAction\",\"target\":[\"https:\/\/cms.alj3.clients.lemonhq.io\/tr\/quick-reads\/hassan-jameel-appointed-vice-chairman-family-business-council-gulf\/\"]}]},{\"@type\":\"ImageObject\",\"inLanguage\":\"tr\",\"@id\":\"https:\/\/cms.alj3.clients.lemonhq.io\/tr\/quick-reads\/hassan-jameel-appointed-vice-chairman-family-business-council-gulf\/#primaryimage\",\"url\":\"https:\/\/media.alj3.clients.lemonhq.io\/wp-content\/uploads\/2025\/11\/FCBG-HJ-1.jpeg\",\"contentUrl\":\"https:\/\/media.alj3.clients.lemonhq.io\/wp-content\/uploads\/2025\/11\/FCBG-HJ-1.jpeg\",\"width\":1280,\"height\":853},{\"@type\":\"BreadcrumbList\",\"@id\":\"https:\/\/cms.alj3.clients.lemonhq.io\/tr\/quick-reads\/hassan-jameel-appointed-vice-chairman-family-business-council-gulf\/#breadcrumb\",\"itemListElement\":[{\"@type\":\"ListItem\",\"position\":1,\"name\":\"Home\",\"item\":\"https:\/\/10.0.2.222\/en\/\"},{\"@type\":\"ListItem\",\"position\":2,\"name\":\"Hassan Jameel, K\u00f6rfez Aile ??letmeleri Konseyi Ba?kan Yard?mc?s? olarak atand?\"}]},{\"@type\":\"WebSite\",\"@id\":\"https:\/\/10.0.2.222\/en\/#website\",\"url\":\"https:\/\/10.0.2.222\/en\/\",\"name\":\"Abdul Latif Jameel\",\"description\":\"\",\"potentialAction\":[{\"@type\":\"SearchAction\",\"target\":{\"@type\":\"EntryPoint\",\"urlTemplate\":\"https:\/\/10.0.2.222\/en\/?s={search_term_string}\"},\"query-input\":{\"@type\":\"PropertyValueSpecification\",\"valueRequired\":true,\"valueName\":\"search_term_string\"}}],\"inLanguage\":\"tr\"}]}<\/script>\n<!-- \/ Yoast SEO plugin. -->","yoast_head_json":{"title":"Hassan Jameel, K\u00f6rfez Aile ??letmeleri Konseyi Ba?kan Yard?mc?s? olarak atand? - Abdul Latif Jameel","robots":{"index":"noindex","follow":"follow","max-snippet":"max-snippet:-1","max-image-preview":"max-image-preview:large","max-video-preview":"max-video-preview:-1"},"og_locale":"tr_TR","og_type":"article","og_title":"Hassan Jameel, K\u00f6rfez Aile ??letmeleri Konseyi Ba?kan Yard?mc?s? olarak atand? - Abdul Latif Jameel","og_description":"Aile i?letmelerinin y\u00f6netimini g\u00fc\u00e7lendirmeyi ve K\u00f6rfez ??birli?i Konseyi (GCC) Devletleri\u0092nde nesiller boyunca s\u00fcreklili?i sa?lamay? ama\u00e7layan \u00f6zel, k\u00e2r amac? g\u00fctmeyen bir kurulu? olan K\u00f6rfez Aile ??letmeleri Konseyi \u0096 (FBCG), Katar\u0092?n Doha ?ehrinde yeni y\u00f6netimini duyurdu. Hind Bahwan, Y\u00f6netim Kurulu Ba?kan? olarak ve Abdul Latif Jameel Y\u00f6netim Kurulu Ba?kan Vekilimiz ve Y\u00f6netim Kurulu Ba?kan Yard?mc?m?z Hassan Jameel [&hellip;]","og_url":"https:\/\/cms.alj3.clients.lemonhq.io\/tr\/quick-reads\/hassan-jameel-appointed-vice-chairman-family-business-council-gulf\/","og_site_name":"Abdul Latif Jameel","article_modified_time":"2026-04-27T21:15:07+00:00","og_image":[{"width":1280,"height":853,"url":"https:\/\/media.alj3.clients.lemonhq.io\/wp-content\/uploads\/2025\/11\/FCBG-HJ-1.jpeg","type":"image\/jpeg"}],"twitter_card":"summary_large_image","twitter_misc":{"Tahmini okuma s\u00fcresi":"3 dakika"},"schema":{"@context":"https:\/\/schema.org","@graph":[{"@type":"WebPage","@id":"https:\/\/cms.alj3.clients.lemonhq.io\/tr\/quick-reads\/hassan-jameel-appointed-vice-chairman-family-business-council-gulf\/","url":"https:\/\/cms.alj3.clients.lemonhq.io\/tr\/quick-reads\/hassan-jameel-appointed-vice-chairman-family-business-council-gulf\/","name":"Hassan Jameel, K\u00f6rfez Aile ??letmeleri Konseyi Ba?kan Yard?mc?s? olarak atand? - Abdul Latif Jameel","isPartOf":{"@id":"https:\/\/10.0.2.222\/en\/#website"},"primaryImageOfPage":{"@id":"https:\/\/cms.alj3.clients.lemonhq.io\/tr\/quick-reads\/hassan-jameel-appointed-vice-chairman-family-business-council-gulf\/#primaryimage"},"image":{"@id":"https:\/\/cms.alj3.clients.lemonhq.io\/tr\/quick-reads\/hassan-jameel-appointed-vice-chairman-family-business-council-gulf\/#primaryimage"},"thumbnailUrl":"https:\/\/media.alj3.clients.lemonhq.io\/wp-content\/uploads\/2025\/11\/FCBG-HJ-1.jpeg","datePublished":"2024-12-06T05:00:00+00:00","dateModified":"2026-04-27T21:15:07+00:00","breadcrumb":{"@id":"https:\/\/cms.alj3.clients.lemonhq.io\/tr\/quick-reads\/hassan-jameel-appointed-vice-chairman-family-business-council-gulf\/#breadcrumb"},"inLanguage":"tr","potentialAction":[{"@type":"ReadAction","target":["https:\/\/cms.alj3.clients.lemonhq.io\/tr\/quick-reads\/hassan-jameel-appointed-vice-chairman-family-business-council-gulf\/"]}]},{"@type":"ImageObject","inLanguage":"tr","@id":"https:\/\/cms.alj3.clients.lemonhq.io\/tr\/quick-reads\/hassan-jameel-appointed-vice-chairman-family-business-council-gulf\/#primaryimage","url":"https:\/\/media.alj3.clients.lemonhq.io\/wp-content\/uploads\/2025\/11\/FCBG-HJ-1.jpeg","contentUrl":"https:\/\/media.alj3.clients.lemonhq.io\/wp-content\/uploads\/2025\/11\/FCBG-HJ-1.jpeg","width":1280,"height":853},{"@type":"BreadcrumbList","@id":"https:\/\/cms.alj3.clients.lemonhq.io\/tr\/quick-reads\/hassan-jameel-appointed-vice-chairman-family-business-council-gulf\/#breadcrumb","itemListElement":[{"@type":"ListItem","position":1,"name":"Home","item":"https:\/\/10.0.2.222\/en\/"},{"@type":"ListItem","position":2,"name":"Hassan Jameel, K\u00f6rfez Aile ??letmeleri Konseyi Ba?kan Yard?mc?s? olarak atand?"}]},{"@type":"WebSite","@id":"https:\/\/10.0.2.222\/en\/#website","url":"https:\/\/10.0.2.222\/en\/","name":"Abdul Latif Jameel","description":"","potentialAction":[{"@type":"SearchAction","target":{"@type":"EntryPoint","urlTemplate":"https:\/\/10.0.2.222\/en\/?s={search_term_string}"},"query-input":{"@type":"PropertyValueSpecification","valueRequired":true,"valueName":"search_term_string"}}],"inLanguage":"tr"}]}},"post-meta-fields":{"_wp_page_template":["default"],"_published_date":["field_6057129b493f5"],"published_date":["20241206"],"_location":["field_601267396ce72"],"location":["Doha, Katar"],"_featured":["field_601a3b473c5c5"],"featured":["0"],"_footnotes":["field_66fd39afb9383"],"footnotes":[""],"_business_sector":["field_66f6b5bcac8cb"],"business_sector":["\u015eirket"],"_content_series":["field_66fe3c439f8f6"],"content_series":[""],"_old_post_id":["field_66fe3fd59f8f7"],"old_post_id":["119447"],"_short_title":["field_60925d67125ef"],"short_title":["Hassan Jameel, FBCG Y\u00f6netim Kurulu Ba?kan Yard?mc?s? olarak atand?"],"_summary":["field_6019304103a20"],"summary":["K\u00f6rfez Aile ??letmeleri Konseyi, Katar\u0092?n Doha ?ehrindeki yeni y\u00f6netimini duyurdu: Sn. Hind Bahwan Ba?kan olarak atand? ve Hassan Jameel Ba?kan Yard?mc?s? rol\u00fcn\u00fc \u00fcstlendi"],"_mobile_featured_image":["field_66f6b4bee65f3"],"mobile_featured_image":["https:\/\/cms.alj3.clients.lemonhq.io\/wp-content\/themes\/alj\/assets\/images\/defaultmobilethumb.jpg"],"_push_notification":["field_66f6b47de65f1"],"push_notification":[""],"_publish_mobile":["field_66f6b491e65f2"],"publish_mobile":["0"],"_status":["field_652694983fe12"],"status":["publish"],"amazonS3_cache":["a:6:{s:71:\"\/\/cms.alj3.clients.lemonhq.io\/wp-content\/uploads\/2025\/11\/FCBG-HJ-2.jpeg\";a:2:{s:2:\"id\";s:5:\"30109\";s:11:\"source_type\";s:13:\"media-library\";}s:73:\"\/\/media.alj3.clients.lemonhq.io\/wp-content\/uploads\/2025\/11\/FCBG-HJ-2.jpeg\";a:2:{s:2:\"id\";s:5:\"30109\";s:11:\"source_type\";s:13:\"media-library\";}s:70:\"\/\/cms.alj3.clients.lemonhq.io\/wp-content\/uploads\/2025\/11\/FBCG-Logo.png\";a:2:{s:2:\"id\";s:5:\"30110\";s:11:\"source_type\";s:13:\"media-library\";}s:72:\"\/\/media.alj3.clients.lemonhq.io\/wp-content\/uploads\/2025\/11\/FBCG-Logo.png\";a:2:{s:2:\"id\";s:5:\"30110\";s:11:\"source_type\";s:13:\"media-library\";}s:83:\"\/\/cms.alj3.clients.lemonhq.io\/wp-content\/uploads\/2024\/10\/hassan-mohammed-jameel.jpg\";a:2:{s:2:\"id\";s:4:\"8550\";s:11:\"source_type\";s:13:\"media-library\";}s:85:\"\/\/media.alj3.clients.lemonhq.io\/wp-content\/uploads\/2024\/10\/hassan-mohammed-jameel.jpg\";a:2:{s:2:\"id\";s:4:\"8550\";s:11:\"source_type\";s:13:\"media-library\";}}"],"_thumbnail_id":["30111"],"_wpml_word_count":["{\"total\":744,\"to_translate\":{\"ar\":744,\"zh-hans\":744,\"en\":744,\"fr\":744,\"ja\":744,\"es\":744}}"],"_wp_old_date":["2025-11-27"],"_last_translation_edit_mode":["native-editor"],"_wp_old_slug":["hassan-jameel-korfez-aile-letmeleri-konseyi-bakan-yardmcs-olarak-atand"],"_edit_lock":["1777324613:22"],"_edit_last":["22"],"select_category":["international"],"_select_category":["field_6937c5cade1ee"],"_ame_cpe_post_policy":["{\"accessProtection\":{\"active\":\"replace\"}}"],"_wpml_media_duplicate":["1"],"_wpml_media_featured":["1"],"_yoast_wpseo_content_score":["60"],"_yoast_wpseo_estimated-reading-time-minutes":["3"]},"_links":{"self":[{"href":"https:\/\/cms.alj3.clients.lemonhq.io\/tr\/wp-json\/wp\/v2\/quickreads\/30150","targetHints":{"allow":["GET"]}}],"collection":[{"href":"https:\/\/cms.alj3.clients.lemonhq.io\/tr\/wp-json\/wp\/v2\/quickreads"}],"about":[{"href":"https:\/\/cms.alj3.clients.lemonhq.io\/tr\/wp-json\/wp\/v2\/types\/quickreads"}],"wp:featuredmedia":[{"embeddable":true,"href":"https:\/\/cms.alj3.clients.lemonhq.io\/tr\/wp-json\/wp\/v2\/media\/30111"}],"wp:attachment":[{"href":"https:\/\/cms.alj3.clients.lemonhq.io\/tr\/wp-json\/wp\/v2\/media?parent=30150"}],"curies":[{"name":"wp","href":"https:\/\/api.w.org\/{rel}","templated":true}]}}