{"id":30132,"date":"2025-01-07T12:14:00","date_gmt":"2025-01-07T12:14:00","guid":{"rendered":"https:\/\/cms.alj3.clients.lemonhq.io\/quick-reads\/byd-turkiye-yeni-modelleriyle-birlikte-heyecan-verici-bir-donemin-kapsn-aralyor\/"},"modified":"2026-04-27T21:16:10","modified_gmt":"2026-04-27T21:16:10","slug":"byd-turkiye-yeni-modelleriyle-birlikte-heyecan-verici-bir-donemin-kapisini-araliyor-2","status":"publish","type":"quickreads","link":"https:\/\/cms.alj3.clients.lemonhq.io\/tr\/quick-reads\/byd-turkiye-yeni-modelleriyle-birlikte-heyecan-verici-bir-donemin-kapisini-araliyor-2\/","title":{"rendered":"BYD T\u00fcrkiye, yeni modelleriyle birlikte heyecan verici bir d\u00f6nemin kap?s?n? aral?yor"},"content":{"rendered":"\n<p>D\u00fcnyan?n \u00f6nde gelen yeni enerjili ara\u00e7 (?arj edilebilir hibrit ve elektrikli) \u00fcreticisi <a href=\"https:\/\/www.byd.com\/\">BYD<\/a>, T\u00fcrkiye pazar?ndaki b\u00fcy\u00fcmesini h?zland?r?yor. Marka, mevcut \u00fcr\u00fcn yelpazesine d\u00f6rt yeni model daha ekleyerek T\u00fcrkiye\u0092deki \u00fcr\u00fcn yelpazesini alt? modele y\u00fckseltti. ?leri teknolojisi ve \u00e7evreci performans?yla dikkat \u00e7eken BYD, yeni d\u00f6neminde hem t\u00fcketicilerin beklentilerini kar??lamay? hem de sekt\u00f6rdeki konumunu daha da sa?lamla?t?rmay? hedefliyor.<\/p>\n\n\n\n<figure class=\"wp-block-embed is-type-video is-provider-youtube wp-block-embed-youtube wp-embed-aspect-16-9 wp-has-aspect-ratio\"><div class=\"wp-block-embed__wrapper\">\n<iframe loading=\"lazy\" title=\"ALJ Holding - BYD Tu\u0308rkiye Launch Event Nov 2024 (EN VO\/TR Subs)\" width=\"500\" height=\"281\" src=\"https:\/\/www.youtube.com\/embed\/X9_KF4nXiFA?feature=oembed\" frameborder=\"0\" allow=\"accelerometer; autoplay; clipboard-write; encrypted-media; gyroscope; picture-in-picture; web-share\" referrerpolicy=\"strict-origin-when-cross-origin\" allowfullscreen><\/iframe>\n<\/div><\/figure>\n\n\n\n<p>BYD, T\u00fcrkiye pazar?nda sundu?u ilk model olan tam elektrikli C-SUV <a href=\"https:\/\/www.bydauto.com.tr\/atto3\">ATTO 3<\/a>\u0092\u00fc yeni donan?m \u00f6zellikleriyle, D-SUV segmentindeki ?arj edilebilir hibrit modeli olan <a href=\"https:\/\/www.bydauto.com.tr\/sealu-dmi\">SEAL U DM-i<\/a>\u0092y? ise yenilenen fiyat?yla Kas?m ay?nda m\u00fc?terilerinin be?enisine sundu. \u00dcr\u00fcn yelpazesine yeni kat?lan BYD\u0092nin hatchback modeli <a href=\"https:\/\/www.bydauto.com.tr\/dolphin\">DOLPHIN<\/a> ve tam elektrikli D-SUV modeli <a href=\"https:\/\/www.bydauto.com.tr\/sealu-ev\">SEAL U EV<\/a>\u0092yi de Kas?m ay?nda m\u00fc?terileriyle bulu?turan BYD, Aral?k ay?nda ise E segmentindeki sedan modeli <a href=\"https:\/\/www.bydauto.com.tr\/han\">HAN<\/a> ve D segmentindeki sedan modeli <a href=\"https:\/\/www.bydauto.com.tr\/seal\">SEAL<\/a>\u0092? sat??a sunarak T\u00fcrkiye\u0092deki \u00fcr\u00fcn gam?n? toplam alt? modele \u00e7?kard?.<\/p>\n\n\n\n<p>Lansman, ?stanbul\u0092daki Rixos Tersane\u0092de d\u00fczenlenen etkileyici bir etkinlikle ger\u00e7ekle?ti. Etkinlikte, ?ehrin 600 y?l? a?k?n zengin miras? modern l\u00fcksle harmanlanarak inovasyon ve mobilitenin gelece?i g\u00f6zler \u00f6n\u00fcne serildi.<\/p>\n\n\n\n<p>BYD\u0092nin T\u00fcrkiye\u0092deki resmi distrib\u00fct\u00f6r\u00fc, ALJ T\u00fcrkiye, etkinlikte 25 bayinin \u00f6nde gelen temsilcileri, BYD\u0092nin \u00fcst d\u00fczey y\u00f6neticileri ve modellerin tan?t?m?n? heyecanla bekleyen 120\u0092den fazla gazeteci ve influencer? a??rlad?. Lansman?n ard?ndan ge\u00e7en 10 g\u00fcnl\u00fck s\u00fcre i\u00e7inde, BYD modellerini sat?n alma talebiyle 10.000\u0092den fazla m\u00fc?teri ba?vurusu al?nd?.<\/p>\n\n\n\n<p>Bu etkinlik, BYD\u0092nin T\u00fcrk otomotiv pazar?ndaki varl???n? g\u00fc\u00e7lendirmede \u00f6nemli bir ad?m oldu. Marka, rekabet\u00e7i fiyatlarla \u0091ula??labilir premium\u0092 konumunu peki?tirirken, her m\u00fc?teriye uygun y\u00fcksek performansl? ve \u00e7evre dostu otomobiller sunmay? hedefliyor.<\/p>\n\n\n\n<p><a href=\"https:\/\/www.bydauto.com.tr\/\">BYD T\u00fcrkiye<\/a>\u0092nin Genel M\u00fcd\u00fcr\u00fc <a href=\"https:\/\/www.linkedin.com\/in\/ismail-ergun-b7724924\/\">?smail Ergun<\/a>;<\/p>\n\n\n\n<p>\u0093Otomotiv sekt\u00f6r\u00fc b\u00fcy\u00fck bir d\u00f6n\u00fc?\u00fcm s\u00fcrecinden ge\u00e7iyor ve bu d\u00f6n\u00fc?\u00fcme \u00f6nc\u00fcl\u00fck eden markalardan biri olan BYD i\u00e7in T\u00fcrkiye\u0092de yeni bir d\u00f6nem ba?l?yor.<\/p>\n\n\n\n<p>BYD T\u00fcrkiye olarak hedefimiz, \u00fcr\u00fcn \u00e7e?itlili?imizi art?rarak farkl? m\u00fc?teri ihtiya\u00e7lar?na yan?t veren geni? bir \u00fcr\u00fcn yelpazesi sunmak. BYD\u0092nin b\u00fcy\u00fcme ivmesi \u00f6n\u00fcm\u00fczdeki y?l h?zlanacak. \u00d6n\u00fcm\u00fczdeki \u00fc\u00e7 y?l i\u00e7inde binek otomobil pazar?nda en \u00e7ok tercih edilen ilk \u00fc\u00e7 marka aras?nda yer almay? hedefliyoruz.&#8221; dedi.<\/p>\n\n\n\n<p>119286<\/p>\n","protected":false},"featured_media":30122,"menu_order":0,"template":"","class_list":["post-30132","quickreads","type-quickreads","status-publish","has-post-thumbnail","hentry"],"acf":[],"yoast_head":"<!-- This site is optimized with the Yoast SEO plugin v26.5 - https:\/\/yoast.com\/wordpress\/plugins\/seo\/ -->\n<title>BYD T\u00fcrkiye, yeni modelleriyle birlikte heyecan verici bir d\u00f6nemin kap?s?n? aral?yor - Abdul Latif Jameel<\/title>\n<meta name=\"robots\" content=\"noindex, follow, max-snippet:-1, max-image-preview:large, max-video-preview:-1\" \/>\n<meta property=\"og:locale\" content=\"tr_TR\" \/>\n<meta property=\"og:type\" content=\"article\" \/>\n<meta property=\"og:title\" content=\"BYD T\u00fcrkiye, yeni modelleriyle birlikte heyecan verici bir d\u00f6nemin kap?s?n? aral?yor - Abdul Latif Jameel\" \/>\n<meta property=\"og:description\" content=\"D\u00fcnyan?n \u00f6nde gelen yeni enerjili ara\u00e7 (?arj edilebilir hibrit ve elektrikli) \u00fcreticisi BYD, T\u00fcrkiye pazar?ndaki b\u00fcy\u00fcmesini h?zland?r?yor. Marka, mevcut \u00fcr\u00fcn yelpazesine d\u00f6rt yeni model daha ekleyerek T\u00fcrkiye\u0092deki \u00fcr\u00fcn yelpazesini alt? modele y\u00fckseltti. ?leri teknolojisi ve \u00e7evreci performans?yla dikkat \u00e7eken BYD, yeni d\u00f6neminde hem t\u00fcketicilerin beklentilerini kar??lamay? hem de sekt\u00f6rdeki konumunu daha da sa?lamla?t?rmay? hedefliyor. BYD, [&hellip;]\" \/>\n<meta property=\"og:url\" content=\"https:\/\/cms.alj3.clients.lemonhq.io\/tr\/quick-reads\/byd-turkiye-yeni-modelleriyle-birlikte-heyecan-verici-bir-donemin-kapisini-araliyor-2\/\" \/>\n<meta property=\"og:site_name\" content=\"Abdul Latif Jameel\" \/>\n<meta property=\"article:modified_time\" content=\"2026-04-27T21:16:10+00:00\" \/>\n<meta property=\"og:image\" content=\"https:\/\/media.alj3.clients.lemonhq.io\/wp-content\/uploads\/2025\/11\/byd-turkiya-lunch-event-new.jpg\" \/>\n\t<meta property=\"og:image:width\" content=\"2560\" \/>\n\t<meta property=\"og:image:height\" content=\"1708\" \/>\n\t<meta property=\"og:image:type\" content=\"image\/jpeg\" \/>\n<meta name=\"twitter:card\" content=\"summary_large_image\" \/>\n<meta name=\"twitter:label1\" content=\"Tahmini okuma s\u00fcresi\" \/>\n\t<meta name=\"twitter:data1\" content=\"2 dakika\" \/>\n<script type=\"application\/ld+json\" class=\"yoast-schema-graph\">{\"@context\":\"https:\/\/schema.org\",\"@graph\":[{\"@type\":\"WebPage\",\"@id\":\"https:\/\/cms.alj3.clients.lemonhq.io\/tr\/quick-reads\/byd-turkiye-yeni-modelleriyle-birlikte-heyecan-verici-bir-donemin-kapisini-araliyor-2\/\",\"url\":\"https:\/\/cms.alj3.clients.lemonhq.io\/tr\/quick-reads\/byd-turkiye-yeni-modelleriyle-birlikte-heyecan-verici-bir-donemin-kapisini-araliyor-2\/\",\"name\":\"BYD T\u00fcrkiye, yeni modelleriyle birlikte heyecan verici bir d\u00f6nemin kap?s?n? aral?yor - Abdul Latif Jameel\",\"isPartOf\":{\"@id\":\"https:\/\/10.0.2.222\/en\/#website\"},\"primaryImageOfPage\":{\"@id\":\"https:\/\/cms.alj3.clients.lemonhq.io\/tr\/quick-reads\/byd-turkiye-yeni-modelleriyle-birlikte-heyecan-verici-bir-donemin-kapisini-araliyor-2\/#primaryimage\"},\"image\":{\"@id\":\"https:\/\/cms.alj3.clients.lemonhq.io\/tr\/quick-reads\/byd-turkiye-yeni-modelleriyle-birlikte-heyecan-verici-bir-donemin-kapisini-araliyor-2\/#primaryimage\"},\"thumbnailUrl\":\"https:\/\/media.alj3.clients.lemonhq.io\/wp-content\/uploads\/2025\/11\/byd-turkiya-lunch-event-new.jpg\",\"datePublished\":\"2025-01-07T12:14:00+00:00\",\"dateModified\":\"2026-04-27T21:16:10+00:00\",\"breadcrumb\":{\"@id\":\"https:\/\/cms.alj3.clients.lemonhq.io\/tr\/quick-reads\/byd-turkiye-yeni-modelleriyle-birlikte-heyecan-verici-bir-donemin-kapisini-araliyor-2\/#breadcrumb\"},\"inLanguage\":\"tr\",\"potentialAction\":[{\"@type\":\"ReadAction\",\"target\":[\"https:\/\/cms.alj3.clients.lemonhq.io\/tr\/quick-reads\/byd-turkiye-yeni-modelleriyle-birlikte-heyecan-verici-bir-donemin-kapisini-araliyor-2\/\"]}]},{\"@type\":\"ImageObject\",\"inLanguage\":\"tr\",\"@id\":\"https:\/\/cms.alj3.clients.lemonhq.io\/tr\/quick-reads\/byd-turkiye-yeni-modelleriyle-birlikte-heyecan-verici-bir-donemin-kapisini-araliyor-2\/#primaryimage\",\"url\":\"https:\/\/media.alj3.clients.lemonhq.io\/wp-content\/uploads\/2025\/11\/byd-turkiya-lunch-event-new.jpg\",\"contentUrl\":\"https:\/\/media.alj3.clients.lemonhq.io\/wp-content\/uploads\/2025\/11\/byd-turkiya-lunch-event-new.jpg\",\"width\":2560,\"height\":1708},{\"@type\":\"BreadcrumbList\",\"@id\":\"https:\/\/cms.alj3.clients.lemonhq.io\/tr\/quick-reads\/byd-turkiye-yeni-modelleriyle-birlikte-heyecan-verici-bir-donemin-kapisini-araliyor-2\/#breadcrumb\",\"itemListElement\":[{\"@type\":\"ListItem\",\"position\":1,\"name\":\"Home\",\"item\":\"https:\/\/10.0.2.222\/en\/\"},{\"@type\":\"ListItem\",\"position\":2,\"name\":\"BYD T\u00fcrkiye, yeni modelleriyle birlikte heyecan verici bir d\u00f6nemin kap?s?n? aral?yor\"}]},{\"@type\":\"WebSite\",\"@id\":\"https:\/\/10.0.2.222\/en\/#website\",\"url\":\"https:\/\/10.0.2.222\/en\/\",\"name\":\"Abdul Latif Jameel\",\"description\":\"\",\"potentialAction\":[{\"@type\":\"SearchAction\",\"target\":{\"@type\":\"EntryPoint\",\"urlTemplate\":\"https:\/\/10.0.2.222\/en\/?s={search_term_string}\"},\"query-input\":{\"@type\":\"PropertyValueSpecification\",\"valueRequired\":true,\"valueName\":\"search_term_string\"}}],\"inLanguage\":\"tr\"}]}<\/script>\n<!-- \/ Yoast SEO plugin. -->","yoast_head_json":{"title":"BYD T\u00fcrkiye, yeni modelleriyle birlikte heyecan verici bir d\u00f6nemin kap?s?n? aral?yor - Abdul Latif Jameel","robots":{"index":"noindex","follow":"follow","max-snippet":"max-snippet:-1","max-image-preview":"max-image-preview:large","max-video-preview":"max-video-preview:-1"},"og_locale":"tr_TR","og_type":"article","og_title":"BYD T\u00fcrkiye, yeni modelleriyle birlikte heyecan verici bir d\u00f6nemin kap?s?n? aral?yor - Abdul Latif Jameel","og_description":"D\u00fcnyan?n \u00f6nde gelen yeni enerjili ara\u00e7 (?arj edilebilir hibrit ve elektrikli) \u00fcreticisi BYD, T\u00fcrkiye pazar?ndaki b\u00fcy\u00fcmesini h?zland?r?yor. Marka, mevcut \u00fcr\u00fcn yelpazesine d\u00f6rt yeni model daha ekleyerek T\u00fcrkiye\u0092deki \u00fcr\u00fcn yelpazesini alt? modele y\u00fckseltti. ?leri teknolojisi ve \u00e7evreci performans?yla dikkat \u00e7eken BYD, yeni d\u00f6neminde hem t\u00fcketicilerin beklentilerini kar??lamay? hem de sekt\u00f6rdeki konumunu daha da sa?lamla?t?rmay? hedefliyor. BYD, [&hellip;]","og_url":"https:\/\/cms.alj3.clients.lemonhq.io\/tr\/quick-reads\/byd-turkiye-yeni-modelleriyle-birlikte-heyecan-verici-bir-donemin-kapisini-araliyor-2\/","og_site_name":"Abdul Latif Jameel","article_modified_time":"2026-04-27T21:16:10+00:00","og_image":[{"width":2560,"height":1708,"url":"https:\/\/media.alj3.clients.lemonhq.io\/wp-content\/uploads\/2025\/11\/byd-turkiya-lunch-event-new.jpg","type":"image\/jpeg"}],"twitter_card":"summary_large_image","twitter_misc":{"Tahmini okuma s\u00fcresi":"2 dakika"},"schema":{"@context":"https:\/\/schema.org","@graph":[{"@type":"WebPage","@id":"https:\/\/cms.alj3.clients.lemonhq.io\/tr\/quick-reads\/byd-turkiye-yeni-modelleriyle-birlikte-heyecan-verici-bir-donemin-kapisini-araliyor-2\/","url":"https:\/\/cms.alj3.clients.lemonhq.io\/tr\/quick-reads\/byd-turkiye-yeni-modelleriyle-birlikte-heyecan-verici-bir-donemin-kapisini-araliyor-2\/","name":"BYD T\u00fcrkiye, yeni modelleriyle birlikte heyecan verici bir d\u00f6nemin kap?s?n? aral?yor - Abdul Latif Jameel","isPartOf":{"@id":"https:\/\/10.0.2.222\/en\/#website"},"primaryImageOfPage":{"@id":"https:\/\/cms.alj3.clients.lemonhq.io\/tr\/quick-reads\/byd-turkiye-yeni-modelleriyle-birlikte-heyecan-verici-bir-donemin-kapisini-araliyor-2\/#primaryimage"},"image":{"@id":"https:\/\/cms.alj3.clients.lemonhq.io\/tr\/quick-reads\/byd-turkiye-yeni-modelleriyle-birlikte-heyecan-verici-bir-donemin-kapisini-araliyor-2\/#primaryimage"},"thumbnailUrl":"https:\/\/media.alj3.clients.lemonhq.io\/wp-content\/uploads\/2025\/11\/byd-turkiya-lunch-event-new.jpg","datePublished":"2025-01-07T12:14:00+00:00","dateModified":"2026-04-27T21:16:10+00:00","breadcrumb":{"@id":"https:\/\/cms.alj3.clients.lemonhq.io\/tr\/quick-reads\/byd-turkiye-yeni-modelleriyle-birlikte-heyecan-verici-bir-donemin-kapisini-araliyor-2\/#breadcrumb"},"inLanguage":"tr","potentialAction":[{"@type":"ReadAction","target":["https:\/\/cms.alj3.clients.lemonhq.io\/tr\/quick-reads\/byd-turkiye-yeni-modelleriyle-birlikte-heyecan-verici-bir-donemin-kapisini-araliyor-2\/"]}]},{"@type":"ImageObject","inLanguage":"tr","@id":"https:\/\/cms.alj3.clients.lemonhq.io\/tr\/quick-reads\/byd-turkiye-yeni-modelleriyle-birlikte-heyecan-verici-bir-donemin-kapisini-araliyor-2\/#primaryimage","url":"https:\/\/media.alj3.clients.lemonhq.io\/wp-content\/uploads\/2025\/11\/byd-turkiya-lunch-event-new.jpg","contentUrl":"https:\/\/media.alj3.clients.lemonhq.io\/wp-content\/uploads\/2025\/11\/byd-turkiya-lunch-event-new.jpg","width":2560,"height":1708},{"@type":"BreadcrumbList","@id":"https:\/\/cms.alj3.clients.lemonhq.io\/tr\/quick-reads\/byd-turkiye-yeni-modelleriyle-birlikte-heyecan-verici-bir-donemin-kapisini-araliyor-2\/#breadcrumb","itemListElement":[{"@type":"ListItem","position":1,"name":"Home","item":"https:\/\/10.0.2.222\/en\/"},{"@type":"ListItem","position":2,"name":"BYD T\u00fcrkiye, yeni modelleriyle birlikte heyecan verici bir d\u00f6nemin kap?s?n? aral?yor"}]},{"@type":"WebSite","@id":"https:\/\/10.0.2.222\/en\/#website","url":"https:\/\/10.0.2.222\/en\/","name":"Abdul Latif Jameel","description":"","potentialAction":[{"@type":"SearchAction","target":{"@type":"EntryPoint","urlTemplate":"https:\/\/10.0.2.222\/en\/?s={search_term_string}"},"query-input":{"@type":"PropertyValueSpecification","valueRequired":true,"valueName":"search_term_string"}}],"inLanguage":"tr"}]}},"post-meta-fields":{"_wp_page_template":["default"],"_oembed_37ef2189134cab22e288a06a0462a0d5":["<iframe title=\"ALJ Holding - BYD Tu\u0308rkiye Launch Event Nov 2024 (EN VO\/TR Subs)\" width=\"500\" height=\"281\" src=\"https:\/\/www.youtube.com\/embed\/X9_KF4nXiFA?feature=oembed\" frameborder=\"0\" allow=\"accelerometer; autoplay; clipboard-write; encrypted-media; gyroscope; picture-in-picture; web-share\" referrerpolicy=\"strict-origin-when-cross-origin\" allowfullscreen><\/iframe>"],"_oembed_time_37ef2189134cab22e288a06a0462a0d5":["1764224127"],"_published_date":["field_6057129b493f5"],"published_date":["20250107"],"_location":["field_601267396ce72"],"location":["?stanbul, T\u00fcrkiye"],"_featured":["field_601a3b473c5c5"],"featured":["0"],"_footnotes":["field_66fd39afb9383"],"footnotes":[""],"_business_sector":["field_66f6b5bcac8cb"],"business_sector":["Ula\u015f\u0131m"],"_content_series":["field_66fe3c439f8f6"],"content_series":[""],"_old_post_id":["field_66fe3fd59f8f7"],"old_post_id":["119286"],"_short_title":["field_60925d67125ef"],"short_title":["BYD T\u00fcrkiye, yeni modelleriyle birlikte heyecan verici bir d\u00f6nemin"],"_summary":["field_6019304103a20"],"summary":["D\u00fcnyan?n \u00f6nde gelen yeni enerjili ara\u00e7 (?arj edilebilir hibrit ve elektrikli) \u00fcreticisi BYD, T\u00fcrkiye pazar?ndaki b\u00fcy\u00fcmesini h?zland?r?yor. Marka, mevcut \u00fcr\u00fcn yelpazesine d\u00f6rt yeni model daha ekleyerek T\u00fcrkiye\u0092deki \u00fcr\u00fcn yelpazesini alt? modele y\u00fckseltti. ?leri teknolojisi ve \u00e7evreci performans?yla dikkat \u00e7eken BYD, yeni d\u00f6neminde hem t\u00fcketicilerin beklentilerini kar??lamay? hem de sekt\u00f6rdeki konumunu daha da sa?lamla?t?rmay? hedefliyor."],"_mobile_featured_image":["field_66f6b4bee65f3"],"mobile_featured_image":["https:\/\/cms.alj3.clients.lemonhq.io\/wp-content\/themes\/alj\/assets\/images\/defaultmobilethumb.jpg"],"_push_notification":["field_66f6b47de65f1"],"push_notification":[""],"_publish_mobile":["field_66f6b491e65f2"],"publish_mobile":["0"],"_status":["field_652694983fe12"],"status":["publish"],"_thumbnail_id":["30122"],"_wpml_word_count":["{\"total\":398,\"to_translate\":{\"ar\":398,\"zh-hans\":398,\"en\":398,\"fr\":398,\"ja\":398,\"es\":398}}"],"amazonS3_cache":["a:2:{s:85:\"\/\/cms.alj3.clients.lemonhq.io\/wp-content\/uploads\/2025\/11\/Spanish-Government-Logos.png\";a:2:{s:2:\"id\";s:5:\"30103\";s:11:\"source_type\";s:13:\"media-library\";}s:87:\"\/\/media.alj3.clients.lemonhq.io\/wp-content\/uploads\/2025\/11\/Spanish-Government-Logos.png\";a:2:{s:2:\"id\";s:5:\"30103\";s:11:\"source_type\";s:13:\"media-library\";}}"],"_edit_lock":["1777324629:22"],"_oembed_8a194bc2dbabffe7acd25f7f508e56f6":["<iframe title=\"ALJ Holding - BYD Tu\u0308rkiye Launch Event Nov 2024 (EN VO\/TR Subs)\" width=\"840\" height=\"473\" src=\"https:\/\/www.youtube.com\/embed\/X9_KF4nXiFA?feature=oembed\" frameborder=\"0\" allow=\"accelerometer; autoplay; clipboard-write; encrypted-media; gyroscope; picture-in-picture; web-share\" referrerpolicy=\"strict-origin-when-cross-origin\" allowfullscreen><\/iframe>"],"_oembed_time_8a194bc2dbabffe7acd25f7f508e56f6":["1764320749"],"_last_translation_edit_mode":["native-editor"],"_edit_last":["22"],"_wpml_media_duplicate":["1"],"_wpml_media_featured":["1"],"_yoast_wpseo_primary_category":[""],"_yoast_wpseo_estimated-reading-time-minutes":["2"],"_wpml_location_migration_done":["1"],"_wp_old_date":["2025-11-27"],"_wp_old_slug":["byd-turkiye-yeni-modelleriyle-birlikte-heyecan-verici-bir-donemin-kapsn-aralyor"],"select_category":["international"],"_select_category":["field_6937c5cade1ee"],"_ame_cpe_post_policy":["{\"accessProtection\":{\"active\":\"replace\"}}"],"_yoast_wpseo_content_score":["60"]},"_links":{"self":[{"href":"https:\/\/cms.alj3.clients.lemonhq.io\/tr\/wp-json\/wp\/v2\/quickreads\/30132","targetHints":{"allow":["GET"]}}],"collection":[{"href":"https:\/\/cms.alj3.clients.lemonhq.io\/tr\/wp-json\/wp\/v2\/quickreads"}],"about":[{"href":"https:\/\/cms.alj3.clients.lemonhq.io\/tr\/wp-json\/wp\/v2\/types\/quickreads"}],"wp:featuredmedia":[{"embeddable":true,"href":"https:\/\/cms.alj3.clients.lemonhq.io\/tr\/wp-json\/wp\/v2\/media\/30122"}],"wp:attachment":[{"href":"https:\/\/cms.alj3.clients.lemonhq.io\/tr\/wp-json\/wp\/v2\/media?parent=30132"}],"curies":[{"name":"wp","href":"https:\/\/api.w.org\/{rel}","templated":true}]}}