{"id":8317,"date":"2020-04-20T07:37:10","date_gmt":"2020-04-20T07:37:10","guid":{"rendered":"https:\/\/cms.alj3.clients.lemonhq.io\/quick-reads\/international-mother-earth-day-2020-seeking-harmony-with-nature-4\/"},"modified":"2024-10-17T10:44:01","modified_gmt":"2024-10-17T10:44:01","slug":"international-mother-earth-day-2020-seeking-harmony-with-nature-4","status":"publish","type":"quickreads","link":"https:\/\/cms.alj3.clients.lemonhq.io\/fr\/quick-reads\/international-mother-earth-day-2020-seeking-harmony-with-nature-4\/","title":{"rendered":"Journ\u00e9e mondiale de la Terre nourrici\u00e8re\u00a0: en harmonie avec la nature"},"content":{"rendered":"\n<p>En&nbsp;2009, l\u2019<a href=\"https:\/\/www.un.org\/en\/\">Assembl\u00e9e g\u00e9n\u00e9rale des Nations Unies<\/a> a annonc\u00e9 que le 22&nbsp;avril serait la \u00ab&nbsp;<em>Journ\u00e9e internationale de la Terre nourrici\u00e8re<\/em>&nbsp;\u00bb, reconnaissant ainsi l\u2019int\u00e9r\u00eat commun de l\u2019humanit\u00e9 pour la protection de la plan\u00e8te et de son environnement, et l\u2019importance de parvenir \u00e0 vivre en harmonie avec la nature.<\/p>\n\n\n\n<p>Sans trouver un moyen de collaborer dans un rapport<em> d\u2019interd\u00e9pendance<\/em> avec la Terre et ses \u00e9cosyst\u00e8mes vitaux, les besoins \u00e9conomiques, sociaux et environnementaux de la g\u00e9n\u00e9ration actuelle pourraient ne pas \u00eatre satisfaits. Ce qui pourrait malencontreusement compromettre l\u2019acc\u00e8s \u00e0 une plan\u00e8te durable pour les g\u00e9n\u00e9rations futures.<\/p>\n\n\n\n<p>Onze ans apr\u00e8s avoir plac\u00e9 la protection de nos \u00e9cosyst\u00e8mes en t\u00eate de l\u2019agenda environnemental, avons-nous respect\u00e9 notre engagement&nbsp;?<\/p>\n\n\n\n<p>La fin de la d\u00e9cennie la plus chaude jamais enregistr\u00e9e a \u00e9t\u00e9 marqu\u00e9e par des incendies de for\u00eat g\u00e9n\u00e9ralis\u00e9s et d\u00e9vastateurs dans toute l\u2019Amazonie, dans certaines parties de l\u2019Indon\u00e9sie et des \u00c9tats-Unis, en Australie et m\u00eame au niveau du cercle arctique.<\/p>\n\n\n\n<p>Rien qu\u2019en Australie au d\u00e9but de cette ann\u00e9e, des feux de brousse ont consum\u00e9 pr\u00e8s de 61&nbsp;000&nbsp;km2 de terres, d\u00e9truit plus de 2&nbsp;000&nbsp;maisons, co\u00fbt\u00e9 la vie \u00e0 des dizaines de personnes et des milliards d\u2019animaux. Les experts estiment en outre que les fum\u00e9es des incendies violents, observ\u00e9es jusqu\u2019en Argentine, sont responsables de 417&nbsp;d\u00e9c\u00e8s suppl\u00e9mentaires<a href=\"#_edn1\" name=\"_ednref1\">[i]<\/a>.<\/p>\n\n\n\n<p>Alors que l\u2019Afrique de l\u2019Est affronte une deuxi\u00e8me vague de l\u2019un de ses pires assauts de nu\u00e9e de criquets p\u00e8lerins, de m\u00e9moire d\u2019homme, mettant en danger des millions de personnes vuln\u00e9rables et mena\u00e7ant leurs moyens de subsistance. Ce que l\u2019agence sp\u00e9cialis\u00e9e des Nations Unies, l\u2019Organisation pour l\u2019alimentation et l\u2019agriculture (<a href=\"http:\/\/www.fao.org\/home\/en\/\">FAO<\/a>) qualifie de \u00ab&nbsp;<em>menace sans pr\u00e9c\u00e9dent<\/em>&nbsp;\u00bb \u00e0 la s\u00e9curit\u00e9 alimentaire<a href=\"#_edn2\" name=\"_ednref2\">[ii]<\/a>.<\/p>\n\n\n\n<p>Ces cas de plus en plus fr\u00e9quents et graves sont un avertissement flagrant de M\u00e8re Nature elle-m\u00eame montrant que nos efforts pour g\u00e9rer de mani\u00e8re responsable des ressources limit\u00e9es restent insuffisants et inefficaces face \u00e0 l\u2019explosion de la croissance d\u00e9mographique humaine, et que nous exer\u00e7ons trop de pressions sur le milieu naturel. L\u2019heure est venue, sans le moindre doute, de r\u00e9\u00e9quilibrer cette relation.<\/p>\n\n\n\n<p>Co\u00efncidant avec le fait que&nbsp;2020 est une \u00ab&nbsp;<em>super ann\u00e9e&nbsp;\u00bb pour la biodiversit\u00e9<\/em><a href=\"#_edn3\" name=\"_ednref3\">[iii]<\/a>, la Journ\u00e9e internationale de la Terre nourrici\u00e8re de cette \u00e9dition se concentre sur le m\u00eame th\u00e8me et sur l\u2019importance de la protection et de la pr\u00e9servation des \u00e9cosyst\u00e8mes, vitaux pour maintenir l\u2019\u00e9quilibre de la plan\u00e8te.<\/p>\n\n\n\n<p>Selon les Nations Unies&nbsp;:<\/p>\n\n\n\n<blockquote class=\"wp-block-quote is-layout-flow wp-block-quote-is-layout-flow\">\n<p>\u00ab&nbsp;Les liens sp\u00e9cifiques entre la sant\u00e9 et la biodiversit\u00e9 comprennent l\u2019impact sur la nutrition, la recherche en mati\u00e8re de sant\u00e9 ou la m\u00e9decine traditionnelle, les nouvelles maladies infectieuses et l\u2019influence sur les changements dans la r\u00e9partition des plantes, des agents pathog\u00e8nes, des animaux et m\u00eame des foyers d\u2019habitats humains, pour la plupart affect\u00e9s par le changement climatique<a href=\"#_edn4\" name=\"_ednref4\"><strong>[iv]<\/strong><\/a>.&nbsp;\u00bb<\/p>\n<\/blockquote>\n\n\n\n<p>En&nbsp;2016, le Programme des Nations Unies pour l\u2019environnement (<a href=\"https:\/\/www.unenvironment.org\/\">PNUE<\/a>) a not\u00e9 une augmentation mondiale des \u00e9pid\u00e9mies zoonotiques comme un sujet de pr\u00e9occupation. Plus pr\u00e9cis\u00e9ment, il a soulign\u00e9 que 75&nbsp;% de toutes les maladies infectieuses ou parasitaires \u00e9mergentes chez l\u2019homme sont zoonotiques et que ces zoonoses sont \u00e9troitement li\u00e9es \u00e0 la salubrit\u00e9 des \u00e9cosyst\u00e8mes. Aujourd\u2019hui, le monde est confront\u00e9 \u00e0 une toute nouvelle pand\u00e9mie qui s\u2019av\u00e8re \u00eatre la plus dramatique depuis des d\u00e9cennies. D\u2019apr\u00e8s Inger Andersen, Directrice g\u00e9n\u00e9rale du PNUE, nous pouvons nous attendre \u00e0 une recrudescence des \u00e9pid\u00e9mies \u00e0 moins que nous ne prenions des mesures urgentes pour prot\u00e9ger notre plan\u00e8te&nbsp;:<\/p>\n\n\n\n<blockquote class=\"wp-block-quote is-layout-flow wp-block-quote-is-layout-flow\">\n<p>\u00ab&nbsp;Nous sommes dans une relation d\u2019interd\u00e9pendance avec la nature, que cela nous plaise ou non. Si nous ne prenons pas soin de la nature, nous ne pouvons pas prendre soin de nous-m\u00eames.&nbsp;\u00bb<\/p>\n<\/blockquote>\n\n\n\n<p>Pourtant, bien que l\u2019importance capitale de la protection de notre environnement soit comprise et reconnue par les gouvernements du monde entier, la perte de biodiversit\u00e9 s\u2019acc\u00e9l\u00e8re dans toutes les r\u00e9gions du monde, et ce, en d\u00e9pit de la biodiversit\u00e9 directement li\u00e9e \u00e0 9&nbsp;des 17&nbsp;objectifs de d\u00e9veloppement durable (ODD).<\/p>\n\n\n\n<p>Le laboratoire <a href=\"https:\/\/jwafs.mit.edu\/\">Abdul Latif Jameel Water and Food Systems Lab (J-WAFS)<\/a> au <a href=\"http:\/\/www.mit.edu\/\">Massachusetts Institute of Technology (MIT)<\/a>, m\u00e8ne actuellement des programmes de recherche, d\u00e9di\u00e9s \u00e0 la lutte contre le changement climatique et \u00e0 la promotion de la durabilit\u00e9. Ces projets explorent de nouvelles solutions et technologies innovantes pour renforcer la r\u00e9silience face \u00e0 la crise climatique et \u00e0 l\u2019impact environnemental.<\/p>\n\n\n\n<p>Se joignant \u00e0 la bataille, l\u2019Abdul Latif Jameel Institute for Disease and Emergency Analytics (<a href=\"https:\/\/www.imperial.ac.uk\/jameel-institute\/\">J-IDEA<\/a>) \u00e0 l\u2019<a href=\"https:\/\/www.imperial.ac.uk\/jameel-institute\/\">Imperial College London<\/a> est au premier plan pour offrir une r\u00e9ponse mondiale \u00e0 la pand\u00e9mie de COVID-19. Co-fond\u00e9 par l\u2019Imperial College London et <a href=\"https:\/\/www.communityjameel.org\/\">Community Jameel<\/a> en&nbsp;2019, le J-IDEA a pour mission de lutter contre les risques de maladies dans le monde.<\/p>\n\n\n\n<p>Dans un monde en plein bouleversement, une certitude s\u2019impose&nbsp;: l\u2019heure est venue pour l\u2019humanit\u00e9 d\u2019agir et de cesser de mordre la main qui la nourrit.<\/p>\n\n\n\n<figure class=\"wp-block-video\"><video controls src=\"https:\/\/www.alj.com\/app\/uploads\/2020\/04\/Apr21_ALjMotherDay02.mp4\"><\/video><\/figure>\n\n\n\n<p>&nbsp;<\/p>\n\n\n\n<p><a href=\"#_ednref1\" name=\"_edn1\">[i]<\/a> Source&nbsp;: Medical Journey of Australia, mars&nbsp;2020&nbsp;: <a href=\"https:\/\/www.mja.com.au\/journal\/2020\/bushfire-smoke-responsible-over-400-excess-deaths\">https:\/\/www.mja.com.au\/journal\/2020\/bushfire-smoke-responsible-over-400-excess-deaths<\/a><\/p>\n\n\n\n<p><a href=\"#_ednref2\" name=\"_edn2\">[ii]<\/a> FAO&nbsp;: <a href=\"http:\/\/www.fao.org\/resilience\/news-events\/detail\/en\/c\/1270479\/\">http:\/\/www.fao.org\/resilience\/news-events\/detail\/en\/c\/1270479\/<\/a><\/p>\n\n\n\n<p><a href=\"#_ednref3\" name=\"_edn3\">[iii]<\/a> PNUE&nbsp;: <a href=\"https:\/\/www.unenvironment.org\/news-and-stories\/news\/2020-super-year-nature-and-biodiversity\">https:\/\/www.unenvironment.org\/news-and-stories\/news\/2020-super-year-nature-and-biodiversity<\/a><\/p>\n\n\n\n<p><a href=\"#_ednref4\" name=\"_edn4\">[iv]<\/a> ONU&nbsp;: <a href=\"https:\/\/www.un.org\/en\/observances\/earth-day\">https:\/\/www.un.org\/en\/observances\/earth-day<\/a><\/p>\n","protected":false},"featured_media":8314,"menu_order":0,"template":"","class_list":["post-8317","quickreads","type-quickreads","status-publish","has-post-thumbnail","hentry"],"acf":[],"yoast_head":"<!-- This site is optimized with the Yoast SEO plugin v26.5 - https:\/\/yoast.com\/wordpress\/plugins\/seo\/ -->\n<title>Journ\u00e9e mondiale de la Terre nourrici\u00e8re\u00a0: en harmonie avec la nature - Abdul Latif Jameel<\/title>\n<meta name=\"robots\" content=\"noindex, follow, max-snippet:-1, max-image-preview:large, max-video-preview:-1\" \/>\n<meta property=\"og:locale\" content=\"fr_FR\" \/>\n<meta property=\"og:type\" content=\"article\" \/>\n<meta property=\"og:title\" content=\"Journ\u00e9e mondiale de la Terre nourrici\u00e8re\u00a0: en harmonie avec la nature - Abdul Latif Jameel\" \/>\n<meta property=\"og:description\" content=\"En&nbsp;2009, l\u2019Assembl\u00e9e g\u00e9n\u00e9rale des Nations Unies a annonc\u00e9 que le 22&nbsp;avril serait la \u00ab&nbsp;Journ\u00e9e internationale de la Terre nourrici\u00e8re&nbsp;\u00bb, reconnaissant ainsi l\u2019int\u00e9r\u00eat commun de l\u2019humanit\u00e9 pour la protection de la plan\u00e8te et de son environnement, et l\u2019importance de parvenir \u00e0 vivre en harmonie avec la nature. Sans trouver un moyen de collaborer dans un rapport [&hellip;]\" \/>\n<meta property=\"og:url\" content=\"https:\/\/cms.alj3.clients.lemonhq.io\/fr\/quick-reads\/international-mother-earth-day-2020-seeking-harmony-with-nature-4\/\" \/>\n<meta property=\"og:site_name\" content=\"Abdul Latif Jameel\" \/>\n<meta property=\"article:modified_time\" content=\"2024-10-17T10:44:01+00:00\" \/>\n<meta property=\"og:image\" content=\"https:\/\/media.alj3.clients.lemonhq.io\/wp-content\/uploads\/2024\/10\/margot-richard-NJJ7paSBO-c-unsplash-scaled.jpg\" \/>\n\t<meta property=\"og:image:width\" content=\"1920\" \/>\n\t<meta property=\"og:image:height\" content=\"2560\" \/>\n\t<meta property=\"og:image:type\" content=\"image\/jpeg\" \/>\n<meta name=\"twitter:card\" content=\"summary_large_image\" \/>\n<meta name=\"twitter:label1\" content=\"Dur\u00e9e de lecture estim\u00e9e\" \/>\n\t<meta name=\"twitter:data1\" content=\"5 minutes\" \/>\n<script type=\"application\/ld+json\" class=\"yoast-schema-graph\">{\"@context\":\"https:\/\/schema.org\",\"@graph\":[{\"@type\":\"WebPage\",\"@id\":\"https:\/\/cms.alj3.clients.lemonhq.io\/fr\/quick-reads\/international-mother-earth-day-2020-seeking-harmony-with-nature-4\/\",\"url\":\"https:\/\/cms.alj3.clients.lemonhq.io\/fr\/quick-reads\/international-mother-earth-day-2020-seeking-harmony-with-nature-4\/\",\"name\":\"Journ\u00e9e mondiale de la Terre nourrici\u00e8re\u00a0: en harmonie avec la nature - Abdul Latif Jameel\",\"isPartOf\":{\"@id\":\"https:\/\/10.0.2.222\/en\/#website\"},\"primaryImageOfPage\":{\"@id\":\"https:\/\/cms.alj3.clients.lemonhq.io\/fr\/quick-reads\/international-mother-earth-day-2020-seeking-harmony-with-nature-4\/#primaryimage\"},\"image\":{\"@id\":\"https:\/\/cms.alj3.clients.lemonhq.io\/fr\/quick-reads\/international-mother-earth-day-2020-seeking-harmony-with-nature-4\/#primaryimage\"},\"thumbnailUrl\":\"https:\/\/media.alj3.clients.lemonhq.io\/wp-content\/uploads\/2024\/10\/margot-richard-NJJ7paSBO-c-unsplash-scaled.jpg\",\"datePublished\":\"2020-04-20T07:37:10+00:00\",\"dateModified\":\"2024-10-17T10:44:01+00:00\",\"breadcrumb\":{\"@id\":\"https:\/\/cms.alj3.clients.lemonhq.io\/fr\/quick-reads\/international-mother-earth-day-2020-seeking-harmony-with-nature-4\/#breadcrumb\"},\"inLanguage\":\"fr-FR\",\"potentialAction\":[{\"@type\":\"ReadAction\",\"target\":[\"https:\/\/cms.alj3.clients.lemonhq.io\/fr\/quick-reads\/international-mother-earth-day-2020-seeking-harmony-with-nature-4\/\"]}]},{\"@type\":\"ImageObject\",\"inLanguage\":\"fr-FR\",\"@id\":\"https:\/\/cms.alj3.clients.lemonhq.io\/fr\/quick-reads\/international-mother-earth-day-2020-seeking-harmony-with-nature-4\/#primaryimage\",\"url\":\"https:\/\/media.alj3.clients.lemonhq.io\/wp-content\/uploads\/2024\/10\/margot-richard-NJJ7paSBO-c-unsplash-scaled.jpg\",\"contentUrl\":\"https:\/\/media.alj3.clients.lemonhq.io\/wp-content\/uploads\/2024\/10\/margot-richard-NJJ7paSBO-c-unsplash-scaled.jpg\",\"width\":1920,\"height\":2560},{\"@type\":\"BreadcrumbList\",\"@id\":\"https:\/\/cms.alj3.clients.lemonhq.io\/fr\/quick-reads\/international-mother-earth-day-2020-seeking-harmony-with-nature-4\/#breadcrumb\",\"itemListElement\":[{\"@type\":\"ListItem\",\"position\":1,\"name\":\"Home\",\"item\":\"https:\/\/10.0.2.222\/en\/\"},{\"@type\":\"ListItem\",\"position\":2,\"name\":\"Journ\u00e9e mondiale de la Terre nourrici\u00e8re\u00a0: en harmonie avec la nature\"}]},{\"@type\":\"WebSite\",\"@id\":\"https:\/\/10.0.2.222\/en\/#website\",\"url\":\"https:\/\/10.0.2.222\/en\/\",\"name\":\"Abdul Latif Jameel\",\"description\":\"\",\"potentialAction\":[{\"@type\":\"SearchAction\",\"target\":{\"@type\":\"EntryPoint\",\"urlTemplate\":\"https:\/\/10.0.2.222\/en\/?s={search_term_string}\"},\"query-input\":{\"@type\":\"PropertyValueSpecification\",\"valueRequired\":true,\"valueName\":\"search_term_string\"}}],\"inLanguage\":\"fr-FR\"}]}<\/script>\n<!-- \/ Yoast SEO plugin. -->","yoast_head_json":{"title":"Journ\u00e9e mondiale de la Terre nourrici\u00e8re\u00a0: en harmonie avec la nature - Abdul Latif Jameel","robots":{"index":"noindex","follow":"follow","max-snippet":"max-snippet:-1","max-image-preview":"max-image-preview:large","max-video-preview":"max-video-preview:-1"},"og_locale":"fr_FR","og_type":"article","og_title":"Journ\u00e9e mondiale de la Terre nourrici\u00e8re\u00a0: en harmonie avec la nature - Abdul Latif Jameel","og_description":"En&nbsp;2009, l\u2019Assembl\u00e9e g\u00e9n\u00e9rale des Nations Unies a annonc\u00e9 que le 22&nbsp;avril serait la \u00ab&nbsp;Journ\u00e9e internationale de la Terre nourrici\u00e8re&nbsp;\u00bb, reconnaissant ainsi l\u2019int\u00e9r\u00eat commun de l\u2019humanit\u00e9 pour la protection de la plan\u00e8te et de son environnement, et l\u2019importance de parvenir \u00e0 vivre en harmonie avec la nature. Sans trouver un moyen de collaborer dans un rapport [&hellip;]","og_url":"https:\/\/cms.alj3.clients.lemonhq.io\/fr\/quick-reads\/international-mother-earth-day-2020-seeking-harmony-with-nature-4\/","og_site_name":"Abdul Latif Jameel","article_modified_time":"2024-10-17T10:44:01+00:00","og_image":[{"width":1920,"height":2560,"url":"https:\/\/media.alj3.clients.lemonhq.io\/wp-content\/uploads\/2024\/10\/margot-richard-NJJ7paSBO-c-unsplash-scaled.jpg","type":"image\/jpeg"}],"twitter_card":"summary_large_image","twitter_misc":{"Dur\u00e9e de lecture estim\u00e9e":"5 minutes"},"schema":{"@context":"https:\/\/schema.org","@graph":[{"@type":"WebPage","@id":"https:\/\/cms.alj3.clients.lemonhq.io\/fr\/quick-reads\/international-mother-earth-day-2020-seeking-harmony-with-nature-4\/","url":"https:\/\/cms.alj3.clients.lemonhq.io\/fr\/quick-reads\/international-mother-earth-day-2020-seeking-harmony-with-nature-4\/","name":"Journ\u00e9e mondiale de la Terre nourrici\u00e8re\u00a0: en harmonie avec la nature - Abdul Latif Jameel","isPartOf":{"@id":"https:\/\/10.0.2.222\/en\/#website"},"primaryImageOfPage":{"@id":"https:\/\/cms.alj3.clients.lemonhq.io\/fr\/quick-reads\/international-mother-earth-day-2020-seeking-harmony-with-nature-4\/#primaryimage"},"image":{"@id":"https:\/\/cms.alj3.clients.lemonhq.io\/fr\/quick-reads\/international-mother-earth-day-2020-seeking-harmony-with-nature-4\/#primaryimage"},"thumbnailUrl":"https:\/\/media.alj3.clients.lemonhq.io\/wp-content\/uploads\/2024\/10\/margot-richard-NJJ7paSBO-c-unsplash-scaled.jpg","datePublished":"2020-04-20T07:37:10+00:00","dateModified":"2024-10-17T10:44:01+00:00","breadcrumb":{"@id":"https:\/\/cms.alj3.clients.lemonhq.io\/fr\/quick-reads\/international-mother-earth-day-2020-seeking-harmony-with-nature-4\/#breadcrumb"},"inLanguage":"fr-FR","potentialAction":[{"@type":"ReadAction","target":["https:\/\/cms.alj3.clients.lemonhq.io\/fr\/quick-reads\/international-mother-earth-day-2020-seeking-harmony-with-nature-4\/"]}]},{"@type":"ImageObject","inLanguage":"fr-FR","@id":"https:\/\/cms.alj3.clients.lemonhq.io\/fr\/quick-reads\/international-mother-earth-day-2020-seeking-harmony-with-nature-4\/#primaryimage","url":"https:\/\/media.alj3.clients.lemonhq.io\/wp-content\/uploads\/2024\/10\/margot-richard-NJJ7paSBO-c-unsplash-scaled.jpg","contentUrl":"https:\/\/media.alj3.clients.lemonhq.io\/wp-content\/uploads\/2024\/10\/margot-richard-NJJ7paSBO-c-unsplash-scaled.jpg","width":1920,"height":2560},{"@type":"BreadcrumbList","@id":"https:\/\/cms.alj3.clients.lemonhq.io\/fr\/quick-reads\/international-mother-earth-day-2020-seeking-harmony-with-nature-4\/#breadcrumb","itemListElement":[{"@type":"ListItem","position":1,"name":"Home","item":"https:\/\/10.0.2.222\/en\/"},{"@type":"ListItem","position":2,"name":"Journ\u00e9e mondiale de la Terre nourrici\u00e8re\u00a0: en harmonie avec la nature"}]},{"@type":"WebSite","@id":"https:\/\/10.0.2.222\/en\/#website","url":"https:\/\/10.0.2.222\/en\/","name":"Abdul Latif Jameel","description":"","potentialAction":[{"@type":"SearchAction","target":{"@type":"EntryPoint","urlTemplate":"https:\/\/10.0.2.222\/en\/?s={search_term_string}"},"query-input":{"@type":"PropertyValueSpecification","valueRequired":true,"valueName":"search_term_string"}}],"inLanguage":"fr-FR"}]}},"post-meta-fields":{"_wp_page_template":["default"],"_published_date":["field_6057129b493f5"],"published_date":["20200422"],"_location":["field_601267396ce72"],"location":["Duba\u00ef, Emirats Arabes Unis"],"_featured":["field_601a3b473c5c5"],"featured":[""],"_footnotes":["field_66fd39afb9383"],"footnotes":[""],"_business_sector":["field_66f6b5bcac8cb"],"business_sector":["\u00c9nergie","Community Jameel"],"_content_series":["field_66fe3c439f8f6"],"content_series":[""],"_old_post_id":["field_66fe3fd59f8f7"],"old_post_id":["60201"],"_short_title":["field_60925d67125ef"],"short_title":["Journ\u00e9e mondiale de la Terre nourrici\u00e8re"],"_summary":["field_6019304103a20"],"summary":["Sans trouver un moyen de travailler ensemble avec la Terre et ses \u00e9cosyst\u00e8mes vitaux, une plan\u00e8te durable pour les g\u00e9n\u00e9rations futures pourrait malheureusement \u00eatre hors de question."],"_mobile_featured_image":["field_66f6b4bee65f3"],"mobile_featured_image":["https:\/\/cms.alj3.clients.lemonhq.io\/wp-content\/themes\/alj\/assets\/images\/defaultmobilethumb.jpg"],"_push_notification":["field_66f6b47de65f1"],"push_notification":[""],"_publish_mobile":["field_66f6b491e65f2"],"publish_mobile":[""],"_status":["field_652694983fe12"],"status":["publish"],"_thumbnail_id":["8314"],"_wpml_word_count":["{\"total\":834,\"to_translate\":{\"ar\":834,\"zh-hans\":834,\"fr\":834,\"ja\":834,\"es\":834,\"tr\":834}}"],"_last_translation_edit_mode":["translation-editor"],"select_category":["international"]},"_links":{"self":[{"href":"https:\/\/cms.alj3.clients.lemonhq.io\/fr\/wp-json\/wp\/v2\/quickreads\/8317","targetHints":{"allow":["GET"]}}],"collection":[{"href":"https:\/\/cms.alj3.clients.lemonhq.io\/fr\/wp-json\/wp\/v2\/quickreads"}],"about":[{"href":"https:\/\/cms.alj3.clients.lemonhq.io\/fr\/wp-json\/wp\/v2\/types\/quickreads"}],"wp:featuredmedia":[{"embeddable":true,"href":"https:\/\/cms.alj3.clients.lemonhq.io\/fr\/wp-json\/wp\/v2\/media\/8314"}],"wp:attachment":[{"href":"https:\/\/cms.alj3.clients.lemonhq.io\/fr\/wp-json\/wp\/v2\/media?parent=8317"}],"curies":[{"name":"wp","href":"https:\/\/api.w.org\/{rel}","templated":true}]}}