{"id":8163,"date":"2019-11-20T12:24:40","date_gmt":"2019-11-20T12:24:40","guid":{"rendered":"https:\/\/cms.alj3.clients.lemonhq.io\/quick-reads\/j-wel-week-october-2019-exploring-the-role-of-education-in-addressing-global-challenges-2\/"},"modified":"2024-10-25T08:27:28","modified_gmt":"2024-10-25T08:27:28","slug":"j-wel-week-october-2019-exploring-the-role-of-education-in-addressing-global-challenges-2","status":"publish","type":"quickreads","link":"https:\/\/cms.alj3.clients.lemonhq.io\/fr\/quick-reads\/j-wel-week-october-2019-exploring-the-role-of-education-in-addressing-global-challenges-2\/","title":{"rendered":"Fady M Jameel a particip\u00e9 \u00e0 la Semaine J-WEL d\u2019octobre 2019 sur le th\u00e8me : explorer le r\u00f4le de l&#8217;\u00e9ducation pour relever les d\u00e9fis mondiaux"},"content":{"rendered":"\n<p>En octobre 2019, une nouvelle<em>\u00ab&nbsp;Semaine J-WEL&nbsp;\u00bb <\/em>a eu lieu sur le campus du Massachusetts Institute of Technology (<a href=\"https:\/\/mit.edu\/\">MIT<\/a>) aux \u00c9tats-Unis, organis\u00e9e par le <a href=\"https:\/\/jwel.mit.edu\/\">Abdul Latif Jameel World Education Lab (J-WEL)<\/a>. Rassemblant des membres de J-WEL et des invit\u00e9s venus de 33&nbsp;pays du monde entier, l&#8217;\u00e9v\u00e9nement a cherch\u00e9 \u00e0 comprendre comment l&#8217;\u00e9ducation pouvait \u00eatre utilis\u00e9e pour relever les d\u00e9fis mondiaux cl\u00e9s auxquels sont confront\u00e9s de nombreux pays \u00e0 travers le monde, y compris sur des sujets tels que le changement climatique, la crise des r\u00e9fugi\u00e9s et les in\u00e9galit\u00e9s socio-\u00e9conomiques.<\/p>\n\n\n\n<p>R\u00e9unissant les trois soci\u00e9t\u00e9s collaboratives de J-WEL, pK-12, Higher Education et Workforce Learning, les participants se sont vus expliquer de nouvelles recherches en mati\u00e8re d\u2019\u00e9ducation du MIT et ont particip\u00e9 \u00e0 des m\u00e9moires de recherche, des pr\u00e9sentations et des ateliers pour explorer les m\u00e9canismes de mise en \u0153uvre.<\/p>\n\n\n\n<p>Au cours de la semaine, ils ont \u00e9galement eu la possibilit\u00e9 de partager les d\u00e9tails des programmes qu\u2019ils ont mis en \u0153uvre dans leurs propres pays, avec le soutien de J-WEL, afin de promouvoir la coop\u00e9ration entre les trois soci\u00e9t\u00e9s collaboratives.<\/p>\n\n\n\n<p>Eu \u00e9gard \u00e0 la soci\u00e9t\u00e9 collaborative pK-12, un membre de <a href=\"https:\/\/www.savethechildren.net\/\">Save the Children<\/a> s\u2019est exprim\u00e9 \u00e0 propos de l&#8217;initiative <a href=\"https:\/\/www.communityjameel.org\/en\/news\/save_the_children_jordan_launches_tree_program_transforming_refugee_education_towards_excellence\">Transformer l&#8217;\u00e9ducation des r\u00e9fugi\u00e9s vers l&#8217;excellence (Transforming Refugee Education towards Excellence, TREE)<\/a> en Jordanie, lanc\u00e9e en collaboration avec le <a href=\"http:\/\/www.moe.gov.jo\/en\/\">minist\u00e8re jordanien de l&#8217;\u00c9ducation<\/a>, <a href=\"https:\/\/www.communityjameel.org\/\">Community Jameel<\/a> et <a href=\"http:\/\/www.dubaicares.ae\/en\">Dubai Cares<\/a>. Le programme TREE est ax\u00e9 sur le bien-\u00eatre des enseignants et la qualit\u00e9 de l\u2019enseignement et fait partie de la mission plus large de Save the Children Jordan qui est de veiller \u00e0 ce que tous les enfants aient acc\u00e8s \u00e0 une \u00e9ducation de qualit\u00e9. L&#8217;\u00e9quipe a travaill\u00e9 avec J-WEL pour mettre en \u0153uvre le <a href=\"https:\/\/jwel.mit.edu\/welcome-compassionate-systems-community-j-wel\">Compassionate Systems Framework<\/a>, dans le but de d\u00e9velopper des solutions \u00e9motionnellement intelligentes et \u00e9volutives pour les enfants en difficult\u00e9 et les enseignants surmen\u00e9s et mal form\u00e9s.<\/p>\n\n\n\n<p>La soci\u00e9t\u00e9 collaborative de J-WEL Higher Education a examin\u00e9 le r\u00f4le que l&#8217;universit\u00e9 peut jouer dans l\u2019orientation, la croissance et le maintien de ces \u00e9cosyst\u00e8mes d&#8217;innovation, en \u00e9coutant des pr\u00e9sentations d&#8217;informations telles que&nbsp;<em>\u00ab&nbsp;Innovation: Local and Global&nbsp;\u00bb (Innovation&nbsp;: locale et mondiale)<\/em> de Sanjay Sarma, vice-pr\u00e9sident de Open Learning Professor et <em>\u00ab&nbsp;Innovation to Market&nbsp;\u00bb (Mettre l\u2019innovation sur le march\u00e9)<\/em> du professeur du MIT Yoel Fink. Au cours de l\u2019\u00e9v\u00e9nement, les participants ont travaill\u00e9 au sein d\u2019\u00e9quipes repr\u00e9sentant les cinq piliers d\u2019un \u00e9cosyst\u00e8me d\u2019innovation&nbsp;: capital humain, financement, infrastructure, demande, culture, tel que d\u00e9crit dans le livre blanc 2018&nbsp;: <em>\u00ab&nbsp;An MIT Framework for Innovation Ecosystem Policy&nbsp;\u00bb.<\/em>Leurs r\u00e9sultats sont r\u00e9sum\u00e9s dans l\u2019illustration ci-dessous&nbsp;:<\/p>\n\n\n<div class=\"wp-block-image\">\n<figure class=\"alignleft\"><img decoding=\"async\" src=\"https:\/\/media.alj3.clients.lemonhq.io\/wp-content\/uploads\/2024\/10\/university_led_ecosystem_image_1.jpg\" alt=\"\" class=\"wp-image-54546\"\/><\/figure>\n<\/div>\n\n\n<p><\/p>\n\n\n\n<p>Lors de la s\u00e9ance de cl\u00f4ture, qui a r\u00e9uni des membres de toutes les soci\u00e9t\u00e9s collaboratives, le Dr Peter Senge, ma\u00eetre de conf\u00e9rences au MIT et pr\u00e9sident fondateur de la <a href=\"https:\/\/www.solonline.org\/\">Society for Organizational Learning (SoL)<\/a>, a d\u00e9clar\u00e9&nbsp;: <em>\u00ab&nbsp;Nous ne nous contentons pas d&#8217;apprendre sur l&#8217;innovation. Nous construisons une communaut\u00e9 mondiale&nbsp;\u00bb<\/em>, reconnaissant qu&#8217;il est n\u00e9cessaire de travailler en collaboration, de partager les connaissances et d&#8217;\u00e9laborer des plans d&#8217;action communs pour relever les d\u00e9fis mondiaux ainsi d\u00e9battus.<\/p>\n\n\n\n<p><a href=\"https:\/\/media.alj.com\/en\/our-people\/fady-jameel\/\">Fady M Jameel<\/a>, pr\u00e9sident d\u2019International Community Jameel a assist\u00e9 \u00e0 l\u2019\u00e9v\u00e9nement et apport\u00e9 le commentaire suivant&nbsp;:<\/p>\n\n\n\n<blockquote class=\"wp-block-quote is-layout-flow wp-block-quote-is-layout-flow\">\n<p><em>\u00ab&nbsp;\u00c0 une \u00e9poque o\u00f9 la population des jeunes est le segment de la soci\u00e9t\u00e9 qui cro\u00eet le plus rapidement dans de nombreuses r\u00e9gions du monde, le r\u00f4le de l&#8217;\u00e9ducation n&#8217;a jamais \u00e9t\u00e9 aussi vital.<\/em><\/p>\n\n\n\n<p><em>Des donn\u00e9es r\u00e9centes de l&#8217;Institut de statistique de l&#8217;UNESCO (ISU) ont r\u00e9v\u00e9l\u00e9 qu&#8217;environ 263&nbsp;millions de jeunes ne sont pas scolaris\u00e9s, ce qui les emp\u00eache d&#8217;acqu\u00e9rir les comp\u00e9tences de base en lecture et en calcul, ainsi que les aptitudes \u00e0 l\u2019apprentissage n\u00e9cessaires pour les pr\u00e9parer \u00e0 l&#8217;avenir et pour trouver du travail.<\/em><\/p>\n\n\n\n<p><em>Si cette situation persiste, il existe un risque s\u00e9rieux que cette \u00ab&nbsp;vague&nbsp;\u00bb de jeunes provoque une instabilit\u00e9 \u00e9conomique importante.<\/em><\/p>\n\n\n\n<p><em>Le moment est maintenant venu d&#8217;agir et de transformer le cadre mondial de l&#8217;\u00e9ducation.&nbsp;\u00bb<\/em><\/p>\n<\/blockquote>\n\n\n<div class=\"wp-block-image\">\n<figure class=\"alignleft\"><img decoding=\"async\" src=\"https:\/\/media.alj3.clients.lemonhq.io\/wp-content\/uploads\/2024\/10\/FADY-JWEL.jpg\" alt=\"\" class=\"wp-image-54553\"\/><\/figure>\n<\/div>\n\n\n<p><\/p>\n\n\n\n<p>&nbsp;<\/p>\n\n\n\n<p>J-WEL a \u00e9t\u00e9 cofond\u00e9e en 2017 par le MIT et&nbsp;<a href=\"http:\/\/communityjameel.org\/\">Community Jameel<\/a>, entreprise philanthropique internationale, dans le but d&#8217;amorcer une renaissance de l&#8217;\u00e9ducation en travaillant avec ses organisations membres pour promouvoir l&#8217;excellence et l\u2019\u00e9volution de l&#8217;\u00e9ducation dans le monde entier.<\/p>\n\n\n<figure class=\"wp-block-embed is-type-video is-provider-youtube wp-block-embed-youtube wp-embed-aspect-16-9 wp-has-aspect-ratio\"><div class=\"wp-block-embed__wrapper\">https:\/\/www.youtube.com\/watch?v=TGrW6u_oz38<\/div><\/figure>\n\n\n<p>Les Semaines J-WEL ont d\u00e9but\u00e9 la m\u00eame ann\u00e9e que <em>\u00ab&nbsp;les programmes ax\u00e9s sur les objectifs qui offrent aux membres et aux invit\u00e9s un acc\u00e8s direct aux ressources et pratiques p\u00e9dagogiques du MIT<\/em>&nbsp;\u00bb. Deux Semaines J-WEL distinctes sont organis\u00e9es chaque ann\u00e9e, chacune th\u00e9matique et comprenant plusieurs modules, au cours desquelles les membres et les invit\u00e9s d\u00e9battent des d\u00e9fis auxquels sont confront\u00e9es leurs organisations, d\u00e9finissent des objectifs et envisagent les prochaines \u00e9tapes qui permettront leur mise en \u0153uvre.<\/p>\n\n\n\n<p>En savoir plus sur J-WEL <a href=\"https:\/\/www.communityjameel.org\/en\/initiatives\/education\/abdul-latif-jameel-world-education-lab\">ici<\/a>.<\/p>\n","protected":false},"featured_media":8145,"menu_order":0,"template":"","class_list":["post-8163","quickreads","type-quickreads","status-publish","has-post-thumbnail","hentry"],"acf":[],"yoast_head":"<!-- This site is optimized with the Yoast SEO plugin v26.5 - https:\/\/yoast.com\/wordpress\/plugins\/seo\/ -->\n<title>Fady M Jameel a particip\u00e9 \u00e0 la Semaine J-WEL d\u2019octobre 2019 sur le th\u00e8me : explorer le r\u00f4le de l&#039;\u00e9ducation pour relever les d\u00e9fis mondiaux - Abdul Latif Jameel<\/title>\n<meta name=\"robots\" content=\"noindex, follow, max-snippet:-1, max-image-preview:large, max-video-preview:-1\" \/>\n<meta property=\"og:locale\" content=\"fr_FR\" \/>\n<meta property=\"og:type\" content=\"article\" \/>\n<meta property=\"og:title\" content=\"Fady M Jameel a particip\u00e9 \u00e0 la Semaine J-WEL d\u2019octobre 2019 sur le th\u00e8me : explorer le r\u00f4le de l&#039;\u00e9ducation pour relever les d\u00e9fis mondiaux - Abdul Latif Jameel\" \/>\n<meta property=\"og:description\" content=\"En octobre 2019, une nouvelle\u00ab&nbsp;Semaine J-WEL&nbsp;\u00bb a eu lieu sur le campus du Massachusetts Institute of Technology (MIT) aux \u00c9tats-Unis, organis\u00e9e par le Abdul Latif Jameel World Education Lab (J-WEL). Rassemblant des membres de J-WEL et des invit\u00e9s venus de 33&nbsp;pays du monde entier, l&#8217;\u00e9v\u00e9nement a cherch\u00e9 \u00e0 comprendre comment l&#8217;\u00e9ducation pouvait \u00eatre utilis\u00e9e pour [&hellip;]\" \/>\n<meta property=\"og:url\" content=\"https:\/\/cms.alj3.clients.lemonhq.io\/fr\/quick-reads\/j-wel-week-october-2019-exploring-the-role-of-education-in-addressing-global-challenges-2\/\" \/>\n<meta property=\"og:site_name\" content=\"Abdul Latif Jameel\" \/>\n<meta property=\"article:modified_time\" content=\"2024-10-25T08:27:28+00:00\" \/>\n<meta property=\"og:image\" content=\"https:\/\/media.alj3.clients.lemonhq.io\/wp-content\/uploads\/2024\/10\/HE-Group-photo-scaled.jpg\" \/>\n\t<meta property=\"og:image:width\" content=\"2560\" \/>\n\t<meta property=\"og:image:height\" content=\"1706\" \/>\n\t<meta property=\"og:image:type\" content=\"image\/jpeg\" \/>\n<meta name=\"twitter:card\" content=\"summary_large_image\" \/>\n<meta name=\"twitter:label1\" content=\"Dur\u00e9e de lecture estim\u00e9e\" \/>\n\t<meta name=\"twitter:data1\" content=\"4 minutes\" \/>\n<script type=\"application\/ld+json\" class=\"yoast-schema-graph\">{\"@context\":\"https:\/\/schema.org\",\"@graph\":[{\"@type\":\"WebPage\",\"@id\":\"https:\/\/cms.alj3.clients.lemonhq.io\/fr\/quick-reads\/j-wel-week-october-2019-exploring-the-role-of-education-in-addressing-global-challenges-2\/\",\"url\":\"https:\/\/cms.alj3.clients.lemonhq.io\/fr\/quick-reads\/j-wel-week-october-2019-exploring-the-role-of-education-in-addressing-global-challenges-2\/\",\"name\":\"Fady M Jameel a particip\u00e9 \u00e0 la Semaine J-WEL d\u2019octobre 2019 sur le th\u00e8me : explorer le r\u00f4le de l'\u00e9ducation pour relever les d\u00e9fis mondiaux - Abdul Latif Jameel\",\"isPartOf\":{\"@id\":\"https:\/\/10.0.2.222\/en\/#website\"},\"primaryImageOfPage\":{\"@id\":\"https:\/\/cms.alj3.clients.lemonhq.io\/fr\/quick-reads\/j-wel-week-october-2019-exploring-the-role-of-education-in-addressing-global-challenges-2\/#primaryimage\"},\"image\":{\"@id\":\"https:\/\/cms.alj3.clients.lemonhq.io\/fr\/quick-reads\/j-wel-week-october-2019-exploring-the-role-of-education-in-addressing-global-challenges-2\/#primaryimage\"},\"thumbnailUrl\":\"https:\/\/media.alj3.clients.lemonhq.io\/wp-content\/uploads\/2024\/10\/HE-Group-photo-scaled.jpg\",\"datePublished\":\"2019-11-20T12:24:40+00:00\",\"dateModified\":\"2024-10-25T08:27:28+00:00\",\"breadcrumb\":{\"@id\":\"https:\/\/cms.alj3.clients.lemonhq.io\/fr\/quick-reads\/j-wel-week-october-2019-exploring-the-role-of-education-in-addressing-global-challenges-2\/#breadcrumb\"},\"inLanguage\":\"fr-FR\",\"potentialAction\":[{\"@type\":\"ReadAction\",\"target\":[\"https:\/\/cms.alj3.clients.lemonhq.io\/fr\/quick-reads\/j-wel-week-october-2019-exploring-the-role-of-education-in-addressing-global-challenges-2\/\"]}]},{\"@type\":\"ImageObject\",\"inLanguage\":\"fr-FR\",\"@id\":\"https:\/\/cms.alj3.clients.lemonhq.io\/fr\/quick-reads\/j-wel-week-october-2019-exploring-the-role-of-education-in-addressing-global-challenges-2\/#primaryimage\",\"url\":\"https:\/\/media.alj3.clients.lemonhq.io\/wp-content\/uploads\/2024\/10\/HE-Group-photo-scaled.jpg\",\"contentUrl\":\"https:\/\/media.alj3.clients.lemonhq.io\/wp-content\/uploads\/2024\/10\/HE-Group-photo-scaled.jpg\",\"width\":2560,\"height\":1706},{\"@type\":\"BreadcrumbList\",\"@id\":\"https:\/\/cms.alj3.clients.lemonhq.io\/fr\/quick-reads\/j-wel-week-october-2019-exploring-the-role-of-education-in-addressing-global-challenges-2\/#breadcrumb\",\"itemListElement\":[{\"@type\":\"ListItem\",\"position\":1,\"name\":\"Home\",\"item\":\"https:\/\/10.0.2.222\/en\/\"},{\"@type\":\"ListItem\",\"position\":2,\"name\":\"Fady M Jameel a particip\u00e9 \u00e0 la Semaine J-WEL d\u2019octobre 2019 sur le th\u00e8me : explorer le r\u00f4le de l&#8217;\u00e9ducation pour relever les d\u00e9fis mondiaux\"}]},{\"@type\":\"WebSite\",\"@id\":\"https:\/\/10.0.2.222\/en\/#website\",\"url\":\"https:\/\/10.0.2.222\/en\/\",\"name\":\"Abdul Latif Jameel\",\"description\":\"\",\"potentialAction\":[{\"@type\":\"SearchAction\",\"target\":{\"@type\":\"EntryPoint\",\"urlTemplate\":\"https:\/\/10.0.2.222\/en\/?s={search_term_string}\"},\"query-input\":{\"@type\":\"PropertyValueSpecification\",\"valueRequired\":true,\"valueName\":\"search_term_string\"}}],\"inLanguage\":\"fr-FR\"}]}<\/script>\n<!-- \/ Yoast SEO plugin. -->","yoast_head_json":{"title":"Fady M Jameel a particip\u00e9 \u00e0 la Semaine J-WEL d\u2019octobre 2019 sur le th\u00e8me : explorer le r\u00f4le de l'\u00e9ducation pour relever les d\u00e9fis mondiaux - Abdul Latif Jameel","robots":{"index":"noindex","follow":"follow","max-snippet":"max-snippet:-1","max-image-preview":"max-image-preview:large","max-video-preview":"max-video-preview:-1"},"og_locale":"fr_FR","og_type":"article","og_title":"Fady M Jameel a particip\u00e9 \u00e0 la Semaine J-WEL d\u2019octobre 2019 sur le th\u00e8me : explorer le r\u00f4le de l'\u00e9ducation pour relever les d\u00e9fis mondiaux - Abdul Latif Jameel","og_description":"En octobre 2019, une nouvelle\u00ab&nbsp;Semaine J-WEL&nbsp;\u00bb a eu lieu sur le campus du Massachusetts Institute of Technology (MIT) aux \u00c9tats-Unis, organis\u00e9e par le Abdul Latif Jameel World Education Lab (J-WEL). Rassemblant des membres de J-WEL et des invit\u00e9s venus de 33&nbsp;pays du monde entier, l&#8217;\u00e9v\u00e9nement a cherch\u00e9 \u00e0 comprendre comment l&#8217;\u00e9ducation pouvait \u00eatre utilis\u00e9e pour [&hellip;]","og_url":"https:\/\/cms.alj3.clients.lemonhq.io\/fr\/quick-reads\/j-wel-week-october-2019-exploring-the-role-of-education-in-addressing-global-challenges-2\/","og_site_name":"Abdul Latif Jameel","article_modified_time":"2024-10-25T08:27:28+00:00","og_image":[{"width":2560,"height":1706,"url":"https:\/\/media.alj3.clients.lemonhq.io\/wp-content\/uploads\/2024\/10\/HE-Group-photo-scaled.jpg","type":"image\/jpeg"}],"twitter_card":"summary_large_image","twitter_misc":{"Dur\u00e9e de lecture estim\u00e9e":"4 minutes"},"schema":{"@context":"https:\/\/schema.org","@graph":[{"@type":"WebPage","@id":"https:\/\/cms.alj3.clients.lemonhq.io\/fr\/quick-reads\/j-wel-week-october-2019-exploring-the-role-of-education-in-addressing-global-challenges-2\/","url":"https:\/\/cms.alj3.clients.lemonhq.io\/fr\/quick-reads\/j-wel-week-october-2019-exploring-the-role-of-education-in-addressing-global-challenges-2\/","name":"Fady M Jameel a particip\u00e9 \u00e0 la Semaine J-WEL d\u2019octobre 2019 sur le th\u00e8me : explorer le r\u00f4le de l'\u00e9ducation pour relever les d\u00e9fis mondiaux - Abdul Latif Jameel","isPartOf":{"@id":"https:\/\/10.0.2.222\/en\/#website"},"primaryImageOfPage":{"@id":"https:\/\/cms.alj3.clients.lemonhq.io\/fr\/quick-reads\/j-wel-week-october-2019-exploring-the-role-of-education-in-addressing-global-challenges-2\/#primaryimage"},"image":{"@id":"https:\/\/cms.alj3.clients.lemonhq.io\/fr\/quick-reads\/j-wel-week-october-2019-exploring-the-role-of-education-in-addressing-global-challenges-2\/#primaryimage"},"thumbnailUrl":"https:\/\/media.alj3.clients.lemonhq.io\/wp-content\/uploads\/2024\/10\/HE-Group-photo-scaled.jpg","datePublished":"2019-11-20T12:24:40+00:00","dateModified":"2024-10-25T08:27:28+00:00","breadcrumb":{"@id":"https:\/\/cms.alj3.clients.lemonhq.io\/fr\/quick-reads\/j-wel-week-october-2019-exploring-the-role-of-education-in-addressing-global-challenges-2\/#breadcrumb"},"inLanguage":"fr-FR","potentialAction":[{"@type":"ReadAction","target":["https:\/\/cms.alj3.clients.lemonhq.io\/fr\/quick-reads\/j-wel-week-october-2019-exploring-the-role-of-education-in-addressing-global-challenges-2\/"]}]},{"@type":"ImageObject","inLanguage":"fr-FR","@id":"https:\/\/cms.alj3.clients.lemonhq.io\/fr\/quick-reads\/j-wel-week-october-2019-exploring-the-role-of-education-in-addressing-global-challenges-2\/#primaryimage","url":"https:\/\/media.alj3.clients.lemonhq.io\/wp-content\/uploads\/2024\/10\/HE-Group-photo-scaled.jpg","contentUrl":"https:\/\/media.alj3.clients.lemonhq.io\/wp-content\/uploads\/2024\/10\/HE-Group-photo-scaled.jpg","width":2560,"height":1706},{"@type":"BreadcrumbList","@id":"https:\/\/cms.alj3.clients.lemonhq.io\/fr\/quick-reads\/j-wel-week-october-2019-exploring-the-role-of-education-in-addressing-global-challenges-2\/#breadcrumb","itemListElement":[{"@type":"ListItem","position":1,"name":"Home","item":"https:\/\/10.0.2.222\/en\/"},{"@type":"ListItem","position":2,"name":"Fady M Jameel a particip\u00e9 \u00e0 la Semaine J-WEL d\u2019octobre 2019 sur le th\u00e8me : explorer le r\u00f4le de l&#8217;\u00e9ducation pour relever les d\u00e9fis mondiaux"}]},{"@type":"WebSite","@id":"https:\/\/10.0.2.222\/en\/#website","url":"https:\/\/10.0.2.222\/en\/","name":"Abdul Latif Jameel","description":"","potentialAction":[{"@type":"SearchAction","target":{"@type":"EntryPoint","urlTemplate":"https:\/\/10.0.2.222\/en\/?s={search_term_string}"},"query-input":{"@type":"PropertyValueSpecification","valueRequired":true,"valueName":"search_term_string"}}],"inLanguage":"fr-FR"}]}},"post-meta-fields":{"_wp_page_template":["default"],"_oembed_41c96d1466a07c60f460feb30d093332":["<iframe title=\"Announcing the Abdul Latif Jameel World Education Lab (J-WEL) at MIT\" width=\"500\" height=\"281\" src=\"https:\/\/www.youtube.com\/embed\/TGrW6u_oz38?feature=oembed\" frameborder=\"0\" allow=\"accelerometer; autoplay; clipboard-write; encrypted-media; gyroscope; picture-in-picture; web-share\" referrerpolicy=\"strict-origin-when-cross-origin\" allowfullscreen><\/iframe>"],"_oembed_time_41c96d1466a07c60f460feb30d093332":["1729158993"],"_oembed_eb19b0b89996f12c1cda944b3e109c81":["{{unknown}}"],"_published_date":["field_6057129b493f5"],"published_date":["20191121"],"_location":["field_601267396ce72"],"location":["Boston, \u00c9tats-Unis"],"_featured":["field_601a3b473c5c5"],"featured":[""],"_footnotes":["field_66fd39afb9383"],"footnotes":[""],"_business_sector":["field_66f6b5bcac8cb"],"business_sector":["Community Jameel"],"_content_series":["field_66fe3c439f8f6"],"content_series":[""],"_old_post_id":["field_66fe3fd59f8f7"],"old_post_id":["54988"],"_short_title":["field_60925d67125ef"],"short_title":["Fady Jameel assiste \u00e0 la semaine J-WEL"],"_summary":["field_6019304103a20"],"summary":["En octobre 2019, une nouvelle\u00ab\u00a0Semaine J-WEL\u00a0\u00bb a eu lieu sur le campus du Massachusetts Institute of Technology (MIT) aux \u00c9tats-Unis, organis\u00e9e par le Abdul Latif Jameel World Education Lab (J-WEL)."],"_mobile_featured_image":["field_66f6b4bee65f3"],"mobile_featured_image":["https:\/\/media.alj3.clients.lemonhq.io\/wp-content\/uploads\/2024\/10\/HE-Group-photo-scaled.jpg"],"_push_notification":["field_66f6b47de65f1"],"push_notification":[""],"_publish_mobile":["field_66f6b491e65f2"],"publish_mobile":["1"],"_status":["field_652694983fe12"],"status":["publish"],"_thumbnail_id":["8145"],"_wpml_word_count":["{\"total\":873,\"to_translate\":{\"ar\":873,\"zh-hans\":873,\"fr\":873,\"ja\":873,\"es\":873,\"tr\":873}}"],"_last_translation_edit_mode":["translation-editor"],"amazonS3_cache":["a:4:{s:93:\"\/\/cms.alj3.clients.lemonhq.io\/wp-content\/uploads\/2024\/10\/university_led_ecosystem_image_1.jpg\";a:2:{s:2:\"id\";s:4:\"8146\";s:11:\"source_type\";s:13:\"media-library\";}s:95:\"\/\/media.alj3.clients.lemonhq.io\/wp-content\/uploads\/2024\/10\/university_led_ecosystem_image_1.jpg\";a:2:{s:2:\"id\";s:4:\"8146\";s:11:\"source_type\";s:13:\"media-library\";}s:70:\"\/\/cms.alj3.clients.lemonhq.io\/wp-content\/uploads\/2024\/10\/FADY-JWEL.jpg\";a:2:{s:2:\"id\";s:4:\"8147\";s:11:\"source_type\";s:13:\"media-library\";}s:72:\"\/\/media.alj3.clients.lemonhq.io\/wp-content\/uploads\/2024\/10\/FADY-JWEL.jpg\";a:2:{s:2:\"id\";s:4:\"8147\";s:11:\"source_type\";s:13:\"media-library\";}}"],"select_category":["international"]},"_links":{"self":[{"href":"https:\/\/cms.alj3.clients.lemonhq.io\/fr\/wp-json\/wp\/v2\/quickreads\/8163","targetHints":{"allow":["GET"]}}],"collection":[{"href":"https:\/\/cms.alj3.clients.lemonhq.io\/fr\/wp-json\/wp\/v2\/quickreads"}],"about":[{"href":"https:\/\/cms.alj3.clients.lemonhq.io\/fr\/wp-json\/wp\/v2\/types\/quickreads"}],"wp:featuredmedia":[{"embeddable":true,"href":"https:\/\/cms.alj3.clients.lemonhq.io\/fr\/wp-json\/wp\/v2\/media\/8145"}],"wp:attachment":[{"href":"https:\/\/cms.alj3.clients.lemonhq.io\/fr\/wp-json\/wp\/v2\/media?parent=8163"}],"curies":[{"name":"wp","href":"https:\/\/api.w.org\/{rel}","templated":true}]}}