{"id":8155,"date":"2019-10-23T13:04:59","date_gmt":"2019-10-23T13:04:59","guid":{"rendered":"https:\/\/cms.alj3.clients.lemonhq.io\/quick-reads\/a-breezy-future-for-africa-3\/"},"modified":"2024-12-03T07:41:41","modified_gmt":"2024-12-03T07:41:41","slug":"a-breezy-future-for-africa-3","status":"publish","type":"quickreads","link":"https:\/\/cms.alj3.clients.lemonhq.io\/fr\/quick-reads\/a-breezy-future-for-africa-3\/","title":{"rendered":"L\u2019Afrique a le vent en poupe"},"content":{"rendered":"\n<p><em>\u00ab&nbsp;Voir des \u00e9oliennes g\u00e9antes qui tournent dans le vent reste assez rare en Afrique &#8211; mais ce ne sera pas le cas pour bien longtemps&nbsp;\u00bb,<\/em> c\u2019est l\u2019opinion partag\u00e9e par le <a href=\"https:\/\/gwec.net\/\">Conseil mondial sur l\u2019\u00e9nergie \u00e9olienne<\/a> dans un nouveau livre blanc qui pr\u00e9sente \u00e9galement l\u2019Afrique comme un <em>\u00ab&nbsp;march\u00e9 \u00e0 surveiller&nbsp;\u00bb<\/em> pour le secteur de l\u2019\u00e9nergie \u00e9olienne.<\/p>\n\n\n\n<p>\u00c9tant donn\u00e9 que la population d\u2019Afrique devrait augmenter de 1,4&nbsp;% par an jusqu\u2019en 2030<a name=\"_ftnref1\"><\/a><a href=\"https:\/\/media.alj.com\/en\/news\/a-breezy-future-for-africa\/#_ftn1\">[1]<\/a>, les march\u00e9s de l&#8217;\u00e9nergie sont de plus en plus sollicit\u00e9s pour faire face \u00e0 cette croissance et acc\u00e9l\u00e9rer l&#8217;\u00e9lectrification universelle sur tout le continent. Actuellement, on estime qu&#8217;environ 600&nbsp;millions de personnes &#8211; soit deux&nbsp;personnes sur trois en Afrique sub-saharienne &#8211; n&#8217;ont pas acc\u00e8s \u00e0 l&#8217;\u00e9lectricit\u00e9<a name=\"_ftnref2\"><\/a><a href=\"https:\/\/media.alj.com\/en\/news\/a-breezy-future-for-africa\/#_ftn2\">[2]<\/a>, ce qui impacte le d\u00e9veloppement \u00e9conomique. Cette statistique ne peut que s&#8217;aggraver \u00e0 mesure que la population augmente, \u00e0 moins que des mesures ne soient prises.<\/p>\n\n\n\n<p>Les pays africains se sont engag\u00e9s \u00e0 atteindre leurs <a href=\"https:\/\/www.un.org\/sustainabledevelopment\/sustainable-development-goals\/\">Objectifs de d\u00e9veloppement durable (ODD)<\/a>, y compris l&#8217;ODD&nbsp;7 qui vise \u00e0 garantir l&#8217;acc\u00e8s \u00e0 une \u00e9nergie abordable, fiable, durable et moderne pour tous. Or, les gouvernements africains reconnaissent que l&#8217;augmentation de la capacit\u00e9 \u00e9lectrique ne peut \u00eatre satisfaite que par des sources d&#8217;\u00e9nergie propre gr\u00e2ce \u00e0 des solutions durables&nbsp;; il y a donc clairement l\u00e0 une opportunit\u00e9 pour explorer des solutions d&#8217;\u00e9nergie renouvelable, et l&#8217;\u00e9nergie \u00e9olienne reste la plus comp\u00e9titive en termes de co\u00fbts.<\/p>\n\n\n<figure class=\"wp-block-embed is-type-video is-provider-youtube wp-block-embed-youtube wp-embed-aspect-16-9 wp-has-aspect-ratio\"><div class=\"wp-block-embed__wrapper\">https:\/\/www.youtube.com\/watch?v=CbcmFHBI_Ek<\/div><\/figure>\n\n\n<p>Abdul Latif Jameel Energy, par l\u2019interm\u00e9diaire de sa filiale <a href=\"https:\/\/frv.com\/en\/\">Fotowatio Renewable Ventures (FRV)<\/a> est d\u00e9termin\u00e9 \u00e0 jouer son r\u00f4le afin de garantir un avenir plus propre et plus sain pour les communaut\u00e9s du monde entier. R\u00e9alisant des projets photovolta\u00efques solaires et \u00e9oliens \u00e0 l\u2019\u00e9chelle internationale, l\u2019entreprise est fi\u00e8re d&#8217;\u00eatre \u00e0 la pointe des connaissances et de l&#8217;expertise en mati\u00e8re d&#8217;\u00e9nergies renouvelables, permettant ainsi \u00e0 une nouvelle g\u00e9n\u00e9ration de b\u00e9n\u00e9ficier d&#8217;un bouquet \u00e9nerg\u00e9tique modernis\u00e9.<\/p>\n\n\n\n<p>Nous avons h\u00e2te d\u2019assister aux progr\u00e8s du secteur des \u00e9nergies renouvelables en Afrique et de constater le r\u00f4le que l\u2019\u00e9nergie \u00e9olienne jouera dans ce d\u00e9veloppement&nbsp;!<\/p>\n","protected":false},"featured_media":8111,"menu_order":0,"template":"","class_list":["post-8155","quickreads","type-quickreads","status-publish","has-post-thumbnail","hentry"],"acf":[],"yoast_head":"<!-- This site is optimized with the Yoast SEO plugin v26.5 - https:\/\/yoast.com\/wordpress\/plugins\/seo\/ -->\n<title>L\u2019Afrique a le vent en poupe - Abdul Latif Jameel<\/title>\n<meta name=\"robots\" content=\"noindex, follow, max-snippet:-1, max-image-preview:large, max-video-preview:-1\" \/>\n<meta property=\"og:locale\" content=\"fr_FR\" \/>\n<meta property=\"og:type\" content=\"article\" \/>\n<meta property=\"og:title\" content=\"L\u2019Afrique a le vent en poupe - Abdul Latif Jameel\" \/>\n<meta property=\"og:description\" content=\"\u00ab&nbsp;Voir des \u00e9oliennes g\u00e9antes qui tournent dans le vent reste assez rare en Afrique &#8211; mais ce ne sera pas le cas pour bien longtemps&nbsp;\u00bb, c\u2019est l\u2019opinion partag\u00e9e par le Conseil mondial sur l\u2019\u00e9nergie \u00e9olienne dans un nouveau livre blanc qui pr\u00e9sente \u00e9galement l\u2019Afrique comme un \u00ab&nbsp;march\u00e9 \u00e0 surveiller&nbsp;\u00bb pour le secteur de l\u2019\u00e9nergie \u00e9olienne. [&hellip;]\" \/>\n<meta property=\"og:url\" content=\"https:\/\/cms.alj3.clients.lemonhq.io\/fr\/quick-reads\/a-breezy-future-for-africa-3\/\" \/>\n<meta property=\"og:site_name\" content=\"Abdul Latif Jameel\" \/>\n<meta property=\"article:modified_time\" content=\"2024-12-03T07:41:41+00:00\" \/>\n<meta property=\"og:image\" content=\"https:\/\/media.alj3.clients.lemonhq.io\/wp-content\/uploads\/2024\/10\/wind-farm.jpg\" \/>\n\t<meta property=\"og:image:width\" content=\"800\" \/>\n\t<meta property=\"og:image:height\" content=\"600\" \/>\n\t<meta property=\"og:image:type\" content=\"image\/jpeg\" \/>\n<meta name=\"twitter:card\" content=\"summary_large_image\" \/>\n<meta name=\"twitter:label1\" content=\"Dur\u00e9e de lecture estim\u00e9e\" \/>\n\t<meta name=\"twitter:data1\" content=\"1 minute\" \/>\n<script type=\"application\/ld+json\" class=\"yoast-schema-graph\">{\"@context\":\"https:\/\/schema.org\",\"@graph\":[{\"@type\":\"WebPage\",\"@id\":\"https:\/\/cms.alj3.clients.lemonhq.io\/fr\/quick-reads\/a-breezy-future-for-africa-3\/\",\"url\":\"https:\/\/cms.alj3.clients.lemonhq.io\/fr\/quick-reads\/a-breezy-future-for-africa-3\/\",\"name\":\"L\u2019Afrique a le vent en poupe - Abdul Latif Jameel\",\"isPartOf\":{\"@id\":\"https:\/\/10.0.2.222\/en\/#website\"},\"primaryImageOfPage\":{\"@id\":\"https:\/\/cms.alj3.clients.lemonhq.io\/fr\/quick-reads\/a-breezy-future-for-africa-3\/#primaryimage\"},\"image\":{\"@id\":\"https:\/\/cms.alj3.clients.lemonhq.io\/fr\/quick-reads\/a-breezy-future-for-africa-3\/#primaryimage\"},\"thumbnailUrl\":\"https:\/\/media.alj3.clients.lemonhq.io\/wp-content\/uploads\/2024\/10\/wind-farm.jpg\",\"datePublished\":\"2019-10-23T13:04:59+00:00\",\"dateModified\":\"2024-12-03T07:41:41+00:00\",\"breadcrumb\":{\"@id\":\"https:\/\/cms.alj3.clients.lemonhq.io\/fr\/quick-reads\/a-breezy-future-for-africa-3\/#breadcrumb\"},\"inLanguage\":\"fr-FR\",\"potentialAction\":[{\"@type\":\"ReadAction\",\"target\":[\"https:\/\/cms.alj3.clients.lemonhq.io\/fr\/quick-reads\/a-breezy-future-for-africa-3\/\"]}]},{\"@type\":\"ImageObject\",\"inLanguage\":\"fr-FR\",\"@id\":\"https:\/\/cms.alj3.clients.lemonhq.io\/fr\/quick-reads\/a-breezy-future-for-africa-3\/#primaryimage\",\"url\":\"https:\/\/media.alj3.clients.lemonhq.io\/wp-content\/uploads\/2024\/10\/wind-farm.jpg\",\"contentUrl\":\"https:\/\/media.alj3.clients.lemonhq.io\/wp-content\/uploads\/2024\/10\/wind-farm.jpg\",\"width\":800,\"height\":600},{\"@type\":\"BreadcrumbList\",\"@id\":\"https:\/\/cms.alj3.clients.lemonhq.io\/fr\/quick-reads\/a-breezy-future-for-africa-3\/#breadcrumb\",\"itemListElement\":[{\"@type\":\"ListItem\",\"position\":1,\"name\":\"Home\",\"item\":\"https:\/\/10.0.2.222\/en\/\"},{\"@type\":\"ListItem\",\"position\":2,\"name\":\"L\u2019Afrique a le vent en poupe\"}]},{\"@type\":\"WebSite\",\"@id\":\"https:\/\/10.0.2.222\/en\/#website\",\"url\":\"https:\/\/10.0.2.222\/en\/\",\"name\":\"Abdul Latif Jameel\",\"description\":\"\",\"potentialAction\":[{\"@type\":\"SearchAction\",\"target\":{\"@type\":\"EntryPoint\",\"urlTemplate\":\"https:\/\/10.0.2.222\/en\/?s={search_term_string}\"},\"query-input\":{\"@type\":\"PropertyValueSpecification\",\"valueRequired\":true,\"valueName\":\"search_term_string\"}}],\"inLanguage\":\"fr-FR\"}]}<\/script>\n<!-- \/ Yoast SEO plugin. -->","yoast_head_json":{"title":"L\u2019Afrique a le vent en poupe - Abdul Latif Jameel","robots":{"index":"noindex","follow":"follow","max-snippet":"max-snippet:-1","max-image-preview":"max-image-preview:large","max-video-preview":"max-video-preview:-1"},"og_locale":"fr_FR","og_type":"article","og_title":"L\u2019Afrique a le vent en poupe - Abdul Latif Jameel","og_description":"\u00ab&nbsp;Voir des \u00e9oliennes g\u00e9antes qui tournent dans le vent reste assez rare en Afrique &#8211; mais ce ne sera pas le cas pour bien longtemps&nbsp;\u00bb, c\u2019est l\u2019opinion partag\u00e9e par le Conseil mondial sur l\u2019\u00e9nergie \u00e9olienne dans un nouveau livre blanc qui pr\u00e9sente \u00e9galement l\u2019Afrique comme un \u00ab&nbsp;march\u00e9 \u00e0 surveiller&nbsp;\u00bb pour le secteur de l\u2019\u00e9nergie \u00e9olienne. [&hellip;]","og_url":"https:\/\/cms.alj3.clients.lemonhq.io\/fr\/quick-reads\/a-breezy-future-for-africa-3\/","og_site_name":"Abdul Latif Jameel","article_modified_time":"2024-12-03T07:41:41+00:00","og_image":[{"width":800,"height":600,"url":"https:\/\/media.alj3.clients.lemonhq.io\/wp-content\/uploads\/2024\/10\/wind-farm.jpg","type":"image\/jpeg"}],"twitter_card":"summary_large_image","twitter_misc":{"Dur\u00e9e de lecture estim\u00e9e":"1 minute"},"schema":{"@context":"https:\/\/schema.org","@graph":[{"@type":"WebPage","@id":"https:\/\/cms.alj3.clients.lemonhq.io\/fr\/quick-reads\/a-breezy-future-for-africa-3\/","url":"https:\/\/cms.alj3.clients.lemonhq.io\/fr\/quick-reads\/a-breezy-future-for-africa-3\/","name":"L\u2019Afrique a le vent en poupe - Abdul Latif Jameel","isPartOf":{"@id":"https:\/\/10.0.2.222\/en\/#website"},"primaryImageOfPage":{"@id":"https:\/\/cms.alj3.clients.lemonhq.io\/fr\/quick-reads\/a-breezy-future-for-africa-3\/#primaryimage"},"image":{"@id":"https:\/\/cms.alj3.clients.lemonhq.io\/fr\/quick-reads\/a-breezy-future-for-africa-3\/#primaryimage"},"thumbnailUrl":"https:\/\/media.alj3.clients.lemonhq.io\/wp-content\/uploads\/2024\/10\/wind-farm.jpg","datePublished":"2019-10-23T13:04:59+00:00","dateModified":"2024-12-03T07:41:41+00:00","breadcrumb":{"@id":"https:\/\/cms.alj3.clients.lemonhq.io\/fr\/quick-reads\/a-breezy-future-for-africa-3\/#breadcrumb"},"inLanguage":"fr-FR","potentialAction":[{"@type":"ReadAction","target":["https:\/\/cms.alj3.clients.lemonhq.io\/fr\/quick-reads\/a-breezy-future-for-africa-3\/"]}]},{"@type":"ImageObject","inLanguage":"fr-FR","@id":"https:\/\/cms.alj3.clients.lemonhq.io\/fr\/quick-reads\/a-breezy-future-for-africa-3\/#primaryimage","url":"https:\/\/media.alj3.clients.lemonhq.io\/wp-content\/uploads\/2024\/10\/wind-farm.jpg","contentUrl":"https:\/\/media.alj3.clients.lemonhq.io\/wp-content\/uploads\/2024\/10\/wind-farm.jpg","width":800,"height":600},{"@type":"BreadcrumbList","@id":"https:\/\/cms.alj3.clients.lemonhq.io\/fr\/quick-reads\/a-breezy-future-for-africa-3\/#breadcrumb","itemListElement":[{"@type":"ListItem","position":1,"name":"Home","item":"https:\/\/10.0.2.222\/en\/"},{"@type":"ListItem","position":2,"name":"L\u2019Afrique a le vent en poupe"}]},{"@type":"WebSite","@id":"https:\/\/10.0.2.222\/en\/#website","url":"https:\/\/10.0.2.222\/en\/","name":"Abdul Latif Jameel","description":"","potentialAction":[{"@type":"SearchAction","target":{"@type":"EntryPoint","urlTemplate":"https:\/\/10.0.2.222\/en\/?s={search_term_string}"},"query-input":{"@type":"PropertyValueSpecification","valueRequired":true,"valueName":"search_term_string"}}],"inLanguage":"fr-FR"}]}},"post-meta-fields":{"_wp_page_template":["default"],"_oembed_4632b020e2ba4a5efcc3557f8cb56a26":["<iframe title=\"Abdul Latif Jameel Energy: What is a &#039;Wind Class&#039; (EN 16:9)\" width=\"500\" height=\"281\" src=\"https:\/\/www.youtube.com\/embed\/CbcmFHBI_Ek?feature=oembed\" frameborder=\"0\" allow=\"accelerometer; autoplay; clipboard-write; encrypted-media; gyroscope; picture-in-picture; web-share\" referrerpolicy=\"strict-origin-when-cross-origin\" allowfullscreen><\/iframe>"],"_oembed_time_4632b020e2ba4a5efcc3557f8cb56a26":["1729158985"],"_oembed_b2ce6bdd80b83328aa727ff966f71cd5":["{{unknown}}"],"_published_date":["field_6057129b493f5"],"published_date":["20191023"],"_location":["field_601267396ce72"],"location":["Duba\u00ef, Emirats Arabes Unis"],"_featured":["field_601a3b473c5c5"],"featured":["0"],"_footnotes":["field_66fd39afb9383"],"footnotes":["<a name=\"_ftn1\"><\/a><a href=\"https:\/\/alj.com\/en\/news\/a-breezy-future-for-africa\/#_ftnref1\">[1]<\/a>\u00a0<a href=\"https:\/\/gwec.net\/winds-of-change-are-blowing-in-africa\/\">https:\/\/gwec.net\/winds-of-change-are-blowing-in-africa\/<\/a>\r\n\r\n<a name=\"_ftn2\"><\/a><a href=\"https:\/\/alj.com\/en\/news\/a-breezy-future-for-africa\/#_ftnref2\">[2]<\/a>\u00a0<a href=\"https:\/\/www.seforall.org\/interventions\/electricity-for-all-in-africa\">https:\/\/www.seforall.org\/interventions\/electricity-for-all-in-africa<\/a>"],"_business_sector":["field_66f6b5bcac8cb"],"business_sector":["\u00c9nergie","Services environnementaux"],"_content_series":["field_66fe3c439f8f6"],"content_series":[""],"_old_post_id":["field_66fe3fd59f8f7"],"old_post_id":["54961"],"_short_title":["field_60925d67125ef"],"short_title":["L\u2019Afrique a le vent en poupe"],"_summary":["field_6019304103a20"],"summary":["\u00c9tant donn\u00e9 que la population d\u2019Afrique devrait augmenter de 1,4 % par an jusqu\u2019en 2030, les march\u00e9s de l'\u00e9nergie sont de plus en plus sollicit\u00e9s pour faire face \u00e0 cette croissance et acc\u00e9l\u00e9rer l'\u00e9lectrification universelle sur tout le continent."],"_mobile_featured_image":["field_66f6b4bee65f3"],"mobile_featured_image":["https:\/\/media.alj3.clients.lemonhq.io\/wp-content\/uploads\/2024\/10\/wind-farm.jpg"],"_push_notification":["field_66f6b47de65f1"],"push_notification":[""],"_publish_mobile":["field_66f6b491e65f2"],"publish_mobile":["1"],"_status":["field_652694983fe12"],"status":["publish"],"_thumbnail_id":["8111"],"_wpml_word_count":["{\"total\":399,\"to_translate\":{\"ar\":399,\"zh-hans\":399,\"fr\":399,\"ja\":399,\"es\":399,\"tr\":399}}"],"_last_translation_edit_mode":["native-editor"],"_edit_lock":["1733374954:12"],"_edit_last":["12"],"_wpml_media_duplicate":["1"],"_wpml_media_featured":["1"],"_yoast_wpseo_estimated-reading-time-minutes":["1"],"select_category":["international"]},"_links":{"self":[{"href":"https:\/\/cms.alj3.clients.lemonhq.io\/fr\/wp-json\/wp\/v2\/quickreads\/8155","targetHints":{"allow":["GET"]}}],"collection":[{"href":"https:\/\/cms.alj3.clients.lemonhq.io\/fr\/wp-json\/wp\/v2\/quickreads"}],"about":[{"href":"https:\/\/cms.alj3.clients.lemonhq.io\/fr\/wp-json\/wp\/v2\/types\/quickreads"}],"wp:featuredmedia":[{"embeddable":true,"href":"https:\/\/cms.alj3.clients.lemonhq.io\/fr\/wp-json\/wp\/v2\/media\/8111"}],"wp:attachment":[{"href":"https:\/\/cms.alj3.clients.lemonhq.io\/fr\/wp-json\/wp\/v2\/media?parent=8155"}],"curies":[{"name":"wp","href":"https:\/\/api.w.org\/{rel}","templated":true}]}}