{"id":7363,"date":"2018-04-19T09:07:51","date_gmt":"2018-04-19T09:07:51","guid":{"rendered":"https:\/\/cms.alj3.clients.lemonhq.io\/quick-reads\/abdul-latif-jameel-land-launches-first-residential-complex-jone-2\/"},"modified":"2024-10-25T12:47:55","modified_gmt":"2024-10-25T12:47:55","slug":"abdul-latif-jameel-land-launches-first-residential-complex-jone-2","status":"publish","type":"quickreads","link":"https:\/\/cms.alj3.clients.lemonhq.io\/fr\/quick-reads\/abdul-latif-jameel-land-launches-first-residential-complex-jone-2\/","title":{"rendered":"Abdul Latif Jameel Land lance son premier complexe r\u00e9sidentiel : J|ONE"},"content":{"rendered":"\n<ul class=\"wp-block-list\">\n<li>Nouveau d\u00e9veloppement r\u00e9sidentiel de classe sup\u00e9rieure, avec 242\u00a0unit\u00e9s d\u2019appartements familiaux de une, deux, trois ou quatre chambres, d\u00e9sormais disponible pour la location<\/li>\n\n\n\n<li>Le projet, annonc\u00e9 en 2016, a \u00e9t\u00e9 achev\u00e9 en 19,5\u00a0mois<\/li>\n<\/ul>\n\n\n\n<p>J|ONE est un complexe r\u00e9sidentiel vertical dans la r\u00e9gion d\u2019Al Salamah au nord-ouest de Djeddah. Inspir\u00e9 par la sc\u00e8ne artistique, conceptuelle et cr\u00e9ative \u00e9mergente de Djeddah, J|ONE offre des habitations urbaines modernes, ancr\u00e9es dans la culture et les valeurs familiales. Avec pour objectif de repenser le mod\u00e8le r\u00e9pandu de complexe d\u2019appartements vertical, la superficie construite de J|ONE de 64&nbsp;000&nbsp;m\u00e8tres carr\u00e9s offre une option r\u00e9sidentielle \u00e9cologique unique, avec des installations partag\u00e9es, telles que des piscines ext\u00e9rieures, un club de sant\u00e9, un cin\u00e9ma maison, un caf\u00e9, un salon luxueux, une salle de jeux, une garderie, un salon de beaut\u00e9, et une sup\u00e9rette.<\/p>\n\n\n\n<p>Annonc\u00e9 en 2016 et achev\u00e9 en 19,5&nbsp;mois, J|ONE est un projet phare visant \u00e0 am\u00e9liorer le parc immobilier et la qualit\u00e9. En tant que premier d\u00e9veloppement r\u00e9sidentiel d\u2019Abdul Latif Jameel Land, il d\u00e9montre la capacit\u00e9 de l\u2019entreprise \u00e0 construire les communaut\u00e9s futures avec un centre r\u00e9sidentiel, commercial et social dynamique dans les zones entourant Djeddah.<\/p>\n\n\n\n<p><a href=\"https:\/\/media.alj.com\/en\/our-people\/fady-jameel\/\">Fady Jameel<\/a>, Vice-pr\u00e9sident d\u2019Abdul Latif Jameel International, a d\u00e9clar\u00e9&nbsp;: \u00ab&nbsp;J|ONE est un d\u00e9veloppement r\u00e9sidentiel d\u2019avant-garde autant pour Abdul Latif Jameel Land que pour l\u2019Arabie Saoudite. Il s\u2019agit d\u2019une \u00e9tape cl\u00e9 dans la r\u00e9alisation des objectifs de d\u00e9veloppement r\u00e9sidentiel et de propri\u00e9t\u00e9 immobili\u00e8re d\u00e9finis dans la Vision 2030 saoudienne, et pour r\u00e9pondre \u00e0 la demande croissante de logements sur le march\u00e9. Pour les r\u00e9sidents, l\u2019accent que nous mettons sur la dimension communautaire de l\u2019habitat r\u00e9sidentiel est ce qui distinguera J|ONE sur le march\u00e9 de Djeddah.&nbsp;\u00bb<\/p>\n\n\n\n<p>Pour plus d\u2019informations sur J|ONE, veuillez cliquer <a href=\"http:\/\/joneresidence.com\/\">ici<\/a><\/p>\n\n\n<figure class=\"wp-block-embed is-type-video is-provider-youtube wp-block-embed-youtube wp-embed-aspect-16-9 wp-has-aspect-ratio\"><div class=\"wp-block-embed__wrapper\">https:\/\/www.youtube.com\/embed\/g8V33S36OWc<\/div><\/figure>","protected":false},"featured_media":7362,"menu_order":0,"template":"","class_list":["post-7363","quickreads","type-quickreads","status-publish","has-post-thumbnail","hentry"],"acf":[],"yoast_head":"<!-- This site is optimized with the Yoast SEO plugin v26.5 - https:\/\/yoast.com\/wordpress\/plugins\/seo\/ -->\n<title>Abdul Latif Jameel Land lance son premier complexe r\u00e9sidentiel : J|ONE - Abdul Latif Jameel<\/title>\n<meta name=\"robots\" content=\"noindex, follow, max-snippet:-1, max-image-preview:large, max-video-preview:-1\" \/>\n<meta property=\"og:locale\" content=\"fr_FR\" \/>\n<meta property=\"og:type\" content=\"article\" \/>\n<meta property=\"og:title\" content=\"Abdul Latif Jameel Land lance son premier complexe r\u00e9sidentiel : J|ONE - Abdul Latif Jameel\" \/>\n<meta property=\"og:description\" content=\"J|ONE est un complexe r\u00e9sidentiel vertical dans la r\u00e9gion d\u2019Al Salamah au nord-ouest de Djeddah. Inspir\u00e9 par la sc\u00e8ne artistique, conceptuelle et cr\u00e9ative \u00e9mergente de Djeddah, J|ONE offre des habitations urbaines modernes, ancr\u00e9es dans la culture et les valeurs familiales. Avec pour objectif de repenser le mod\u00e8le r\u00e9pandu de complexe d\u2019appartements vertical, la superficie construite [&hellip;]\" \/>\n<meta property=\"og:url\" content=\"https:\/\/cms.alj3.clients.lemonhq.io\/fr\/quick-reads\/abdul-latif-jameel-land-launches-first-residential-complex-jone-2\/\" \/>\n<meta property=\"og:site_name\" content=\"Abdul Latif Jameel\" \/>\n<meta property=\"article:modified_time\" content=\"2024-10-25T12:47:55+00:00\" \/>\n<meta property=\"og:image\" content=\"https:\/\/media.alj3.clients.lemonhq.io\/wp-content\/uploads\/2024\/10\/2018-04-15-PHOTO-00000039.jpg\" \/>\n\t<meta property=\"og:image:width\" content=\"1280\" \/>\n\t<meta property=\"og:image:height\" content=\"720\" \/>\n\t<meta property=\"og:image:type\" content=\"image\/jpeg\" \/>\n<meta name=\"twitter:card\" content=\"summary_large_image\" \/>\n<meta name=\"twitter:label1\" content=\"Dur\u00e9e de lecture estim\u00e9e\" \/>\n\t<meta name=\"twitter:data1\" content=\"2 minutes\" \/>\n<script type=\"application\/ld+json\" class=\"yoast-schema-graph\">{\"@context\":\"https:\/\/schema.org\",\"@graph\":[{\"@type\":\"WebPage\",\"@id\":\"https:\/\/cms.alj3.clients.lemonhq.io\/fr\/quick-reads\/abdul-latif-jameel-land-launches-first-residential-complex-jone-2\/\",\"url\":\"https:\/\/cms.alj3.clients.lemonhq.io\/fr\/quick-reads\/abdul-latif-jameel-land-launches-first-residential-complex-jone-2\/\",\"name\":\"Abdul Latif Jameel Land lance son premier complexe r\u00e9sidentiel : J|ONE - Abdul Latif Jameel\",\"isPartOf\":{\"@id\":\"https:\/\/10.0.2.222\/en\/#website\"},\"primaryImageOfPage\":{\"@id\":\"https:\/\/cms.alj3.clients.lemonhq.io\/fr\/quick-reads\/abdul-latif-jameel-land-launches-first-residential-complex-jone-2\/#primaryimage\"},\"image\":{\"@id\":\"https:\/\/cms.alj3.clients.lemonhq.io\/fr\/quick-reads\/abdul-latif-jameel-land-launches-first-residential-complex-jone-2\/#primaryimage\"},\"thumbnailUrl\":\"https:\/\/media.alj3.clients.lemonhq.io\/wp-content\/uploads\/2024\/10\/2018-04-15-PHOTO-00000039.jpg\",\"datePublished\":\"2018-04-19T09:07:51+00:00\",\"dateModified\":\"2024-10-25T12:47:55+00:00\",\"breadcrumb\":{\"@id\":\"https:\/\/cms.alj3.clients.lemonhq.io\/fr\/quick-reads\/abdul-latif-jameel-land-launches-first-residential-complex-jone-2\/#breadcrumb\"},\"inLanguage\":\"fr-FR\",\"potentialAction\":[{\"@type\":\"ReadAction\",\"target\":[\"https:\/\/cms.alj3.clients.lemonhq.io\/fr\/quick-reads\/abdul-latif-jameel-land-launches-first-residential-complex-jone-2\/\"]}]},{\"@type\":\"ImageObject\",\"inLanguage\":\"fr-FR\",\"@id\":\"https:\/\/cms.alj3.clients.lemonhq.io\/fr\/quick-reads\/abdul-latif-jameel-land-launches-first-residential-complex-jone-2\/#primaryimage\",\"url\":\"https:\/\/media.alj3.clients.lemonhq.io\/wp-content\/uploads\/2024\/10\/2018-04-15-PHOTO-00000039.jpg\",\"contentUrl\":\"https:\/\/media.alj3.clients.lemonhq.io\/wp-content\/uploads\/2024\/10\/2018-04-15-PHOTO-00000039.jpg\",\"width\":1280,\"height\":720},{\"@type\":\"BreadcrumbList\",\"@id\":\"https:\/\/cms.alj3.clients.lemonhq.io\/fr\/quick-reads\/abdul-latif-jameel-land-launches-first-residential-complex-jone-2\/#breadcrumb\",\"itemListElement\":[{\"@type\":\"ListItem\",\"position\":1,\"name\":\"Home\",\"item\":\"https:\/\/10.0.2.222\/en\/\"},{\"@type\":\"ListItem\",\"position\":2,\"name\":\"Abdul Latif Jameel Land lance son premier complexe r\u00e9sidentiel : J|ONE\"}]},{\"@type\":\"WebSite\",\"@id\":\"https:\/\/10.0.2.222\/en\/#website\",\"url\":\"https:\/\/10.0.2.222\/en\/\",\"name\":\"Abdul Latif Jameel\",\"description\":\"\",\"potentialAction\":[{\"@type\":\"SearchAction\",\"target\":{\"@type\":\"EntryPoint\",\"urlTemplate\":\"https:\/\/10.0.2.222\/en\/?s={search_term_string}\"},\"query-input\":{\"@type\":\"PropertyValueSpecification\",\"valueRequired\":true,\"valueName\":\"search_term_string\"}}],\"inLanguage\":\"fr-FR\"}]}<\/script>\n<!-- \/ Yoast SEO plugin. -->","yoast_head_json":{"title":"Abdul Latif Jameel Land lance son premier complexe r\u00e9sidentiel : J|ONE - Abdul Latif Jameel","robots":{"index":"noindex","follow":"follow","max-snippet":"max-snippet:-1","max-image-preview":"max-image-preview:large","max-video-preview":"max-video-preview:-1"},"og_locale":"fr_FR","og_type":"article","og_title":"Abdul Latif Jameel Land lance son premier complexe r\u00e9sidentiel : J|ONE - Abdul Latif Jameel","og_description":"J|ONE est un complexe r\u00e9sidentiel vertical dans la r\u00e9gion d\u2019Al Salamah au nord-ouest de Djeddah. Inspir\u00e9 par la sc\u00e8ne artistique, conceptuelle et cr\u00e9ative \u00e9mergente de Djeddah, J|ONE offre des habitations urbaines modernes, ancr\u00e9es dans la culture et les valeurs familiales. Avec pour objectif de repenser le mod\u00e8le r\u00e9pandu de complexe d\u2019appartements vertical, la superficie construite [&hellip;]","og_url":"https:\/\/cms.alj3.clients.lemonhq.io\/fr\/quick-reads\/abdul-latif-jameel-land-launches-first-residential-complex-jone-2\/","og_site_name":"Abdul Latif Jameel","article_modified_time":"2024-10-25T12:47:55+00:00","og_image":[{"width":1280,"height":720,"url":"https:\/\/media.alj3.clients.lemonhq.io\/wp-content\/uploads\/2024\/10\/2018-04-15-PHOTO-00000039.jpg","type":"image\/jpeg"}],"twitter_card":"summary_large_image","twitter_misc":{"Dur\u00e9e de lecture estim\u00e9e":"2 minutes"},"schema":{"@context":"https:\/\/schema.org","@graph":[{"@type":"WebPage","@id":"https:\/\/cms.alj3.clients.lemonhq.io\/fr\/quick-reads\/abdul-latif-jameel-land-launches-first-residential-complex-jone-2\/","url":"https:\/\/cms.alj3.clients.lemonhq.io\/fr\/quick-reads\/abdul-latif-jameel-land-launches-first-residential-complex-jone-2\/","name":"Abdul Latif Jameel Land lance son premier complexe r\u00e9sidentiel : J|ONE - Abdul Latif Jameel","isPartOf":{"@id":"https:\/\/10.0.2.222\/en\/#website"},"primaryImageOfPage":{"@id":"https:\/\/cms.alj3.clients.lemonhq.io\/fr\/quick-reads\/abdul-latif-jameel-land-launches-first-residential-complex-jone-2\/#primaryimage"},"image":{"@id":"https:\/\/cms.alj3.clients.lemonhq.io\/fr\/quick-reads\/abdul-latif-jameel-land-launches-first-residential-complex-jone-2\/#primaryimage"},"thumbnailUrl":"https:\/\/media.alj3.clients.lemonhq.io\/wp-content\/uploads\/2024\/10\/2018-04-15-PHOTO-00000039.jpg","datePublished":"2018-04-19T09:07:51+00:00","dateModified":"2024-10-25T12:47:55+00:00","breadcrumb":{"@id":"https:\/\/cms.alj3.clients.lemonhq.io\/fr\/quick-reads\/abdul-latif-jameel-land-launches-first-residential-complex-jone-2\/#breadcrumb"},"inLanguage":"fr-FR","potentialAction":[{"@type":"ReadAction","target":["https:\/\/cms.alj3.clients.lemonhq.io\/fr\/quick-reads\/abdul-latif-jameel-land-launches-first-residential-complex-jone-2\/"]}]},{"@type":"ImageObject","inLanguage":"fr-FR","@id":"https:\/\/cms.alj3.clients.lemonhq.io\/fr\/quick-reads\/abdul-latif-jameel-land-launches-first-residential-complex-jone-2\/#primaryimage","url":"https:\/\/media.alj3.clients.lemonhq.io\/wp-content\/uploads\/2024\/10\/2018-04-15-PHOTO-00000039.jpg","contentUrl":"https:\/\/media.alj3.clients.lemonhq.io\/wp-content\/uploads\/2024\/10\/2018-04-15-PHOTO-00000039.jpg","width":1280,"height":720},{"@type":"BreadcrumbList","@id":"https:\/\/cms.alj3.clients.lemonhq.io\/fr\/quick-reads\/abdul-latif-jameel-land-launches-first-residential-complex-jone-2\/#breadcrumb","itemListElement":[{"@type":"ListItem","position":1,"name":"Home","item":"https:\/\/10.0.2.222\/en\/"},{"@type":"ListItem","position":2,"name":"Abdul Latif Jameel Land lance son premier complexe r\u00e9sidentiel : J|ONE"}]},{"@type":"WebSite","@id":"https:\/\/10.0.2.222\/en\/#website","url":"https:\/\/10.0.2.222\/en\/","name":"Abdul Latif Jameel","description":"","potentialAction":[{"@type":"SearchAction","target":{"@type":"EntryPoint","urlTemplate":"https:\/\/10.0.2.222\/en\/?s={search_term_string}"},"query-input":{"@type":"PropertyValueSpecification","valueRequired":true,"valueName":"search_term_string"}}],"inLanguage":"fr-FR"}]}},"post-meta-fields":{"_wp_page_template":["default"],"_published_date":["field_6057129b493f5"],"published_date":["20180423"],"_location":["field_601267396ce72"],"location":["Djeddah, Arabie Saoudite"],"_featured":["field_601a3b473c5c5"],"featured":[""],"_footnotes":["field_66fd39afb9383"],"footnotes":[""],"_business_sector":["field_66f6b5bcac8cb"],"business_sector":["Op\u00e9rations diversifi\u00e9es"],"_content_series":["field_66fe3c439f8f6"],"content_series":[""],"_old_post_id":["field_66fe3fd59f8f7"],"old_post_id":["15731"],"_short_title":["field_60925d67125ef"],"short_title":["Abdul Latif Jameel Land lance J | ONE"],"_summary":["field_6019304103a20"],"summary":["Abdul Latif Jameel Land a lanc\u00e9 aujourd\u2019hui son premier complexe r\u00e9sidentiel, J|ONE, un d\u00e9veloppement de 242\u00a0appartements premium avec des \u00e9quipements collectifs int\u00e9gr\u00e9s."],"_mobile_featured_image":["field_66f6b4bee65f3"],"mobile_featured_image":["https:\/\/cms.alj3.clients.lemonhq.io\/wp-content\/themes\/alj\/assets\/images\/defaultmobilethumb.jpg"],"_push_notification":["field_66f6b47de65f1"],"push_notification":[""],"_publish_mobile":["field_66f6b491e65f2"],"publish_mobile":[""],"_status":["field_652694983fe12"],"status":["publish"],"_thumbnail_id":["7362"],"_wpml_word_count":["{\"total\":333,\"to_translate\":{\"ar\":333,\"zh-hans\":333,\"fr\":333,\"ja\":333,\"es\":333,\"tr\":333}}"],"_last_translation_edit_mode":["translation-editor"]},"_links":{"self":[{"href":"https:\/\/cms.alj3.clients.lemonhq.io\/fr\/wp-json\/wp\/v2\/quickreads\/7363","targetHints":{"allow":["GET"]}}],"collection":[{"href":"https:\/\/cms.alj3.clients.lemonhq.io\/fr\/wp-json\/wp\/v2\/quickreads"}],"about":[{"href":"https:\/\/cms.alj3.clients.lemonhq.io\/fr\/wp-json\/wp\/v2\/types\/quickreads"}],"wp:featuredmedia":[{"embeddable":true,"href":"https:\/\/cms.alj3.clients.lemonhq.io\/fr\/wp-json\/wp\/v2\/media\/7362"}],"wp:attachment":[{"href":"https:\/\/cms.alj3.clients.lemonhq.io\/fr\/wp-json\/wp\/v2\/media?parent=7363"}],"curies":[{"name":"wp","href":"https:\/\/api.w.org\/{rel}","templated":true}]}}