{"id":7237,"date":"2017-11-21T06:53:58","date_gmt":"2017-11-21T06:53:58","guid":{"rendered":"https:\/\/cms.alj3.clients.lemonhq.io\/quick-reads\/global-experts-gather-j-wel-launch-2-4\/"},"modified":"2024-10-17T10:48:06","modified_gmt":"2024-10-17T10:48:06","slug":"global-experts-gather-j-wel-launch-2-4","status":"publish","type":"quickreads","link":"https:\/\/cms.alj3.clients.lemonhq.io\/fr\/quick-reads\/global-experts-gather-j-wel-launch-2-4\/","title":{"rendered":"R\u00e9union d\u2019experts mondiaux pour le lancement de J-WEL"},"content":{"rendered":"\n<p>Des professionnels du domaine de l\u2019\u00e9ducation, issus de 27&nbsp;pays, se sont r\u00e9unis au Massachusetts Institute of Technology (MIT), en octobre afin de discuter du futur de l\u2019\u00e9ducation et de l\u2019apprentissage, dans le cadre de la <a href=\"https:\/\/jwel.mit.edu\/events\/j-wel-week-october-2017\/\">Semaine J-WEL<\/a> inaugurale.<\/p>\n\n\n\n<p>La Semaine J-WEL est la premi\u00e8re initiative du Laboratoire mondial d\u2019\u00e9ducation Abdul Latif Jameel (J-WEL). L\u2019\u00e9v\u00e9nement de quatre jours a inclus des conf\u00e9rences, des pr\u00e9sentations ainsi que des ateliers ax\u00e9s sur les trois piliers d\u2019une \u00e9ducation continue&nbsp;: \u00e9ducation primaire et secondaire, \u00e9ducation sup\u00e9rieure et apprentissage sur le lieu de travail.<\/p>\n\n\n\n<p>Les visiteurs sont venus de l\u2019Am\u00e9rique du Sud, de l\u2019Australie, du Moyen-Orient, de l\u2019Extr\u00eame-Orient et d\u2019Europe, afin de participer \u00e0 cet \u00e9v\u00e9nement dont le th\u00e8me central \u00e9tait \u00ab&nbsp;Le pouvoir de la r\u00e9solution de probl\u00e8mes&nbsp;\u00bb.<\/p>\n\n\n\n<p><a href=\"https:\/\/jwel.mit.edu\/\">J-WEL<\/a>, une co-entreprise entre Community Jameel et le MIT, a \u00e9t\u00e9 fond\u00e9 en mai&nbsp;2017. Son objectif est d\u2019aider les individus \u00e0 travers la plan\u00e8te \u00e0 r\u00e9aliser leur plein potentiel en transformant l\u2019\u00e9ducation et l\u2019apprentissage \u00e0 tout niveau et tout \u00e2ge. J-WEL cherche \u00e0 renforcer le transfert des connaissances et leur d\u00e9veloppement, ainsi qu\u2019\u00e0 fournir aux individus les comp\u00e9tences et aptitudes requises pour l\u2019environnement de travail moderne.<\/p>\n\n\n<div class=\"wp-block-image wp-image-14276 size-medium\">\n<figure class=\"alignleft\"><img decoding=\"async\" src=\"https:\/\/media.alj3.clients.lemonhq.io\/wp-content\/uploads\/2024\/10\/JWEL-Formation-300x200-1.jpg\" alt=\"\" class=\"wp-image-14276\"\/><figcaption class=\"wp-element-caption\"><span style=\"font-size: 12px;\">Le Pr\u00e9sident du MIT, L. Rafael Reif (\u00e0 gauche) et <a href=\"https:\/\/media.alj.com\/en\/our-people\/fady-jameel\/\">Fady Mohammed Jameel<\/a>, Pr\u00e9sident de Community Jameel International (\u00e0 droite) annoncent la naissance du nouveau Laboratoire mondial d\u2019\u00e9ducation Abdul Latif Jameel (J-WEL) au MIT.<\/span><\/figcaption><\/figure>\n<\/div>\n\n\n<p><a href=\"https:\/\/media.alj.com\/en\/our-people\/fady-jameel\/\">Fady Mohammed Jameel<\/a>, Pr\u00e9sident de Community Jameel International, a d\u00e9clar\u00e9&nbsp;: <em>\u00ab&nbsp;L\u2019\u00e9ducation et l\u2019apprentissage sont fondamentaux dans le d\u00e9veloppement, l\u2019\u00e9tablissement d\u2019\u00e9conomies solides et diversifi\u00e9es, ainsi que dans la cr\u00e9ation d\u2019opportunit\u00e9s et de prosp\u00e9rit\u00e9 pour tous.&nbsp;<\/em><em>Par le biais de J-WEL, nous souhaitons rassembler des experts issus de l\u2019espace \u00e9ducatif, regrouper des perspectives, des connaissances et exp\u00e9riences afin de r\u00e9pondre aux d\u00e9fis auxquels l\u2019apprentissage fait face \u00e0 tout niveau, et afin de d\u00e9velopper des solutions r\u00e9elles et pratiques. La Semaine J-WEL inaugurale est la premi\u00e8re \u00e9tape de ce processus, et nous sommes ravis du fort niveau d\u2019engagement pour cette initiative.&nbsp;\u00bb <\/em><\/p>\n\n\n\n<p>Les semaines J-WEL sont des programmes centr\u00e9s sur les buts et cibl\u00e9s offrant aux membres un acc\u00e8s direct aux ressources et pratiques du MIT. Deux semaines J-WEL distinctes se d\u00e9roulent par an, chacune avec un th\u00e8me principale et comprenant plusieurs modules. Les membres abordent les probl\u00e8mes rencontr\u00e9s au sein de leurs organisations, en d\u00e9finissant des objectifs et en envisageant les prochaines \u00e9tapes qui permettront la mise en \u0153uvre.<\/p>\n\n\n<div class=\"wp-block-image wp-image-14277 size-medium\">\n<figure class=\"alignright\"><img decoding=\"async\" src=\"https:\/\/media.alj3.clients.lemonhq.io\/wp-content\/uploads\/2024\/10\/Prof.-Sanjay.-Sarma-300x225-1.jpg\" alt=\"\" class=\"wp-image-14277\"\/><figcaption class=\"wp-element-caption\"><span style=\"font-size: 12px;\">Professeur Sanjay, Vice-pr\u00e9sident \u00ab\u00a0Open Learning\u00a0\u00bb (apprentissage ouvert) au MIT. Sarma a lanc\u00e9 la Semaine J-WEL en abordant les d\u00e9fis et opportunit\u00e9s nous faisant face au niveau de l\u2019\u00e9ducation mondiale.<\/span><\/figcaption><\/figure>\n<\/div>\n\n\n<p>Chaque semaine J-WEL est un parcours d\u2019apprentissage et d\u2019exploration connect\u00e9 pour les participants. Plus important encore, les semaines J-WEL d\u00e9velopperont un r\u00e9seau collaboratif \u00e9troit d\u2019innovateurs en mesure d\u2019avoir un impact sur l\u2019\u00e9ducation, autant \u00e0 l\u2019\u00e9chelle locale qu\u2019\u00e0 l\u2019\u00e9chelle mondiale.<\/p>\n\n\n\n<p>Les semaines J-WEL pr\u00e9parent la voie aux \u00c9changes J-WEL \u00ab&nbsp;plong\u00e9e en profondeur&nbsp;\u00bb&nbsp;&#8211;&nbsp;formations intensives et ateliers ax\u00e9s sur des sujets cl\u00e9s en \u00e9ducation, ainsi que des programmes sp\u00e9cifiques aux membres, incluant ceux orient\u00e9s sur des conceptions institutionnelles innovantes.<\/p>\n\n\n\n<p>J-WEL est partie int\u00e9grante d\u2019un \u00e9ventail plus large de collaborations en cours entre <a href=\"https:\/\/www.communityjameel.org\/\">Community Jameel<\/a> et le MIT, incluant le Laboratoire d\u2019Action Contre la Pauvret\u00e9 (<a href=\"https:\/\/www.povertyactionlab.org\/\">J-PAL<\/a>) et l\u2019Abdul Latif Jameel World Water and Food Security Lab (<a href=\"https:\/\/jwafs.mit.edu\/\">J-WAFS<\/a>, Laboratoire pour la s\u00e9curit\u00e9 alimentaire et de l\u2019eau dans le monde).<\/p>\n\n\n\n<p>&nbsp;<\/p>\n\n\n\n<p>&nbsp;<\/p>\n\n\n\n<p>&nbsp;<\/p>\n\n\n\n<p>&nbsp;<\/p>\n\n\n\n<p>&nbsp;<\/p>\n","protected":false},"featured_media":7184,"menu_order":0,"template":"","class_list":["post-7237","quickreads","type-quickreads","status-publish","has-post-thumbnail","hentry"],"acf":[],"yoast_head":"<!-- This site is optimized with the Yoast SEO plugin v26.5 - https:\/\/yoast.com\/wordpress\/plugins\/seo\/ -->\n<title>R\u00e9union d\u2019experts mondiaux pour le lancement de J-WEL - Abdul Latif Jameel<\/title>\n<meta name=\"robots\" content=\"noindex, follow, max-snippet:-1, max-image-preview:large, max-video-preview:-1\" \/>\n<meta property=\"og:locale\" content=\"fr_FR\" \/>\n<meta property=\"og:type\" content=\"article\" \/>\n<meta property=\"og:title\" content=\"R\u00e9union d\u2019experts mondiaux pour le lancement de J-WEL - Abdul Latif Jameel\" \/>\n<meta property=\"og:description\" content=\"Des professionnels du domaine de l\u2019\u00e9ducation, issus de 27&nbsp;pays, se sont r\u00e9unis au Massachusetts Institute of Technology (MIT), en octobre afin de discuter du futur de l\u2019\u00e9ducation et de l\u2019apprentissage, dans le cadre de la Semaine J-WEL inaugurale. La Semaine J-WEL est la premi\u00e8re initiative du Laboratoire mondial d\u2019\u00e9ducation Abdul Latif Jameel (J-WEL). L\u2019\u00e9v\u00e9nement de [&hellip;]\" \/>\n<meta property=\"og:url\" content=\"https:\/\/cms.alj3.clients.lemonhq.io\/fr\/quick-reads\/global-experts-gather-j-wel-launch-2-4\/\" \/>\n<meta property=\"og:site_name\" content=\"Abdul Latif Jameel\" \/>\n<meta property=\"article:modified_time\" content=\"2024-10-17T10:48:06+00:00\" \/>\n<meta property=\"og:image\" content=\"https:\/\/media.alj3.clients.lemonhq.io\/wp-content\/uploads\/2024\/10\/J-WEL-at-MIT.jpg\" \/>\n\t<meta property=\"og:image:width\" content=\"1300\" \/>\n\t<meta property=\"og:image:height\" content=\"395\" \/>\n\t<meta property=\"og:image:type\" content=\"image\/jpeg\" \/>\n<meta name=\"twitter:card\" content=\"summary_large_image\" \/>\n<meta name=\"twitter:label1\" content=\"Dur\u00e9e de lecture estim\u00e9e\" \/>\n\t<meta name=\"twitter:data1\" content=\"3 minutes\" \/>\n<script type=\"application\/ld+json\" class=\"yoast-schema-graph\">{\"@context\":\"https:\/\/schema.org\",\"@graph\":[{\"@type\":\"WebPage\",\"@id\":\"https:\/\/cms.alj3.clients.lemonhq.io\/fr\/quick-reads\/global-experts-gather-j-wel-launch-2-4\/\",\"url\":\"https:\/\/cms.alj3.clients.lemonhq.io\/fr\/quick-reads\/global-experts-gather-j-wel-launch-2-4\/\",\"name\":\"R\u00e9union d\u2019experts mondiaux pour le lancement de J-WEL - Abdul Latif Jameel\",\"isPartOf\":{\"@id\":\"https:\/\/10.0.2.222\/en\/#website\"},\"primaryImageOfPage\":{\"@id\":\"https:\/\/cms.alj3.clients.lemonhq.io\/fr\/quick-reads\/global-experts-gather-j-wel-launch-2-4\/#primaryimage\"},\"image\":{\"@id\":\"https:\/\/cms.alj3.clients.lemonhq.io\/fr\/quick-reads\/global-experts-gather-j-wel-launch-2-4\/#primaryimage\"},\"thumbnailUrl\":\"https:\/\/media.alj3.clients.lemonhq.io\/wp-content\/uploads\/2024\/10\/J-WEL-at-MIT.jpg\",\"datePublished\":\"2017-11-21T06:53:58+00:00\",\"dateModified\":\"2024-10-17T10:48:06+00:00\",\"breadcrumb\":{\"@id\":\"https:\/\/cms.alj3.clients.lemonhq.io\/fr\/quick-reads\/global-experts-gather-j-wel-launch-2-4\/#breadcrumb\"},\"inLanguage\":\"fr-FR\",\"potentialAction\":[{\"@type\":\"ReadAction\",\"target\":[\"https:\/\/cms.alj3.clients.lemonhq.io\/fr\/quick-reads\/global-experts-gather-j-wel-launch-2-4\/\"]}]},{\"@type\":\"ImageObject\",\"inLanguage\":\"fr-FR\",\"@id\":\"https:\/\/cms.alj3.clients.lemonhq.io\/fr\/quick-reads\/global-experts-gather-j-wel-launch-2-4\/#primaryimage\",\"url\":\"https:\/\/media.alj3.clients.lemonhq.io\/wp-content\/uploads\/2024\/10\/J-WEL-at-MIT.jpg\",\"contentUrl\":\"https:\/\/media.alj3.clients.lemonhq.io\/wp-content\/uploads\/2024\/10\/J-WEL-at-MIT.jpg\",\"width\":1300,\"height\":395},{\"@type\":\"BreadcrumbList\",\"@id\":\"https:\/\/cms.alj3.clients.lemonhq.io\/fr\/quick-reads\/global-experts-gather-j-wel-launch-2-4\/#breadcrumb\",\"itemListElement\":[{\"@type\":\"ListItem\",\"position\":1,\"name\":\"Home\",\"item\":\"https:\/\/10.0.2.222\/en\/\"},{\"@type\":\"ListItem\",\"position\":2,\"name\":\"R\u00e9union d\u2019experts mondiaux pour le lancement de J-WEL\"}]},{\"@type\":\"WebSite\",\"@id\":\"https:\/\/10.0.2.222\/en\/#website\",\"url\":\"https:\/\/10.0.2.222\/en\/\",\"name\":\"Abdul Latif Jameel\",\"description\":\"\",\"potentialAction\":[{\"@type\":\"SearchAction\",\"target\":{\"@type\":\"EntryPoint\",\"urlTemplate\":\"https:\/\/10.0.2.222\/en\/?s={search_term_string}\"},\"query-input\":{\"@type\":\"PropertyValueSpecification\",\"valueRequired\":true,\"valueName\":\"search_term_string\"}}],\"inLanguage\":\"fr-FR\"}]}<\/script>\n<!-- \/ Yoast SEO plugin. -->","yoast_head_json":{"title":"R\u00e9union d\u2019experts mondiaux pour le lancement de J-WEL - Abdul Latif Jameel","robots":{"index":"noindex","follow":"follow","max-snippet":"max-snippet:-1","max-image-preview":"max-image-preview:large","max-video-preview":"max-video-preview:-1"},"og_locale":"fr_FR","og_type":"article","og_title":"R\u00e9union d\u2019experts mondiaux pour le lancement de J-WEL - Abdul Latif Jameel","og_description":"Des professionnels du domaine de l\u2019\u00e9ducation, issus de 27&nbsp;pays, se sont r\u00e9unis au Massachusetts Institute of Technology (MIT), en octobre afin de discuter du futur de l\u2019\u00e9ducation et de l\u2019apprentissage, dans le cadre de la Semaine J-WEL inaugurale. La Semaine J-WEL est la premi\u00e8re initiative du Laboratoire mondial d\u2019\u00e9ducation Abdul Latif Jameel (J-WEL). L\u2019\u00e9v\u00e9nement de [&hellip;]","og_url":"https:\/\/cms.alj3.clients.lemonhq.io\/fr\/quick-reads\/global-experts-gather-j-wel-launch-2-4\/","og_site_name":"Abdul Latif Jameel","article_modified_time":"2024-10-17T10:48:06+00:00","og_image":[{"width":1300,"height":395,"url":"https:\/\/media.alj3.clients.lemonhq.io\/wp-content\/uploads\/2024\/10\/J-WEL-at-MIT.jpg","type":"image\/jpeg"}],"twitter_card":"summary_large_image","twitter_misc":{"Dur\u00e9e de lecture estim\u00e9e":"3 minutes"},"schema":{"@context":"https:\/\/schema.org","@graph":[{"@type":"WebPage","@id":"https:\/\/cms.alj3.clients.lemonhq.io\/fr\/quick-reads\/global-experts-gather-j-wel-launch-2-4\/","url":"https:\/\/cms.alj3.clients.lemonhq.io\/fr\/quick-reads\/global-experts-gather-j-wel-launch-2-4\/","name":"R\u00e9union d\u2019experts mondiaux pour le lancement de J-WEL - Abdul Latif Jameel","isPartOf":{"@id":"https:\/\/10.0.2.222\/en\/#website"},"primaryImageOfPage":{"@id":"https:\/\/cms.alj3.clients.lemonhq.io\/fr\/quick-reads\/global-experts-gather-j-wel-launch-2-4\/#primaryimage"},"image":{"@id":"https:\/\/cms.alj3.clients.lemonhq.io\/fr\/quick-reads\/global-experts-gather-j-wel-launch-2-4\/#primaryimage"},"thumbnailUrl":"https:\/\/media.alj3.clients.lemonhq.io\/wp-content\/uploads\/2024\/10\/J-WEL-at-MIT.jpg","datePublished":"2017-11-21T06:53:58+00:00","dateModified":"2024-10-17T10:48:06+00:00","breadcrumb":{"@id":"https:\/\/cms.alj3.clients.lemonhq.io\/fr\/quick-reads\/global-experts-gather-j-wel-launch-2-4\/#breadcrumb"},"inLanguage":"fr-FR","potentialAction":[{"@type":"ReadAction","target":["https:\/\/cms.alj3.clients.lemonhq.io\/fr\/quick-reads\/global-experts-gather-j-wel-launch-2-4\/"]}]},{"@type":"ImageObject","inLanguage":"fr-FR","@id":"https:\/\/cms.alj3.clients.lemonhq.io\/fr\/quick-reads\/global-experts-gather-j-wel-launch-2-4\/#primaryimage","url":"https:\/\/media.alj3.clients.lemonhq.io\/wp-content\/uploads\/2024\/10\/J-WEL-at-MIT.jpg","contentUrl":"https:\/\/media.alj3.clients.lemonhq.io\/wp-content\/uploads\/2024\/10\/J-WEL-at-MIT.jpg","width":1300,"height":395},{"@type":"BreadcrumbList","@id":"https:\/\/cms.alj3.clients.lemonhq.io\/fr\/quick-reads\/global-experts-gather-j-wel-launch-2-4\/#breadcrumb","itemListElement":[{"@type":"ListItem","position":1,"name":"Home","item":"https:\/\/10.0.2.222\/en\/"},{"@type":"ListItem","position":2,"name":"R\u00e9union d\u2019experts mondiaux pour le lancement de J-WEL"}]},{"@type":"WebSite","@id":"https:\/\/10.0.2.222\/en\/#website","url":"https:\/\/10.0.2.222\/en\/","name":"Abdul Latif Jameel","description":"","potentialAction":[{"@type":"SearchAction","target":{"@type":"EntryPoint","urlTemplate":"https:\/\/10.0.2.222\/en\/?s={search_term_string}"},"query-input":{"@type":"PropertyValueSpecification","valueRequired":true,"valueName":"search_term_string"}}],"inLanguage":"fr-FR"}]}},"post-meta-fields":{"_wp_page_template":["default"],"_published_date":["field_6057129b493f5"],"published_date":["20171026"],"_location":["field_601267396ce72"],"location":["Boston, \u00c9tats-Unis"],"_featured":["field_601a3b473c5c5"],"featured":[""],"_footnotes":["field_66fd39afb9383"],"footnotes":[""],"_business_sector":["field_66f6b5bcac8cb"],"business_sector":["Community Jameel"],"_content_series":["field_66fe3c439f8f6"],"content_series":[""],"_old_post_id":["field_66fe3fd59f8f7"],"old_post_id":["14654"],"_short_title":["field_60925d67125ef"],"short_title":["R\u00e9union d\u2019experts mondiaux pour le lancement de J-WEL"],"_summary":["field_6019304103a20"],"summary":["Des professionnels du domaine de l\u2019\u00e9ducation, issus de 27\u00a0pays, se sont r\u00e9unis au Massachusetts Institute of Technology (MIT), en octobre afin de discuter du futur de l\u2019\u00e9ducation et de l\u2019apprentissage, dans le cadre de la Semaine J-WEL inaugurale"],"_mobile_featured_image":["field_66f6b4bee65f3"],"mobile_featured_image":["https:\/\/cms.alj3.clients.lemonhq.io\/wp-content\/themes\/alj\/assets\/images\/defaultmobilethumb.jpg"],"_push_notification":["field_66f6b47de65f1"],"push_notification":[""],"_publish_mobile":["field_66f6b491e65f2"],"publish_mobile":[""],"_status":["field_652694983fe12"],"status":["publish"],"_thumbnail_id":["7184"],"_wpml_word_count":["{\"total\":632,\"to_translate\":{\"ar\":632,\"zh-hans\":632,\"fr\":632,\"ja\":632,\"es\":632,\"tr\":632}}"],"_last_translation_edit_mode":["translation-editor"],"amazonS3_cache":["a:10:{s:163:\"\/\/cms.alj3.clients.lemonhq.io\/wp-content\/uploads\/2024\/10\/MIT-President-L.-Rafael-Reif-left-and-Fady-Mohammed-Jameel-President-of-Community-Jameel-International.jpg\";a:2:{s:2:\"id\";s:4:\"7253\";s:11:\"source_type\";s:13:\"media-library\";}s:171:\"\/\/cms.alj3.clients.lemonhq.io\/wp-content\/uploads\/2024\/10\/MIT-President-L.-Rafael-Reif-left-and-Fady-Mohammed-Jameel-President-of-Community-Jameel-International-300x200.jpg\";a:2:{s:2:\"id\";s:4:\"7253\";s:11:\"source_type\";s:13:\"media-library\";}s:165:\"\/\/media.alj3.clients.lemonhq.io\/wp-content\/uploads\/2024\/10\/MIT-President-L.-Rafael-Reif-left-and-Fady-Mohammed-Jameel-President-of-Community-Jameel-International.jpg\";a:2:{s:2:\"id\";s:4:\"7253\";s:11:\"source_type\";s:13:\"media-library\";}s:173:\"\/\/media.alj3.clients.lemonhq.io\/wp-content\/uploads\/2024\/10\/MIT-President-L.-Rafael-Reif-left-and-Fady-Mohammed-Jameel-President-of-Community-Jameel-International-300x200.jpg\";a:2:{s:2:\"id\";s:4:\"7253\";s:11:\"source_type\";s:13:\"media-library\";}s:77:\"\/\/cms.alj3.clients.lemonhq.io\/wp-content\/uploads\/2024\/10\/JWEL-Formation-1.jpg\";a:2:{s:2:\"id\";s:4:\"7183\";s:11:\"source_type\";s:13:\"media-library\";}s:85:\"\/\/cms.alj3.clients.lemonhq.io\/wp-content\/uploads\/2024\/10\/JWEL-Formation-300x200-1.jpg\";a:2:{s:2:\"id\";s:4:\"7183\";s:11:\"source_type\";s:13:\"media-library\";}s:87:\"\/\/media.alj3.clients.lemonhq.io\/wp-content\/uploads\/2024\/10\/JWEL-Formation-300x200-1.jpg\";a:2:{s:2:\"id\";s:4:\"7183\";s:11:\"source_type\";s:13:\"media-library\";}s:82:\"\/\/cms.alj3.clients.lemonhq.io\/wp-content\/uploads\/2024\/10\/Prof.-Sanjay.-Sarma-1.jpg\";a:2:{s:2:\"id\";s:4:\"7187\";s:11:\"source_type\";s:13:\"media-library\";}s:90:\"\/\/cms.alj3.clients.lemonhq.io\/wp-content\/uploads\/2024\/10\/Prof.-Sanjay.-Sarma-300x225-1.jpg\";a:2:{s:2:\"id\";s:4:\"7187\";s:11:\"source_type\";s:13:\"media-library\";}s:92:\"\/\/media.alj3.clients.lemonhq.io\/wp-content\/uploads\/2024\/10\/Prof.-Sanjay.-Sarma-300x225-1.jpg\";a:2:{s:2:\"id\";s:4:\"7187\";s:11:\"source_type\";s:13:\"media-library\";}}"],"select_category":["international"]},"_links":{"self":[{"href":"https:\/\/cms.alj3.clients.lemonhq.io\/fr\/wp-json\/wp\/v2\/quickreads\/7237","targetHints":{"allow":["GET"]}}],"collection":[{"href":"https:\/\/cms.alj3.clients.lemonhq.io\/fr\/wp-json\/wp\/v2\/quickreads"}],"about":[{"href":"https:\/\/cms.alj3.clients.lemonhq.io\/fr\/wp-json\/wp\/v2\/types\/quickreads"}],"wp:featuredmedia":[{"embeddable":true,"href":"https:\/\/cms.alj3.clients.lemonhq.io\/fr\/wp-json\/wp\/v2\/media\/7184"}],"wp:attachment":[{"href":"https:\/\/cms.alj3.clients.lemonhq.io\/fr\/wp-json\/wp\/v2\/media?parent=7237"}],"curies":[{"name":"wp","href":"https:\/\/api.w.org\/{rel}","templated":true}]}}