{"id":30155,"date":"2025-01-07T11:48:00","date_gmt":"2025-01-07T11:48:00","guid":{"rendered":"https:\/\/cms.alj3.clients.lemonhq.io\/quick-reads\/byd-turquie-marque-une-ere-de-changement-avec-le-lancement-de-nouveaux-modeles\/"},"modified":"2026-04-09T08:12:28","modified_gmt":"2026-04-09T08:12:28","slug":"byd-turkiye-marks-an-era-of-evolution-with-new-models-launches","status":"publish","type":"quickreads","link":"https:\/\/cms.alj3.clients.lemonhq.io\/fr\/quick-reads\/byd-turkiye-marks-an-era-of-evolution-with-new-models-launches\/","title":{"rendered":"BYD Turquie marque une \u00e8re de changement avec le lancement de nouveaux mod\u00e8les"},"content":{"rendered":"\n<h5 class=\"wp-block-heading\">From the Jameel Motors <a href=\"https:\/\/jameelmotors.com\/en\/news\/\" target=\"_blank\" rel=\"noopener\">Newsroom<\/a><\/h5>\n\n\n\n<p><a href=\"https:\/\/www.byd.com\/\">BYD<\/a>, le premier fabricant mondial de v\u00e9hicules \u00e0 \u00e9nergie nouvelle (New Energy Vehicles, NEV), a acc\u00e9l\u00e9r\u00e9 sa croissance en Turquie avec le lancement de quatre nouveaux mod\u00e8les qui viennent s\u2019ajouter \u00e0 sa gamme disponible, deux autres mod\u00e8les devant \u00eatre int\u00e9gr\u00e9s d\u2019ici la fin de l\u2019ann\u00e9e&nbsp;2024.<\/p>\n\n\n\n<figure class=\"wp-block-embed is-type-video is-provider-youtube wp-block-embed-youtube wp-embed-aspect-16-9 wp-has-aspect-ratio\"><div class=\"wp-block-embed__wrapper\">\n<iframe loading=\"lazy\" title=\"Jameel Motors - BYD Tu\u0308rkiye Launch Event Nov 2024 (EN VO Subs)\" width=\"500\" height=\"281\" src=\"https:\/\/www.youtube.com\/embed\/ockS4LAx8xI?feature=oembed\" frameborder=\"0\" allow=\"accelerometer; autoplay; clipboard-write; encrypted-media; gyroscope; picture-in-picture; web-share\" referrerpolicy=\"strict-origin-when-cross-origin\" allowfullscreen><\/iframe>\n<\/div><\/figure>\n\n\n\n<p>Les mod\u00e8les <a href=\"https:\/\/www.bydauto.com.tr\/atto3\">ATTO&nbsp;3<\/a>, <a href=\"https:\/\/www.bydauto.com.tr\/sealu-dmi\">SEAL&nbsp;U&nbsp;DM-i<\/a>, <a href=\"https:\/\/www.bydauto.com.tr\/dolphin\">DOLPHIN<\/a> et <a href=\"https:\/\/www.bydauto.com.tr\/sealu-ev\">SEAL&nbsp;U&nbsp;EV<\/a> de BYD ont tous \u00e9t\u00e9 commercialis\u00e9s en novembre, tandis que <a href=\"https:\/\/www.bydauto.com.tr\/\">BYD&nbsp;Turquie<\/a> \u00e9largira sa gamme \u00e0 six mod\u00e8les d\u2019ici la fin de l\u2019ann\u00e9e en lan\u00e7ant la berline phare du segment&nbsp;E, <a href=\"https:\/\/www.bydauto.com.tr\/han\">HAN<\/a>, et la berline&nbsp;D, <a href=\"https:\/\/www.bydauto.com.tr\/seal\">SEAL<\/a>.<\/p>\n\n\n\n<p>Les lancements ont \u00e9t\u00e9 c\u00e9l\u00e9br\u00e9s lors d\u2019un \u00e9v\u00e9nement exceptionnel au Rixos Tersane \u00e0 Istanbul, o\u00f9 plus de 600&nbsp;ans du riche patrimoine de la ville ont \u00e9t\u00e9 conjugu\u00e9s au summum du luxe moderne, pour mettre en valeur l\u2019innovation et l\u2019avenir de la mobilit\u00e9.<\/p>\n\n\n\n<p>ALJ Turquie, <a href=\"https:\/\/www.bydauto.com.tr\/\">le distributeur officiel de BYD<\/a> dans le pays (et qui fait partie de <a href=\"https:\/\/jameelmotors.com\/en\">Jameel Motors<\/a>), a re\u00e7u des invit\u00e9s&nbsp;VIP, notamment des repr\u00e9sentants du r\u00e9seau national de 25&nbsp;concessionnaires, des cadres sup\u00e9rieurs de BYD, ainsi que plus de 120&nbsp;journalistes et influenceurs impatients d\u2019assister au d\u00e9voilement du mod\u00e8le. \u00c0 la suite de l\u2019\u00e9v\u00e9nement de lancement, en moins de 10&nbsp;jours, plus de 10&nbsp;000&nbsp;demandes de clients \u00e9taient parvenues, indiquant qu\u2019ils \u00e9taient int\u00e9ress\u00e9s par l\u2019achat des mod\u00e8les de&nbsp;BYD.<\/p>\n\n\n\n<p>Cet \u00e9v\u00e9nement marque une \u00e9tape importante dans le renforcement de l\u2019empreinte de BYD sur le march\u00e9 automobile turc. En effet, la marque entend consolider son positionnement de marque \u00ab&nbsp;premium accessible&nbsp;\u00bb en proposant des prix comp\u00e9titifs. Avec les nouveaux mod\u00e8les, BYD continuera \u00e0 faire la diff\u00e9rence dans le nouveau monde des v\u00e9hicules \u00e0 \u00e9nergie nouvelle en proposant des options performantes et respectueuses de l\u2019environnement qui conviennent \u00e0 tous les clients en Turquie.<\/p>\n\n\n\n<p><a href=\"https:\/\/www.linkedin.com\/in\/ismail-ergun-b7724924\/\">Ismail Ergun<\/a>, directeur g\u00e9n\u00e9ral de <a href=\"https:\/\/www.bydauto.com.tr\/\">BYD Turquie<\/a>, a d\u00e9clar\u00e9&nbsp;:<\/p>\n\n\n\n<blockquote class=\"wp-block-quote is-layout-flow wp-block-quote-is-layout-flow\">\n<p>\u00ab&nbsp;Le secteur automobile est en pleine mutation. Aujourd\u2019hui marque le d\u00e9but de la nouvelle \u00e8re de BYD en Turquie, qui est l\u2019une des marques \u00e0 l\u2019origine de cette \u00e9volution.<\/p>\n\n\n\n<p>\u00ab&nbsp;Chez BYD Turquie, notre objectif est d\u2019augmenter la diversit\u00e9 de nos produits et d\u2019offrir une large gamme de mod\u00e8les capable r\u00e9pondre aux diff\u00e9rents besoins des clients.<\/p>\n\n\n\n<p>La croissance de BYD va s\u2019acc\u00e9l\u00e9rer au cours de l\u2019ann\u00e9e \u00e0 venir et nous avons pour objectif d\u2019\u00eatre l\u2019une des trois marques les plus vendues sur le march\u00e9 des voitures particuli\u00e8res d\u2019ici trois ans.&nbsp;\u00bb<\/p>\n<\/blockquote>\n","protected":false},"featured_media":30122,"menu_order":0,"template":"","class_list":["post-30155","quickreads","type-quickreads","status-publish","has-post-thumbnail","hentry"],"acf":[],"yoast_head":"<!-- This site is optimized with the Yoast SEO plugin v26.5 - https:\/\/yoast.com\/wordpress\/plugins\/seo\/ -->\n<title>BYD Turquie marque une \u00e8re de changement avec le lancement de nouveaux mod\u00e8les - Abdul Latif Jameel<\/title>\n<meta name=\"robots\" content=\"noindex, follow, max-snippet:-1, max-image-preview:large, max-video-preview:-1\" \/>\n<meta property=\"og:locale\" content=\"fr_FR\" \/>\n<meta property=\"og:type\" content=\"article\" \/>\n<meta property=\"og:title\" content=\"BYD Turquie marque une \u00e8re de changement avec le lancement de nouveaux mod\u00e8les - Abdul Latif Jameel\" \/>\n<meta property=\"og:description\" content=\"From the Jameel Motors Newsroom BYD, le premier fabricant mondial de v\u00e9hicules \u00e0 \u00e9nergie nouvelle (New Energy Vehicles, NEV), a acc\u00e9l\u00e9r\u00e9 sa croissance en Turquie avec le lancement de quatre nouveaux mod\u00e8les qui viennent s\u2019ajouter \u00e0 sa gamme disponible, deux autres mod\u00e8les devant \u00eatre int\u00e9gr\u00e9s d\u2019ici la fin de l\u2019ann\u00e9e&nbsp;2024. Les mod\u00e8les ATTO&nbsp;3, SEAL&nbsp;U&nbsp;DM-i, DOLPHIN [&hellip;]\" \/>\n<meta property=\"og:url\" content=\"https:\/\/cms.alj3.clients.lemonhq.io\/fr\/quick-reads\/byd-turkiye-marks-an-era-of-evolution-with-new-models-launches\/\" \/>\n<meta property=\"og:site_name\" content=\"Abdul Latif Jameel\" \/>\n<meta property=\"article:modified_time\" content=\"2026-04-09T08:12:28+00:00\" \/>\n<meta property=\"og:image\" content=\"https:\/\/media.alj3.clients.lemonhq.io\/wp-content\/uploads\/2025\/11\/byd-turkiya-lunch-event-new.jpg\" \/>\n\t<meta property=\"og:image:width\" content=\"2560\" \/>\n\t<meta property=\"og:image:height\" content=\"1708\" \/>\n\t<meta property=\"og:image:type\" content=\"image\/jpeg\" \/>\n<meta name=\"twitter:card\" content=\"summary_large_image\" \/>\n<meta name=\"twitter:label1\" content=\"Dur\u00e9e de lecture estim\u00e9e\" \/>\n\t<meta name=\"twitter:data1\" content=\"1 minute\" \/>\n<script type=\"application\/ld+json\" class=\"yoast-schema-graph\">{\"@context\":\"https:\/\/schema.org\",\"@graph\":[{\"@type\":\"WebPage\",\"@id\":\"https:\/\/cms.alj3.clients.lemonhq.io\/fr\/quick-reads\/byd-turkiye-marks-an-era-of-evolution-with-new-models-launches\/\",\"url\":\"https:\/\/cms.alj3.clients.lemonhq.io\/fr\/quick-reads\/byd-turkiye-marks-an-era-of-evolution-with-new-models-launches\/\",\"name\":\"BYD Turquie marque une \u00e8re de changement avec le lancement de nouveaux mod\u00e8les - Abdul Latif Jameel\",\"isPartOf\":{\"@id\":\"https:\/\/10.0.2.222\/en\/#website\"},\"primaryImageOfPage\":{\"@id\":\"https:\/\/cms.alj3.clients.lemonhq.io\/fr\/quick-reads\/byd-turkiye-marks-an-era-of-evolution-with-new-models-launches\/#primaryimage\"},\"image\":{\"@id\":\"https:\/\/cms.alj3.clients.lemonhq.io\/fr\/quick-reads\/byd-turkiye-marks-an-era-of-evolution-with-new-models-launches\/#primaryimage\"},\"thumbnailUrl\":\"https:\/\/media.alj3.clients.lemonhq.io\/wp-content\/uploads\/2025\/11\/byd-turkiya-lunch-event-new.jpg\",\"datePublished\":\"2025-01-07T11:48:00+00:00\",\"dateModified\":\"2026-04-09T08:12:28+00:00\",\"breadcrumb\":{\"@id\":\"https:\/\/cms.alj3.clients.lemonhq.io\/fr\/quick-reads\/byd-turkiye-marks-an-era-of-evolution-with-new-models-launches\/#breadcrumb\"},\"inLanguage\":\"fr-FR\",\"potentialAction\":[{\"@type\":\"ReadAction\",\"target\":[\"https:\/\/cms.alj3.clients.lemonhq.io\/fr\/quick-reads\/byd-turkiye-marks-an-era-of-evolution-with-new-models-launches\/\"]}]},{\"@type\":\"ImageObject\",\"inLanguage\":\"fr-FR\",\"@id\":\"https:\/\/cms.alj3.clients.lemonhq.io\/fr\/quick-reads\/byd-turkiye-marks-an-era-of-evolution-with-new-models-launches\/#primaryimage\",\"url\":\"https:\/\/media.alj3.clients.lemonhq.io\/wp-content\/uploads\/2025\/11\/byd-turkiya-lunch-event-new.jpg\",\"contentUrl\":\"https:\/\/media.alj3.clients.lemonhq.io\/wp-content\/uploads\/2025\/11\/byd-turkiya-lunch-event-new.jpg\",\"width\":2560,\"height\":1708},{\"@type\":\"BreadcrumbList\",\"@id\":\"https:\/\/cms.alj3.clients.lemonhq.io\/fr\/quick-reads\/byd-turkiye-marks-an-era-of-evolution-with-new-models-launches\/#breadcrumb\",\"itemListElement\":[{\"@type\":\"ListItem\",\"position\":1,\"name\":\"Home\",\"item\":\"https:\/\/10.0.2.222\/en\/\"},{\"@type\":\"ListItem\",\"position\":2,\"name\":\"BYD Turquie marque une \u00e8re de changement avec le lancement de nouveaux mod\u00e8les\"}]},{\"@type\":\"WebSite\",\"@id\":\"https:\/\/10.0.2.222\/en\/#website\",\"url\":\"https:\/\/10.0.2.222\/en\/\",\"name\":\"Abdul Latif Jameel\",\"description\":\"\",\"potentialAction\":[{\"@type\":\"SearchAction\",\"target\":{\"@type\":\"EntryPoint\",\"urlTemplate\":\"https:\/\/10.0.2.222\/en\/?s={search_term_string}\"},\"query-input\":{\"@type\":\"PropertyValueSpecification\",\"valueRequired\":true,\"valueName\":\"search_term_string\"}}],\"inLanguage\":\"fr-FR\"}]}<\/script>\n<!-- \/ Yoast SEO plugin. -->","yoast_head_json":{"title":"BYD Turquie marque une \u00e8re de changement avec le lancement de nouveaux mod\u00e8les - Abdul Latif Jameel","robots":{"index":"noindex","follow":"follow","max-snippet":"max-snippet:-1","max-image-preview":"max-image-preview:large","max-video-preview":"max-video-preview:-1"},"og_locale":"fr_FR","og_type":"article","og_title":"BYD Turquie marque une \u00e8re de changement avec le lancement de nouveaux mod\u00e8les - Abdul Latif Jameel","og_description":"From the Jameel Motors Newsroom BYD, le premier fabricant mondial de v\u00e9hicules \u00e0 \u00e9nergie nouvelle (New Energy Vehicles, NEV), a acc\u00e9l\u00e9r\u00e9 sa croissance en Turquie avec le lancement de quatre nouveaux mod\u00e8les qui viennent s\u2019ajouter \u00e0 sa gamme disponible, deux autres mod\u00e8les devant \u00eatre int\u00e9gr\u00e9s d\u2019ici la fin de l\u2019ann\u00e9e&nbsp;2024. Les mod\u00e8les ATTO&nbsp;3, SEAL&nbsp;U&nbsp;DM-i, DOLPHIN [&hellip;]","og_url":"https:\/\/cms.alj3.clients.lemonhq.io\/fr\/quick-reads\/byd-turkiye-marks-an-era-of-evolution-with-new-models-launches\/","og_site_name":"Abdul Latif Jameel","article_modified_time":"2026-04-09T08:12:28+00:00","og_image":[{"width":2560,"height":1708,"url":"https:\/\/media.alj3.clients.lemonhq.io\/wp-content\/uploads\/2025\/11\/byd-turkiya-lunch-event-new.jpg","type":"image\/jpeg"}],"twitter_card":"summary_large_image","twitter_misc":{"Dur\u00e9e de lecture estim\u00e9e":"1 minute"},"schema":{"@context":"https:\/\/schema.org","@graph":[{"@type":"WebPage","@id":"https:\/\/cms.alj3.clients.lemonhq.io\/fr\/quick-reads\/byd-turkiye-marks-an-era-of-evolution-with-new-models-launches\/","url":"https:\/\/cms.alj3.clients.lemonhq.io\/fr\/quick-reads\/byd-turkiye-marks-an-era-of-evolution-with-new-models-launches\/","name":"BYD Turquie marque une \u00e8re de changement avec le lancement de nouveaux mod\u00e8les - Abdul Latif Jameel","isPartOf":{"@id":"https:\/\/10.0.2.222\/en\/#website"},"primaryImageOfPage":{"@id":"https:\/\/cms.alj3.clients.lemonhq.io\/fr\/quick-reads\/byd-turkiye-marks-an-era-of-evolution-with-new-models-launches\/#primaryimage"},"image":{"@id":"https:\/\/cms.alj3.clients.lemonhq.io\/fr\/quick-reads\/byd-turkiye-marks-an-era-of-evolution-with-new-models-launches\/#primaryimage"},"thumbnailUrl":"https:\/\/media.alj3.clients.lemonhq.io\/wp-content\/uploads\/2025\/11\/byd-turkiya-lunch-event-new.jpg","datePublished":"2025-01-07T11:48:00+00:00","dateModified":"2026-04-09T08:12:28+00:00","breadcrumb":{"@id":"https:\/\/cms.alj3.clients.lemonhq.io\/fr\/quick-reads\/byd-turkiye-marks-an-era-of-evolution-with-new-models-launches\/#breadcrumb"},"inLanguage":"fr-FR","potentialAction":[{"@type":"ReadAction","target":["https:\/\/cms.alj3.clients.lemonhq.io\/fr\/quick-reads\/byd-turkiye-marks-an-era-of-evolution-with-new-models-launches\/"]}]},{"@type":"ImageObject","inLanguage":"fr-FR","@id":"https:\/\/cms.alj3.clients.lemonhq.io\/fr\/quick-reads\/byd-turkiye-marks-an-era-of-evolution-with-new-models-launches\/#primaryimage","url":"https:\/\/media.alj3.clients.lemonhq.io\/wp-content\/uploads\/2025\/11\/byd-turkiya-lunch-event-new.jpg","contentUrl":"https:\/\/media.alj3.clients.lemonhq.io\/wp-content\/uploads\/2025\/11\/byd-turkiya-lunch-event-new.jpg","width":2560,"height":1708},{"@type":"BreadcrumbList","@id":"https:\/\/cms.alj3.clients.lemonhq.io\/fr\/quick-reads\/byd-turkiye-marks-an-era-of-evolution-with-new-models-launches\/#breadcrumb","itemListElement":[{"@type":"ListItem","position":1,"name":"Home","item":"https:\/\/10.0.2.222\/en\/"},{"@type":"ListItem","position":2,"name":"BYD Turquie marque une \u00e8re de changement avec le lancement de nouveaux mod\u00e8les"}]},{"@type":"WebSite","@id":"https:\/\/10.0.2.222\/en\/#website","url":"https:\/\/10.0.2.222\/en\/","name":"Abdul Latif Jameel","description":"","potentialAction":[{"@type":"SearchAction","target":{"@type":"EntryPoint","urlTemplate":"https:\/\/10.0.2.222\/en\/?s={search_term_string}"},"query-input":{"@type":"PropertyValueSpecification","valueRequired":true,"valueName":"search_term_string"}}],"inLanguage":"fr-FR"}]}},"post-meta-fields":{"_published_date":["field_6057129b493f5"],"published_date":["20250107"],"_location":["field_601267396ce72"],"location":["Istanbul, Turquie"],"_featured":["field_601a3b473c5c5"],"featured":["1"],"_footnotes":["field_66fd39afb9383"],"footnotes":[""],"_business_sector":["field_66f6b5bcac8cb"],"business_sector":["Mobilit\u00e9"],"_content_series":["field_66fe3c439f8f6"],"content_series":[""],"_old_post_id":["field_66fe3fd59f8f7"],"old_post_id":["120505"],"_short_title":["field_60925d67125ef"],"short_title":["BYD Turquie marque une \u00e8re de changement avec le lancement de nouveaux mod\u00e8les"],"_summary":["field_6019304103a20"],"summary":["BYD, le premier fabricant mondial de v\u00e9hicules \u00e0 \u00e9nergie nouvelle (New Energy Vehicles, NEV), a acc\u00e9l\u00e9r\u00e9 sa croissance en Turquie avec le lancement de quatre nouveaux mod\u00e8les qui viennent s\u2019ajouter \u00e0 sa gamme disponible, deux autres mod\u00e8les devant \u00eatre int\u00e9gr\u00e9s d\u2019ici la fin de l\u2019ann\u00e9e\u00a02024."],"_mobile_featured_image":["field_66f6b4bee65f3"],"mobile_featured_image":["https:\/\/cms.alj3.clients.lemonhq.io\/wp-content\/themes\/alj\/assets\/images\/defaultmobilethumb.jpg"],"_push_notification":["field_66f6b47de65f1"],"push_notification":[""],"_publish_mobile":["field_66f6b491e65f2"],"publish_mobile":["0"],"_status":["field_652694983fe12"],"status":["publish"],"_wp_page_template":["default"],"_thumbnail_id":["30122"],"_last_translation_edit_mode":["native-editor"],"_oembed_6f7b4f0786963b669741b6425dc1c869":["<iframe title=\"Jameel Motors - BYD Tu\u0308rkiye Launch Event Nov 2024 (EN VO Subs)\" width=\"500\" height=\"281\" src=\"https:\/\/www.youtube.com\/embed\/ockS4LAx8xI?feature=oembed\" frameborder=\"0\" allow=\"accelerometer; autoplay; clipboard-write; encrypted-media; gyroscope; picture-in-picture; web-share\" referrerpolicy=\"strict-origin-when-cross-origin\" allowfullscreen><\/iframe>"],"_oembed_time_6f7b4f0786963b669741b6425dc1c869":["1764226072"],"amazonS3_cache":["a:6:{s:83:\"\/\/cms.alj3.clients.lemonhq.io\/wp-content\/uploads\/2024\/10\/hassan-mohammed-jameel.jpg\";a:2:{s:2:\"id\";s:4:\"8550\";s:11:\"source_type\";s:13:\"media-library\";}s:85:\"\/\/media.alj3.clients.lemonhq.io\/wp-content\/uploads\/2024\/10\/hassan-mohammed-jameel.jpg\";a:2:{s:2:\"id\";s:4:\"8550\";s:11:\"source_type\";s:13:\"media-library\";}s:71:\"\/\/cms.alj3.clients.lemonhq.io\/wp-content\/uploads\/2025\/11\/FCBG-HJ-2.jpeg\";a:2:{s:2:\"id\";s:5:\"30109\";s:11:\"source_type\";s:13:\"media-library\";}s:73:\"\/\/media.alj3.clients.lemonhq.io\/wp-content\/uploads\/2025\/11\/FCBG-HJ-2.jpeg\";a:2:{s:2:\"id\";s:5:\"30109\";s:11:\"source_type\";s:13:\"media-library\";}s:70:\"\/\/cms.alj3.clients.lemonhq.io\/wp-content\/uploads\/2025\/11\/FBCG-Logo.png\";a:2:{s:2:\"id\";s:5:\"30110\";s:11:\"source_type\";s:13:\"media-library\";}s:72:\"\/\/media.alj3.clients.lemonhq.io\/wp-content\/uploads\/2025\/11\/FBCG-Logo.png\";a:2:{s:2:\"id\";s:5:\"30110\";s:11:\"source_type\";s:13:\"media-library\";}}"],"_edit_lock":["1775722221:4"],"_oembed_207e907feee960e2a2d5e31e57c4dfce":["<iframe title=\"Jameel Motors - BYD Tu\u0308rkiye Launch Event Nov 2024 (EN VO Subs)\" width=\"840\" height=\"473\" src=\"https:\/\/www.youtube.com\/embed\/ockS4LAx8xI?feature=oembed\" frameborder=\"0\" allow=\"accelerometer; autoplay; clipboard-write; encrypted-media; gyroscope; picture-in-picture; web-share\" referrerpolicy=\"strict-origin-when-cross-origin\" allowfullscreen><\/iframe>"],"_oembed_time_207e907feee960e2a2d5e31e57c4dfce":["1764320153"],"_edit_last":["4"],"_yoast_wpseo_primary_category":[""],"_wpml_media_duplicate":["1"],"_wpml_media_featured":["1"],"_yoast_wpseo_estimated-reading-time-minutes":["1"],"_wp_old_date":["2025-11-27"],"_wp_old_slug":["byd-turquie-marque-une-ere-de-changement-avec-le-lancement-de-nouveaux-modeles"],"_select_category":["field_6937c5cade1ee"],"_ame_cpe_post_policy":["{\"accessProtection\":{\"active\":\"replace\"}}"],"_yoast_wpseo_content_score":["90"]},"_links":{"self":[{"href":"https:\/\/cms.alj3.clients.lemonhq.io\/fr\/wp-json\/wp\/v2\/quickreads\/30155","targetHints":{"allow":["GET"]}}],"collection":[{"href":"https:\/\/cms.alj3.clients.lemonhq.io\/fr\/wp-json\/wp\/v2\/quickreads"}],"about":[{"href":"https:\/\/cms.alj3.clients.lemonhq.io\/fr\/wp-json\/wp\/v2\/types\/quickreads"}],"wp:featuredmedia":[{"embeddable":true,"href":"https:\/\/cms.alj3.clients.lemonhq.io\/fr\/wp-json\/wp\/v2\/media\/30122"}],"wp:attachment":[{"href":"https:\/\/cms.alj3.clients.lemonhq.io\/fr\/wp-json\/wp\/v2\/media?parent=30155"}],"curies":[{"name":"wp","href":"https:\/\/api.w.org\/{rel}","templated":true}]}}