{"id":30143,"date":"2024-12-06T05:00:00","date_gmt":"2024-12-06T05:00:00","guid":{"rendered":"https:\/\/cms.alj3.clients.lemonhq.io\/quick-reads\/hassan-jameel-nomme-vice-president-du-family-business-council-gulf\/"},"modified":"2025-12-12T07:40:21","modified_gmt":"2025-12-12T07:40:21","slug":"hassan-jameel-appointed-vice-chairman-family-business-council-gulf","status":"publish","type":"quickreads","link":"https:\/\/cms.alj3.clients.lemonhq.io\/fr\/quick-reads\/hassan-jameel-appointed-vice-chairman-family-business-council-gulf\/","title":{"rendered":"Hassan Jameel nomm\u00e9 vice-pr\u00e9sident du Family Business Council Gulf"},"content":{"rendered":"\n<p>Le <a href=\"http:\/\/fbc-gulf.org\/\">Family Business Council Gulf (FBCG),<\/a> une organisation priv\u00e9e \u00e0 but non lucratif visant \u00e0 renforcer la gouvernance des entreprises familiales et \u00e0 assurer leur continuit\u00e9 sur plusieurs g\u00e9n\u00e9rations dans les pays du Conseil de coop\u00e9ration du Golfe (CCG), a annonc\u00e9 sa nouvelle direction \u00e0 Doha, au Qatar. Sheikha <a href=\"https:\/\/www.hindbahwangroup.com\/\">Hind Bahwan<\/a> a \u00e9t\u00e9 nomm\u00e9e pr\u00e9sidente, et notre pr\u00e9sident d\u00e9l\u00e9gu\u00e9 et vice-pr\u00e9sident d\u2019<a href=\"https:\/\/alj.com\">Abdul Latif Jameel<\/a>, <a href=\"https:\/\/media.alj.com\/en\/our-people\/hassan-jameel\/\">Hassan Jameel<\/a> assume la fonction de vice-pr\u00e9sident.<\/p>\n\n\n\n<p>Ce changement de leadership refl\u00e8te la mission de FBCG qui est de montrer l\u2019exemple, en illustrant comment des entreprises familiales peuvent g\u00e9rer leur succession tout en restant enracin\u00e9es dans des valeurs de collaboration, de r\u00e9silience et de service \u00e0 la communaut\u00e9.<\/p>\n\n\n\n<p>Les entreprises familiales sont un pilier vital de l\u2019\u00e9conomie du CCG, repr\u00e9sentant 90&nbsp;% du secteur priv\u00e9, contribuant \u00e0 60&nbsp;% du PIB de la r\u00e9gion et employant plus de 80&nbsp;% de ses effectifs. Toutefois, nombre d\u2019entre elles sont confront\u00e9es \u00e0 des difficult\u00e9s lors des p\u00e9riodes de succession entre les g\u00e9n\u00e9rations. Des \u00e9tudes montrent que seulement 33&nbsp;% des entreprises familiales de la r\u00e9gion disposent d\u2019un plan de succession solide, document\u00e9 et diffus\u00e9, contre 55&nbsp;% \u00e0 l\u2019\u00e9chelle mondiale.<\/p>\n\n\n<div class=\"wp-block-image size-full wp-image-119006\">\n<figure class=\"aligncenter\"><img decoding=\"async\" src=\"https:\/\/media.alj3.clients.lemonhq.io\/wp-content\/uploads\/2025\/11\/FCBG-HJ-2.jpeg\" alt=\"Family Business Council Gulf - Hassan Jameel\" class=\"wp-image-119006\"\/><figcaption class=\"wp-element-caption\">G-D Omar Alghanim, pr\u00e9sident sortant et membre fondateur du conseil d\u2019administration du Family Business Council Gulf, Hind Bahwan, la nouvelle pr\u00e9sidente de FBCG, Omar Al\u00a0Futtaim, vice-pr\u00e9sident et PDG d\u2019Al-Futtaim Group, Hassan Jameel, pr\u00e9sident d\u00e9l\u00e9gu\u00e9 et vice-pr\u00e9sident d\u2019Abdul Latif Jameel, vice-pr\u00e9sident de\u00a0FBCG r\u00e9cemment d\u00e9sign\u00e9.<\/figcaption><\/figure>\n<\/div>\n\n\n<p>Le pr\u00e9sident sortant <a href=\"https:\/\/www.omaralghanim.com\/\">Omar K.&nbsp;Alghanim<\/a> a exprim\u00e9 sa gratitude pour le mandat qu\u2019il a effectu\u00e9&nbsp;:\n<\/p>\n\n\n\n<blockquote class=\"wp-block-quote is-layout-flow wp-block-quote-is-layout-flow\">\n<p><em>\u00ab&nbsp;En fondant FBCG, Son Excellence<\/em><a href=\"https:\/\/www.alghurairfoundation.org\/h-e-abdul-aziz-al-ghurair\/\"><em> Abdulaziz Al&nbsp;Ghurair<\/em><\/a><em> nous a donn\u00e9 pour mission d\u2019assurer la continuit\u00e9 et la prosp\u00e9rit\u00e9 des entreprises familiales dans la r\u00e9gion du Golfe. Assurer la pr\u00e9sidence au cours des six derni\u00e8res ann\u00e9es a \u00e9t\u00e9 un honneur et une source de grande satisfaction, car je me suis efforc\u00e9 de tenir cette promesse. Au cours de notre mandat, en collaboration avec <\/em><a href=\"https:\/\/www.alfuttaim.com\/about-us\/leadership-team\/\"><em>Omar Al&nbsp;Futtaim<\/em><\/a><em> et l\u2019\u00e9quipe de direction, nous avons \u00e9galement construit un pont vers l\u2019avenir. Sheikha Hind Bahwan et Hassan Jameel sont tous deux des exemples de notre mission globale et assureront un leadership de classe mondiale pour une nouvelle \u00e8re d\u2019entreprises familiales dans la r\u00e9gion. Cette transition incarne les principes de planification et de pr\u00e9voyance auxquels nous croyons et que nous d\u00e9fendons au sein du FBCG.&nbsp;\u00bb <\/em><\/p>\n<\/blockquote>\n\n\n<div class=\"wp-block-image\">\n<figure class=\"alignleft\"><img decoding=\"async\" src=\"https:\/\/media.alj3.clients.lemonhq.io\/wp-content\/uploads\/2025\/11\/FBCG-Logo.png\" alt=\"\" class=\"wp-image-119013\"\/><\/figure>\n<\/div>\n\n\n<p>Sous son leadership, FBCG a guid\u00e9 ses membres \u00e0 travers des \u00e9tapes importantes. Au cours de la pand\u00e9mie de COVID-19, le travail de la communaut\u00e9 a fourni un soutien sur mesure pour aider les entreprises familiales \u00e0 faire face \u00e0 des d\u00e9fis sans pr\u00e9c\u00e9dent, en assurant leur r\u00e9silience et leur r\u00e9tablissement. La d\u00e9fense des r\u00e9formes politiques a rationalis\u00e9 les transitions entre les g\u00e9n\u00e9rations, garantissant la continuit\u00e9 des h\u00e9ritages familiaux, tandis que les r\u00e9seaux d\u2019adh\u00e9sion \u00e9largis ont favoris\u00e9 l\u2019inclusion et l\u2019apprentissage partag\u00e9 entre les secteurs et les r\u00e9gions.<\/p>\n\n\n\n<p>Le lien profond de Sheikha Hind Bahwan avec l\u2019\u00e9cosyst\u00e8me des entreprises familiales et son exp\u00e9rience en tant que leader dans les secteurs de la technologie et des affaires la positionnent de mani\u00e8re unique pour guider FBCG vers l\u2019avenir.<\/p>\n\n\n<div class=\"wp-block-image size-medium wp-image-52076\">\n<figure class=\"alignright\"><img decoding=\"async\" src=\"https:\/\/media.alj3.clients.lemonhq.io\/wp-content\/uploads\/2024\/10\/hassan-mohammed-jameel.jpg\" alt=\"Hassan Jameel\" class=\"wp-image-52076\"\/><figcaption class=\"wp-element-caption\">Hassan Jameel<br>Deputy President and Vice Chairman<br>Abdul Latif Jameel<\/figcaption><\/figure>\n<\/div>\n\n\n<p>Hassan Jameel, connu pour son engagement envers l\u2019innovation et la durabilit\u00e9, compl\u00e8te cette vision.<\/p>\n\n\n\n<p>Ses r\u00f4les au sein d\u2019<a href=\"https:\/\/alj.com\">Abdul Latif Jameel<\/a> et de <a href=\"https:\/\/communityjameel.org\">Community Jameel<\/a> refl\u00e8tent son d\u00e9vouement \u00e0 relever les d\u00e9fis mondiaux tout en restant ancr\u00e9 dans l\u2019h\u00e9ritage de la r\u00e9gion.<\/p>\n\n\n\n<p>\u00ab&nbsp;Les entreprises familiales ne se contentent pas de pr\u00e9server le pass\u00e9&nbsp;; elles consistent \u00e0 construire un avenir plus solide&nbsp;\u00bb, a d\u00e9clar\u00e9 M.&nbsp;Hassan Jameel.<\/p>\n\n\n\n<p>\u00ab&nbsp;En collaboration avec Sheikha Hind Bahwan, le Conseil d\u2019administration du FBCG et nos membres, je suis impatient de m\u2019assurer que le FBCG continue \u00e0 mettre l\u2019accent sur l\u2019innovation et l\u2019inclusion, afin de favoriser collectivement la prosp\u00e9rit\u00e9 \u00e0 long terme de notre r\u00e9gion.&nbsp;\u00bb<\/p>\n\n\n\n<p>Sous son nouveau leadership, le FBCG reste engag\u00e9 \u00e0 traiter les questions critiques de continuit\u00e9 pour les entreprises familiales dans le CCG par le biais du r\u00e9seautage, d\u2019initiatives \u00e9ducatives et du partage des connaissances. En outre, le FBCG collabore avec les dirigeants et les parties prenantes pour identifier et relever les d\u00e9fis en mati\u00e8re de durabilit\u00e9, propulsant les entreprises familiales du CCG vers un avenir prosp\u00e8re.<\/p>\n","protected":false},"featured_media":30261,"menu_order":0,"template":"","class_list":["post-30143","quickreads","type-quickreads","status-publish","has-post-thumbnail","hentry"],"acf":[],"yoast_head":"<!-- This site is optimized with the Yoast SEO plugin v26.5 - https:\/\/yoast.com\/wordpress\/plugins\/seo\/ -->\n<title>Hassan Jameel nomm\u00e9 vice-pr\u00e9sident du Family Business Council Gulf - Abdul Latif Jameel<\/title>\n<meta name=\"robots\" content=\"noindex, follow, max-snippet:-1, max-image-preview:large, max-video-preview:-1\" \/>\n<meta property=\"og:locale\" content=\"fr_FR\" \/>\n<meta property=\"og:type\" content=\"article\" \/>\n<meta property=\"og:title\" content=\"Hassan Jameel nomm\u00e9 vice-pr\u00e9sident du Family Business Council Gulf - Abdul Latif Jameel\" \/>\n<meta property=\"og:description\" content=\"Le Family Business Council Gulf (FBCG), une organisation priv\u00e9e \u00e0 but non lucratif visant \u00e0 renforcer la gouvernance des entreprises familiales et \u00e0 assurer leur continuit\u00e9 sur plusieurs g\u00e9n\u00e9rations dans les pays du Conseil de coop\u00e9ration du Golfe (CCG), a annonc\u00e9 sa nouvelle direction \u00e0 Doha, au Qatar. Sheikha Hind Bahwan a \u00e9t\u00e9 nomm\u00e9e pr\u00e9sidente, [&hellip;]\" \/>\n<meta property=\"og:url\" content=\"https:\/\/cms.alj3.clients.lemonhq.io\/fr\/quick-reads\/hassan-jameel-appointed-vice-chairman-family-business-council-gulf\/\" \/>\n<meta property=\"og:site_name\" content=\"Abdul Latif Jameel\" \/>\n<meta property=\"article:modified_time\" content=\"2025-12-12T07:40:21+00:00\" \/>\n<meta property=\"og:image\" content=\"https:\/\/media.alj3.clients.lemonhq.io\/wp-content\/uploads\/2025\/11\/FCBG-HJ-1.jpeg\" \/>\n\t<meta property=\"og:image:width\" content=\"1280\" \/>\n\t<meta property=\"og:image:height\" content=\"853\" \/>\n\t<meta property=\"og:image:type\" content=\"image\/jpeg\" \/>\n<meta name=\"twitter:card\" content=\"summary_large_image\" \/>\n<meta name=\"twitter:label1\" content=\"Dur\u00e9e de lecture estim\u00e9e\" \/>\n\t<meta name=\"twitter:data1\" content=\"4 minutes\" \/>\n<script type=\"application\/ld+json\" class=\"yoast-schema-graph\">{\"@context\":\"https:\/\/schema.org\",\"@graph\":[{\"@type\":\"WebPage\",\"@id\":\"https:\/\/cms.alj3.clients.lemonhq.io\/fr\/quick-reads\/hassan-jameel-appointed-vice-chairman-family-business-council-gulf\/\",\"url\":\"https:\/\/cms.alj3.clients.lemonhq.io\/fr\/quick-reads\/hassan-jameel-appointed-vice-chairman-family-business-council-gulf\/\",\"name\":\"Hassan Jameel nomm\u00e9 vice-pr\u00e9sident du Family Business Council Gulf - Abdul Latif Jameel\",\"isPartOf\":{\"@id\":\"https:\/\/10.0.2.222\/en\/#website\"},\"primaryImageOfPage\":{\"@id\":\"https:\/\/cms.alj3.clients.lemonhq.io\/fr\/quick-reads\/hassan-jameel-appointed-vice-chairman-family-business-council-gulf\/#primaryimage\"},\"image\":{\"@id\":\"https:\/\/cms.alj3.clients.lemonhq.io\/fr\/quick-reads\/hassan-jameel-appointed-vice-chairman-family-business-council-gulf\/#primaryimage\"},\"thumbnailUrl\":\"https:\/\/media.alj3.clients.lemonhq.io\/wp-content\/uploads\/2025\/11\/FCBG-HJ-1.jpeg\",\"datePublished\":\"2024-12-06T05:00:00+00:00\",\"dateModified\":\"2025-12-12T07:40:21+00:00\",\"breadcrumb\":{\"@id\":\"https:\/\/cms.alj3.clients.lemonhq.io\/fr\/quick-reads\/hassan-jameel-appointed-vice-chairman-family-business-council-gulf\/#breadcrumb\"},\"inLanguage\":\"fr-FR\",\"potentialAction\":[{\"@type\":\"ReadAction\",\"target\":[\"https:\/\/cms.alj3.clients.lemonhq.io\/fr\/quick-reads\/hassan-jameel-appointed-vice-chairman-family-business-council-gulf\/\"]}]},{\"@type\":\"ImageObject\",\"inLanguage\":\"fr-FR\",\"@id\":\"https:\/\/cms.alj3.clients.lemonhq.io\/fr\/quick-reads\/hassan-jameel-appointed-vice-chairman-family-business-council-gulf\/#primaryimage\",\"url\":\"https:\/\/media.alj3.clients.lemonhq.io\/wp-content\/uploads\/2025\/11\/FCBG-HJ-1.jpeg\",\"contentUrl\":\"https:\/\/media.alj3.clients.lemonhq.io\/wp-content\/uploads\/2025\/11\/FCBG-HJ-1.jpeg\",\"width\":1280,\"height\":853},{\"@type\":\"BreadcrumbList\",\"@id\":\"https:\/\/cms.alj3.clients.lemonhq.io\/fr\/quick-reads\/hassan-jameel-appointed-vice-chairman-family-business-council-gulf\/#breadcrumb\",\"itemListElement\":[{\"@type\":\"ListItem\",\"position\":1,\"name\":\"Home\",\"item\":\"https:\/\/10.0.2.222\/en\/\"},{\"@type\":\"ListItem\",\"position\":2,\"name\":\"Hassan Jameel nomm\u00e9 vice-pr\u00e9sident du Family Business Council Gulf\"}]},{\"@type\":\"WebSite\",\"@id\":\"https:\/\/10.0.2.222\/en\/#website\",\"url\":\"https:\/\/10.0.2.222\/en\/\",\"name\":\"Abdul Latif Jameel\",\"description\":\"\",\"potentialAction\":[{\"@type\":\"SearchAction\",\"target\":{\"@type\":\"EntryPoint\",\"urlTemplate\":\"https:\/\/10.0.2.222\/en\/?s={search_term_string}\"},\"query-input\":{\"@type\":\"PropertyValueSpecification\",\"valueRequired\":true,\"valueName\":\"search_term_string\"}}],\"inLanguage\":\"fr-FR\"}]}<\/script>\n<!-- \/ Yoast SEO plugin. -->","yoast_head_json":{"title":"Hassan Jameel nomm\u00e9 vice-pr\u00e9sident du Family Business Council Gulf - Abdul Latif Jameel","robots":{"index":"noindex","follow":"follow","max-snippet":"max-snippet:-1","max-image-preview":"max-image-preview:large","max-video-preview":"max-video-preview:-1"},"og_locale":"fr_FR","og_type":"article","og_title":"Hassan Jameel nomm\u00e9 vice-pr\u00e9sident du Family Business Council Gulf - Abdul Latif Jameel","og_description":"Le Family Business Council Gulf (FBCG), une organisation priv\u00e9e \u00e0 but non lucratif visant \u00e0 renforcer la gouvernance des entreprises familiales et \u00e0 assurer leur continuit\u00e9 sur plusieurs g\u00e9n\u00e9rations dans les pays du Conseil de coop\u00e9ration du Golfe (CCG), a annonc\u00e9 sa nouvelle direction \u00e0 Doha, au Qatar. Sheikha Hind Bahwan a \u00e9t\u00e9 nomm\u00e9e pr\u00e9sidente, [&hellip;]","og_url":"https:\/\/cms.alj3.clients.lemonhq.io\/fr\/quick-reads\/hassan-jameel-appointed-vice-chairman-family-business-council-gulf\/","og_site_name":"Abdul Latif Jameel","article_modified_time":"2025-12-12T07:40:21+00:00","og_image":[{"width":1280,"height":853,"url":"https:\/\/media.alj3.clients.lemonhq.io\/wp-content\/uploads\/2025\/11\/FCBG-HJ-1.jpeg","type":"image\/jpeg"}],"twitter_card":"summary_large_image","twitter_misc":{"Dur\u00e9e de lecture estim\u00e9e":"4 minutes"},"schema":{"@context":"https:\/\/schema.org","@graph":[{"@type":"WebPage","@id":"https:\/\/cms.alj3.clients.lemonhq.io\/fr\/quick-reads\/hassan-jameel-appointed-vice-chairman-family-business-council-gulf\/","url":"https:\/\/cms.alj3.clients.lemonhq.io\/fr\/quick-reads\/hassan-jameel-appointed-vice-chairman-family-business-council-gulf\/","name":"Hassan Jameel nomm\u00e9 vice-pr\u00e9sident du Family Business Council Gulf - Abdul Latif Jameel","isPartOf":{"@id":"https:\/\/10.0.2.222\/en\/#website"},"primaryImageOfPage":{"@id":"https:\/\/cms.alj3.clients.lemonhq.io\/fr\/quick-reads\/hassan-jameel-appointed-vice-chairman-family-business-council-gulf\/#primaryimage"},"image":{"@id":"https:\/\/cms.alj3.clients.lemonhq.io\/fr\/quick-reads\/hassan-jameel-appointed-vice-chairman-family-business-council-gulf\/#primaryimage"},"thumbnailUrl":"https:\/\/media.alj3.clients.lemonhq.io\/wp-content\/uploads\/2025\/11\/FCBG-HJ-1.jpeg","datePublished":"2024-12-06T05:00:00+00:00","dateModified":"2025-12-12T07:40:21+00:00","breadcrumb":{"@id":"https:\/\/cms.alj3.clients.lemonhq.io\/fr\/quick-reads\/hassan-jameel-appointed-vice-chairman-family-business-council-gulf\/#breadcrumb"},"inLanguage":"fr-FR","potentialAction":[{"@type":"ReadAction","target":["https:\/\/cms.alj3.clients.lemonhq.io\/fr\/quick-reads\/hassan-jameel-appointed-vice-chairman-family-business-council-gulf\/"]}]},{"@type":"ImageObject","inLanguage":"fr-FR","@id":"https:\/\/cms.alj3.clients.lemonhq.io\/fr\/quick-reads\/hassan-jameel-appointed-vice-chairman-family-business-council-gulf\/#primaryimage","url":"https:\/\/media.alj3.clients.lemonhq.io\/wp-content\/uploads\/2025\/11\/FCBG-HJ-1.jpeg","contentUrl":"https:\/\/media.alj3.clients.lemonhq.io\/wp-content\/uploads\/2025\/11\/FCBG-HJ-1.jpeg","width":1280,"height":853},{"@type":"BreadcrumbList","@id":"https:\/\/cms.alj3.clients.lemonhq.io\/fr\/quick-reads\/hassan-jameel-appointed-vice-chairman-family-business-council-gulf\/#breadcrumb","itemListElement":[{"@type":"ListItem","position":1,"name":"Home","item":"https:\/\/10.0.2.222\/en\/"},{"@type":"ListItem","position":2,"name":"Hassan Jameel nomm\u00e9 vice-pr\u00e9sident du Family Business Council Gulf"}]},{"@type":"WebSite","@id":"https:\/\/10.0.2.222\/en\/#website","url":"https:\/\/10.0.2.222\/en\/","name":"Abdul Latif Jameel","description":"","potentialAction":[{"@type":"SearchAction","target":{"@type":"EntryPoint","urlTemplate":"https:\/\/10.0.2.222\/en\/?s={search_term_string}"},"query-input":{"@type":"PropertyValueSpecification","valueRequired":true,"valueName":"search_term_string"}}],"inLanguage":"fr-FR"}]}},"post-meta-fields":{"_published_date":["field_6057129b493f5"],"published_date":["20241206"],"_location":["field_601267396ce72"],"location":["Doha, Qatar"],"_featured":["field_601a3b473c5c5"],"featured":[""],"_footnotes":["field_66fd39afb9383"],"footnotes":[""],"_business_sector":["field_66f6b5bcac8cb"],"business_sector":["Entreprise"],"_content_series":["field_66fe3c439f8f6"],"content_series":[""],"_old_post_id":["field_66fe3fd59f8f7"],"old_post_id":["119444"],"_short_title":["field_60925d67125ef"],"short_title":["Hassan Jameel nomm\u00e9 vice-pr\u00e9sident du FBCG"],"_summary":["field_6019304103a20"],"summary":["Le Family Business Council Gulf a annonc\u00e9 la nomination de sa nouvelle direction \u00e0 Doha, au Qatar\u00a0: Sheikha Hind Bahwan a \u00e9t\u00e9 nomm\u00e9e pr\u00e9sidente et Hassan Jameel assume la fonction de vice-pr\u00e9sident"],"_mobile_featured_image":["field_66f6b4bee65f3"],"mobile_featured_image":["https:\/\/cms.alj3.clients.lemonhq.io\/wp-content\/themes\/alj\/assets\/images\/defaultmobilethumb.jpg"],"_push_notification":["field_66f6b47de65f1"],"push_notification":[""],"_publish_mobile":["field_66f6b491e65f2"],"publish_mobile":[""],"_status":["field_652694983fe12"],"status":["publish"],"_wp_page_template":["default"],"_thumbnail_id":["30261"],"_last_translation_edit_mode":["translation-editor"],"amazonS3_cache":["a:6:{s:71:\"\/\/cms.alj3.clients.lemonhq.io\/wp-content\/uploads\/2025\/11\/FCBG-HJ-2.jpeg\";a:2:{s:2:\"id\";s:5:\"30109\";s:11:\"source_type\";s:13:\"media-library\";}s:73:\"\/\/media.alj3.clients.lemonhq.io\/wp-content\/uploads\/2025\/11\/FCBG-HJ-2.jpeg\";a:2:{s:2:\"id\";s:5:\"30109\";s:11:\"source_type\";s:13:\"media-library\";}s:70:\"\/\/cms.alj3.clients.lemonhq.io\/wp-content\/uploads\/2025\/11\/FBCG-Logo.png\";a:2:{s:2:\"id\";s:5:\"30110\";s:11:\"source_type\";s:13:\"media-library\";}s:72:\"\/\/media.alj3.clients.lemonhq.io\/wp-content\/uploads\/2025\/11\/FBCG-Logo.png\";a:2:{s:2:\"id\";s:5:\"30110\";s:11:\"source_type\";s:13:\"media-library\";}s:83:\"\/\/cms.alj3.clients.lemonhq.io\/wp-content\/uploads\/2024\/10\/hassan-mohammed-jameel.jpg\";a:2:{s:2:\"id\";s:4:\"8550\";s:11:\"source_type\";s:13:\"media-library\";}s:85:\"\/\/media.alj3.clients.lemonhq.io\/wp-content\/uploads\/2024\/10\/hassan-mohammed-jameel.jpg\";a:2:{s:2:\"id\";s:4:\"8550\";s:11:\"source_type\";s:13:\"media-library\";}}"],"_wp_old_date":["2025-11-27"],"_wp_old_slug":["hassan-jameel-nomme-vice-president-du-family-business-council-gulf"]},"_links":{"self":[{"href":"https:\/\/cms.alj3.clients.lemonhq.io\/fr\/wp-json\/wp\/v2\/quickreads\/30143","targetHints":{"allow":["GET"]}}],"collection":[{"href":"https:\/\/cms.alj3.clients.lemonhq.io\/fr\/wp-json\/wp\/v2\/quickreads"}],"about":[{"href":"https:\/\/cms.alj3.clients.lemonhq.io\/fr\/wp-json\/wp\/v2\/types\/quickreads"}],"wp:featuredmedia":[{"embeddable":true,"href":"https:\/\/cms.alj3.clients.lemonhq.io\/fr\/wp-json\/wp\/v2\/media\/30261"}],"wp:attachment":[{"href":"https:\/\/cms.alj3.clients.lemonhq.io\/fr\/wp-json\/wp\/v2\/media?parent=30143"}],"curies":[{"name":"wp","href":"https:\/\/api.w.org\/{rel}","templated":true}]}}