{"id":8920,"date":"2024-03-14T07:40:11","date_gmt":"2024-03-14T07:40:11","guid":{"rendered":"https:\/\/cms.alj3.clients.lemonhq.io\/quick-reads\/el-programa-de-capacitacion-gerencial-de-abdul-latif-jameel-gana-el-premio-gold-stevie-por-sus-logros-innovadores-en-recursos-humanos\/"},"modified":"2024-10-25T08:27:20","modified_gmt":"2024-10-25T08:27:20","slug":"el-programa-de-capacitacion-gerencial-de-abdul-latif-jameel-gana-el-premio-gold-stevie-por-sus-logros-innovadores-en-recursos-humanos","status":"publish","type":"quickreads","link":"https:\/\/cms.alj3.clients.lemonhq.io\/es\/quick-reads\/el-programa-de-capacitacion-gerencial-de-abdul-latif-jameel-gana-el-premio-gold-stevie-por-sus-logros-innovadores-en-recursos-humanos\/","title":{"rendered":"El programa de capacitaci\u00f3n gerencial de Abdul Latif Jameel gana el premio Gold Stevie\u00ae por sus logros innovadores en recursos humanos"},"content":{"rendered":"<div class=\"wp-block-image\">\n<figure class=\"alignright\"><img decoding=\"async\" src=\"https:\/\/media.alj3.clients.lemonhq.io\/wp-content\/uploads\/2024\/10\/GOLD-2024-STEVIE-WINNER.jpg\" alt=\"GOLD 2024 STEVIE WINNER\" class=\"wp-image-113522\"\/><\/figure>\n<\/div>\n\n\n<p>El equipo corporativo de RR.&nbsp;HH. y Kaizen de Abdul Latif Jameel tuvo el honor de recibir un prestigioso premio por su \u00faltima iniciativa pionera de desarrollo de talento: el programa de capacitaci\u00f3n gerencial de Abdul Latif Jameel.<\/p>\n\n\n\n<p>El programa ha recibido el <strong>oro<\/strong> en la categor\u00eda \u201c<strong>Logro innovador en recursos humanos<\/strong>\u201d de los <strong>premios Stevie<sup>\u00ae<\/sup> <\/strong>2024 para Oriente Medio y el norte de \u00c1frica.<\/p>\n\n\n\n<p>Con m\u00e1s de 900&nbsp;nominaciones de organizaciones de Oriente Medio y el norte de \u00c1frica, los ganadores fueron seleccionados por un jurado de 150&nbsp;expertos del sector en todo el mundo.<\/p>\n\n\n<figure class=\"wp-block-embed is-type-video is-provider-youtube wp-block-embed-youtube wp-embed-aspect-16-9 wp-has-aspect-ratio\"><div class=\"wp-block-embed__wrapper\">https:\/\/youtu.be\/TV8MRH-59Gc<\/div><\/figure>\n\n\n<p>El programa es una iniciativa pionera destinada a formar a la pr\u00f3xima generaci\u00f3n de l\u00edderes a trav\u00e9s de una combinaci\u00f3n hol\u00edstica de capacitaci\u00f3n, desarrollo de liderazgo, mentor\u00eda, orientaci\u00f3n grupal, asignaciones individuales y competiciones comerciales.<\/p>\n\n\n<figure class=\"wp-block-embed is-type-video is-provider-youtube wp-block-embed-youtube wp-embed-aspect-16-9 wp-has-aspect-ratio\"><div class=\"wp-block-embed__wrapper\">https:\/\/youtu.be\/u1evLXyDPD8<\/div><\/figure>\n\n\n<p>Mariana Merino, directora general del Centro de experiencia en RR. HH. de Abdul Latif Jameel, coment\u00f3:<\/p>\n\n\n\n<blockquote class=\"wp-block-quote is-layout-flow wp-block-quote-is-layout-flow\">\n<p>\u201cEl programa de capacitaci\u00f3n gerencial de Abdul Latif Jameel es m\u00e1s que una simple iniciativa de RR.&nbsp;HH.<\/p>\n\n\n\n<p>Se trata de un plan transformador para el desarrollo del talento dise\u00f1ado para equipar a los j\u00f3venes prometedores con las habilidades y experiencias necesarias para desarrollar su potencial en un mundo empresarial cada vez m\u00e1s incierto\u201d.<\/p>\n<\/blockquote>\n\n\n<div class=\"wp-block-image size-medium wp-image-113515\">\n<figure class=\"alignleft\"><img decoding=\"async\" src=\"https:\/\/media.alj3.clients.lemonhq.io\/wp-content\/uploads\/2024\/10\/Marian-Merino-215x300.png\" alt=\"Mariana Merino\" class=\"wp-image-113515\"\/><figcaption class=\"wp-element-caption\">Mariana Merino<br>Managing Director<br>HR Center of Expertise<br>Abdul Latif Jameel<\/figcaption><\/figure>\n<\/div>\n\n\n<p>A medida que el equipo corporativo de RR.&nbsp;HH. incorpora a nuestra segunda tanda de alumnos, el rotundo \u00e9xito del grupo inicial ofrece un testimonio de la innovaci\u00f3n y la exhaustividad del programa.<\/p>\n\n\n\n<p>El programa de capacitaci\u00f3n gerencial de Abdul Latif Jameel fue reconocido por l\u00edderes del sector como un modelo a seguir para el desarrollo del talento y la mejora de los procesos, y fue elogiado por demostrar una alta adaptabilidad a los cambios.<\/p>\n\n\n\n<p>Los jueces quedaron totalmente impresionados al afirmar que el marco innovador, que incluye tareas del mundo real, tutor\u00eda guiada y rotaciones de puestos virtuales, muestra un compromiso con la formaci\u00f3n de futuros profesionales bien equilibrados.<\/p>\n\n\n<figure class=\"wp-block-embed is-type-video is-provider-youtube wp-block-embed-youtube wp-embed-aspect-16-9 wp-has-aspect-ratio\"><div class=\"wp-block-embed__wrapper\">https:\/\/youtu.be\/DjRrxFduBI0<\/div><\/figure>\n\n\n<p>Los premios Stevie<sup>\u00ae<\/sup> para Oriente Medio y el norte de \u00c1frica son el \u00fanico programa de premios empresariales que reconoce la innovaci\u00f3n en el lugar de trabajo en 18&nbsp;pa\u00edses de esta regi\u00f3n y se sit\u00faan entre los premios empresariales m\u00e1s relevantes del mundo, con una trayectoria de 22&nbsp;a\u00f1os.<\/p>\n\n\n<figure class=\"wp-block-embed is-type-video is-provider-youtube wp-block-embed-youtube wp-embed-aspect-16-9 wp-has-aspect-ratio\"><div class=\"wp-block-embed__wrapper\">https:\/\/youtu.be\/ACGMfAKDi0g<\/div><\/figure>\n\n<div class=\"wp-block-image\">\n<figure class=\"alignleft\"><img decoding=\"async\" src=\"https:\/\/media.alj3.clients.lemonhq.io\/wp-content\/uploads\/2024\/10\/Mariana_Award_02-300x278.jpg\" alt=\"Mariana Merino Managing Director HR Center of Expertise Abdul Latif Jameel \" class=\"wp-image-114704\"\/><\/figure>\n<\/div>\n\n\n<p>Para ver la exclusiva serie de v\u00eddeos de Abdul Latif Jameel que destaca algunas de las muchas historias de \u00e9xito del programa de capacitaci\u00f3n gerencial, visite nuestra lista de reproducci\u00f3n <a href=\"https:\/\/bit.ly\/3tW1ymS\">aqu\u00ed<\/a>.<\/p>\n\n\n\n<p>Obtenga m\u00e1s informaci\u00f3n sobre las <a href=\"https:\/\/media.alj.com\/en\/about\/careers\/\">carreras profesionales<\/a> en Abdul Latif Jameel o consulte el folleto interactivo del programa de capacitaci\u00f3n gerencial de Abdul Latif Jameel <a href=\"https:\/\/indd.adobe.com\/view\/5952920f-ad72-4165-929e-1daa4878914e\">aqu\u00ed<\/a>.<\/p>\n\n\n\n<p>&nbsp;<\/p>\n","protected":false},"featured_media":8889,"menu_order":0,"template":"","class_list":["post-8920","quickreads","type-quickreads","status-publish","has-post-thumbnail","hentry"],"acf":[],"yoast_head":"<!-- This site is optimized with the Yoast SEO plugin v26.5 - https:\/\/yoast.com\/wordpress\/plugins\/seo\/ -->\n<title>El programa de capacitaci\u00f3n gerencial de Abdul Latif Jameel gana el premio Gold Stevie\u00ae por sus logros innovadores en recursos humanos - Abdul Latif Jameel<\/title>\n<meta name=\"robots\" content=\"noindex, follow, max-snippet:-1, max-image-preview:large, max-video-preview:-1\" \/>\n<meta property=\"og:locale\" content=\"es_ES\" \/>\n<meta property=\"og:type\" content=\"article\" \/>\n<meta property=\"og:title\" content=\"El programa de capacitaci\u00f3n gerencial de Abdul Latif Jameel gana el premio Gold Stevie\u00ae por sus logros innovadores en recursos humanos - Abdul Latif Jameel\" \/>\n<meta property=\"og:description\" content=\"El equipo corporativo de RR.&nbsp;HH. y Kaizen de Abdul Latif Jameel tuvo el honor de recibir un prestigioso premio por su \u00faltima iniciativa pionera de desarrollo de talento: el programa de capacitaci\u00f3n gerencial de Abdul Latif Jameel. El programa ha recibido el oro en la categor\u00eda \u201cLogro innovador en recursos humanos\u201d de los premios Stevie\u00ae [&hellip;]\" \/>\n<meta property=\"og:url\" content=\"https:\/\/cms.alj3.clients.lemonhq.io\/es\/quick-reads\/el-programa-de-capacitacion-gerencial-de-abdul-latif-jameel-gana-el-premio-gold-stevie-por-sus-logros-innovadores-en-recursos-humanos\/\" \/>\n<meta property=\"og:site_name\" content=\"Abdul Latif Jameel\" \/>\n<meta property=\"article:modified_time\" content=\"2024-10-25T08:27:20+00:00\" \/>\n<meta property=\"og:image\" content=\"https:\/\/media.alj3.clients.lemonhq.io\/wp-content\/uploads\/2024\/10\/Mariana_Award_01.jpg\" \/>\n\t<meta property=\"og:image:width\" content=\"784\" \/>\n\t<meta property=\"og:image:height\" content=\"719\" \/>\n\t<meta property=\"og:image:type\" content=\"image\/jpeg\" \/>\n<meta name=\"twitter:card\" content=\"summary_large_image\" \/>\n<meta name=\"twitter:label1\" content=\"Tiempo de lectura\" \/>\n\t<meta name=\"twitter:data1\" content=\"2 minutos\" \/>\n<script type=\"application\/ld+json\" class=\"yoast-schema-graph\">{\"@context\":\"https:\/\/schema.org\",\"@graph\":[{\"@type\":\"WebPage\",\"@id\":\"https:\/\/cms.alj3.clients.lemonhq.io\/es\/quick-reads\/el-programa-de-capacitacion-gerencial-de-abdul-latif-jameel-gana-el-premio-gold-stevie-por-sus-logros-innovadores-en-recursos-humanos\/\",\"url\":\"https:\/\/cms.alj3.clients.lemonhq.io\/es\/quick-reads\/el-programa-de-capacitacion-gerencial-de-abdul-latif-jameel-gana-el-premio-gold-stevie-por-sus-logros-innovadores-en-recursos-humanos\/\",\"name\":\"El programa de capacitaci\u00f3n gerencial de Abdul Latif Jameel gana el premio Gold Stevie\u00ae por sus logros innovadores en recursos humanos - Abdul Latif Jameel\",\"isPartOf\":{\"@id\":\"https:\/\/10.0.2.222\/en\/#website\"},\"primaryImageOfPage\":{\"@id\":\"https:\/\/cms.alj3.clients.lemonhq.io\/es\/quick-reads\/el-programa-de-capacitacion-gerencial-de-abdul-latif-jameel-gana-el-premio-gold-stevie-por-sus-logros-innovadores-en-recursos-humanos\/#primaryimage\"},\"image\":{\"@id\":\"https:\/\/cms.alj3.clients.lemonhq.io\/es\/quick-reads\/el-programa-de-capacitacion-gerencial-de-abdul-latif-jameel-gana-el-premio-gold-stevie-por-sus-logros-innovadores-en-recursos-humanos\/#primaryimage\"},\"thumbnailUrl\":\"https:\/\/media.alj3.clients.lemonhq.io\/wp-content\/uploads\/2024\/10\/Mariana_Award_01.jpg\",\"datePublished\":\"2024-03-14T07:40:11+00:00\",\"dateModified\":\"2024-10-25T08:27:20+00:00\",\"breadcrumb\":{\"@id\":\"https:\/\/cms.alj3.clients.lemonhq.io\/es\/quick-reads\/el-programa-de-capacitacion-gerencial-de-abdul-latif-jameel-gana-el-premio-gold-stevie-por-sus-logros-innovadores-en-recursos-humanos\/#breadcrumb\"},\"inLanguage\":\"es\",\"potentialAction\":[{\"@type\":\"ReadAction\",\"target\":[\"https:\/\/cms.alj3.clients.lemonhq.io\/es\/quick-reads\/el-programa-de-capacitacion-gerencial-de-abdul-latif-jameel-gana-el-premio-gold-stevie-por-sus-logros-innovadores-en-recursos-humanos\/\"]}]},{\"@type\":\"ImageObject\",\"inLanguage\":\"es\",\"@id\":\"https:\/\/cms.alj3.clients.lemonhq.io\/es\/quick-reads\/el-programa-de-capacitacion-gerencial-de-abdul-latif-jameel-gana-el-premio-gold-stevie-por-sus-logros-innovadores-en-recursos-humanos\/#primaryimage\",\"url\":\"https:\/\/media.alj3.clients.lemonhq.io\/wp-content\/uploads\/2024\/10\/Mariana_Award_01.jpg\",\"contentUrl\":\"https:\/\/media.alj3.clients.lemonhq.io\/wp-content\/uploads\/2024\/10\/Mariana_Award_01.jpg\",\"width\":784,\"height\":719},{\"@type\":\"BreadcrumbList\",\"@id\":\"https:\/\/cms.alj3.clients.lemonhq.io\/es\/quick-reads\/el-programa-de-capacitacion-gerencial-de-abdul-latif-jameel-gana-el-premio-gold-stevie-por-sus-logros-innovadores-en-recursos-humanos\/#breadcrumb\",\"itemListElement\":[{\"@type\":\"ListItem\",\"position\":1,\"name\":\"Home\",\"item\":\"https:\/\/10.0.2.222\/en\/\"},{\"@type\":\"ListItem\",\"position\":2,\"name\":\"El programa de capacitaci\u00f3n gerencial de Abdul Latif Jameel gana el premio Gold Stevie\u00ae por sus logros innovadores en recursos humanos\"}]},{\"@type\":\"WebSite\",\"@id\":\"https:\/\/10.0.2.222\/en\/#website\",\"url\":\"https:\/\/10.0.2.222\/en\/\",\"name\":\"Abdul Latif Jameel\",\"description\":\"\",\"potentialAction\":[{\"@type\":\"SearchAction\",\"target\":{\"@type\":\"EntryPoint\",\"urlTemplate\":\"https:\/\/10.0.2.222\/en\/?s={search_term_string}\"},\"query-input\":{\"@type\":\"PropertyValueSpecification\",\"valueRequired\":true,\"valueName\":\"search_term_string\"}}],\"inLanguage\":\"es\"}]}<\/script>\n<!-- \/ Yoast SEO plugin. -->","yoast_head_json":{"title":"El programa de capacitaci\u00f3n gerencial de Abdul Latif Jameel gana el premio Gold Stevie\u00ae por sus logros innovadores en recursos humanos - Abdul Latif Jameel","robots":{"index":"noindex","follow":"follow","max-snippet":"max-snippet:-1","max-image-preview":"max-image-preview:large","max-video-preview":"max-video-preview:-1"},"og_locale":"es_ES","og_type":"article","og_title":"El programa de capacitaci\u00f3n gerencial de Abdul Latif Jameel gana el premio Gold Stevie\u00ae por sus logros innovadores en recursos humanos - Abdul Latif Jameel","og_description":"El equipo corporativo de RR.&nbsp;HH. y Kaizen de Abdul Latif Jameel tuvo el honor de recibir un prestigioso premio por su \u00faltima iniciativa pionera de desarrollo de talento: el programa de capacitaci\u00f3n gerencial de Abdul Latif Jameel. El programa ha recibido el oro en la categor\u00eda \u201cLogro innovador en recursos humanos\u201d de los premios Stevie\u00ae [&hellip;]","og_url":"https:\/\/cms.alj3.clients.lemonhq.io\/es\/quick-reads\/el-programa-de-capacitacion-gerencial-de-abdul-latif-jameel-gana-el-premio-gold-stevie-por-sus-logros-innovadores-en-recursos-humanos\/","og_site_name":"Abdul Latif Jameel","article_modified_time":"2024-10-25T08:27:20+00:00","og_image":[{"width":784,"height":719,"url":"https:\/\/media.alj3.clients.lemonhq.io\/wp-content\/uploads\/2024\/10\/Mariana_Award_01.jpg","type":"image\/jpeg"}],"twitter_card":"summary_large_image","twitter_misc":{"Tiempo de lectura":"2 minutos"},"schema":{"@context":"https:\/\/schema.org","@graph":[{"@type":"WebPage","@id":"https:\/\/cms.alj3.clients.lemonhq.io\/es\/quick-reads\/el-programa-de-capacitacion-gerencial-de-abdul-latif-jameel-gana-el-premio-gold-stevie-por-sus-logros-innovadores-en-recursos-humanos\/","url":"https:\/\/cms.alj3.clients.lemonhq.io\/es\/quick-reads\/el-programa-de-capacitacion-gerencial-de-abdul-latif-jameel-gana-el-premio-gold-stevie-por-sus-logros-innovadores-en-recursos-humanos\/","name":"El programa de capacitaci\u00f3n gerencial de Abdul Latif Jameel gana el premio Gold Stevie\u00ae por sus logros innovadores en recursos humanos - Abdul Latif Jameel","isPartOf":{"@id":"https:\/\/10.0.2.222\/en\/#website"},"primaryImageOfPage":{"@id":"https:\/\/cms.alj3.clients.lemonhq.io\/es\/quick-reads\/el-programa-de-capacitacion-gerencial-de-abdul-latif-jameel-gana-el-premio-gold-stevie-por-sus-logros-innovadores-en-recursos-humanos\/#primaryimage"},"image":{"@id":"https:\/\/cms.alj3.clients.lemonhq.io\/es\/quick-reads\/el-programa-de-capacitacion-gerencial-de-abdul-latif-jameel-gana-el-premio-gold-stevie-por-sus-logros-innovadores-en-recursos-humanos\/#primaryimage"},"thumbnailUrl":"https:\/\/media.alj3.clients.lemonhq.io\/wp-content\/uploads\/2024\/10\/Mariana_Award_01.jpg","datePublished":"2024-03-14T07:40:11+00:00","dateModified":"2024-10-25T08:27:20+00:00","breadcrumb":{"@id":"https:\/\/cms.alj3.clients.lemonhq.io\/es\/quick-reads\/el-programa-de-capacitacion-gerencial-de-abdul-latif-jameel-gana-el-premio-gold-stevie-por-sus-logros-innovadores-en-recursos-humanos\/#breadcrumb"},"inLanguage":"es","potentialAction":[{"@type":"ReadAction","target":["https:\/\/cms.alj3.clients.lemonhq.io\/es\/quick-reads\/el-programa-de-capacitacion-gerencial-de-abdul-latif-jameel-gana-el-premio-gold-stevie-por-sus-logros-innovadores-en-recursos-humanos\/"]}]},{"@type":"ImageObject","inLanguage":"es","@id":"https:\/\/cms.alj3.clients.lemonhq.io\/es\/quick-reads\/el-programa-de-capacitacion-gerencial-de-abdul-latif-jameel-gana-el-premio-gold-stevie-por-sus-logros-innovadores-en-recursos-humanos\/#primaryimage","url":"https:\/\/media.alj3.clients.lemonhq.io\/wp-content\/uploads\/2024\/10\/Mariana_Award_01.jpg","contentUrl":"https:\/\/media.alj3.clients.lemonhq.io\/wp-content\/uploads\/2024\/10\/Mariana_Award_01.jpg","width":784,"height":719},{"@type":"BreadcrumbList","@id":"https:\/\/cms.alj3.clients.lemonhq.io\/es\/quick-reads\/el-programa-de-capacitacion-gerencial-de-abdul-latif-jameel-gana-el-premio-gold-stevie-por-sus-logros-innovadores-en-recursos-humanos\/#breadcrumb","itemListElement":[{"@type":"ListItem","position":1,"name":"Home","item":"https:\/\/10.0.2.222\/en\/"},{"@type":"ListItem","position":2,"name":"El programa de capacitaci\u00f3n gerencial de Abdul Latif Jameel gana el premio Gold Stevie\u00ae por sus logros innovadores en recursos humanos"}]},{"@type":"WebSite","@id":"https:\/\/10.0.2.222\/en\/#website","url":"https:\/\/10.0.2.222\/en\/","name":"Abdul Latif Jameel","description":"","potentialAction":[{"@type":"SearchAction","target":{"@type":"EntryPoint","urlTemplate":"https:\/\/10.0.2.222\/en\/?s={search_term_string}"},"query-input":{"@type":"PropertyValueSpecification","valueRequired":true,"valueName":"search_term_string"}}],"inLanguage":"es"}]}},"post-meta-fields":{"_wp_page_template":["default"],"_oembed_72878488c274cd6bd5e4283d22cb9e4e":["<iframe title=\"Welcome to the Abdul Latif Jameel Management Training Program (EN VO Subs)\" width=\"500\" height=\"281\" src=\"https:\/\/www.youtube.com\/embed\/TV8MRH-59Gc?feature=oembed\" frameborder=\"0\" allow=\"accelerometer; autoplay; clipboard-write; encrypted-media; gyroscope; picture-in-picture; web-share\" referrerpolicy=\"strict-origin-when-cross-origin\" allowfullscreen><\/iframe>"],"_oembed_time_72878488c274cd6bd5e4283d22cb9e4e":["1729159839"],"_oembed_e23d036b0c972704697dabd6d8f4fcd6":["<iframe title=\"Abdul Latif Jameel Management Trainee Program - Mariana Merino (EN VO Subs)\" width=\"500\" height=\"281\" src=\"https:\/\/www.youtube.com\/embed\/u1evLXyDPD8?feature=oembed\" frameborder=\"0\" allow=\"accelerometer; autoplay; clipboard-write; encrypted-media; gyroscope; picture-in-picture; web-share\" referrerpolicy=\"strict-origin-when-cross-origin\" allowfullscreen><\/iframe>"],"_oembed_time_e23d036b0c972704697dabd6d8f4fcd6":["1729159839"],"_oembed_8796b4491e50b2a072a035559732cf89":["<iframe title=\"Abdul Latif Jameel Management Trainee Program - Nisan I\u0307zgo\u0308ren (EN VO Subs)\" width=\"500\" height=\"281\" src=\"https:\/\/www.youtube.com\/embed\/DjRrxFduBI0?feature=oembed\" frameborder=\"0\" allow=\"accelerometer; autoplay; clipboard-write; encrypted-media; gyroscope; picture-in-picture; web-share\" referrerpolicy=\"strict-origin-when-cross-origin\" allowfullscreen><\/iframe>"],"_oembed_time_8796b4491e50b2a072a035559732cf89":["1729159839"],"_oembed_9459b911f245eccbbdea9f6710289802":["<iframe title=\"Abdul Latif Jameel Management Trainee Program - Jaser Al Hawiti (EN VO AR Subs)\" width=\"500\" height=\"281\" src=\"https:\/\/www.youtube.com\/embed\/ACGMfAKDi0g?feature=oembed\" frameborder=\"0\" allow=\"accelerometer; autoplay; clipboard-write; encrypted-media; gyroscope; picture-in-picture; web-share\" referrerpolicy=\"strict-origin-when-cross-origin\" allowfullscreen><\/iframe>"],"_oembed_time_9459b911f245eccbbdea9f6710289802":["1729159839"],"_oembed_8793d6b1911576931c98a887e16770e2":["{{unknown}}"],"_published_date":["field_6057129b493f5"],"published_date":["20240126"],"_location":["field_601267396ce72"],"location":["Ras Al Khaimah, EAU"],"_featured":["field_601a3b473c5c5"],"featured":["1"],"_footnotes":["field_66fd39afb9383"],"footnotes":[""],"_business_sector":["field_66f6b5bcac8cb"],"business_sector":["Corporativa"],"_content_series":["field_66fe3c439f8f6"],"content_series":[""],"_old_post_id":["field_66fe3fd59f8f7"],"old_post_id":["113823"],"_short_title":["field_60925d67125ef"],"short_title":["Abdul Latif Jameel gana el premio Gold Stevie\u00ae"],"_summary":["field_6019304103a20"],"summary":["El programa de capacitaci\u00f3n gerencial de Abdul Latif Jameel recibe el oro en la categor\u00eda \u201cLogro innovador en recursos humanos\u201d de los premios Stevie\u00ae 2024 para Oriente Medio y el norte de \u00c1frica."],"_mobile_featured_image":["field_66f6b4bee65f3"],"mobile_featured_image":["https:\/\/media.alj3.clients.lemonhq.io\/wp-content\/uploads\/2024\/10\/Mobile-featured-image.jpg"],"_push_notification":["field_66f6b47de65f1"],"push_notification":[""],"_publish_mobile":["field_66f6b491e65f2"],"publish_mobile":[""],"_status":["field_652694983fe12"],"status":["publish"],"_thumbnail_id":["8889"],"_wpml_word_count":["{\"total\":504,\"to_translate\":{\"ar\":504,\"zh-hans\":504,\"fr\":504,\"ja\":504,\"es\":504,\"tr\":504}}"],"_last_translation_edit_mode":["translation-editor"],"amazonS3_cache":["a:10:{s:84:\"\/\/cms.alj3.clients.lemonhq.io\/wp-content\/uploads\/2024\/10\/GOLD-2024-STEVIE-WINNER.jpg\";a:2:{s:2:\"id\";s:4:\"8886\";s:11:\"source_type\";s:13:\"media-library\";}s:74:\"\/\/cms.alj3.clients.lemonhq.io\/wp-content\/uploads\/2024\/10\/Marian-Merino.png\";a:2:{s:2:\"id\";s:4:\"8887\";s:11:\"source_type\";s:13:\"media-library\";}s:82:\"\/\/cms.alj3.clients.lemonhq.io\/wp-content\/uploads\/2024\/10\/Marian-Merino-215x300.png\";a:2:{s:2:\"id\";s:4:\"8887\";s:11:\"source_type\";s:13:\"media-library\";}s:77:\"\/\/cms.alj3.clients.lemonhq.io\/wp-content\/uploads\/2024\/10\/Mariana_Award_02.jpg\";a:2:{s:2:\"id\";s:4:\"8888\";s:11:\"source_type\";s:13:\"media-library\";}s:85:\"\/\/cms.alj3.clients.lemonhq.io\/wp-content\/uploads\/2024\/10\/Mariana_Award_02-300x278.jpg\";a:2:{s:2:\"id\";s:4:\"8888\";s:11:\"source_type\";s:13:\"media-library\";}s:86:\"\/\/media.alj3.clients.lemonhq.io\/wp-content\/uploads\/2024\/10\/GOLD-2024-STEVIE-WINNER.jpg\";a:2:{s:2:\"id\";s:4:\"8886\";s:11:\"source_type\";s:13:\"media-library\";}s:76:\"\/\/media.alj3.clients.lemonhq.io\/wp-content\/uploads\/2024\/10\/Marian-Merino.png\";a:2:{s:2:\"id\";s:4:\"8887\";s:11:\"source_type\";s:13:\"media-library\";}s:84:\"\/\/media.alj3.clients.lemonhq.io\/wp-content\/uploads\/2024\/10\/Marian-Merino-215x300.png\";a:2:{s:2:\"id\";s:4:\"8887\";s:11:\"source_type\";s:13:\"media-library\";}s:79:\"\/\/media.alj3.clients.lemonhq.io\/wp-content\/uploads\/2024\/10\/Mariana_Award_02.jpg\";a:2:{s:2:\"id\";s:4:\"8888\";s:11:\"source_type\";s:13:\"media-library\";}s:87:\"\/\/media.alj3.clients.lemonhq.io\/wp-content\/uploads\/2024\/10\/Mariana_Award_02-300x278.jpg\";a:2:{s:2:\"id\";s:4:\"8888\";s:11:\"source_type\";s:13:\"media-library\";}}"],"select_category":["international"],"_edit_lock":["1775726409:4"]},"_links":{"self":[{"href":"https:\/\/cms.alj3.clients.lemonhq.io\/es\/wp-json\/wp\/v2\/quickreads\/8920","targetHints":{"allow":["GET"]}}],"collection":[{"href":"https:\/\/cms.alj3.clients.lemonhq.io\/es\/wp-json\/wp\/v2\/quickreads"}],"about":[{"href":"https:\/\/cms.alj3.clients.lemonhq.io\/es\/wp-json\/wp\/v2\/types\/quickreads"}],"wp:featuredmedia":[{"embeddable":true,"href":"https:\/\/cms.alj3.clients.lemonhq.io\/es\/wp-json\/wp\/v2\/media\/8889"}],"wp:attachment":[{"href":"https:\/\/cms.alj3.clients.lemonhq.io\/es\/wp-json\/wp\/v2\/media?parent=8920"}],"curies":[{"name":"wp","href":"https:\/\/api.w.org\/{rel}","templated":true}]}}