{"id":8321,"date":"2020-04-20T07:37:10","date_gmt":"2020-04-20T07:37:10","guid":{"rendered":"https:\/\/cms.alj3.clients.lemonhq.io\/quick-reads\/international-mother-earth-day-2020-seeking-harmony-with-nature-6\/"},"modified":"2024-10-17T10:44:03","modified_gmt":"2024-10-17T10:44:03","slug":"international-mother-earth-day-2020-seeking-harmony-with-nature-6","status":"publish","type":"quickreads","link":"https:\/\/cms.alj3.clients.lemonhq.io\/es\/quick-reads\/international-mother-earth-day-2020-seeking-harmony-with-nature-6\/","title":{"rendered":"D\u00eda Internacional de la Madre Tierra: en armon\u00eda con la naturaleza"},"content":{"rendered":"\n<p>En 2009, la <a href=\"https:\/\/www.un.org\/en\/\">Asamblea General de las Naciones Unidas<\/a> declar\u00f3 el 22 de abril como \u201c<em>D\u00eda Internacional de la Madre Tierra<\/em>\u201d, reconociendo el inter\u00e9s com\u00fan de la humanidad en la protecci\u00f3n del planeta y su medio ambiente, as\u00ed como la importancia de vivir en armon\u00eda con la naturaleza.<\/p>\n\n\n\n<p>Si no encontramos una forma de <em>convivir<\/em> con la Tierra y sus ecosistemas vitales, no seremos capaces de satisfacer las necesidades econ\u00f3micas, sociales y ambientales de la generaci\u00f3n actual, y, desgraciadamente, las generaciones futuras no podr\u00e1n disfrutar de un planeta sostenible.<\/p>\n\n\n\n<p>Ahora bien, once a\u00f1os despu\u00e9s de establecer que la protecci\u00f3n de nuestros ecosistemas es una prioridad de la agenda ambiental, \u00bfestamos cumpliendo con nuestra promesa?<\/p>\n\n\n\n<p>El final de la d\u00e9cada m\u00e1s calurosa jam\u00e1s registrada trajo consigo incendios forestales generalizados y devastadores por todo el Amazonas, partes de Indonesia, Estados Unidos y Australia, e incluso el C\u00edrculo Polar \u00c1rtico.<\/p>\n\n\n\n<p>Solo en Australia, los incendios forestales a principios de este a\u00f1o arrasaron una extensi\u00f3n de m\u00e1s de 6&nbsp;millones de hect\u00e1reas, destruyeron m\u00e1s de 2000 hogares y se cobraron la vida de decenas de personas y miles de millones de animales. Adem\u00e1s, los expertos estiman que el humo de los intensos incendios, que lleg\u00f3 hasta Argentina, fue responsable de otras 417&nbsp;muertes<a href=\"#_edn1\" name=\"_ednref1\">[i]<\/a>.<\/p>\n\n\n\n<p>Por su parte, \u00c1frica Oriental lucha contra la segunda ola de una de las peores plagas de langostas que se recuerdan. Esta situaci\u00f3n, calificada por la Organizaci\u00f3n de las Naciones Unidas para la Alimentaci\u00f3n y la Agricultura (<a href=\"http:\/\/www.fao.org\/home\/en\/\">FAO<\/a>) como \u201c<em>una amenaza sin precedentes<\/em>\u201d a la seguridad alimentaria, pone en riesgo a millones de personas vulnerables y a sus formas de vida<a href=\"#_edn2\" name=\"_ednref2\">[ii]<\/a>.<\/p>\n\n\n\n<p>Este tipo de incidentes, cada vez m\u00e1s frecuentes y graves, son una clara advertencia de la propia Madre Naturaleza: estamos ejerciendo demasiada presi\u00f3n sobre el mundo natural y nuestros esfuerzos para gestionar de manera responsable los recursos finitos son insuficientes e ineficaces ante la explosi\u00f3n del crecimiento de la poblaci\u00f3n. Sin duda, ahora es el momento de reequilibrar esta relaci\u00f3n.<\/p>\n\n\n\n<p>En 2020, un <em>\u201cs\u00faper a\u00f1o para la biodiversidad\u201d<\/em><a href=\"#_edn3\" name=\"_ednref3\">[iii]<\/a>, el enfoque del D\u00eda Internacional de la Madre Tierra se centra en este mismo tema y en la importancia de proteger y preservar los ecosistemas, vitales para mantener el equilibrio del planeta.<\/p>\n\n\n\n<p>Seg\u00fan las Naciones Unidas:<\/p>\n\n\n\n<blockquote class=\"wp-block-quote is-layout-flow wp-block-quote-is-layout-flow\">\n<p>\u201cLos v\u00ednculos espec\u00edficos entre la salud y la biodiversidad incluyen posibles impactos en la nutrici\u00f3n, la investigaci\u00f3n sanitaria y la medicina tradicional, la generaci\u00f3n de nuevas enfermedades infecciosas y cambios significativos en la distribuci\u00f3n de plantas, pat\u00f3genos, animales e incluso asentamientos humanos, a la mayor\u00eda de los cuales afecta el cambio clim\u00e1tico<a href=\"#_edn4\" name=\"_ednref4\"><strong>[iv]<\/strong><\/a>.\u201d<\/p>\n<\/blockquote>\n\n\n\n<p>En 2016, el Programa de las Naciones Unidas para el Medio Ambiente (<a href=\"https:\/\/www.unenvironment.org\/\">PNUMA<\/a>) identific\u00f3 un preocupante aumento mundial de las epidemias zoon\u00f3ticas. Espec\u00edficamente, se\u00f1al\u00f3 que el 75&nbsp;% de todas las enfermedades infecciosas emergentes en humanos son de origen zoon\u00f3tico, por lo que est\u00e1n estrechamente relacionadas con la salud de los ecosistemas. Actualmente, el mundo est\u00e1 luchando contra la m\u00e1s reciente, que ha ocasionado la pandemia m\u00e1s grave en d\u00e9cadas. Seg\u00fan Inger Andersen, Director Ejecutivo del PNUMA, a menos que tomemos medidas urgentes para proteger nuestro planeta, seguiremos viendo m\u00e1s epidemias de este tipo en el futuro:<\/p>\n\n\n\n<blockquote class=\"wp-block-quote is-layout-flow wp-block-quote-is-layout-flow\">\n<p>\u201cEstamos extremadamente interconectados con la naturaleza, nos guste o no. Si no cuidamos la naturaleza, no podemos cuidarnos a nosotros mismos.\u201d<\/p>\n<\/blockquote>\n\n\n\n<p>No obstante, pese a que los gobiernos de todo el mundo comprenden y reconocen la importancia cr\u00edtica de proteger nuestro medio ambiente y a que la biodiversidad est\u00e1 directamente vinculada a 9 de los 17 Objetivos de Desarrollo Sostenible (ODS) acordados, la p\u00e9rdida de biodiversidad se est\u00e1 acelerando en todas las regiones del planeta.<\/p>\n\n\n\n<p>A trav\u00e9s del <a href=\"https:\/\/jwafs.mit.edu\/\">Laboratorio de Sistemas de Agua y Alimentos de Abdul Latif Jameel (J-WAFS)<\/a> en el <a href=\"http:\/\/www.mit.edu\/\">Instituto Tecnol\u00f3gico de Massachusetts (ITM)<\/a> tenemos en marcha programas de investigaci\u00f3n dedicados a combatir el cambio clim\u00e1tico y a luchar por la sostenibilidad. Estos proyectos est\u00e1n explorando nuevas soluciones y tecnolog\u00edas innovadoras para fomentar la resiliencia frente a la crisis clim\u00e1tica y el impacto ambiental.<\/p>\n\n\n\n<p>Uni\u00e9ndose a la batalla, el Instituto Abdul Latif Jameel para el An\u00e1lisis de Enfermedades y Emergencias (<a href=\"https:\/\/www.imperial.ac.uk\/jameel-institute\/\">J-IDEA<\/a>) en el <a href=\"https:\/\/www.imperial.ac.uk\/jameel-institute\/\">Imperial College London<\/a> est\u00e1 a la vanguardia de la respuesta global a la pandemia por el COVID-19.Cofundado en 2019 por el Colegio Imperial de Londres y <a href=\"https:\/\/www.communityjameel.org\/\">Community Jameel<\/a>, J-IDEA tiene la misi\u00f3n de combatir las amenazas de enfermedades en todo el planeta.<\/p>\n\n\n\n<p>En un mundo incierto, existe al menos una verdad indiscutible: ahora es el momento de tomar medidas y dejar de morder la mano que nos da de comer.<\/p>\n\n\n\n<figure class=\"wp-block-video\"><video controls src=\"https:\/\/www.alj.com\/app\/uploads\/2020\/04\/Apr21_ALjMotherDay02.mp4\"><\/video><\/figure>\n\n\n\n<p><a href=\"#_ednref1\" name=\"_edn1\">[i]<\/a>Fuente: Medical Journey of Australia, marzo de 2020: <a href=\"https:\/\/www.mja.com.au\/journal\/2020\/bushfire-smoke-responsible-over-400-excess-deaths\">https:\/\/www.mja.com.au\/journal\/2020\/bushfire-smoke-responsible-over-400-excess-deaths<\/a><\/p>\n\n\n\n<p><a href=\"#_ednref2\" name=\"_edn2\">[ii]<\/a> FAO: <a href=\"http:\/\/www.fao.org\/resilience\/news-events\/detail\/en\/c\/1270479\/\">http:\/\/www.fao.org\/resilience\/news-events\/detail\/en\/c\/1270479\/<\/a><\/p>\n\n\n\n<p><a href=\"#_ednref3\" name=\"_edn3\">[iii]<\/a> PNUMA: <a href=\"https:\/\/www.unenvironment.org\/news-and-stories\/news\/2020-super-year-nature-and-biodiversity\">https:\/\/www.unenvironment.org\/news-and-stories\/news\/2020-super-year-nature-and-biodiversity<\/a><\/p>\n\n\n\n<p><a href=\"#_ednref4\" name=\"_edn4\">[iv]<\/a> ONU: <a href=\"https:\/\/www.un.org\/en\/observances\/earth-day\">https:\/\/www.un.org\/en\/observances\/earth-day<\/a><\/p>\n","protected":false},"featured_media":8314,"menu_order":0,"template":"","class_list":["post-8321","quickreads","type-quickreads","status-publish","has-post-thumbnail","hentry"],"acf":[],"yoast_head":"<!-- This site is optimized with the Yoast SEO plugin v26.5 - https:\/\/yoast.com\/wordpress\/plugins\/seo\/ -->\n<title>D\u00eda Internacional de la Madre Tierra: en armon\u00eda con la naturaleza - Abdul Latif Jameel<\/title>\n<meta name=\"robots\" content=\"noindex, follow, max-snippet:-1, max-image-preview:large, max-video-preview:-1\" \/>\n<meta property=\"og:locale\" content=\"es_ES\" \/>\n<meta property=\"og:type\" content=\"article\" \/>\n<meta property=\"og:title\" content=\"D\u00eda Internacional de la Madre Tierra: en armon\u00eda con la naturaleza - Abdul Latif Jameel\" \/>\n<meta property=\"og:description\" content=\"En 2009, la Asamblea General de las Naciones Unidas declar\u00f3 el 22 de abril como \u201cD\u00eda Internacional de la Madre Tierra\u201d, reconociendo el inter\u00e9s com\u00fan de la humanidad en la protecci\u00f3n del planeta y su medio ambiente, as\u00ed como la importancia de vivir en armon\u00eda con la naturaleza. Si no encontramos una forma de convivir [&hellip;]\" \/>\n<meta property=\"og:url\" content=\"https:\/\/cms.alj3.clients.lemonhq.io\/es\/quick-reads\/international-mother-earth-day-2020-seeking-harmony-with-nature-6\/\" \/>\n<meta property=\"og:site_name\" content=\"Abdul Latif Jameel\" \/>\n<meta property=\"article:modified_time\" content=\"2024-10-17T10:44:03+00:00\" \/>\n<meta property=\"og:image\" content=\"https:\/\/media.alj3.clients.lemonhq.io\/wp-content\/uploads\/2024\/10\/margot-richard-NJJ7paSBO-c-unsplash-scaled.jpg\" \/>\n\t<meta property=\"og:image:width\" content=\"1920\" \/>\n\t<meta property=\"og:image:height\" content=\"2560\" \/>\n\t<meta property=\"og:image:type\" content=\"image\/jpeg\" \/>\n<meta name=\"twitter:card\" content=\"summary_large_image\" \/>\n<meta name=\"twitter:label1\" content=\"Tiempo de lectura\" \/>\n\t<meta name=\"twitter:data1\" content=\"4 minutos\" \/>\n<script type=\"application\/ld+json\" class=\"yoast-schema-graph\">{\"@context\":\"https:\/\/schema.org\",\"@graph\":[{\"@type\":\"WebPage\",\"@id\":\"https:\/\/cms.alj3.clients.lemonhq.io\/es\/quick-reads\/international-mother-earth-day-2020-seeking-harmony-with-nature-6\/\",\"url\":\"https:\/\/cms.alj3.clients.lemonhq.io\/es\/quick-reads\/international-mother-earth-day-2020-seeking-harmony-with-nature-6\/\",\"name\":\"D\u00eda Internacional de la Madre Tierra: en armon\u00eda con la naturaleza - Abdul Latif Jameel\",\"isPartOf\":{\"@id\":\"https:\/\/10.0.2.222\/en\/#website\"},\"primaryImageOfPage\":{\"@id\":\"https:\/\/cms.alj3.clients.lemonhq.io\/es\/quick-reads\/international-mother-earth-day-2020-seeking-harmony-with-nature-6\/#primaryimage\"},\"image\":{\"@id\":\"https:\/\/cms.alj3.clients.lemonhq.io\/es\/quick-reads\/international-mother-earth-day-2020-seeking-harmony-with-nature-6\/#primaryimage\"},\"thumbnailUrl\":\"https:\/\/media.alj3.clients.lemonhq.io\/wp-content\/uploads\/2024\/10\/margot-richard-NJJ7paSBO-c-unsplash-scaled.jpg\",\"datePublished\":\"2020-04-20T07:37:10+00:00\",\"dateModified\":\"2024-10-17T10:44:03+00:00\",\"breadcrumb\":{\"@id\":\"https:\/\/cms.alj3.clients.lemonhq.io\/es\/quick-reads\/international-mother-earth-day-2020-seeking-harmony-with-nature-6\/#breadcrumb\"},\"inLanguage\":\"es\",\"potentialAction\":[{\"@type\":\"ReadAction\",\"target\":[\"https:\/\/cms.alj3.clients.lemonhq.io\/es\/quick-reads\/international-mother-earth-day-2020-seeking-harmony-with-nature-6\/\"]}]},{\"@type\":\"ImageObject\",\"inLanguage\":\"es\",\"@id\":\"https:\/\/cms.alj3.clients.lemonhq.io\/es\/quick-reads\/international-mother-earth-day-2020-seeking-harmony-with-nature-6\/#primaryimage\",\"url\":\"https:\/\/media.alj3.clients.lemonhq.io\/wp-content\/uploads\/2024\/10\/margot-richard-NJJ7paSBO-c-unsplash-scaled.jpg\",\"contentUrl\":\"https:\/\/media.alj3.clients.lemonhq.io\/wp-content\/uploads\/2024\/10\/margot-richard-NJJ7paSBO-c-unsplash-scaled.jpg\",\"width\":1920,\"height\":2560},{\"@type\":\"BreadcrumbList\",\"@id\":\"https:\/\/cms.alj3.clients.lemonhq.io\/es\/quick-reads\/international-mother-earth-day-2020-seeking-harmony-with-nature-6\/#breadcrumb\",\"itemListElement\":[{\"@type\":\"ListItem\",\"position\":1,\"name\":\"Home\",\"item\":\"https:\/\/10.0.2.222\/en\/\"},{\"@type\":\"ListItem\",\"position\":2,\"name\":\"D\u00eda Internacional de la Madre Tierra: en armon\u00eda con la naturaleza\"}]},{\"@type\":\"WebSite\",\"@id\":\"https:\/\/10.0.2.222\/en\/#website\",\"url\":\"https:\/\/10.0.2.222\/en\/\",\"name\":\"Abdul Latif Jameel\",\"description\":\"\",\"potentialAction\":[{\"@type\":\"SearchAction\",\"target\":{\"@type\":\"EntryPoint\",\"urlTemplate\":\"https:\/\/10.0.2.222\/en\/?s={search_term_string}\"},\"query-input\":{\"@type\":\"PropertyValueSpecification\",\"valueRequired\":true,\"valueName\":\"search_term_string\"}}],\"inLanguage\":\"es\"}]}<\/script>\n<!-- \/ Yoast SEO plugin. -->","yoast_head_json":{"title":"D\u00eda Internacional de la Madre Tierra: en armon\u00eda con la naturaleza - Abdul Latif Jameel","robots":{"index":"noindex","follow":"follow","max-snippet":"max-snippet:-1","max-image-preview":"max-image-preview:large","max-video-preview":"max-video-preview:-1"},"og_locale":"es_ES","og_type":"article","og_title":"D\u00eda Internacional de la Madre Tierra: en armon\u00eda con la naturaleza - Abdul Latif Jameel","og_description":"En 2009, la Asamblea General de las Naciones Unidas declar\u00f3 el 22 de abril como \u201cD\u00eda Internacional de la Madre Tierra\u201d, reconociendo el inter\u00e9s com\u00fan de la humanidad en la protecci\u00f3n del planeta y su medio ambiente, as\u00ed como la importancia de vivir en armon\u00eda con la naturaleza. Si no encontramos una forma de convivir [&hellip;]","og_url":"https:\/\/cms.alj3.clients.lemonhq.io\/es\/quick-reads\/international-mother-earth-day-2020-seeking-harmony-with-nature-6\/","og_site_name":"Abdul Latif Jameel","article_modified_time":"2024-10-17T10:44:03+00:00","og_image":[{"width":1920,"height":2560,"url":"https:\/\/media.alj3.clients.lemonhq.io\/wp-content\/uploads\/2024\/10\/margot-richard-NJJ7paSBO-c-unsplash-scaled.jpg","type":"image\/jpeg"}],"twitter_card":"summary_large_image","twitter_misc":{"Tiempo de lectura":"4 minutos"},"schema":{"@context":"https:\/\/schema.org","@graph":[{"@type":"WebPage","@id":"https:\/\/cms.alj3.clients.lemonhq.io\/es\/quick-reads\/international-mother-earth-day-2020-seeking-harmony-with-nature-6\/","url":"https:\/\/cms.alj3.clients.lemonhq.io\/es\/quick-reads\/international-mother-earth-day-2020-seeking-harmony-with-nature-6\/","name":"D\u00eda Internacional de la Madre Tierra: en armon\u00eda con la naturaleza - Abdul Latif Jameel","isPartOf":{"@id":"https:\/\/10.0.2.222\/en\/#website"},"primaryImageOfPage":{"@id":"https:\/\/cms.alj3.clients.lemonhq.io\/es\/quick-reads\/international-mother-earth-day-2020-seeking-harmony-with-nature-6\/#primaryimage"},"image":{"@id":"https:\/\/cms.alj3.clients.lemonhq.io\/es\/quick-reads\/international-mother-earth-day-2020-seeking-harmony-with-nature-6\/#primaryimage"},"thumbnailUrl":"https:\/\/media.alj3.clients.lemonhq.io\/wp-content\/uploads\/2024\/10\/margot-richard-NJJ7paSBO-c-unsplash-scaled.jpg","datePublished":"2020-04-20T07:37:10+00:00","dateModified":"2024-10-17T10:44:03+00:00","breadcrumb":{"@id":"https:\/\/cms.alj3.clients.lemonhq.io\/es\/quick-reads\/international-mother-earth-day-2020-seeking-harmony-with-nature-6\/#breadcrumb"},"inLanguage":"es","potentialAction":[{"@type":"ReadAction","target":["https:\/\/cms.alj3.clients.lemonhq.io\/es\/quick-reads\/international-mother-earth-day-2020-seeking-harmony-with-nature-6\/"]}]},{"@type":"ImageObject","inLanguage":"es","@id":"https:\/\/cms.alj3.clients.lemonhq.io\/es\/quick-reads\/international-mother-earth-day-2020-seeking-harmony-with-nature-6\/#primaryimage","url":"https:\/\/media.alj3.clients.lemonhq.io\/wp-content\/uploads\/2024\/10\/margot-richard-NJJ7paSBO-c-unsplash-scaled.jpg","contentUrl":"https:\/\/media.alj3.clients.lemonhq.io\/wp-content\/uploads\/2024\/10\/margot-richard-NJJ7paSBO-c-unsplash-scaled.jpg","width":1920,"height":2560},{"@type":"BreadcrumbList","@id":"https:\/\/cms.alj3.clients.lemonhq.io\/es\/quick-reads\/international-mother-earth-day-2020-seeking-harmony-with-nature-6\/#breadcrumb","itemListElement":[{"@type":"ListItem","position":1,"name":"Home","item":"https:\/\/10.0.2.222\/en\/"},{"@type":"ListItem","position":2,"name":"D\u00eda Internacional de la Madre Tierra: en armon\u00eda con la naturaleza"}]},{"@type":"WebSite","@id":"https:\/\/10.0.2.222\/en\/#website","url":"https:\/\/10.0.2.222\/en\/","name":"Abdul Latif Jameel","description":"","potentialAction":[{"@type":"SearchAction","target":{"@type":"EntryPoint","urlTemplate":"https:\/\/10.0.2.222\/en\/?s={search_term_string}"},"query-input":{"@type":"PropertyValueSpecification","valueRequired":true,"valueName":"search_term_string"}}],"inLanguage":"es"}]}},"post-meta-fields":{"_wp_page_template":["default"],"_published_date":["field_6057129b493f5"],"published_date":["20200422"],"_location":["field_601267396ce72"],"location":["Dubai, Emiratos \u00c1rabes Unidos"],"_featured":["field_601a3b473c5c5"],"featured":[""],"_footnotes":["field_66fd39afb9383"],"footnotes":[""],"_business_sector":["field_66f6b5bcac8cb"],"business_sector":["Energ\u00eda","Community Jameel"],"_content_series":["field_66fe3c439f8f6"],"content_series":[""],"_old_post_id":["field_66fe3fd59f8f7"],"old_post_id":["60203"],"_short_title":["field_60925d67125ef"],"short_title":["D\u00eda Internacional de la Madre Tierra"],"_summary":["field_6019304103a20"],"summary":["Sin encontrar una manera de trabajar junto con la Tierra y sus ecosistemas vitales, un planeta sostenible para las generaciones futuras puede estar tristemente fuera de discusi\u00f3n."],"_mobile_featured_image":["field_66f6b4bee65f3"],"mobile_featured_image":["https:\/\/cms.alj3.clients.lemonhq.io\/wp-content\/themes\/alj\/assets\/images\/defaultmobilethumb.jpg"],"_push_notification":["field_66f6b47de65f1"],"push_notification":[""],"_publish_mobile":["field_66f6b491e65f2"],"publish_mobile":[""],"_status":["field_652694983fe12"],"status":["publish"],"_thumbnail_id":["8314"],"_wpml_word_count":["{\"total\":818,\"to_translate\":{\"ar\":818,\"zh-hans\":818,\"fr\":818,\"ja\":818,\"es\":818,\"tr\":818}}"],"_last_translation_edit_mode":["translation-editor"],"select_category":["international"]},"_links":{"self":[{"href":"https:\/\/cms.alj3.clients.lemonhq.io\/es\/wp-json\/wp\/v2\/quickreads\/8321","targetHints":{"allow":["GET"]}}],"collection":[{"href":"https:\/\/cms.alj3.clients.lemonhq.io\/es\/wp-json\/wp\/v2\/quickreads"}],"about":[{"href":"https:\/\/cms.alj3.clients.lemonhq.io\/es\/wp-json\/wp\/v2\/types\/quickreads"}],"wp:featuredmedia":[{"embeddable":true,"href":"https:\/\/cms.alj3.clients.lemonhq.io\/es\/wp-json\/wp\/v2\/media\/8314"}],"wp:attachment":[{"href":"https:\/\/cms.alj3.clients.lemonhq.io\/es\/wp-json\/wp\/v2\/media?parent=8321"}],"curies":[{"name":"wp","href":"https:\/\/api.w.org\/{rel}","templated":true}]}}