{"id":8202,"date":"2020-01-06T13:29:14","date_gmt":"2020-01-06T13:29:14","guid":{"rendered":"https:\/\/cms.alj3.clients.lemonhq.io\/quick-reads\/combating-antimicrobial-resistance-3\/"},"modified":"2024-10-17T10:44:36","modified_gmt":"2024-10-17T10:44:36","slug":"combating-antimicrobial-resistance-3","status":"publish","type":"quickreads","link":"https:\/\/cms.alj3.clients.lemonhq.io\/es\/quick-reads\/combating-antimicrobial-resistance-3\/","title":{"rendered":"Combatir la resistencia antimicrobiana"},"content":{"rendered":"\n<p>Cada noviembre, se celebra la Semana Mundial de Concienciaci\u00f3n sobre el Uso de los Antibi\u00f3ticos de las&nbsp;<a href=\"https:\/\/www.un.org\/en\/\">Naciones Unidas<\/a>&nbsp;con el objetivo de aumentar la conciencia global acerca de las \u201cmejores pr\u00e1cticas\u201d para el uso de antibi\u00f3ticos. Desde su descubrimiento en 1928, los antibi\u00f3ticos han servido como una base clave de la medicina moderna, se han utilizado ampliamente para el tratamiento y la prevenci\u00f3n de infecciones bacterianas y han salvado innumerables vidas.<\/p>\n\n\n\n<p>Sin embargo, el uso excesivo e indebido de los antibi\u00f3ticos, especialmente en las \u00faltimas d\u00e9cadas, tanto en la salud humana como en la animal, ha fomentado la aparici\u00f3n y propagaci\u00f3n de la&nbsp;<em>\u201cresistencia a los antibi\u00f3ticos\u201d<\/em>. La resistencia a los antibi\u00f3ticos se produce cuando las bacterias tratadas de manera efectiva desarrollan la capacidad de derrotar o resistir a los f\u00e1rmacos dise\u00f1ados para matarlos.<\/p>\n\n\n\n<p>Seg\u00fan la&nbsp;<a href=\"https:\/\/www.who.int\/\">Organizaci\u00f3n Mundial de la Salud (OMS)<\/a>:<\/p>\n\n\n\n<blockquote class=\"wp-block-quote is-layout-flow wp-block-quote-is-layout-flow\">\n<p><em>\u201cEl mundo tiene que cambiar de forma urgente la forma en la que prescribe y utiliza los antibi\u00f3ticos. Aunque se desarrollen nuevos medicamentos, sin cambios de comportamiento, la resistencia a los antibi\u00f3ticos seguir\u00e1 siendo una amenaza importante\u201d.<\/em><\/p>\n<\/blockquote>\n\n\n\n<p>En 2015, la OMS confirm\u00f3 que la lucha contra la resistencia a los antibi\u00f3ticos es de alta prioridad y desarroll\u00f3 un plan de acci\u00f3n mundial sobre la resistencia a los antimicrobianos, incluida la resistencia a los antibi\u00f3ticos. El plan pretende garantizar la prevenci\u00f3n y el tratamiento de enfermedades infecciosas con medicamentos seguros y eficaces, y la pr\u00e1ctica adecuada. El plan tiene cinco objetivos estrat\u00e9gicos:<\/p>\n\n\n\n<ol class=\"wp-block-list\">\n<li>Mejorar la concienciaci\u00f3n y la comprensi\u00f3n de la resistencia antimicrobiana.<\/li>\n\n\n\n<li>Reforzar la vigilancia y la investigaci\u00f3n.<\/li>\n\n\n\n<li>Reducir la incidencia de infecciones.<\/li>\n\n\n\n<li>Optimizar el uso de medicamentos antimicrobianos.<\/li>\n\n\n\n<li>Asegurar una inversi\u00f3n sostenible en la lucha contra la resistencia a los antimicrobianos<a name=\"_ednref1\"><a href=\"https:\/\/www.alj.com\/en\/news\/combating-antimicrobial-resistance\/#_edn1\">[i]<\/a>.<\/li>\n<\/ol>\n\n\n\n<p>La Semana Mundial de Concienciaci\u00f3n sobre el Uso de los Antibi\u00f3ticos celebrada en noviembre de 2019 destac\u00f3 la amenaza que supone la resistencia a los antimicrobianos para la salud humana, la seguridad e inocuidad de los alimentos, la producci\u00f3n sostenible de alimentos y el desarrollo agr\u00edcola.<\/p>\n\n\n\n<p>Seg\u00fan la&nbsp;<a href=\"http:\/\/www.fao.org\/about\/en\/\">Organizaci\u00f3n de las Naciones Unidas para la Alimentaci\u00f3n y la Agricultura (FAO)<\/a>:<\/p>\n\n\n\n<blockquote class=\"wp-block-quote is-layout-flow wp-block-quote-is-layout-flow\">\n<p><em>\u201cLa intensificaci\u00f3n de la producci\u00f3n agr\u00edcola ha llevado a un uso creciente de antimicrobianos, y se espera que se duplique en 2030. Estos f\u00e1rmacos son importantes para el tratamiento de enfermedades en animales y plantas, pero deben usarse de manera responsable y solo cuando es necesario. Para adelantarnos a la resistencia a los antimicrobianos y mantenerlos funcionando eficazmente durante el mayor tiempo posible, debemos invertir en buenas pr\u00e1cticas agr\u00edcolas que den prioridad a la prevenci\u00f3n de infecciones y debemos tener las pol\u00edticas adecuadas para apoyar estas pr\u00e1cticas agr\u00edcolas sostenibles\u201d.&nbsp;<\/em><\/p>\n<\/blockquote>\n\n\n\n<p>Aunque los agricultores y los productores de alimentos pueden reducir la necesidad de antimicrobianos aplicando buenas pr\u00e1cticas de salud e higiene, es poco probable que sea suficiente como medida \u00fanica.<\/p>\n\n\n\n<p>Diversos proyectos de investigaci\u00f3n de vanguardia financiados por el&nbsp;<a href=\"https:\/\/jwafs.mit.edu\/\">Laboratorio de Sistemas de Agua y Alimentos de Abdul Latif Jameel (J-WAFS)<\/a>&nbsp;en el&nbsp;<a href=\"http:\/\/www.mit.edu\/\">ITM<\/a>&nbsp;est\u00e1n tratando de evitar los antimicrobianos por completo, y en su lugar, utilizar los bacteri\u00f3fagos \u2014los enemigos naturales de las bacterias\u2014 como agentes de control de pat\u00f3genos.<\/p>\n\n\n\n<p>Puede leer m\u00e1s acerca de uno de estos proyectos&nbsp;<a href=\"http:\/\/bit.ly\/2SUa7cG\">aqu\u00ed.<\/a><\/p>\n\n\n\n<p><a name=\"_edn1\"><\/a><a href=\"https:\/\/www.alj.com\/en\/news\/combating-antimicrobial-resistance\/#_ednref1\">[i]<\/a>&nbsp;<a href=\"https:\/\/www.who.int\/news-room\/fact-sheets\/detail\/antibiotic-resistance\">https:\/\/www.who.int\/news-room\/fact-sheets\/detail\/antibiotic-resistance<\/a><\/p>\n","protected":false},"featured_media":8194,"menu_order":0,"template":"","class_list":["post-8202","quickreads","type-quickreads","status-publish","has-post-thumbnail","hentry"],"acf":[],"yoast_head":"<!-- This site is optimized with the Yoast SEO plugin v26.5 - https:\/\/yoast.com\/wordpress\/plugins\/seo\/ -->\n<title>Combatir la resistencia antimicrobiana - Abdul Latif Jameel<\/title>\n<meta name=\"robots\" content=\"noindex, follow, max-snippet:-1, max-image-preview:large, max-video-preview:-1\" \/>\n<meta property=\"og:locale\" content=\"es_ES\" \/>\n<meta property=\"og:type\" content=\"article\" \/>\n<meta property=\"og:title\" content=\"Combatir la resistencia antimicrobiana - Abdul Latif Jameel\" \/>\n<meta property=\"og:description\" content=\"Cada noviembre, se celebra la Semana Mundial de Concienciaci\u00f3n sobre el Uso de los Antibi\u00f3ticos de las&nbsp;Naciones Unidas&nbsp;con el objetivo de aumentar la conciencia global acerca de las \u201cmejores pr\u00e1cticas\u201d para el uso de antibi\u00f3ticos. Desde su descubrimiento en 1928, los antibi\u00f3ticos han servido como una base clave de la medicina moderna, se han utilizado [&hellip;]\" \/>\n<meta property=\"og:url\" content=\"https:\/\/cms.alj3.clients.lemonhq.io\/es\/quick-reads\/combating-antimicrobial-resistance-3\/\" \/>\n<meta property=\"og:site_name\" content=\"Abdul Latif Jameel\" \/>\n<meta property=\"article:modified_time\" content=\"2024-10-17T10:44:36+00:00\" \/>\n<meta property=\"og:image\" content=\"https:\/\/media.alj3.clients.lemonhq.io\/wp-content\/uploads\/2024\/10\/Antimicrobial-resistance.jpg\" \/>\n\t<meta property=\"og:image:width\" content=\"870\" \/>\n\t<meta property=\"og:image:height\" content=\"470\" \/>\n\t<meta property=\"og:image:type\" content=\"image\/jpeg\" \/>\n<meta name=\"twitter:card\" content=\"summary_large_image\" \/>\n<meta name=\"twitter:label1\" content=\"Tiempo de lectura\" \/>\n\t<meta name=\"twitter:data1\" content=\"3 minutos\" \/>\n<script type=\"application\/ld+json\" class=\"yoast-schema-graph\">{\"@context\":\"https:\/\/schema.org\",\"@graph\":[{\"@type\":\"WebPage\",\"@id\":\"https:\/\/cms.alj3.clients.lemonhq.io\/es\/quick-reads\/combating-antimicrobial-resistance-3\/\",\"url\":\"https:\/\/cms.alj3.clients.lemonhq.io\/es\/quick-reads\/combating-antimicrobial-resistance-3\/\",\"name\":\"Combatir la resistencia antimicrobiana - Abdul Latif Jameel\",\"isPartOf\":{\"@id\":\"https:\/\/10.0.2.222\/en\/#website\"},\"primaryImageOfPage\":{\"@id\":\"https:\/\/cms.alj3.clients.lemonhq.io\/es\/quick-reads\/combating-antimicrobial-resistance-3\/#primaryimage\"},\"image\":{\"@id\":\"https:\/\/cms.alj3.clients.lemonhq.io\/es\/quick-reads\/combating-antimicrobial-resistance-3\/#primaryimage\"},\"thumbnailUrl\":\"https:\/\/media.alj3.clients.lemonhq.io\/wp-content\/uploads\/2024\/10\/Antimicrobial-resistance.jpg\",\"datePublished\":\"2020-01-06T13:29:14+00:00\",\"dateModified\":\"2024-10-17T10:44:36+00:00\",\"breadcrumb\":{\"@id\":\"https:\/\/cms.alj3.clients.lemonhq.io\/es\/quick-reads\/combating-antimicrobial-resistance-3\/#breadcrumb\"},\"inLanguage\":\"es\",\"potentialAction\":[{\"@type\":\"ReadAction\",\"target\":[\"https:\/\/cms.alj3.clients.lemonhq.io\/es\/quick-reads\/combating-antimicrobial-resistance-3\/\"]}]},{\"@type\":\"ImageObject\",\"inLanguage\":\"es\",\"@id\":\"https:\/\/cms.alj3.clients.lemonhq.io\/es\/quick-reads\/combating-antimicrobial-resistance-3\/#primaryimage\",\"url\":\"https:\/\/media.alj3.clients.lemonhq.io\/wp-content\/uploads\/2024\/10\/Antimicrobial-resistance.jpg\",\"contentUrl\":\"https:\/\/media.alj3.clients.lemonhq.io\/wp-content\/uploads\/2024\/10\/Antimicrobial-resistance.jpg\",\"width\":870,\"height\":470},{\"@type\":\"BreadcrumbList\",\"@id\":\"https:\/\/cms.alj3.clients.lemonhq.io\/es\/quick-reads\/combating-antimicrobial-resistance-3\/#breadcrumb\",\"itemListElement\":[{\"@type\":\"ListItem\",\"position\":1,\"name\":\"Home\",\"item\":\"https:\/\/10.0.2.222\/en\/\"},{\"@type\":\"ListItem\",\"position\":2,\"name\":\"Combatir la resistencia antimicrobiana\"}]},{\"@type\":\"WebSite\",\"@id\":\"https:\/\/10.0.2.222\/en\/#website\",\"url\":\"https:\/\/10.0.2.222\/en\/\",\"name\":\"Abdul Latif Jameel\",\"description\":\"\",\"potentialAction\":[{\"@type\":\"SearchAction\",\"target\":{\"@type\":\"EntryPoint\",\"urlTemplate\":\"https:\/\/10.0.2.222\/en\/?s={search_term_string}\"},\"query-input\":{\"@type\":\"PropertyValueSpecification\",\"valueRequired\":true,\"valueName\":\"search_term_string\"}}],\"inLanguage\":\"es\"}]}<\/script>\n<!-- \/ Yoast SEO plugin. -->","yoast_head_json":{"title":"Combatir la resistencia antimicrobiana - Abdul Latif Jameel","robots":{"index":"noindex","follow":"follow","max-snippet":"max-snippet:-1","max-image-preview":"max-image-preview:large","max-video-preview":"max-video-preview:-1"},"og_locale":"es_ES","og_type":"article","og_title":"Combatir la resistencia antimicrobiana - Abdul Latif Jameel","og_description":"Cada noviembre, se celebra la Semana Mundial de Concienciaci\u00f3n sobre el Uso de los Antibi\u00f3ticos de las&nbsp;Naciones Unidas&nbsp;con el objetivo de aumentar la conciencia global acerca de las \u201cmejores pr\u00e1cticas\u201d para el uso de antibi\u00f3ticos. Desde su descubrimiento en 1928, los antibi\u00f3ticos han servido como una base clave de la medicina moderna, se han utilizado [&hellip;]","og_url":"https:\/\/cms.alj3.clients.lemonhq.io\/es\/quick-reads\/combating-antimicrobial-resistance-3\/","og_site_name":"Abdul Latif Jameel","article_modified_time":"2024-10-17T10:44:36+00:00","og_image":[{"width":870,"height":470,"url":"https:\/\/media.alj3.clients.lemonhq.io\/wp-content\/uploads\/2024\/10\/Antimicrobial-resistance.jpg","type":"image\/jpeg"}],"twitter_card":"summary_large_image","twitter_misc":{"Tiempo de lectura":"3 minutos"},"schema":{"@context":"https:\/\/schema.org","@graph":[{"@type":"WebPage","@id":"https:\/\/cms.alj3.clients.lemonhq.io\/es\/quick-reads\/combating-antimicrobial-resistance-3\/","url":"https:\/\/cms.alj3.clients.lemonhq.io\/es\/quick-reads\/combating-antimicrobial-resistance-3\/","name":"Combatir la resistencia antimicrobiana - Abdul Latif Jameel","isPartOf":{"@id":"https:\/\/10.0.2.222\/en\/#website"},"primaryImageOfPage":{"@id":"https:\/\/cms.alj3.clients.lemonhq.io\/es\/quick-reads\/combating-antimicrobial-resistance-3\/#primaryimage"},"image":{"@id":"https:\/\/cms.alj3.clients.lemonhq.io\/es\/quick-reads\/combating-antimicrobial-resistance-3\/#primaryimage"},"thumbnailUrl":"https:\/\/media.alj3.clients.lemonhq.io\/wp-content\/uploads\/2024\/10\/Antimicrobial-resistance.jpg","datePublished":"2020-01-06T13:29:14+00:00","dateModified":"2024-10-17T10:44:36+00:00","breadcrumb":{"@id":"https:\/\/cms.alj3.clients.lemonhq.io\/es\/quick-reads\/combating-antimicrobial-resistance-3\/#breadcrumb"},"inLanguage":"es","potentialAction":[{"@type":"ReadAction","target":["https:\/\/cms.alj3.clients.lemonhq.io\/es\/quick-reads\/combating-antimicrobial-resistance-3\/"]}]},{"@type":"ImageObject","inLanguage":"es","@id":"https:\/\/cms.alj3.clients.lemonhq.io\/es\/quick-reads\/combating-antimicrobial-resistance-3\/#primaryimage","url":"https:\/\/media.alj3.clients.lemonhq.io\/wp-content\/uploads\/2024\/10\/Antimicrobial-resistance.jpg","contentUrl":"https:\/\/media.alj3.clients.lemonhq.io\/wp-content\/uploads\/2024\/10\/Antimicrobial-resistance.jpg","width":870,"height":470},{"@type":"BreadcrumbList","@id":"https:\/\/cms.alj3.clients.lemonhq.io\/es\/quick-reads\/combating-antimicrobial-resistance-3\/#breadcrumb","itemListElement":[{"@type":"ListItem","position":1,"name":"Home","item":"https:\/\/10.0.2.222\/en\/"},{"@type":"ListItem","position":2,"name":"Combatir la resistencia antimicrobiana"}]},{"@type":"WebSite","@id":"https:\/\/10.0.2.222\/en\/#website","url":"https:\/\/10.0.2.222\/en\/","name":"Abdul Latif Jameel","description":"","potentialAction":[{"@type":"SearchAction","target":{"@type":"EntryPoint","urlTemplate":"https:\/\/10.0.2.222\/en\/?s={search_term_string}"},"query-input":{"@type":"PropertyValueSpecification","valueRequired":true,"valueName":"search_term_string"}}],"inLanguage":"es"}]}},"post-meta-fields":{"_wp_page_template":["default"],"_oembed_cb2343dcbc8490a1481f50ab041d6b9a":["{{unknown}}"],"_published_date":["field_6057129b493f5"],"published_date":["20200106"],"_location":["field_601267396ce72"],"location":["Boston, Estados Unidos"],"_featured":["field_601a3b473c5c5"],"featured":[""],"_footnotes":["field_66fd39afb9383"],"footnotes":[""],"_business_sector":["field_66f6b5bcac8cb"],"business_sector":["Community Jameel"],"_content_series":["field_66fe3c439f8f6"],"content_series":[""],"_old_post_id":["field_66fe3fd59f8f7"],"old_post_id":["56610"],"_short_title":["field_60925d67125ef"],"short_title":["Combatir la resistencia antimicrobiana"],"_summary":["field_6019304103a20"],"summary":["Cada noviembre, se celebra la Semana Mundial de Concienciaci\u00f3n sobre el Uso de los Antibi\u00f3ticos de las\u00a0Naciones Unidas\u00a0con el objetivo de aumentar la conciencia global acerca de las \u201cmejores pr\u00e1cticas\u201d para el uso de antibi\u00f3ticos."],"_mobile_featured_image":["field_66f6b4bee65f3"],"mobile_featured_image":["https:\/\/media.alj3.clients.lemonhq.io\/wp-content\/uploads\/2024\/10\/Antimicrobial-resistance.jpg"],"_push_notification":["field_66f6b47de65f1"],"push_notification":[""],"_publish_mobile":["field_66f6b491e65f2"],"publish_mobile":["1"],"_status":["field_652694983fe12"],"status":["publish"],"_thumbnail_id":["8194"],"_wpml_word_count":["{\"total\":568,\"to_translate\":{\"ar\":568,\"zh-hans\":568,\"fr\":568,\"ja\":568,\"es\":568,\"tr\":568}}"],"_last_translation_edit_mode":["translation-editor"],"select_category":["international"]},"_links":{"self":[{"href":"https:\/\/cms.alj3.clients.lemonhq.io\/es\/wp-json\/wp\/v2\/quickreads\/8202","targetHints":{"allow":["GET"]}}],"collection":[{"href":"https:\/\/cms.alj3.clients.lemonhq.io\/es\/wp-json\/wp\/v2\/quickreads"}],"about":[{"href":"https:\/\/cms.alj3.clients.lemonhq.io\/es\/wp-json\/wp\/v2\/types\/quickreads"}],"wp:featuredmedia":[{"embeddable":true,"href":"https:\/\/cms.alj3.clients.lemonhq.io\/es\/wp-json\/wp\/v2\/media\/8194"}],"wp:attachment":[{"href":"https:\/\/cms.alj3.clients.lemonhq.io\/es\/wp-json\/wp\/v2\/media?parent=8202"}],"curies":[{"name":"wp","href":"https:\/\/api.w.org\/{rel}","templated":true}]}}