{"id":8173,"date":"2019-11-20T12:24:40","date_gmt":"2019-11-20T12:24:40","guid":{"rendered":"https:\/\/cms.alj3.clients.lemonhq.io\/quick-reads\/j-wel-week-october-2019-exploring-the-role-of-education-in-addressing-global-challenges-3\/"},"modified":"2024-10-25T08:27:27","modified_gmt":"2024-10-25T08:27:27","slug":"j-wel-week-october-2019-exploring-the-role-of-education-in-addressing-global-challenges-3","status":"publish","type":"quickreads","link":"https:\/\/cms.alj3.clients.lemonhq.io\/es\/quick-reads\/j-wel-week-october-2019-exploring-the-role-of-education-in-addressing-global-challenges-3\/","title":{"rendered":"Fady M Jameel asiste a la semana J-WEL en octubre de 2019: explorando el papel de la educaci\u00f3n en la gesti\u00f3n de retos globales"},"content":{"rendered":"\n<p>En octubre de 2019 tuvo lugar una nueva <em>\u201cSemana J-WEL\u201d<\/em> en el campus del Instituto Tecnol\u00f3gico de Massachusetts (<a href=\"https:\/\/mit.edu\/\">ITM<\/a>), en Estados Unidos, organizada por el <a href=\"https:\/\/jwel.mit.edu\/\">Laboratorio de educaci\u00f3n mundial Abdul Latif Jameel (J-WEL)<\/a>. El evento, que reuni\u00f3 a los miembros de J-WEL y a invitados de 33 pa\u00edses de todo el mundo, trat\u00f3 de abordar el uso de la educaci\u00f3n para afrontar los importantes desaf\u00edos globales a los que se enfrentan muchos pa\u00edses, incluidos temas como el cambio clim\u00e1tico, la crisis de refugiados y la desigualdad socioecon\u00f3mica.<\/p>\n\n\n\n<p>Con pK-12, Higher Education y Workforce Learning, los tres colaboradores de J-WEL, los asistentes pudieron conocer nuevas investigaciones sobre educaci\u00f3n en el ITM y participaron en res\u00famenes de investigaci\u00f3n, paneles y talleres para explorar mecanismos de implementaci\u00f3n.<\/p>\n\n\n\n<p>Durante el transcurso de la semana, los asistentes tambi\u00e9n tuvieron la oportunidad de compartir los detalles de los programas que han implementado en sus propios pa\u00edses, con el apoyo de J-WEL, para fomentar conexiones colaborativas entre los tres colaboradores.<\/p>\n\n\n\n<p>Por parte del colaborador pK-12, un miembro de <a href=\"https:\/\/www.savethechildren.net\/\">Save the Children<\/a> habl\u00f3 sobre la <a href=\"https:\/\/www.communityjameel.org\/en\/news\/save_the_children_jordan_launches_tree_program_transforming_refugee_education_towards_excellence\">Iniciativa de transformaci\u00f3n de la educaci\u00f3n de los refugiados para la excelencia (TREE)<\/a> de Jordania, fundada en colaboraci\u00f3n con el <a href=\"http:\/\/www.moe.gov.jo\/en\/\">Ministerio de Educaci\u00f3n de Jordania<\/a>, <a href=\"https:\/\/www.communityjameel.org\/\">Community Jameel<\/a> y <a href=\"http:\/\/www.dubaicares.ae\/en\">Dub\u00e1i Cares<\/a>. El programa TREE se centra en el bienestar y la calidad de la ense\u00f1anza de los profesores y forma parte de la amplia misi\u00f3n de Save the Children en Jordania para garantizar que todos los ni\u00f1os tengan acceso a una educaci\u00f3n de calidad. El equipo ha trabajado con J-WEL para implementar un <a href=\"https:\/\/jwel.mit.edu\/welcome-compassionate-systems-community-j-wel\">Marco de sistemas compasivos<\/a> que permita desarrollar soluciones emocionalmente inteligentes y escalables para ni\u00f1os problem\u00e1ticos y profesores con exceso de trabajo y baja formaci\u00f3n.<\/p>\n\n\n\n<p>El colaborador de J-WEL Higher Education consider\u00f3 el papel que la universidad puede tomar en la direcci\u00f3n, el crecimiento y el mantenimiento de estos ecosistemas de innovaci\u00f3n con presentaciones informativas como <em>\u201cInnovaci\u00f3n: Local y global\u201d,<\/em> de Sanjay Sarma, vicepresidente de Open Learning Professor, y <em>\u201cDe la innovaci\u00f3n al mercado\u201d<\/em>, con el profesor del ITM Yoel Fink. Durante el evento, los participantes trabajaron en equipos que representaban los cinco pilares de un ecosistema de innovaci\u00f3n: capital humano, financiaci\u00f3n, infraestructura, demanda y cultura, tal como se describe en el informe de 2018 <em>\u201cAn MIT Framework for Innovation Ecosystem Policy\u201d (\u201cUn marco del ITM sobre las pol\u00edticas de ecosistemas de innovaci\u00f3n\u201d).<\/em>Sus hallazgos se resumen en la siguiente ilustraci\u00f3n:<\/p>\n\n\n<div class=\"wp-block-image\">\n<figure class=\"alignleft\"><img decoding=\"async\" src=\"https:\/\/media.alj3.clients.lemonhq.io\/wp-content\/uploads\/2024\/10\/university_led_ecosystem_image_1.jpg\" alt=\"\" class=\"wp-image-54546\"\/><\/figure>\n<\/div>\n\n\n<p><\/p>\n\n\n\n<p>En la sesi\u00f3n de cierre, que reuni\u00f3 a miembros de todos los colaboradores, el doctor Peter Senge, conferenciante s\u00e9nior en el ITM y presidente fundador de la <a href=\"https:\/\/www.solonline.org\/\">Society for Organizational Learning (SoL)<\/a>, afirm\u00f3: <em>\u201cNo solo estamos aprendiendo sobre la innovaci\u00f3n. Estamos creando una comunidad global\u201d.<\/em> En su discurso, reconoci\u00f3 que trabajar de forma colaborativa, compartir conocimientos y crear planes de acci\u00f3n comunes es necesario para abordar los desaf\u00edos globales a los que nos enfrentamos.<\/p>\n\n\n\n<p><a href=\"https:\/\/media.alj.com\/en\/our-people\/fady-jameel\/\">Fady M Jameel<\/a>, presidente de International Community Jameel, acudi\u00f3 al evento e indic\u00f3:<\/p>\n\n\n\n<blockquote class=\"wp-block-quote is-layout-flow wp-block-quote-is-layout-flow\">\n<p><em>\u201cEn un momento en el que la poblaci\u00f3n juvenil es el segmento de mayor crecimiento de la sociedad en muchas partes del mundo, el papel de la educaci\u00f3n nunca ha sido tan vital como ahora.<\/em><\/p>\n\n\n\n<p><em>Los datos recientes del Instituto de Estad\u00edstica de la UNESCO (UIS) revelaron que unos 263 millones de j\u00f3venes est\u00e1n sin escolarizar, lo que les impide obtener la alfabetizaci\u00f3n, aritm\u00e9tica y formaci\u00f3n elementales que necesitan para crecer y trabajar en el futuro.<\/em><\/p>\n\n\n\n<p><em>Si esta situaci\u00f3n contin\u00faa, existe un grave riesgo de que esta \u201coleada\u201d de juventud provoque una importante inestabilidad econ\u00f3mica.<\/em><\/p>\n\n\n\n<p><em>Ahora es el momento de actuar y transformar el marco educativo global\u201d.<\/em><\/p>\n<\/blockquote>\n\n\n<div class=\"wp-block-image\">\n<figure class=\"alignleft\"><img decoding=\"async\" src=\"https:\/\/media.alj3.clients.lemonhq.io\/wp-content\/uploads\/2024\/10\/FADY-JWEL.jpg\" alt=\"\" class=\"wp-image-54553\"\/><\/figure>\n<\/div>\n\n\n<p><\/p>\n\n\n\n<p>&nbsp;<\/p>\n\n\n\n<p>J-WEL fue cofundada en 2017 por el ITM y <a href=\"http:\/\/communityjameel.org\/\">Community Jameel<\/a>, organizaci\u00f3n filantr\u00f3pica global, con el fin de revitalizar la educaci\u00f3n trabajando con sus organizaciones miembros para promover la excelencia y la transformaci\u00f3n educativa en todo el mundo.<\/p>\n\n\n<figure class=\"wp-block-embed is-type-video is-provider-youtube wp-block-embed-youtube wp-embed-aspect-16-9 wp-has-aspect-ratio\"><div class=\"wp-block-embed__wrapper\">https:\/\/www.youtube.com\/watch?v=TGrW6u_oz38<\/div><\/figure>\n\n\n<p>Los eventos de la Semana J-WEL comenzaron el mismo a\u00f1o que los <em>\u201cprogramas exclusivos con fines espec\u00edficos que ofrecen a los miembros y asistentes acceso de primera mano a los recursos y las pr\u00e1cticas educativas del ITM\u201d<\/em>. Cada a\u00f1o se realizan dos Semanas J-WEL distintas. Todas son tem\u00e1ticas y comprenden m\u00faltiples m\u00f3dulos en los que los miembros e invitados abordan los desaf\u00edos en sus organizaciones, definiendo objetivos y considerando los siguientes pasos que permitir\u00e1n la implementaci\u00f3n.<\/p>\n\n\n\n<p>M\u00e1s informaci\u00f3n sobre J-WEL <a href=\"https:\/\/www.communityjameel.org\/en\/initiatives\/education\/abdul-latif-jameel-world-education-lab\">aqu\u00ed<\/a>.<\/p>\n","protected":false},"featured_media":8145,"menu_order":0,"template":"","class_list":["post-8173","quickreads","type-quickreads","status-publish","has-post-thumbnail","hentry"],"acf":[],"yoast_head":"<!-- This site is optimized with the Yoast SEO plugin v26.5 - https:\/\/yoast.com\/wordpress\/plugins\/seo\/ -->\n<title>Fady M Jameel asiste a la semana J-WEL en octubre de 2019: explorando el papel de la educaci\u00f3n en la gesti\u00f3n de retos globales - Abdul Latif Jameel<\/title>\n<meta name=\"robots\" content=\"noindex, follow, max-snippet:-1, max-image-preview:large, max-video-preview:-1\" \/>\n<meta property=\"og:locale\" content=\"es_ES\" \/>\n<meta property=\"og:type\" content=\"article\" \/>\n<meta property=\"og:title\" content=\"Fady M Jameel asiste a la semana J-WEL en octubre de 2019: explorando el papel de la educaci\u00f3n en la gesti\u00f3n de retos globales - Abdul Latif Jameel\" \/>\n<meta property=\"og:description\" content=\"En octubre de 2019 tuvo lugar una nueva \u201cSemana J-WEL\u201d en el campus del Instituto Tecnol\u00f3gico de Massachusetts (ITM), en Estados Unidos, organizada por el Laboratorio de educaci\u00f3n mundial Abdul Latif Jameel (J-WEL). El evento, que reuni\u00f3 a los miembros de J-WEL y a invitados de 33 pa\u00edses de todo el mundo, trat\u00f3 de abordar [&hellip;]\" \/>\n<meta property=\"og:url\" content=\"https:\/\/cms.alj3.clients.lemonhq.io\/es\/quick-reads\/j-wel-week-october-2019-exploring-the-role-of-education-in-addressing-global-challenges-3\/\" \/>\n<meta property=\"og:site_name\" content=\"Abdul Latif Jameel\" \/>\n<meta property=\"article:modified_time\" content=\"2024-10-25T08:27:27+00:00\" \/>\n<meta property=\"og:image\" content=\"https:\/\/media.alj3.clients.lemonhq.io\/wp-content\/uploads\/2024\/10\/HE-Group-photo-scaled.jpg\" \/>\n\t<meta property=\"og:image:width\" content=\"2560\" \/>\n\t<meta property=\"og:image:height\" content=\"1706\" \/>\n\t<meta property=\"og:image:type\" content=\"image\/jpeg\" \/>\n<meta name=\"twitter:card\" content=\"summary_large_image\" \/>\n<meta name=\"twitter:label1\" content=\"Tiempo de lectura\" \/>\n\t<meta name=\"twitter:data1\" content=\"4 minutos\" \/>\n<script type=\"application\/ld+json\" class=\"yoast-schema-graph\">{\"@context\":\"https:\/\/schema.org\",\"@graph\":[{\"@type\":\"WebPage\",\"@id\":\"https:\/\/cms.alj3.clients.lemonhq.io\/es\/quick-reads\/j-wel-week-october-2019-exploring-the-role-of-education-in-addressing-global-challenges-3\/\",\"url\":\"https:\/\/cms.alj3.clients.lemonhq.io\/es\/quick-reads\/j-wel-week-october-2019-exploring-the-role-of-education-in-addressing-global-challenges-3\/\",\"name\":\"Fady M Jameel asiste a la semana J-WEL en octubre de 2019: explorando el papel de la educaci\u00f3n en la gesti\u00f3n de retos globales - Abdul Latif Jameel\",\"isPartOf\":{\"@id\":\"https:\/\/10.0.2.222\/en\/#website\"},\"primaryImageOfPage\":{\"@id\":\"https:\/\/cms.alj3.clients.lemonhq.io\/es\/quick-reads\/j-wel-week-october-2019-exploring-the-role-of-education-in-addressing-global-challenges-3\/#primaryimage\"},\"image\":{\"@id\":\"https:\/\/cms.alj3.clients.lemonhq.io\/es\/quick-reads\/j-wel-week-october-2019-exploring-the-role-of-education-in-addressing-global-challenges-3\/#primaryimage\"},\"thumbnailUrl\":\"https:\/\/media.alj3.clients.lemonhq.io\/wp-content\/uploads\/2024\/10\/HE-Group-photo-scaled.jpg\",\"datePublished\":\"2019-11-20T12:24:40+00:00\",\"dateModified\":\"2024-10-25T08:27:27+00:00\",\"breadcrumb\":{\"@id\":\"https:\/\/cms.alj3.clients.lemonhq.io\/es\/quick-reads\/j-wel-week-october-2019-exploring-the-role-of-education-in-addressing-global-challenges-3\/#breadcrumb\"},\"inLanguage\":\"es\",\"potentialAction\":[{\"@type\":\"ReadAction\",\"target\":[\"https:\/\/cms.alj3.clients.lemonhq.io\/es\/quick-reads\/j-wel-week-october-2019-exploring-the-role-of-education-in-addressing-global-challenges-3\/\"]}]},{\"@type\":\"ImageObject\",\"inLanguage\":\"es\",\"@id\":\"https:\/\/cms.alj3.clients.lemonhq.io\/es\/quick-reads\/j-wel-week-october-2019-exploring-the-role-of-education-in-addressing-global-challenges-3\/#primaryimage\",\"url\":\"https:\/\/media.alj3.clients.lemonhq.io\/wp-content\/uploads\/2024\/10\/HE-Group-photo-scaled.jpg\",\"contentUrl\":\"https:\/\/media.alj3.clients.lemonhq.io\/wp-content\/uploads\/2024\/10\/HE-Group-photo-scaled.jpg\",\"width\":2560,\"height\":1706},{\"@type\":\"BreadcrumbList\",\"@id\":\"https:\/\/cms.alj3.clients.lemonhq.io\/es\/quick-reads\/j-wel-week-october-2019-exploring-the-role-of-education-in-addressing-global-challenges-3\/#breadcrumb\",\"itemListElement\":[{\"@type\":\"ListItem\",\"position\":1,\"name\":\"Home\",\"item\":\"https:\/\/10.0.2.222\/en\/\"},{\"@type\":\"ListItem\",\"position\":2,\"name\":\"Fady M Jameel asiste a la semana J-WEL en octubre de 2019: explorando el papel de la educaci\u00f3n en la gesti\u00f3n de retos globales\"}]},{\"@type\":\"WebSite\",\"@id\":\"https:\/\/10.0.2.222\/en\/#website\",\"url\":\"https:\/\/10.0.2.222\/en\/\",\"name\":\"Abdul Latif Jameel\",\"description\":\"\",\"potentialAction\":[{\"@type\":\"SearchAction\",\"target\":{\"@type\":\"EntryPoint\",\"urlTemplate\":\"https:\/\/10.0.2.222\/en\/?s={search_term_string}\"},\"query-input\":{\"@type\":\"PropertyValueSpecification\",\"valueRequired\":true,\"valueName\":\"search_term_string\"}}],\"inLanguage\":\"es\"}]}<\/script>\n<!-- \/ Yoast SEO plugin. -->","yoast_head_json":{"title":"Fady M Jameel asiste a la semana J-WEL en octubre de 2019: explorando el papel de la educaci\u00f3n en la gesti\u00f3n de retos globales - Abdul Latif Jameel","robots":{"index":"noindex","follow":"follow","max-snippet":"max-snippet:-1","max-image-preview":"max-image-preview:large","max-video-preview":"max-video-preview:-1"},"og_locale":"es_ES","og_type":"article","og_title":"Fady M Jameel asiste a la semana J-WEL en octubre de 2019: explorando el papel de la educaci\u00f3n en la gesti\u00f3n de retos globales - Abdul Latif Jameel","og_description":"En octubre de 2019 tuvo lugar una nueva \u201cSemana J-WEL\u201d en el campus del Instituto Tecnol\u00f3gico de Massachusetts (ITM), en Estados Unidos, organizada por el Laboratorio de educaci\u00f3n mundial Abdul Latif Jameel (J-WEL). El evento, que reuni\u00f3 a los miembros de J-WEL y a invitados de 33 pa\u00edses de todo el mundo, trat\u00f3 de abordar [&hellip;]","og_url":"https:\/\/cms.alj3.clients.lemonhq.io\/es\/quick-reads\/j-wel-week-october-2019-exploring-the-role-of-education-in-addressing-global-challenges-3\/","og_site_name":"Abdul Latif Jameel","article_modified_time":"2024-10-25T08:27:27+00:00","og_image":[{"width":2560,"height":1706,"url":"https:\/\/media.alj3.clients.lemonhq.io\/wp-content\/uploads\/2024\/10\/HE-Group-photo-scaled.jpg","type":"image\/jpeg"}],"twitter_card":"summary_large_image","twitter_misc":{"Tiempo de lectura":"4 minutos"},"schema":{"@context":"https:\/\/schema.org","@graph":[{"@type":"WebPage","@id":"https:\/\/cms.alj3.clients.lemonhq.io\/es\/quick-reads\/j-wel-week-october-2019-exploring-the-role-of-education-in-addressing-global-challenges-3\/","url":"https:\/\/cms.alj3.clients.lemonhq.io\/es\/quick-reads\/j-wel-week-october-2019-exploring-the-role-of-education-in-addressing-global-challenges-3\/","name":"Fady M Jameel asiste a la semana J-WEL en octubre de 2019: explorando el papel de la educaci\u00f3n en la gesti\u00f3n de retos globales - Abdul Latif Jameel","isPartOf":{"@id":"https:\/\/10.0.2.222\/en\/#website"},"primaryImageOfPage":{"@id":"https:\/\/cms.alj3.clients.lemonhq.io\/es\/quick-reads\/j-wel-week-october-2019-exploring-the-role-of-education-in-addressing-global-challenges-3\/#primaryimage"},"image":{"@id":"https:\/\/cms.alj3.clients.lemonhq.io\/es\/quick-reads\/j-wel-week-october-2019-exploring-the-role-of-education-in-addressing-global-challenges-3\/#primaryimage"},"thumbnailUrl":"https:\/\/media.alj3.clients.lemonhq.io\/wp-content\/uploads\/2024\/10\/HE-Group-photo-scaled.jpg","datePublished":"2019-11-20T12:24:40+00:00","dateModified":"2024-10-25T08:27:27+00:00","breadcrumb":{"@id":"https:\/\/cms.alj3.clients.lemonhq.io\/es\/quick-reads\/j-wel-week-october-2019-exploring-the-role-of-education-in-addressing-global-challenges-3\/#breadcrumb"},"inLanguage":"es","potentialAction":[{"@type":"ReadAction","target":["https:\/\/cms.alj3.clients.lemonhq.io\/es\/quick-reads\/j-wel-week-october-2019-exploring-the-role-of-education-in-addressing-global-challenges-3\/"]}]},{"@type":"ImageObject","inLanguage":"es","@id":"https:\/\/cms.alj3.clients.lemonhq.io\/es\/quick-reads\/j-wel-week-october-2019-exploring-the-role-of-education-in-addressing-global-challenges-3\/#primaryimage","url":"https:\/\/media.alj3.clients.lemonhq.io\/wp-content\/uploads\/2024\/10\/HE-Group-photo-scaled.jpg","contentUrl":"https:\/\/media.alj3.clients.lemonhq.io\/wp-content\/uploads\/2024\/10\/HE-Group-photo-scaled.jpg","width":2560,"height":1706},{"@type":"BreadcrumbList","@id":"https:\/\/cms.alj3.clients.lemonhq.io\/es\/quick-reads\/j-wel-week-october-2019-exploring-the-role-of-education-in-addressing-global-challenges-3\/#breadcrumb","itemListElement":[{"@type":"ListItem","position":1,"name":"Home","item":"https:\/\/10.0.2.222\/en\/"},{"@type":"ListItem","position":2,"name":"Fady M Jameel asiste a la semana J-WEL en octubre de 2019: explorando el papel de la educaci\u00f3n en la gesti\u00f3n de retos globales"}]},{"@type":"WebSite","@id":"https:\/\/10.0.2.222\/en\/#website","url":"https:\/\/10.0.2.222\/en\/","name":"Abdul Latif Jameel","description":"","potentialAction":[{"@type":"SearchAction","target":{"@type":"EntryPoint","urlTemplate":"https:\/\/10.0.2.222\/en\/?s={search_term_string}"},"query-input":{"@type":"PropertyValueSpecification","valueRequired":true,"valueName":"search_term_string"}}],"inLanguage":"es"}]}},"post-meta-fields":{"_wp_page_template":["default"],"_oembed_41c96d1466a07c60f460feb30d093332":["<iframe title=\"Announcing the Abdul Latif Jameel World Education Lab (J-WEL) at MIT\" width=\"500\" height=\"281\" src=\"https:\/\/www.youtube.com\/embed\/TGrW6u_oz38?feature=oembed\" frameborder=\"0\" allow=\"accelerometer; autoplay; clipboard-write; encrypted-media; gyroscope; picture-in-picture; web-share\" referrerpolicy=\"strict-origin-when-cross-origin\" allowfullscreen><\/iframe>"],"_oembed_time_41c96d1466a07c60f460feb30d093332":["1729159005"],"_oembed_eb19b0b89996f12c1cda944b3e109c81":["{{unknown}}"],"_published_date":["field_6057129b493f5"],"published_date":["20191121"],"_location":["field_601267396ce72"],"location":["Boston, Estados Unidos"],"_featured":["field_601a3b473c5c5"],"featured":[""],"_footnotes":["field_66fd39afb9383"],"footnotes":[""],"_business_sector":["field_66f6b5bcac8cb"],"business_sector":["Community Jameel"],"_content_series":["field_66fe3c439f8f6"],"content_series":[""],"_old_post_id":["field_66fe3fd59f8f7"],"old_post_id":["55012"],"_short_title":["field_60925d67125ef"],"short_title":["Fady Jameel asiste a la Semana J-WEL"],"_summary":["field_6019304103a20"],"summary":["En octubre de 2019 tuvo lugar una nueva \u201cSemana J-WEL\u201d en el campus del Instituto Tecnol\u00f3gico de Massachusetts, en Estados Unidos, organizada por el Laboratorio de educaci\u00f3n mundial Abdul Latif Jameel (J-WEL)."],"_mobile_featured_image":["field_66f6b4bee65f3"],"mobile_featured_image":["https:\/\/media.alj3.clients.lemonhq.io\/wp-content\/uploads\/2024\/10\/HE-Group-photo-scaled.jpg"],"_push_notification":["field_66f6b47de65f1"],"push_notification":[""],"_publish_mobile":["field_66f6b491e65f2"],"publish_mobile":["1"],"_status":["field_652694983fe12"],"status":["publish"],"_thumbnail_id":["8145"],"_wpml_word_count":["{\"total\":807,\"to_translate\":{\"ar\":807,\"zh-hans\":807,\"fr\":807,\"ja\":807,\"es\":807,\"tr\":807}}"],"_last_translation_edit_mode":["translation-editor"],"amazonS3_cache":["a:4:{s:93:\"\/\/cms.alj3.clients.lemonhq.io\/wp-content\/uploads\/2024\/10\/university_led_ecosystem_image_1.jpg\";a:2:{s:2:\"id\";s:4:\"8146\";s:11:\"source_type\";s:13:\"media-library\";}s:95:\"\/\/media.alj3.clients.lemonhq.io\/wp-content\/uploads\/2024\/10\/university_led_ecosystem_image_1.jpg\";a:2:{s:2:\"id\";s:4:\"8146\";s:11:\"source_type\";s:13:\"media-library\";}s:70:\"\/\/cms.alj3.clients.lemonhq.io\/wp-content\/uploads\/2024\/10\/FADY-JWEL.jpg\";a:2:{s:2:\"id\";s:4:\"8147\";s:11:\"source_type\";s:13:\"media-library\";}s:72:\"\/\/media.alj3.clients.lemonhq.io\/wp-content\/uploads\/2024\/10\/FADY-JWEL.jpg\";a:2:{s:2:\"id\";s:4:\"8147\";s:11:\"source_type\";s:13:\"media-library\";}}"],"select_category":["international"]},"_links":{"self":[{"href":"https:\/\/cms.alj3.clients.lemonhq.io\/es\/wp-json\/wp\/v2\/quickreads\/8173","targetHints":{"allow":["GET"]}}],"collection":[{"href":"https:\/\/cms.alj3.clients.lemonhq.io\/es\/wp-json\/wp\/v2\/quickreads"}],"about":[{"href":"https:\/\/cms.alj3.clients.lemonhq.io\/es\/wp-json\/wp\/v2\/types\/quickreads"}],"wp:featuredmedia":[{"embeddable":true,"href":"https:\/\/cms.alj3.clients.lemonhq.io\/es\/wp-json\/wp\/v2\/media\/8145"}],"wp:attachment":[{"href":"https:\/\/cms.alj3.clients.lemonhq.io\/es\/wp-json\/wp\/v2\/media?parent=8173"}],"curies":[{"name":"wp","href":"https:\/\/api.w.org\/{rel}","templated":true}]}}