{"id":7251,"date":"2017-11-21T06:53:58","date_gmt":"2017-11-21T06:53:58","guid":{"rendered":"https:\/\/cms.alj3.clients.lemonhq.io\/quick-reads\/global-experts-gather-j-wel-launch-2-5\/"},"modified":"2024-10-17T10:48:06","modified_gmt":"2024-10-17T10:48:06","slug":"global-experts-gather-j-wel-launch-2-5","status":"publish","type":"quickreads","link":"https:\/\/cms.alj3.clients.lemonhq.io\/es\/quick-reads\/global-experts-gather-j-wel-launch-2-5\/","title":{"rendered":"Reuni\u00f3n de expertos mundiales con ocasi\u00f3n del lanzamiento de J-WEL"},"content":{"rendered":"\n<p>Profesionales del \u00e1mbito de la educaci\u00f3n de 27 pa\u00edses se reunieron en octubre en el Instituto Tecnol\u00f3gico de Massachusetts (ITM) para debatir sobre el futuro de la educaci\u00f3n y el aprendizaje dentro del marco de la <a href=\"https:\/\/jwel.mit.edu\/events\/j-wel-week-october-2017\/\">Semana de J-WEL<\/a>.<\/p>\n\n\n\n<p>La Semana de J-WEL es la primera iniciativa del Laboratorio Mundial de Educaci\u00f3n Abdul Latif Jameel (J-WEL). En este evento de cuatro d\u00edas se ofrecieron conferencias, presentaciones y talleres centrados en los tres pilares de la formaci\u00f3n continua: ense\u00f1anza primaria y secundaria, ense\u00f1anza superior y aprendizaje en el lugar de trabajo.<\/p>\n\n\n\n<p>Al evento, celebrado bajo el lema \u00abEl poder de la resoluci\u00f3n de problemas\u00bb, asistieron invitados de Am\u00e9rica del Sur, Australia, Oriente Pr\u00f3ximo, Extremo Oriente y Europa.<\/p>\n\n\n\n<p><a href=\"https:\/\/jwel.mit.edu\/\">J-WEL<\/a> es un proyecto conjunto entre Community Jameel y el ITM que se fund\u00f3 en mayo de 2017. Aspira a ayudar a personas de todo el planeta a desarrollar todo su potencial mediante la transformaci\u00f3n y el aprendizaje en todos los niveles y a todas las edades. Busca reforzar el desarrollo y la transferencia de conocimientos, as\u00ed como preparar a las personas y dotarlas de las capacidades necesarias para el lugar de trabajo moderno.<\/p>\n\n\n<div class=\"wp-block-image wp-image-13815 size-medium\">\n<figure class=\"alignleft\"><img decoding=\"async\" src=\"https:\/\/media.alj3.clients.lemonhq.io\/wp-content\/uploads\/2024\/10\/MIT-President-L.-Rafael-Reif-left-and-Fady-Mohammed-Jameel-President-of-Community-Jameel-International-300x200.jpg\" alt=\"\" class=\"wp-image-13815\"\/><figcaption class=\"wp-element-caption\"><span style=\"font-size: 12px;\">El Presidente del ITM, L. Rafael Reif (izquierda) y <a href=\"https:\/\/media.alj.com\/en\/our-people\/fady-jameel\/\">Fady Mohammed Jameel<\/a>, Presidente de Community Jameel International (derecha) anuncian la creaci\u00f3n del nuevo Laboratorio Mundial de Educaci\u00f3n Abdul Latif Jameel (J-WEL) en el ITM.<\/span><\/figcaption><\/figure>\n<\/div>\n\n\n<p><a href=\"https:\/\/media.alj.com\/en\/our-people\/fady-jameel\/\">Fady Mohammed Jameel<\/a>, Presidente de Community Jameel International, ha se\u00f1alado: <em>\u00abLa educaci\u00f3n y el aprendizaje son esenciales para el desarrollo, contribuyen a reforzar y diversificar las econom\u00edas, as\u00ed como a generar oportunidades y prosperidad para todos\u00bb.<\/em><\/p>\n\n\n\n<p><em>\u00abEn J-WEL queremos reunir a expertos de todo el \u00e1mbito educativo, recopilar diferentes perspectivas, conocimientos y experiencia para afrontar los desaf\u00edos del aprendizaje en todos los niveles, as\u00ed como desarrollar soluciones reales y viables. La primera edici\u00f3n de la Semana de J-WEL es un primer paso de este proceso, y estamos encantados del enorme inter\u00e9s que ha despertado la iniciativa\u00bb. <\/em><\/p>\n\n\n\n<p>Las Semanas de J-WEL son programas exclusivos con fines espec\u00edficos que ofrecen a los asistentes acceso de primera mano a los recursos y las pr\u00e1cticas educativas del ITM. Cada a\u00f1o se celebran dos Semanas de J-WEL, cada una de ellas con su propia tem\u00e1tica y compuesta de diferentes m\u00f3dulos. Los asistentes hablan de los desaf\u00edos que afrontan sus respectivas organizaciones, definen objetivos y se plantean los pasos siguientes que lleven a la implementaci\u00f3n.<\/p>\n\n\n\n<p>Cada edici\u00f3n de la Semana de J-WEL es un viaje de conexi\u00f3n, aprendizaje y descubrimiento para los participantes. Los m\u00e1s importante es que las Semanas de J-WEL desarrollar\u00e1n una estrecha red de colaboradores que podr\u00e1n influir sobre la educaci\u00f3n a escala local y global.<\/p>\n\n\n\n<p>Las Semanas de J-WEL son el punto de partida de los Intercambios de J-WEL, una especie de campo de trabajo con talleres que profundizar\u00e1n en asuntos clave de la educaci\u00f3n, as\u00ed como en programas para invitados centrados en la innovaci\u00f3n del dise\u00f1o de las instituciones educativas.<\/p>\n\n\n\n<p>J-WEL forma parte del programa de colaboraci\u00f3n entre <a href=\"https:\/\/www.communityjameel.org\/\">Community Jameel<\/a> y el ITM, que incluye el Laboratorio de Acci\u00f3n contra la Pobreza Abdul Latif Jameel (<a href=\"https:\/\/www.povertyactionlab.org\/\">J-PAL<\/a>) y el Laboratorio de Seguridad Alimentaria y del Agua Abdul Latif Jameel (<a href=\"https:\/\/jwafs.mit.edu\/\">J-WAFS<\/a>), entre otros proyectos.<\/p>\n","protected":false},"featured_media":7184,"menu_order":0,"template":"","class_list":["post-7251","quickreads","type-quickreads","status-publish","has-post-thumbnail","hentry"],"acf":[],"yoast_head":"<!-- This site is optimized with the Yoast SEO plugin v26.5 - https:\/\/yoast.com\/wordpress\/plugins\/seo\/ -->\n<title>Reuni\u00f3n de expertos mundiales con ocasi\u00f3n del lanzamiento de J-WEL - Abdul Latif Jameel<\/title>\n<meta name=\"robots\" content=\"noindex, follow, max-snippet:-1, max-image-preview:large, max-video-preview:-1\" \/>\n<meta property=\"og:locale\" content=\"es_ES\" \/>\n<meta property=\"og:type\" content=\"article\" \/>\n<meta property=\"og:title\" content=\"Reuni\u00f3n de expertos mundiales con ocasi\u00f3n del lanzamiento de J-WEL - Abdul Latif Jameel\" \/>\n<meta property=\"og:description\" content=\"Profesionales del \u00e1mbito de la educaci\u00f3n de 27 pa\u00edses se reunieron en octubre en el Instituto Tecnol\u00f3gico de Massachusetts (ITM) para debatir sobre el futuro de la educaci\u00f3n y el aprendizaje dentro del marco de la Semana de J-WEL. La Semana de J-WEL es la primera iniciativa del Laboratorio Mundial de Educaci\u00f3n Abdul Latif Jameel [&hellip;]\" \/>\n<meta property=\"og:url\" content=\"https:\/\/cms.alj3.clients.lemonhq.io\/es\/quick-reads\/global-experts-gather-j-wel-launch-2-5\/\" \/>\n<meta property=\"og:site_name\" content=\"Abdul Latif Jameel\" \/>\n<meta property=\"article:modified_time\" content=\"2024-10-17T10:48:06+00:00\" \/>\n<meta property=\"og:image\" content=\"https:\/\/media.alj3.clients.lemonhq.io\/wp-content\/uploads\/2024\/10\/J-WEL-at-MIT.jpg\" \/>\n\t<meta property=\"og:image:width\" content=\"1300\" \/>\n\t<meta property=\"og:image:height\" content=\"395\" \/>\n\t<meta property=\"og:image:type\" content=\"image\/jpeg\" \/>\n<meta name=\"twitter:card\" content=\"summary_large_image\" \/>\n<meta name=\"twitter:label1\" content=\"Tiempo de lectura\" \/>\n\t<meta name=\"twitter:data1\" content=\"3 minutos\" \/>\n<script type=\"application\/ld+json\" class=\"yoast-schema-graph\">{\"@context\":\"https:\/\/schema.org\",\"@graph\":[{\"@type\":\"WebPage\",\"@id\":\"https:\/\/cms.alj3.clients.lemonhq.io\/es\/quick-reads\/global-experts-gather-j-wel-launch-2-5\/\",\"url\":\"https:\/\/cms.alj3.clients.lemonhq.io\/es\/quick-reads\/global-experts-gather-j-wel-launch-2-5\/\",\"name\":\"Reuni\u00f3n de expertos mundiales con ocasi\u00f3n del lanzamiento de J-WEL - Abdul Latif Jameel\",\"isPartOf\":{\"@id\":\"https:\/\/10.0.2.222\/en\/#website\"},\"primaryImageOfPage\":{\"@id\":\"https:\/\/cms.alj3.clients.lemonhq.io\/es\/quick-reads\/global-experts-gather-j-wel-launch-2-5\/#primaryimage\"},\"image\":{\"@id\":\"https:\/\/cms.alj3.clients.lemonhq.io\/es\/quick-reads\/global-experts-gather-j-wel-launch-2-5\/#primaryimage\"},\"thumbnailUrl\":\"https:\/\/media.alj3.clients.lemonhq.io\/wp-content\/uploads\/2024\/10\/J-WEL-at-MIT.jpg\",\"datePublished\":\"2017-11-21T06:53:58+00:00\",\"dateModified\":\"2024-10-17T10:48:06+00:00\",\"breadcrumb\":{\"@id\":\"https:\/\/cms.alj3.clients.lemonhq.io\/es\/quick-reads\/global-experts-gather-j-wel-launch-2-5\/#breadcrumb\"},\"inLanguage\":\"es\",\"potentialAction\":[{\"@type\":\"ReadAction\",\"target\":[\"https:\/\/cms.alj3.clients.lemonhq.io\/es\/quick-reads\/global-experts-gather-j-wel-launch-2-5\/\"]}]},{\"@type\":\"ImageObject\",\"inLanguage\":\"es\",\"@id\":\"https:\/\/cms.alj3.clients.lemonhq.io\/es\/quick-reads\/global-experts-gather-j-wel-launch-2-5\/#primaryimage\",\"url\":\"https:\/\/media.alj3.clients.lemonhq.io\/wp-content\/uploads\/2024\/10\/J-WEL-at-MIT.jpg\",\"contentUrl\":\"https:\/\/media.alj3.clients.lemonhq.io\/wp-content\/uploads\/2024\/10\/J-WEL-at-MIT.jpg\",\"width\":1300,\"height\":395},{\"@type\":\"BreadcrumbList\",\"@id\":\"https:\/\/cms.alj3.clients.lemonhq.io\/es\/quick-reads\/global-experts-gather-j-wel-launch-2-5\/#breadcrumb\",\"itemListElement\":[{\"@type\":\"ListItem\",\"position\":1,\"name\":\"Home\",\"item\":\"https:\/\/10.0.2.222\/en\/\"},{\"@type\":\"ListItem\",\"position\":2,\"name\":\"Reuni\u00f3n de expertos mundiales con ocasi\u00f3n del lanzamiento de J-WEL\"}]},{\"@type\":\"WebSite\",\"@id\":\"https:\/\/10.0.2.222\/en\/#website\",\"url\":\"https:\/\/10.0.2.222\/en\/\",\"name\":\"Abdul Latif Jameel\",\"description\":\"\",\"potentialAction\":[{\"@type\":\"SearchAction\",\"target\":{\"@type\":\"EntryPoint\",\"urlTemplate\":\"https:\/\/10.0.2.222\/en\/?s={search_term_string}\"},\"query-input\":{\"@type\":\"PropertyValueSpecification\",\"valueRequired\":true,\"valueName\":\"search_term_string\"}}],\"inLanguage\":\"es\"}]}<\/script>\n<!-- \/ Yoast SEO plugin. -->","yoast_head_json":{"title":"Reuni\u00f3n de expertos mundiales con ocasi\u00f3n del lanzamiento de J-WEL - Abdul Latif Jameel","robots":{"index":"noindex","follow":"follow","max-snippet":"max-snippet:-1","max-image-preview":"max-image-preview:large","max-video-preview":"max-video-preview:-1"},"og_locale":"es_ES","og_type":"article","og_title":"Reuni\u00f3n de expertos mundiales con ocasi\u00f3n del lanzamiento de J-WEL - Abdul Latif Jameel","og_description":"Profesionales del \u00e1mbito de la educaci\u00f3n de 27 pa\u00edses se reunieron en octubre en el Instituto Tecnol\u00f3gico de Massachusetts (ITM) para debatir sobre el futuro de la educaci\u00f3n y el aprendizaje dentro del marco de la Semana de J-WEL. La Semana de J-WEL es la primera iniciativa del Laboratorio Mundial de Educaci\u00f3n Abdul Latif Jameel [&hellip;]","og_url":"https:\/\/cms.alj3.clients.lemonhq.io\/es\/quick-reads\/global-experts-gather-j-wel-launch-2-5\/","og_site_name":"Abdul Latif Jameel","article_modified_time":"2024-10-17T10:48:06+00:00","og_image":[{"width":1300,"height":395,"url":"https:\/\/media.alj3.clients.lemonhq.io\/wp-content\/uploads\/2024\/10\/J-WEL-at-MIT.jpg","type":"image\/jpeg"}],"twitter_card":"summary_large_image","twitter_misc":{"Tiempo de lectura":"3 minutos"},"schema":{"@context":"https:\/\/schema.org","@graph":[{"@type":"WebPage","@id":"https:\/\/cms.alj3.clients.lemonhq.io\/es\/quick-reads\/global-experts-gather-j-wel-launch-2-5\/","url":"https:\/\/cms.alj3.clients.lemonhq.io\/es\/quick-reads\/global-experts-gather-j-wel-launch-2-5\/","name":"Reuni\u00f3n de expertos mundiales con ocasi\u00f3n del lanzamiento de J-WEL - Abdul Latif Jameel","isPartOf":{"@id":"https:\/\/10.0.2.222\/en\/#website"},"primaryImageOfPage":{"@id":"https:\/\/cms.alj3.clients.lemonhq.io\/es\/quick-reads\/global-experts-gather-j-wel-launch-2-5\/#primaryimage"},"image":{"@id":"https:\/\/cms.alj3.clients.lemonhq.io\/es\/quick-reads\/global-experts-gather-j-wel-launch-2-5\/#primaryimage"},"thumbnailUrl":"https:\/\/media.alj3.clients.lemonhq.io\/wp-content\/uploads\/2024\/10\/J-WEL-at-MIT.jpg","datePublished":"2017-11-21T06:53:58+00:00","dateModified":"2024-10-17T10:48:06+00:00","breadcrumb":{"@id":"https:\/\/cms.alj3.clients.lemonhq.io\/es\/quick-reads\/global-experts-gather-j-wel-launch-2-5\/#breadcrumb"},"inLanguage":"es","potentialAction":[{"@type":"ReadAction","target":["https:\/\/cms.alj3.clients.lemonhq.io\/es\/quick-reads\/global-experts-gather-j-wel-launch-2-5\/"]}]},{"@type":"ImageObject","inLanguage":"es","@id":"https:\/\/cms.alj3.clients.lemonhq.io\/es\/quick-reads\/global-experts-gather-j-wel-launch-2-5\/#primaryimage","url":"https:\/\/media.alj3.clients.lemonhq.io\/wp-content\/uploads\/2024\/10\/J-WEL-at-MIT.jpg","contentUrl":"https:\/\/media.alj3.clients.lemonhq.io\/wp-content\/uploads\/2024\/10\/J-WEL-at-MIT.jpg","width":1300,"height":395},{"@type":"BreadcrumbList","@id":"https:\/\/cms.alj3.clients.lemonhq.io\/es\/quick-reads\/global-experts-gather-j-wel-launch-2-5\/#breadcrumb","itemListElement":[{"@type":"ListItem","position":1,"name":"Home","item":"https:\/\/10.0.2.222\/en\/"},{"@type":"ListItem","position":2,"name":"Reuni\u00f3n de expertos mundiales con ocasi\u00f3n del lanzamiento de J-WEL"}]},{"@type":"WebSite","@id":"https:\/\/10.0.2.222\/en\/#website","url":"https:\/\/10.0.2.222\/en\/","name":"Abdul Latif Jameel","description":"","potentialAction":[{"@type":"SearchAction","target":{"@type":"EntryPoint","urlTemplate":"https:\/\/10.0.2.222\/en\/?s={search_term_string}"},"query-input":{"@type":"PropertyValueSpecification","valueRequired":true,"valueName":"search_term_string"}}],"inLanguage":"es"}]}},"post-meta-fields":{"_wp_page_template":["default"],"_published_date":["field_6057129b493f5"],"published_date":["20171026"],"_location":["field_601267396ce72"],"location":["Boston, \u00c9tats-Unis"],"_featured":["field_601a3b473c5c5"],"featured":[""],"_footnotes":["field_66fd39afb9383"],"footnotes":[""],"_business_sector":["field_66f6b5bcac8cb"],"business_sector":["Community Jameel"],"_content_series":["field_66fe3c439f8f6"],"content_series":[""],"_old_post_id":["field_66fe3fd59f8f7"],"old_post_id":["14684"],"_short_title":["field_60925d67125ef"],"short_title":["Reuni\u00f3n de expertos con ocasi\u00f3n del lanzamiento de J-WEL"],"_summary":["field_6019304103a20"],"summary":["Profesionales del \u00e1mbito de la educaci\u00f3n de 27 pa\u00edses se reunieron en octubre en el Instituto Tecnol\u00f3gico de Massachusetts (ITM) para debatir sobre el futuro de la educaci\u00f3n y el aprendizaje dentro del marco de la Semana de J-WEL"],"_mobile_featured_image":["field_66f6b4bee65f3"],"mobile_featured_image":["https:\/\/cms.alj3.clients.lemonhq.io\/wp-content\/themes\/alj\/assets\/images\/defaultmobilethumb.jpg"],"_push_notification":["field_66f6b47de65f1"],"push_notification":[""],"_publish_mobile":["field_66f6b491e65f2"],"publish_mobile":[""],"_status":["field_652694983fe12"],"status":["publish"],"_thumbnail_id":["7184"],"_wpml_word_count":["{\"total\":606,\"to_translate\":{\"ar\":606,\"zh-hans\":606,\"fr\":606,\"ja\":606,\"es\":606,\"tr\":606}}"],"_last_translation_edit_mode":["translation-editor"],"amazonS3_cache":["a:10:{s:77:\"\/\/cms.alj3.clients.lemonhq.io\/wp-content\/uploads\/2024\/10\/JWEL-Formation-1.jpg\";a:2:{s:2:\"id\";s:4:\"7183\";s:11:\"source_type\";s:13:\"media-library\";}s:85:\"\/\/cms.alj3.clients.lemonhq.io\/wp-content\/uploads\/2024\/10\/JWEL-Formation-300x200-1.jpg\";a:2:{s:2:\"id\";s:4:\"7183\";s:11:\"source_type\";s:13:\"media-library\";}s:87:\"\/\/media.alj3.clients.lemonhq.io\/wp-content\/uploads\/2024\/10\/JWEL-Formation-300x200-1.jpg\";a:2:{s:2:\"id\";s:4:\"7183\";s:11:\"source_type\";s:13:\"media-library\";}s:163:\"\/\/cms.alj3.clients.lemonhq.io\/wp-content\/uploads\/2024\/10\/MIT-President-L.-Rafael-Reif-left-and-Fady-Mohammed-Jameel-President-of-Community-Jameel-International.jpg\";a:2:{s:2:\"id\";s:4:\"7253\";s:11:\"source_type\";s:13:\"media-library\";}s:171:\"\/\/cms.alj3.clients.lemonhq.io\/wp-content\/uploads\/2024\/10\/MIT-President-L.-Rafael-Reif-left-and-Fady-Mohammed-Jameel-President-of-Community-Jameel-International-300x200.jpg\";a:2:{s:2:\"id\";s:4:\"7253\";s:11:\"source_type\";s:13:\"media-library\";}s:165:\"\/\/media.alj3.clients.lemonhq.io\/wp-content\/uploads\/2024\/10\/MIT-President-L.-Rafael-Reif-left-and-Fady-Mohammed-Jameel-President-of-Community-Jameel-International.jpg\";a:2:{s:2:\"id\";s:4:\"7253\";s:11:\"source_type\";s:13:\"media-library\";}s:173:\"\/\/media.alj3.clients.lemonhq.io\/wp-content\/uploads\/2024\/10\/MIT-President-L.-Rafael-Reif-left-and-Fady-Mohammed-Jameel-President-of-Community-Jameel-International-300x200.jpg\";a:2:{s:2:\"id\";s:4:\"7253\";s:11:\"source_type\";s:13:\"media-library\";}s:82:\"\/\/cms.alj3.clients.lemonhq.io\/wp-content\/uploads\/2024\/10\/Prof.-Sanjay.-Sarma-1.jpg\";a:2:{s:2:\"id\";s:4:\"7187\";s:11:\"source_type\";s:13:\"media-library\";}s:90:\"\/\/cms.alj3.clients.lemonhq.io\/wp-content\/uploads\/2024\/10\/Prof.-Sanjay.-Sarma-300x225-1.jpg\";a:2:{s:2:\"id\";s:4:\"7187\";s:11:\"source_type\";s:13:\"media-library\";}s:92:\"\/\/media.alj3.clients.lemonhq.io\/wp-content\/uploads\/2024\/10\/Prof.-Sanjay.-Sarma-300x225-1.jpg\";a:2:{s:2:\"id\";s:4:\"7187\";s:11:\"source_type\";s:13:\"media-library\";}}"],"select_category":["international"]},"_links":{"self":[{"href":"https:\/\/cms.alj3.clients.lemonhq.io\/es\/wp-json\/wp\/v2\/quickreads\/7251","targetHints":{"allow":["GET"]}}],"collection":[{"href":"https:\/\/cms.alj3.clients.lemonhq.io\/es\/wp-json\/wp\/v2\/quickreads"}],"about":[{"href":"https:\/\/cms.alj3.clients.lemonhq.io\/es\/wp-json\/wp\/v2\/types\/quickreads"}],"wp:featuredmedia":[{"embeddable":true,"href":"https:\/\/cms.alj3.clients.lemonhq.io\/es\/wp-json\/wp\/v2\/media\/7184"}],"wp:attachment":[{"href":"https:\/\/cms.alj3.clients.lemonhq.io\/es\/wp-json\/wp\/v2\/media?parent=7251"}],"curies":[{"name":"wp","href":"https:\/\/api.w.org\/{rel}","templated":true}]}}