{"id":8965,"date":"2024-04-03T06:46:12","date_gmt":"2024-04-03T06:46:12","guid":{"rendered":"https:\/\/cms.alj3.clients.lemonhq.io\/quick-reads\/turkiyes-automotive-distributors-and-mobility-association-re-appoints-ali-haydar-bozkurt-as-chairman\/"},"modified":"2025-12-12T05:55:46","modified_gmt":"2025-12-12T05:55:46","slug":"turkiyes-automotive-distributors-and-mobility-association-re-appoints-ali-haydar-bozkurt-as-chairman","status":"publish","type":"quickreads","link":"https:\/\/cms.alj3.clients.lemonhq.io\/en\/quick-reads\/turkiyes-automotive-distributors-and-mobility-association-re-appoints-ali-haydar-bozkurt-as-chairman\/","title":{"rendered":"T\u00fcrkiye\u2019s Automotive Distributors and Mobility Association re-appoints Ali Haydar Bozkurt as Chairman"},"content":{"rendered":"\n<p>T\u00fcrkiye\u2019s national automotive distributor association, the <a href=\"https:\/\/www.odmd.org.tr\/web_2837_1\/index.aspx\">Automotive Distributors and Mobility Association<\/a> Otomotiv Distrib\u00fct\u00f6rleri ve Mobilite Derne\u011fi (ODMD), has reappointed <a href=\"https:\/\/media.alj.com\/en\/our-people\/ali-haydar-bozkurt\/\">Ali Haydar Bozkurt<\/a>, President and CEO, Mobility Europe &amp; T\u00fcrkiye Abdul Latif Jameel, as Chairman, following the 38<sup>th<\/sup> Ordinary General Assembly Meeting.<\/p>\n\n\n<div class=\"wp-block-image\">\n<figure class=\"alignleft size-large\"><img decoding=\"async\" src=\"https:\/\/media.alj3.clients.lemonhq.io\/wp-content\/uploads\/2024\/10\/Ali-Haydar-Bozkurt_ODMD-Chairman-2-scaled.jpg\" alt=\"Ali Haydar Bozkurt, President and CEO, Mobility Europe &amp; T\u00fcrkiye at Abdul Latif Jameel.\"\/><\/figure>\n<\/div>\n\n\n<p><\/p>\n\n\n\n<p>Mr Bozkurt\u2019s nomination was confirmed at the meeting following his initial appointment in 2022 and will run for a further two years.<\/p>\n\n\n\n<p>ODMD\u2019s history dates back to 1987, and today has 31 members, representing 52 international brands.<\/p>\n\n\n\n<p>The association\u2019s vision is to continuously improve the automotive sector including international competitive capacity, environmental awareness and social responsibility. &nbsp;It represents members across the country; providing the common needs of the sector, finding solutions, collecting, commenting and delivering information about the commercial activities of the sector transparently; conveying opinions and suggestions to improve the sector to parliament, government, international institutions and society; providing the cooperation and the coordination among associations related with the sector, contributing to the formation of the sector legislation according to the EU standards.<\/p>\n\n\n\n<p>It also produces monthly reports on Passenger Car and Light Commercial Vehicle Market evaluations, as well as publishes the ODMD Magazine featuring interviews with senior representatives from the automotive world.<\/p>\n\n\n\n<p>Ali Haydar Bozkurt oversees Abdul Latif Jameel operations in T\u00fcrkiye, including both <a href=\"https:\/\/www.toyota.com.tr\/\">Toyota<\/a> , <a href=\"https:\/\/www.lexus.com.tr\/\">Lexus<\/a> &nbsp;and <a href=\"https:\/\/www.bydauto.com.tr\/\">BYD<\/a> distributorships and <a href=\"https:\/\/www.otoshops.com\/\">OTOShops<\/a>, a multi-brand pre-owned vehicles business. He also overseas all of Jameel Motors\u2019 operations in Europe.<\/p>\n\n\n\n<p>Members of the ODMD include: Subaru, MINI, BMW, Jaguar, Land Rover, Kia, MG, Aston Martin, Seat, Lamborghini, Audi, Bentley, VW, Porsche, Ferrari, Maserati, Ford, Honda, Hyundai, Iveco, Renault, Dacia, Mazda, Smart, Mercedes-Benz, Daimler, Setra, Chery, Nissan, Otokar, Peugeot, Citroen, DS, Opel, Suzuki, Ssangyong, DFSK, Mitsubishi, Alfa Romeo, Lancia, Jeep, Fiat, Toyota, Lexus, Volvo, and Skoda.<\/p>\n\n\n\n<figure class=\"wp-block-embed is-type-video is-provider-youtube wp-block-embed-youtube wp-embed-aspect-16-9 wp-has-aspect-ratio\"><div class=\"wp-block-embed__wrapper\">\n<iframe loading=\"lazy\" title=\"The Jameel Principles Ali Haydar Bozkurt on Respect for our Customer (EN VO\/Subs)\" width=\"500\" height=\"281\" src=\"https:\/\/www.youtube.com\/embed\/Wdeot0_oYPM?feature=oembed\" frameborder=\"0\" allow=\"accelerometer; autoplay; clipboard-write; encrypted-media; gyroscope; picture-in-picture; web-share\" referrerpolicy=\"strict-origin-when-cross-origin\" allowfullscreen><\/iframe>\n<\/div><\/figure>\n","protected":false},"featured_media":8967,"menu_order":0,"template":"","class_list":["post-8965","quickreads","type-quickreads","status-publish","has-post-thumbnail","hentry"],"acf":[],"yoast_head":"<!-- This site is optimized with the Yoast SEO plugin v26.5 - https:\/\/yoast.com\/wordpress\/plugins\/seo\/ -->\n<title>T\u00fcrkiye\u2019s Automotive Distributors and Mobility Association re-appoints Ali Haydar Bozkurt as Chairman - Abdul Latif Jameel<\/title>\n<meta name=\"robots\" content=\"noindex, follow, max-snippet:-1, max-image-preview:large, max-video-preview:-1\" \/>\n<meta property=\"og:locale\" content=\"en_US\" \/>\n<meta property=\"og:type\" content=\"article\" \/>\n<meta property=\"og:title\" content=\"T\u00fcrkiye\u2019s Automotive Distributors and Mobility Association re-appoints Ali Haydar Bozkurt as Chairman - Abdul Latif Jameel\" \/>\n<meta property=\"og:description\" content=\"T\u00fcrkiye\u2019s national automotive distributor association, the Automotive Distributors and Mobility Association Otomotiv Distrib\u00fct\u00f6rleri ve Mobilite Derne\u011fi (ODMD), has reappointed Ali Haydar Bozkurt, President and CEO, Mobility Europe &amp; T\u00fcrkiye Abdul Latif Jameel, as Chairman, following the 38th Ordinary General Assembly Meeting. Mr Bozkurt\u2019s nomination was confirmed at the meeting following his initial appointment in 2022 [&hellip;]\" \/>\n<meta property=\"og:url\" content=\"https:\/\/cms.alj3.clients.lemonhq.io\/en\/quick-reads\/turkiyes-automotive-distributors-and-mobility-association-re-appoints-ali-haydar-bozkurt-as-chairman\/\" \/>\n<meta property=\"og:site_name\" content=\"Abdul Latif Jameel\" \/>\n<meta property=\"article:modified_time\" content=\"2025-12-12T05:55:46+00:00\" \/>\n<meta property=\"og:image\" content=\"https:\/\/media.alj3.clients.lemonhq.io\/wp-content\/uploads\/2024\/10\/ODMD_Ali_Quick_read_3.jpg\" \/>\n\t<meta property=\"og:image:width\" content=\"752\" \/>\n\t<meta property=\"og:image:height\" content=\"357\" \/>\n\t<meta property=\"og:image:type\" content=\"image\/jpeg\" \/>\n<meta name=\"twitter:card\" content=\"summary_large_image\" \/>\n<meta name=\"twitter:label1\" content=\"Est. reading time\" \/>\n\t<meta name=\"twitter:data1\" content=\"2 minutes\" \/>\n<script type=\"application\/ld+json\" class=\"yoast-schema-graph\">{\"@context\":\"https:\/\/schema.org\",\"@graph\":[{\"@type\":\"WebPage\",\"@id\":\"https:\/\/cms.alj3.clients.lemonhq.io\/en\/quick-reads\/turkiyes-automotive-distributors-and-mobility-association-re-appoints-ali-haydar-bozkurt-as-chairman\/\",\"url\":\"https:\/\/cms.alj3.clients.lemonhq.io\/en\/quick-reads\/turkiyes-automotive-distributors-and-mobility-association-re-appoints-ali-haydar-bozkurt-as-chairman\/\",\"name\":\"T\u00fcrkiye\u2019s Automotive Distributors and Mobility Association re-appoints Ali Haydar Bozkurt as Chairman - Abdul Latif Jameel\",\"isPartOf\":{\"@id\":\"https:\/\/10.0.2.222\/en\/#website\"},\"primaryImageOfPage\":{\"@id\":\"https:\/\/cms.alj3.clients.lemonhq.io\/en\/quick-reads\/turkiyes-automotive-distributors-and-mobility-association-re-appoints-ali-haydar-bozkurt-as-chairman\/#primaryimage\"},\"image\":{\"@id\":\"https:\/\/cms.alj3.clients.lemonhq.io\/en\/quick-reads\/turkiyes-automotive-distributors-and-mobility-association-re-appoints-ali-haydar-bozkurt-as-chairman\/#primaryimage\"},\"thumbnailUrl\":\"https:\/\/media.alj3.clients.lemonhq.io\/wp-content\/uploads\/2024\/10\/ODMD_Ali_Quick_read_3.jpg\",\"datePublished\":\"2024-04-03T06:46:12+00:00\",\"dateModified\":\"2025-12-12T05:55:46+00:00\",\"breadcrumb\":{\"@id\":\"https:\/\/cms.alj3.clients.lemonhq.io\/en\/quick-reads\/turkiyes-automotive-distributors-and-mobility-association-re-appoints-ali-haydar-bozkurt-as-chairman\/#breadcrumb\"},\"inLanguage\":\"en-US\",\"potentialAction\":[{\"@type\":\"ReadAction\",\"target\":[\"https:\/\/cms.alj3.clients.lemonhq.io\/en\/quick-reads\/turkiyes-automotive-distributors-and-mobility-association-re-appoints-ali-haydar-bozkurt-as-chairman\/\"]}]},{\"@type\":\"ImageObject\",\"inLanguage\":\"en-US\",\"@id\":\"https:\/\/cms.alj3.clients.lemonhq.io\/en\/quick-reads\/turkiyes-automotive-distributors-and-mobility-association-re-appoints-ali-haydar-bozkurt-as-chairman\/#primaryimage\",\"url\":\"https:\/\/media.alj3.clients.lemonhq.io\/wp-content\/uploads\/2024\/10\/ODMD_Ali_Quick_read_3.jpg\",\"contentUrl\":\"https:\/\/media.alj3.clients.lemonhq.io\/wp-content\/uploads\/2024\/10\/ODMD_Ali_Quick_read_3.jpg\",\"width\":752,\"height\":357},{\"@type\":\"BreadcrumbList\",\"@id\":\"https:\/\/cms.alj3.clients.lemonhq.io\/en\/quick-reads\/turkiyes-automotive-distributors-and-mobility-association-re-appoints-ali-haydar-bozkurt-as-chairman\/#breadcrumb\",\"itemListElement\":[{\"@type\":\"ListItem\",\"position\":1,\"name\":\"Home\",\"item\":\"https:\/\/10.0.2.222\/en\/\"},{\"@type\":\"ListItem\",\"position\":2,\"name\":\"T\u00fcrkiye\u2019s Automotive Distributors and Mobility Association re-appoints Ali Haydar Bozkurt as Chairman\"}]},{\"@type\":\"WebSite\",\"@id\":\"https:\/\/10.0.2.222\/en\/#website\",\"url\":\"https:\/\/10.0.2.222\/en\/\",\"name\":\"Abdul Latif Jameel\",\"description\":\"\",\"potentialAction\":[{\"@type\":\"SearchAction\",\"target\":{\"@type\":\"EntryPoint\",\"urlTemplate\":\"https:\/\/10.0.2.222\/en\/?s={search_term_string}\"},\"query-input\":{\"@type\":\"PropertyValueSpecification\",\"valueRequired\":true,\"valueName\":\"search_term_string\"}}],\"inLanguage\":\"en-US\"}]}<\/script>\n<!-- \/ Yoast SEO plugin. -->","yoast_head_json":{"title":"T\u00fcrkiye\u2019s Automotive Distributors and Mobility Association re-appoints Ali Haydar Bozkurt as Chairman - Abdul Latif Jameel","robots":{"index":"noindex","follow":"follow","max-snippet":"max-snippet:-1","max-image-preview":"max-image-preview:large","max-video-preview":"max-video-preview:-1"},"og_locale":"en_US","og_type":"article","og_title":"T\u00fcrkiye\u2019s Automotive Distributors and Mobility Association re-appoints Ali Haydar Bozkurt as Chairman - Abdul Latif Jameel","og_description":"T\u00fcrkiye\u2019s national automotive distributor association, the Automotive Distributors and Mobility Association Otomotiv Distrib\u00fct\u00f6rleri ve Mobilite Derne\u011fi (ODMD), has reappointed Ali Haydar Bozkurt, President and CEO, Mobility Europe &amp; T\u00fcrkiye Abdul Latif Jameel, as Chairman, following the 38th Ordinary General Assembly Meeting. Mr Bozkurt\u2019s nomination was confirmed at the meeting following his initial appointment in 2022 [&hellip;]","og_url":"https:\/\/cms.alj3.clients.lemonhq.io\/en\/quick-reads\/turkiyes-automotive-distributors-and-mobility-association-re-appoints-ali-haydar-bozkurt-as-chairman\/","og_site_name":"Abdul Latif Jameel","article_modified_time":"2025-12-12T05:55:46+00:00","og_image":[{"width":752,"height":357,"url":"https:\/\/media.alj3.clients.lemonhq.io\/wp-content\/uploads\/2024\/10\/ODMD_Ali_Quick_read_3.jpg","type":"image\/jpeg"}],"twitter_card":"summary_large_image","twitter_misc":{"Est. reading time":"2 minutes"},"schema":{"@context":"https:\/\/schema.org","@graph":[{"@type":"WebPage","@id":"https:\/\/cms.alj3.clients.lemonhq.io\/en\/quick-reads\/turkiyes-automotive-distributors-and-mobility-association-re-appoints-ali-haydar-bozkurt-as-chairman\/","url":"https:\/\/cms.alj3.clients.lemonhq.io\/en\/quick-reads\/turkiyes-automotive-distributors-and-mobility-association-re-appoints-ali-haydar-bozkurt-as-chairman\/","name":"T\u00fcrkiye\u2019s Automotive Distributors and Mobility Association re-appoints Ali Haydar Bozkurt as Chairman - Abdul Latif Jameel","isPartOf":{"@id":"https:\/\/10.0.2.222\/en\/#website"},"primaryImageOfPage":{"@id":"https:\/\/cms.alj3.clients.lemonhq.io\/en\/quick-reads\/turkiyes-automotive-distributors-and-mobility-association-re-appoints-ali-haydar-bozkurt-as-chairman\/#primaryimage"},"image":{"@id":"https:\/\/cms.alj3.clients.lemonhq.io\/en\/quick-reads\/turkiyes-automotive-distributors-and-mobility-association-re-appoints-ali-haydar-bozkurt-as-chairman\/#primaryimage"},"thumbnailUrl":"https:\/\/media.alj3.clients.lemonhq.io\/wp-content\/uploads\/2024\/10\/ODMD_Ali_Quick_read_3.jpg","datePublished":"2024-04-03T06:46:12+00:00","dateModified":"2025-12-12T05:55:46+00:00","breadcrumb":{"@id":"https:\/\/cms.alj3.clients.lemonhq.io\/en\/quick-reads\/turkiyes-automotive-distributors-and-mobility-association-re-appoints-ali-haydar-bozkurt-as-chairman\/#breadcrumb"},"inLanguage":"en-US","potentialAction":[{"@type":"ReadAction","target":["https:\/\/cms.alj3.clients.lemonhq.io\/en\/quick-reads\/turkiyes-automotive-distributors-and-mobility-association-re-appoints-ali-haydar-bozkurt-as-chairman\/"]}]},{"@type":"ImageObject","inLanguage":"en-US","@id":"https:\/\/cms.alj3.clients.lemonhq.io\/en\/quick-reads\/turkiyes-automotive-distributors-and-mobility-association-re-appoints-ali-haydar-bozkurt-as-chairman\/#primaryimage","url":"https:\/\/media.alj3.clients.lemonhq.io\/wp-content\/uploads\/2024\/10\/ODMD_Ali_Quick_read_3.jpg","contentUrl":"https:\/\/media.alj3.clients.lemonhq.io\/wp-content\/uploads\/2024\/10\/ODMD_Ali_Quick_read_3.jpg","width":752,"height":357},{"@type":"BreadcrumbList","@id":"https:\/\/cms.alj3.clients.lemonhq.io\/en\/quick-reads\/turkiyes-automotive-distributors-and-mobility-association-re-appoints-ali-haydar-bozkurt-as-chairman\/#breadcrumb","itemListElement":[{"@type":"ListItem","position":1,"name":"Home","item":"https:\/\/10.0.2.222\/en\/"},{"@type":"ListItem","position":2,"name":"T\u00fcrkiye\u2019s Automotive Distributors and Mobility Association re-appoints Ali Haydar Bozkurt as Chairman"}]},{"@type":"WebSite","@id":"https:\/\/10.0.2.222\/en\/#website","url":"https:\/\/10.0.2.222\/en\/","name":"Abdul Latif Jameel","description":"","potentialAction":[{"@type":"SearchAction","target":{"@type":"EntryPoint","urlTemplate":"https:\/\/10.0.2.222\/en\/?s={search_term_string}"},"query-input":{"@type":"PropertyValueSpecification","valueRequired":true,"valueName":"search_term_string"}}],"inLanguage":"en-US"}]}},"post-meta-fields":{"_wp_page_template":["default"],"_oembed_5e567b95d3255a423b360a24cdf48006":["<iframe title=\"The Jameel Principles Ali Haydar Bozkurt on Respect for our Customer (EN VO\/Subs)\" width=\"500\" height=\"281\" src=\"https:\/\/www.youtube.com\/embed\/Wdeot0_oYPM?feature=oembed\" frameborder=\"0\" allow=\"accelerometer; autoplay; clipboard-write; encrypted-media; gyroscope; picture-in-picture; web-share\" referrerpolicy=\"strict-origin-when-cross-origin\" allowfullscreen><\/iframe>"],"_oembed_time_5e567b95d3255a423b360a24cdf48006":["1729159889"],"_oembed_03650869437959e8365391ec9cd8eaca":["{{unknown}}"],"_published_date":["field_6057129b493f5"],"published_date":["20240402"],"_location":["field_601267396ce72"],"location":["Istanbul, T\u00fcrkiye"],"_featured":["field_601a3b473c5c5"],"featured":["0"],"_footnotes":["field_66fd39afb9383"],"footnotes":[""],"_business_sector":["field_66f6b5bcac8cb"],"business_sector":["Mobility"],"_content_series":["field_66fe3c439f8f6"],"content_series":[""],"_old_post_id":["field_66fe3fd59f8f7"],"old_post_id":["115703"],"_short_title":["field_60925d67125ef"],"short_title":["ODMD reappoints Ali Haydar Bozkurt as Chairman"],"_summary":["field_6019304103a20"],"summary":["T\u00fcrkiye\u2019s Automotive Distributors and Mobility Association re-appoints Ali Haydar Bozkurt as Chairman"],"_mobile_featured_image":["field_66f6b4bee65f3"],"mobile_featured_image":["https:\/\/media.alj3.clients.lemonhq.io\/wp-content\/uploads\/2024\/10\/ODMD_Ali_Quick_read_3.jpg"],"_push_notification":["field_66f6b47de65f1"],"push_notification":[""],"_publish_mobile":["field_66f6b491e65f2"],"publish_mobile":["1"],"_status":["field_652694983fe12"],"status":["publish"],"_thumbnail_id":["8967"],"_wpml_word_count":["{\"total\":327,\"to_translate\":{\"ar\":327,\"zh-hans\":327,\"fr\":327,\"ja\":327,\"es\":327,\"tr\":327}}"],"_edit_lock":["1765518839:12"],"amazonS3_cache":["a:28:{s:102:\"\/\/cms.alj3.clients.lemonhq.io\/wp-content\/uploads\/2024\/10\/Ali-Haydar-Bozkurt_ODMD-Chairman-2-scaled.jpg\";a:2:{s:2:\"id\";s:4:\"8968\";s:11:\"source_type\";s:13:\"media-library\";}s:87:\"\/\/cms.alj3.clients.lemonhq.io\/wp-content\/uploads\/2024\/10\/thumbnail_Outlook-w4mit1qj.png\";a:2:{s:2:\"id\";s:4:\"8958\";s:11:\"source_type\";s:13:\"media-library\";}s:106:\"\/\/cms.alj3.clients.lemonhq.io\/wp-content\/uploads\/2024\/10\/Jameel-Motors-Egypt-NU-Visit-women-1-scaled-1.jpg\";a:2:{s:2:\"id\";s:4:\"8959\";s:11:\"source_type\";s:13:\"media-library\";}s:86:\"\/\/cms.alj3.clients.lemonhq.io\/wp-content\/uploads\/2024\/10\/PHOTO-2023-11-04-19-31-22.jpg\";a:2:{s:2:\"id\";s:4:\"8960\";s:11:\"source_type\";s:13:\"media-library\";}s:75:\"\/\/cms.alj3.clients.lemonhq.io\/wp-content\/uploads\/2024\/10\/NU-Certificate.jpg\";a:2:{s:2:\"id\";s:4:\"8961\";s:11:\"source_type\";s:13:\"media-library\";}s:83:\"\/\/cms.alj3.clients.lemonhq.io\/wp-content\/uploads\/2024\/10\/NU-Certificate-300x211.jpg\";a:2:{s:2:\"id\";s:4:\"8961\";s:11:\"source_type\";s:13:\"media-library\";}s:69:\"\/\/cms.alj3.clients.lemonhq.io\/wp-content\/uploads\/2024\/10\/IMG_1228.jpg\";a:2:{s:2:\"id\";s:4:\"8962\";s:11:\"source_type\";s:13:\"media-library\";}s:104:\"\/\/media.alj3.clients.lemonhq.io\/wp-content\/uploads\/2024\/10\/Ali-Haydar-Bozkurt_ODMD-Chairman-2-scaled.jpg\";a:2:{s:2:\"id\";s:4:\"8968\";s:11:\"source_type\";s:13:\"media-library\";}s:71:\"\/\/media.alj3.clients.lemonhq.io\/wp-content\/uploads\/2024\/10\/IMG_1228.jpg\";a:2:{s:2:\"id\";s:4:\"8962\";s:11:\"source_type\";s:13:\"media-library\";}s:77:\"\/\/media.alj3.clients.lemonhq.io\/wp-content\/uploads\/2024\/10\/NU-Certificate.jpg\";a:2:{s:2:\"id\";s:4:\"8961\";s:11:\"source_type\";s:13:\"media-library\";}s:85:\"\/\/media.alj3.clients.lemonhq.io\/wp-content\/uploads\/2024\/10\/NU-Certificate-300x211.jpg\";a:2:{s:2:\"id\";s:4:\"8961\";s:11:\"source_type\";s:13:\"media-library\";}s:88:\"\/\/media.alj3.clients.lemonhq.io\/wp-content\/uploads\/2024\/10\/PHOTO-2023-11-04-19-31-22.jpg\";a:2:{s:2:\"id\";s:4:\"8960\";s:11:\"source_type\";s:13:\"media-library\";}s:108:\"\/\/media.alj3.clients.lemonhq.io\/wp-content\/uploads\/2024\/10\/Jameel-Motors-Egypt-NU-Visit-women-1-scaled-1.jpg\";a:2:{s:2:\"id\";s:4:\"8959\";s:11:\"source_type\";s:13:\"media-library\";}s:89:\"\/\/media.alj3.clients.lemonhq.io\/wp-content\/uploads\/2024\/10\/thumbnail_Outlook-w4mit1qj.png\";a:2:{s:2:\"id\";s:4:\"8958\";s:11:\"source_type\";s:13:\"media-library\";}s:91:\"\/\/cms.alj3.clients.lemonhq.io\/wp-content\/uploads\/2024\/10\/Forbes-Middle-East-Top-100-ALJ.jpg\";a:2:{s:2:\"id\";s:5:\"11254\";s:11:\"source_type\";s:13:\"media-library\";}s:93:\"\/\/media.alj3.clients.lemonhq.io\/wp-content\/uploads\/2024\/10\/Forbes-Middle-East-Top-100-ALJ.jpg\";a:2:{s:2:\"id\";s:5:\"11254\";s:11:\"source_type\";s:13:\"media-library\";}s:77:\"\/\/cms.alj3.clients.lemonhq.io\/wp-content\/uploads\/2024\/10\/Mariana_Award_02.jpg\";a:2:{s:2:\"id\";s:4:\"8888\";s:11:\"source_type\";s:13:\"media-library\";}s:85:\"\/\/cms.alj3.clients.lemonhq.io\/wp-content\/uploads\/2024\/10\/Mariana_Award_02-300x278.jpg\";a:2:{s:2:\"id\";s:4:\"8888\";s:11:\"source_type\";s:13:\"media-library\";}s:79:\"\/\/media.alj3.clients.lemonhq.io\/wp-content\/uploads\/2024\/10\/Mariana_Award_02.jpg\";a:2:{s:2:\"id\";s:4:\"8888\";s:11:\"source_type\";s:13:\"media-library\";}s:87:\"\/\/media.alj3.clients.lemonhq.io\/wp-content\/uploads\/2024\/10\/Mariana_Award_02-300x278.jpg\";a:2:{s:2:\"id\";s:4:\"8888\";s:11:\"source_type\";s:13:\"media-library\";}s:74:\"\/\/cms.alj3.clients.lemonhq.io\/wp-content\/uploads\/2024\/10\/Marian-Merino.png\";a:2:{s:2:\"id\";s:4:\"8887\";s:11:\"source_type\";s:13:\"media-library\";}s:82:\"\/\/cms.alj3.clients.lemonhq.io\/wp-content\/uploads\/2024\/10\/Marian-Merino-215x300.png\";a:2:{s:2:\"id\";s:4:\"8887\";s:11:\"source_type\";s:13:\"media-library\";}s:76:\"\/\/media.alj3.clients.lemonhq.io\/wp-content\/uploads\/2024\/10\/Marian-Merino.png\";a:2:{s:2:\"id\";s:4:\"8887\";s:11:\"source_type\";s:13:\"media-library\";}s:84:\"\/\/media.alj3.clients.lemonhq.io\/wp-content\/uploads\/2024\/10\/Marian-Merino-215x300.png\";a:2:{s:2:\"id\";s:4:\"8887\";s:11:\"source_type\";s:13:\"media-library\";}s:84:\"\/\/cms.alj3.clients.lemonhq.io\/wp-content\/uploads\/2024\/10\/GOLD-2024-STEVIE-WINNER.jpg\";a:2:{s:2:\"id\";s:4:\"8886\";s:11:\"source_type\";s:13:\"media-library\";}s:86:\"\/\/media.alj3.clients.lemonhq.io\/wp-content\/uploads\/2024\/10\/GOLD-2024-STEVIE-WINNER.jpg\";a:2:{s:2:\"id\";s:4:\"8886\";s:11:\"source_type\";s:13:\"media-library\";}s:88:\"\/\/cms.alj3.clients.lemonhq.io\/wp-content\/uploads\/2024\/10\/CLAY-TYE-130324-71-scaled-2.jpg\";a:2:{s:2:\"id\";s:4:\"4853\";s:11:\"source_type\";s:13:\"media-library\";}s:90:\"\/\/media.alj3.clients.lemonhq.io\/wp-content\/uploads\/2024\/10\/CLAY-TYE-130324-71-scaled-2.jpg\";a:2:{s:2:\"id\";s:4:\"4853\";s:11:\"source_type\";s:13:\"media-library\";}}"],"_wpml_location_migration_done":["1"],"_edit_last":["12"],"_wpml_media_duplicate":["1"],"_wpml_media_featured":["1"],"_yoast_wpseo_primary_category":["14276"],"_yoast_wpseo_content_score":["90"],"_yoast_wpseo_estimated-reading-time-minutes":["2"],"_select_category":["field_6937c5cade1ee"],"select_category":["international"],"_ame_cpe_post_policy":["{\"accessProtection\":{\"active\":\"replace\"}}"]},"_links":{"self":[{"href":"https:\/\/cms.alj3.clients.lemonhq.io\/en\/wp-json\/wp\/v2\/quickreads\/8965","targetHints":{"allow":["GET"]}}],"collection":[{"href":"https:\/\/cms.alj3.clients.lemonhq.io\/en\/wp-json\/wp\/v2\/quickreads"}],"about":[{"href":"https:\/\/cms.alj3.clients.lemonhq.io\/en\/wp-json\/wp\/v2\/types\/quickreads"}],"wp:featuredmedia":[{"embeddable":true,"href":"https:\/\/cms.alj3.clients.lemonhq.io\/en\/wp-json\/wp\/v2\/media\/8967"}],"wp:attachment":[{"href":"https:\/\/cms.alj3.clients.lemonhq.io\/en\/wp-json\/wp\/v2\/media?parent=8965"}],"curies":[{"name":"wp","href":"https:\/\/api.w.org\/{rel}","templated":true}]}}